{"id":4026,"date":"2020-12-17T09:59:09","date_gmt":"2020-12-17T08:59:09","guid":{"rendered":"https:\/\/www.rewe-group.com\/?page_id=4026"},"modified":"2022-03-04T12:38:55","modified_gmt":"2022-03-04T11:38:55","slug":"responsible-member-companies-rewe-group","status":"publish","type":"page","link":"https:\/\/www.rewe-group.com\/en\/responsible-member-companies-rewe-group\/","title":{"rendered":"Member Companies"},"content":{"rendered":"\n<div class=\"wp-block-myblocks-template-root template-root\">\n<div class=\"wp-block-myblocks-section block-section section-bg-white section-padding-top section-padding-bottom\">\n<div class=\"wp-block-myblocks-row-full-single row-full-single my-row-block row-full\"><div class=\"myblock-wrapper block-my-text-block block-ingrid\" data-module-name=\"Headline Copy Link\">    <div class=\"textblock margin-row-inner\">\n        <div class=\"entry-content\">\n            \n            <div class=\"component clearfix color-schema company\" data-component=\"components\/article\/section\">\n<div class=\"text\">\n<p>Contact for questions regarding data protection:<\/p>\n<p>&nbsp;<\/p>\n<p><strong>datenschutz nord GmbH<\/strong><br \/>\n<strong>Konsul-Smidt-Stra\u00dfe 88<\/strong><br \/>\n<strong>28217 Bremen<\/strong><br \/>\n<strong>Germany<\/strong><br \/>\n<strong>+49 (0) 421 69 66 32 0<\/strong><br \/>\n<strong>rewe-group@datenschutz-nord.de<\/strong><\/p>\n<p>&nbsp;<\/p>\n<p>Contact for the following controllers for data processing:<\/p>\n<p>&nbsp;<\/p>\n<p>EHA Energie-Handels-Gesellschaft mbH &amp; Co. KG<br \/>\nAmsinckstra\u00dfe 61<br \/>\n20097 Hamburg<\/p>\n<p>Germany<\/p>\n<p>&nbsp;<\/p>\n<p>Glockenbrot GmbH &amp; Co. OHG<br \/>\nDomstra\u00dfe 20<br \/>\n50668 Cologne<br \/>\nGermany<\/p>\n<p>&nbsp;<\/p>\n<p>Penny Markt GmbH<br \/>\nDomstra\u00dfe 20<br \/>\n50668 Cologne<br \/>\nGermany<\/p>\n<p>&nbsp;<\/p>\n<p>PRO-DATA Steuerberatungsgesellschaft mbH<br \/>\nDomstra\u00dfe 20<br \/>\n50668 Cologne<br \/>\nGermany<\/p>\n<p>&nbsp;<\/p>\n<p>REWE Deutscher Supermarkt AG &amp; Co. KGaA<br \/>\nDomstra\u00dfe 20<br \/>\n50668 Cologne<br \/>\nGermany<\/p>\n<p>&nbsp;<\/p>\n<p>REWE Digital GmbH<br \/>\nDomstra\u00dfe 20<br \/>\n50668 Cologne<br \/>\nGermany<\/p>\n<p>&nbsp;<\/p>\n<p>REWE Group Buying GmbH<br \/>\nDomstr. 20<br \/>\n50668 Cologne<br \/>\nGermany<\/p>\n<p>&nbsp;<\/p>\n<p>REWE Group Fruchtlogistik GmbH<br \/>\nDomstra\u00dfe 20<br \/>\n50668 Cologne<br \/>\nGermany<\/p>\n<p>&nbsp;<\/p>\n<p>REWE Markt GmbH<br \/>\nDomstra\u00dfe 20<br \/>\n50668 Cologne<br \/>\nGermany<\/p>\n<p>&nbsp;<\/p>\n<p>REWE Systems GmbH<br \/>\nDomstra\u00dfe 20<br \/>\n50668 Cologne<br \/>\nGermany<\/p>\n<p>&nbsp;<\/p>\n<p>REWE-Versicherungsdienst GmbH<br \/>\nDomstra\u00dfe 20<br \/>\n50668 Cologne<br \/>\nGermany<\/p>\n<p>&nbsp;<\/p>\n<p>REWE-Zentral-Aktiengesellschaft<br \/>\nDomstra\u00dfe 20<br \/>\n50668 Cologne<br \/>\nGermany<\/p>\n<p>&nbsp;<\/p>\n<p>REWE Zentrale-Business Organisation GmbH<br \/>\nDomstra\u00dfe 20<br \/>\n50668 Cologne<br \/>\nGermany<\/p>\n<p>&nbsp;<\/p>\n<p>REWE-Zentrale-Dienstleistungsgesellschaft mbH<br \/>\nDomstra\u00dfe 20<br \/>\n50668 Cologne<br \/>\nGermany<\/p>\n<p>&nbsp;<\/p>\n<p>REWE-Zentralfinanz eG<br \/>\nDomstra\u00dfe 20<br \/>\n50668 Cologne<br \/>\nGermany<\/p>\n<p>&nbsp;<\/p>\n<p>Superm\u00e4rkte Nord Vertriebs GmbH &amp; Co. KG<br \/>\nBenzstr. 10<br \/>\n24148 Kiel<br \/>\nGermany<\/p>\n<p>&nbsp;<\/p>\n<p>toom Baumarkt GmbH<br \/>\nHumboldtstra\u00dfe 140-144<br \/>\n51149 Cologne<br \/>\nGermany<\/p>\n<p>&nbsp;<\/p>\n<p>Wilhelm Brandenburg GmbH &amp; Co. oHG<br \/>\nDomstra\u00dfe 20<br \/>\n50668 Cologne<br \/>\nGermany<br \/>\n______________________________________________________________<\/p>\n<p>Contact for questions regarding data protection:<\/p>\n<p>&nbsp;<\/p>\n<p><strong>KINAST Rechtsanwaltschaftsgesellschaft mbH<\/strong><br \/>\n<strong>Hohenzollernring 54<\/strong><br \/>\n<strong>50672 Cologne<\/strong><br \/>\n<strong>Germany<\/strong><br \/>\n<strong>dpo-penny@kinast-partner.de<\/strong><\/p>\n<p>&nbsp;<\/p>\n<p>Contact for the following controllers for data processing:<\/p>\n<p>&nbsp;<\/p>\n<p>BILLA Bulgaria E.O.O.D.<br \/>\nBul. Bulgaria 55<br \/>\n1404 Sofia<br \/>\nBulgaria<\/p>\n<p>&nbsp;<\/p>\n<p>BILLA spol. s.r.o.<br \/>\nModletice 67<br \/>\n251 01 \u0158\u00ed\u010dany u Prahy<br \/>\nCzechia<\/p>\n<p>&nbsp;<\/p>\n<p>UAB PALINK<br \/>\nLentvario g. 33<br \/>\n02241 Vilnius<br \/>\nLithuania<\/p>\n<p>&nbsp;<\/p>\n<p>REWE-Beteiligungs-Holding International GmbH<br \/>\nDomstra\u00dfe 20<br \/>\n50668 Cologne<br \/>\nGermany<br \/>\n______________________________________________________________<\/p>\n<p>Contact for questions regarding data protection:<\/p>\n<p>&nbsp;<\/p>\n<p><strong>DER Touristik Group GmbH<\/strong><br \/>\n<strong>Data protection officer<\/strong><br \/>\n<strong>Humboldtstra\u00dfe 140<\/strong><br \/>\n<strong>51149 Cologne<\/strong><br \/>\n<strong>Germany<\/strong><br \/>\n<strong>datenschutz@dertouristik.com<\/strong><\/p>\n<p>&nbsp;<\/p>\n<p>Contact for the following controllers for data processing:<\/p>\n<p>&nbsp;<\/p>\n<p>DER Touristik Central Europe GmbH<br \/>\nHumboldtstra\u00dfe 140<br \/>\n51149 Cologne<br \/>\nGermany<\/p>\n<p>&nbsp;<\/p>\n<p>DER Touristik Germany GmbH<br \/>\nHumboldtstra\u00dfe 140<br \/>\n51149 Cologne<br \/>\nGermany<\/p>\n<p>&nbsp;<\/p>\n<p>DER Touristik Group GmbH<br \/>\nHumboldtstra\u00dfe 140<br \/>\n51149 Cologne<br \/>\nGermany<\/p>\n<p>&nbsp;<\/p>\n<p>DER Touristik Online GmbH<br \/>\nHumboldtstra\u00dfe 140<br \/>\n51149 Cologne<br \/>\nGermany<\/p>\n<p>______________________________________________________________<\/p>\n<p>Contact for questions regarding data protection:<\/p>\n<p>&nbsp;<\/p>\n<p><strong>F\u00dcR SIE Handelsgenossenschaft eG Food &#8211; Non Food<\/strong><br \/>\n<strong>Data protection officer<\/strong><br \/>\n<strong>An der M\u00fcnze 12 &#8211; 18<\/strong><br \/>\n<strong>50668 Cologne<\/strong><br \/>\n<strong>Germany<\/strong><br \/>\n<strong>datenschutzbeauftragter@fuer-sie-eg.de<\/strong><\/p>\n<p>&nbsp;<\/p>\n<p>Contact for the following controller for data processing:<\/p>\n<p>&nbsp;<\/p>\n<p>F\u00dcR SIE Handelsgenossenschaft eG Food \u2013 Non Food<br \/>\nAn der M\u00fcnze 12 &#8211; 18<br \/>\n50668 Cologne<br \/>\nGermany<br \/>\n______________________________________________________________<\/p>\n<p>Contact for questions regarding data protection:<\/p>\n<p>&nbsp;<\/p>\n<p><strong>Karstadt Feinkost GmbH &amp; Co. KG<\/strong><br \/>\n<strong>Data protection officer<\/strong><br \/>\n<strong>Stolberger Stra\u00dfe 76\u201378<\/strong><br \/>\n<strong>50933 Cologne<\/strong><br \/>\n<strong>Germany<\/strong><br \/>\n<strong>+49 (0) 221 149 5121<\/strong><br \/>\n<strong>datenschutz@karstadt-lebensmittel.de<\/strong><\/p>\n<p>&nbsp;<\/p>\n<p>Contact for the following controller for data processing:<\/p>\n<p>&nbsp;<\/p>\n<p>Karstadt Feinkost GmbH &amp; Co. KG<br \/>\nStolberger Stra\u00dfe 76\u201378,<br \/>\n50933 Cologne<br \/>\nGermany<br \/>\n______________________________________________________________<\/p>\n<p>Contact for questions regarding data protection:<\/p>\n<p>&nbsp;<\/p>\n<p><strong>PETZ REWE GmbH<\/strong><br \/>\n<strong>Data protection officer<\/strong><br \/>\n<strong>H\u00e4mmerbergstra\u00dfe 2<\/strong><br \/>\n<strong>57537 Wissen<\/strong><br \/>\n<strong>Germany<\/strong><br \/>\n<strong>datenschutz-no-spam-@petz.de<\/strong><\/p>\n<p>&nbsp;<\/p>\n<p>Contact for the following controller for data processing:<\/p>\n<p>&nbsp;<\/p>\n<p>PETZ REWE GmbH<br \/>\nH\u00e4mmerbergstra\u00dfe 2<br \/>\n57537 Wissen<br \/>\nGermany<br \/>\n______________________________________________________________<\/p>\n<p>Contact for questions regarding data protection:<\/p>\n<p>&nbsp;<\/p>\n<p><strong>REWE Dortmund SE &amp; Co. KG<\/strong><br \/>\n<strong>Data protection officer<\/strong><br \/>\n<strong>Asselner Hellweg 1-3<\/strong><br \/>\n<strong>44309 Dortmund<\/strong><br \/>\n<strong>Germany<\/strong><br \/>\n<strong>bernd.benning@rewe-dortmund.de<\/strong><\/p>\n<p>&nbsp;<\/p>\n<p>Contact for the following controller for data processing:<\/p>\n<p>&nbsp;<\/p>\n<p>REWE Dortmund Gro\u00dfhandel eG<br \/>\nAsselner Hellweg 1-3<br \/>\n44309 Dortmund<br \/>\nGermany<br \/>\n_______________________________________________________<\/p>\n<p>Contact for questions regarding data protection:<\/p>\n<p>&nbsp;<\/p>\n<p><strong>REWE International AG<\/strong><br \/>\n<strong>Data protection officer<\/strong><br \/>\n<strong>Industriezentrum N\u00d6-S\u00fcd, Stra\u00dfe 3, Objekt 16<\/strong><br \/>\n<strong>2355 Wiener Neudorf<\/strong><br \/>\n<strong>Austria<\/strong><br \/>\n<strong>datenschutz@rewe-group.at<\/strong><\/p>\n<p>&nbsp;<\/p>\n<p>Contact for the following controller for data processing:<\/p>\n<p>&nbsp;<\/p>\n<p>REWE International AG<br \/>\nIndustriezentrum N\u00d6-S\u00fcd, Stra\u00dfe 3, Objekt 16<br \/>\n2355 Wiener Neudorf<br \/>\nAustria<\/p>\n<\/div>\n<\/div>\n        <\/div>\n\n            <\/div>\n<\/div>\n\n<div class=\"myblock-wrapper block-my-post-slider\" data-module-name=\"Relevant Content Collection\">    <div class=\"posts-slider\">\n    <div class=\"posts-slider__inner row-margin-single\">\n        <div class=\"posts-slider__header\">\n            <h2 class=\"posts-slider__title\">Current press releases<\/h2>\n            \n                    <\/div>\n        <div class=\"posts-slider__slider\">\n            <ul class=\"rwgs__inner\">\n                                    <li class=\"posts-slider__slide medium\">\n                        <div class=\"post-teaser post-teaser_default bg-dark medium type-press_release\">\n    <a\n        href=\"https:\/\/www.rewe-group.com\/en\/press-and-media\/newsroom\/press-releases\/despite-difficult-conditions-rewe-group-passes-100-billion-euro-revenue-mark-in-2025\/\"\n        class=\"post-teaser__inner text-focus\"\n        data-tracking=\"{&quot;event&quot;:&quot;click_teaser&quot;,&quot;link_url&quot;:&quot;https:\\\/\\\/www.rewe-group.com\\\/en\\\/press-and-media\\\/newsroom\\\/press-releases\\\/despite-difficult-conditions-rewe-group-passes-100-billion-euro-revenue-mark-in-2025\\\/&quot;,&quot;element_name&quot;:&quot;Despite difficult conditions: &lt;br&gt; REWE Group passes\\u00a0&lt;br&gt; 100 billion euro\\u00a0revenue mark in 2025\\u00a0&quot;,&quot;modul_name&quot;:&quot;.teaser-editorial&quot;}\"\n    >\n        <div\n            class=\"new-post-teaser__background-wrapper\"\n                    >\n                                            <div class=\"focused-image-container\">\n                    <img decoding=\"async\"\n                        class=\"focused-image\"\n                        data-focus-x=\"-0.03\"\n                        data-focus-y=\"0.41\"\n                        src=\"https:\/\/www.rewe-group.com\/content\/uploads\/2026\/04\/rewe-group-bilanz-2025.jpg?t=2026043002\"\n                        alt=\"rewe-group-bilanz-2025\"\n                        loading=\"lazy\"\n                                            >\n                <\/div>\n            \n                    <\/div>\n\n        <div class=\"new-post-teaser__content-wrapper\">\n            <div class=\"new-post-teaser__content-inner\">\n                                    <p class=\"new-post-teaser__type\">Press release<\/p>\n                                <div class=\"new-post-teaser__content\">\n                    <p class=\"post-teaser__note\">22 April 2026<\/p>\n                    <h3 class=\"post-teaser__title\">Despite difficult conditions: <br> REWE Group passes\u00a0<br> 100 billion euro\u00a0revenue mark in 2025\u00a0<\/h3>                                    <\/div>\n            <\/div>\n        <\/div>\n    <\/a>\n            <button\n        type=\"button\"\n        class=\"btn-icon icon-add add2basket small\"\n        aria-label=\"add to collection\"\n        data-post-id=\"28447\"\n        data-blog-id=\"3\"\n        data-tracking=\"{&quot;event&quot;:&quot;click_add_to_collection&quot;,&quot;modul_name&quot;:&quot;.teaser-editorial&quot;,&quot;post_title&quot;:&quot;Despite difficult conditions: REWE Group passes\\u00a0100 billion euro\\u00a0revenue mark in 2025\\u00a0&quot;,&quot;post_type&quot;:&quot;press_release&quot;,&quot;post_category&quot;:&quot;Company&quot;}\"\n    ><\/button>\n<\/div>\n                    <\/li>\n                                    <li class=\"posts-slider__slide medium\">\n                        <div class=\"post-teaser post-teaser_default medium type-press_release\">\n    <a\n        href=\"https:\/\/www.rewe-group.com\/en\/press-and-media\/newsroom\/press-releases\/rewe-opens-test-store-with-pickgo-technology-in-hanover\/\"\n        class=\"post-teaser__inner\"\n                data-tracking=\"{&quot;event&quot;:&quot;click_teaser&quot;,&quot;link_url&quot;:&quot;https:\\\/\\\/www.rewe-group.com\\\/en\\\/press-and-media\\\/newsroom\\\/press-releases\\\/rewe-opens-test-store-with-pickgo-technology-in-hanover\\\/&quot;,&quot;element_name&quot;:&quot;REWE opens test store with Pick&amp;amp;Go technology in Hanover&quot;,&quot;modul_name&quot;:&quot;.teaser-editorial&quot;}\"\n    >\n                                <div class=\"post-teaser__background-wrapper\">\n                <div class=\"focused-image-container\">\n                    <img decoding=\"async\"\n                        class=\"focused-image\"\n                        data-focus-x=\"0.00\"\n                        data-focus-y=\"0.00\"\n                        src=\"https:\/\/www.rewe-group.com\/content\/uploads\/2026\/03\/Rewe-Pick-and-Go.jpg?t=2026043002\"\n                        alt=\"The picture shows the entrance to a store with large illuminated signs saying \"REWE\" in red and \"Pick&#038;Go\" in turquoise.\"\n                        loading=\"lazy\"\n                         data-copyright=\"The picture shows the entrance to a store with large illuminated signs saying &quot;REWE&quot; in red and &quot;Pick&amp;Go&quot; in turquoise. \u00a9S.Verissimo\" data-copyright-wrapper=\".post-teaser__inner\"                    >\n                <\/div>\n            <\/div>\n                <div class=\"post-teaser__content-wrapper\">\n            <p class=\"post-teaser__type\">Press release<\/p>\n                        <div class=\"post-teaser__content\">\n                <p class=\"post-teaser__note\">25 March 2026<\/p>\n                <h3 class=\"post-teaser__title\">REWE opens test store with Pick&amp;Go technology in Hanover<\/h3>                            <\/div>\n        <\/div>\n    <\/a>\n            <button\n        type=\"button\"\n        class=\"btn-icon icon-add add2basket small\"\n        aria-label=\"add to collection\"\n        data-post-id=\"28137\"\n        data-blog-id=\"3\"\n        data-tracking=\"{&quot;event&quot;:&quot;click_add_to_collection&quot;,&quot;modul_name&quot;:&quot;.teaser-editorial&quot;,&quot;post_title&quot;:&quot;REWE opens test store with Pick&amp;amp;Go technology in Hanover&quot;,&quot;post_type&quot;:&quot;press_release&quot;,&quot;post_category&quot;:&quot;Company&quot;}\"\n    ><\/button>\n<\/div>\n                    <\/li>\n                                    <li class=\"posts-slider__slide medium\">\n                        <div class=\"post-teaser post-teaser_default medium type-press_release\">\n    <a\n        href=\"https:\/\/www.rewe-group.com\/en\/press-and-media\/newsroom\/press-releases\/drive-by-shopping-rewe-now-also-offers-drivego\/\"\n        class=\"post-teaser__inner\"\n                data-tracking=\"{&quot;event&quot;:&quot;click_teaser&quot;,&quot;link_url&quot;:&quot;https:\\\/\\\/www.rewe-group.com\\\/en\\\/press-and-media\\\/newsroom\\\/press-releases\\\/drive-by-shopping-rewe-now-also-offers-drivego\\\/&quot;,&quot;element_name&quot;:&quot;Drive-by shopping: REWE now also offers Drive&amp;amp;Go&quot;,&quot;modul_name&quot;:&quot;.teaser-editorial&quot;}\"\n    >\n                                <div class=\"post-teaser__background-wrapper\">\n                <div class=\"focused-image-container\">\n                    <img decoding=\"async\"\n                        class=\"focused-image\"\n                        data-focus-x=\"0.00\"\n                        data-focus-y=\"0.00\"\n                        src=\"https:\/\/www.rewe-group.com\/content\/uploads\/2026\/03\/rewe-drive-go-euskirchen.jpg?t=2026043002\"\n                        alt=\"A person sits in the driver's seat of a car and holds a smartphone out of the window, while a REWE Drive&#038;Go employee outside holds out a device for scanning or payment. An open trunk compartment and a building with signage can be seen in the background.\"\n                        loading=\"lazy\"\n                         data-copyright=\"A person sits in the driver&#039;s seat of a car and holds a smartphone out of the window, while a REWE Drive&amp;Go employee outside holds out a device for scanning or payment. An open trunk compartment and a building with signage can be seen in the background. \u00a9Michael Breuer I Photokonzept\" data-copyright-wrapper=\".post-teaser__inner\"                    >\n                <\/div>\n            <\/div>\n                <div class=\"post-teaser__content-wrapper\">\n            <p class=\"post-teaser__type\">Press release<\/p>\n                        <div class=\"post-teaser__content\">\n                <p class=\"post-teaser__note\">24 March 2026<\/p>\n                <h3 class=\"post-teaser__title\">Drive-by shopping: REWE now also offers Drive&amp;Go<\/h3>                            <\/div>\n        <\/div>\n    <\/a>\n            <button\n        type=\"button\"\n        class=\"btn-icon icon-add add2basket small\"\n        aria-label=\"add to collection\"\n        data-post-id=\"28124\"\n        data-blog-id=\"3\"\n        data-tracking=\"{&quot;event&quot;:&quot;click_add_to_collection&quot;,&quot;modul_name&quot;:&quot;.teaser-editorial&quot;,&quot;post_title&quot;:&quot;Drive-by shopping: REWE now also offers Drive&amp;amp;Go&quot;,&quot;post_type&quot;:&quot;press_release&quot;,&quot;post_category&quot;:&quot;Company&quot;}\"\n    ><\/button>\n<\/div>\n                    <\/li>\n                                    <li class=\"posts-slider__slide medium\">\n                        <div class=\"post-teaser post-teaser_default medium type-press_release\">\n    <a\n        href=\"https:\/\/www.rewe-group.com\/en\/press-and-media\/newsroom\/press-releases\/rewe-and-nahkauf-customers-show-their-heart\/\"\n        class=\"post-teaser__inner\"\n                data-tracking=\"{&quot;event&quot;:&quot;click_teaser&quot;,&quot;link_url&quot;:&quot;https:\\\/\\\/www.rewe-group.com\\\/en\\\/press-and-media\\\/newsroom\\\/press-releases\\\/rewe-and-nahkauf-customers-show-their-heart\\\/&quot;,&quot;element_name&quot;:&quot;REWE and nahkauf customers show their heart&quot;,&quot;modul_name&quot;:&quot;.teaser-editorial&quot;}\"\n    >\n                                <div class=\"post-teaser__background-wrapper\">\n                <div class=\"focused-image-container\">\n                    <img decoding=\"async\"\n                        class=\"focused-image\"\n                        data-focus-x=\"0.00\"\n                        data-focus-y=\"0.00\"\n                        src=\"https:\/\/www.rewe-group.com\/content\/uploads\/2026\/03\/tafeltueten-ergebnis-west-scaled.jpg?t=2026043002\"\n                        alt=\"Person with Bo plush toy in the market holding a Tafetl\u00fcte.\"\n                        loading=\"lazy\"\n                         data-copyright=\"Person with Bo plush toy in the store holding a Tafetl\u00fcte. \u00a9REWE\" data-copyright-wrapper=\".post-teaser__inner\"                    >\n                <\/div>\n            <\/div>\n                <div class=\"post-teaser__content-wrapper\">\n            <p class=\"post-teaser__type\">Press release<\/p>\n                        <div class=\"post-teaser__content\">\n                <p class=\"post-teaser__note\">12 March 2026<\/p>\n                <h3 class=\"post-teaser__title\">REWE and nahkauf customers show their heart<\/h3>                            <\/div>\n        <\/div>\n    <\/a>\n            <button\n        type=\"button\"\n        class=\"btn-icon icon-add add2basket small\"\n        aria-label=\"add to collection\"\n        data-post-id=\"28109\"\n        data-blog-id=\"3\"\n        data-tracking=\"{&quot;event&quot;:&quot;click_add_to_collection&quot;,&quot;modul_name&quot;:&quot;.teaser-editorial&quot;,&quot;post_title&quot;:&quot;REWE and nahkauf customers show their heart&quot;,&quot;post_type&quot;:&quot;press_release&quot;,&quot;post_category&quot;:&quot;Company&quot;}\"\n    ><\/button>\n<\/div>\n                    <\/li>\n                                    <li class=\"posts-slider__slide medium\">\n                        <div class=\"post-teaser post-teaser_default medium type-press_release\">\n    <a\n        href=\"https:\/\/www.rewe-group.com\/en\/press-and-media\/newsroom\/press-releases\/sustainable-innovative-and-longer-lasting-rewe-group-sets-a-new-standard-in-hydroponic-cultivation-with-its-loose-leaf-lettuce\/\"\n        class=\"post-teaser__inner\"\n                data-tracking=\"{&quot;event&quot;:&quot;click_teaser&quot;,&quot;link_url&quot;:&quot;https:\\\/\\\/www.rewe-group.com\\\/en\\\/press-and-media\\\/newsroom\\\/press-releases\\\/sustainable-innovative-and-longer-lasting-rewe-group-sets-a-new-standard-in-hydroponic-cultivation-with-its-loose-leaf-lettuce\\\/&quot;,&quot;element_name&quot;:&quot;Sustainable, innovative and longer-lasting: REWE Group sets a new standard in hydroponic cultivation with its loose-leaf lettuce&quot;,&quot;modul_name&quot;:&quot;.teaser-editorial&quot;}\"\n    >\n                                <div class=\"post-teaser__background-wrapper\">\n                <div class=\"focused-image-container\">\n                    <img decoding=\"async\"\n                        class=\"focused-image\"\n                        data-focus-x=\"0.00\"\n                        data-focus-y=\"0.00\"\n                        src=\"https:\/\/www.rewe-group.com\/content\/uploads\/2026\/03\/Hydroponik-Anbau.png?t=2026043002\"\n                        alt=\"A large greenhouse shows densely planted rows of green lettuce in a hydroponic system. The plants grow in long beds.\"\n                        loading=\"lazy\"\n                         data-copyright=\"A large greenhouse shows densely planted rows of green lettuce in a hydroponic system. The plants grow in long beds. \u00a9 Endless Summer\" data-copyright-wrapper=\".post-teaser__inner\"                    >\n                <\/div>\n            <\/div>\n                <div class=\"post-teaser__content-wrapper\">\n            <p class=\"post-teaser__type\">Press release<\/p>\n                        <div class=\"post-teaser__content\">\n                <p class=\"post-teaser__note\">9 March 2026<\/p>\n                <h3 class=\"post-teaser__title\">Sustainable, innovative and longer-lasting: REWE Group sets a new standard in hydroponic cultivation with its loose-leaf lettuce<\/h3>                            <\/div>\n        <\/div>\n    <\/a>\n            <button\n        type=\"button\"\n        class=\"btn-icon icon-add add2basket small\"\n        aria-label=\"add to collection\"\n        data-post-id=\"27971\"\n        data-blog-id=\"3\"\n        data-tracking=\"{&quot;event&quot;:&quot;click_add_to_collection&quot;,&quot;modul_name&quot;:&quot;.teaser-editorial&quot;,&quot;post_title&quot;:&quot;Sustainable, innovative and longer-lasting: REWE Group sets a new standard in hydroponic cultivation with its loose-leaf lettuce&quot;,&quot;post_type&quot;:&quot;press_release&quot;,&quot;post_category&quot;:&quot;Product range&quot;}\"\n    ><\/button>\n<\/div>\n                    <\/li>\n                                    <li class=\"posts-slider__slide medium\">\n                        <div class=\"post-teaser post-teaser_default medium type-press_release post-teaser__pattern pattern1 red-pattern\">\n    <a\n        href=\"https:\/\/www.rewe-group.com\/en\/press-and-media\/newsroom\/press-releases\/early-contract-extension-rewe-group-and-transgourmet-continue-successful-partnership\/\"\n        class=\"post-teaser__inner has-illustration\"\n        style=\"background-image: url(https:\/\/www.rewe-group.com\/content\/themes\/reweg\/img\/pattern1.svg);\"        data-tracking=\"{&quot;event&quot;:&quot;click_teaser&quot;,&quot;link_url&quot;:&quot;https:\\\/\\\/www.rewe-group.com\\\/en\\\/press-and-media\\\/newsroom\\\/press-releases\\\/early-contract-extension-rewe-group-and-transgourmet-continue-successful-partnership\\\/&quot;,&quot;element_name&quot;:&quot;Early contract extension: REWE Group and Transgourmet continue successful partnership&quot;,&quot;modul_name&quot;:&quot;.teaser-editorial&quot;}\"\n    >\n                <div class=\"post-teaser__content-wrapper\">\n            <p class=\"post-teaser__type\">Press release<\/p>\n                            <div class=\"post-teaser__illustration\" style=\"background-image: url('https:\/\/www.rewe-group.com\/content\/themes\/reweg\/img\/illu-handschlag.svg');\"><\/div>\n                        <div class=\"post-teaser__content\">\n                <p class=\"post-teaser__note\">19 February 2026<\/p>\n                <h3 class=\"post-teaser__title\">Early contract extension: REWE Group and Transgourmet continue successful partnership<\/h3>                            <\/div>\n        <\/div>\n    <\/a>\n            <button\n        type=\"button\"\n        class=\"btn-icon icon-add add2basket small\"\n        aria-label=\"add to collection\"\n        data-post-id=\"27817\"\n        data-blog-id=\"3\"\n        data-tracking=\"{&quot;event&quot;:&quot;click_add_to_collection&quot;,&quot;modul_name&quot;:&quot;.teaser-editorial&quot;,&quot;post_title&quot;:&quot;Early contract extension: REWE Group and Transgourmet continue successful partnership&quot;,&quot;post_type&quot;:&quot;press_release&quot;,&quot;post_category&quot;:&quot;Company&quot;}\"\n    ><\/button>\n<\/div>\n                    <\/li>\n                                    <li class=\"posts-slider__slide medium\">\n                        <div class=\"post-teaser post-teaser_default medium type-press_release\">\n    <a\n        href=\"https:\/\/www.rewe-group.com\/en\/press-and-media\/newsroom\/press-releases\/filling-plates-together-nationwide-rewe-and-nahkauf-donation-campaign-starts\/\"\n        class=\"post-teaser__inner\"\n                data-tracking=\"{&quot;event&quot;:&quot;click_teaser&quot;,&quot;link_url&quot;:&quot;https:\\\/\\\/www.rewe-group.com\\\/en\\\/press-and-media\\\/newsroom\\\/press-releases\\\/filling-plates-together-nationwide-rewe-and-nahkauf-donation-campaign-starts\\\/&quot;,&quot;element_name&quot;:&quot;Filling plates together: Nationwide REWE and nahkauf donation campaign starts&quot;,&quot;modul_name&quot;:&quot;.teaser-editorial&quot;}\"\n    >\n                                <div class=\"post-teaser__background-wrapper\">\n                <div class=\"focused-image-container\">\n                    <img decoding=\"async\"\n                        class=\"focused-image\"\n                        data-focus-x=\"0.00\"\n                        data-focus-y=\"0.00\"\n                        src=\"https:\/\/www.rewe-group.com\/content\/uploads\/2026\/02\/REWE-startet-wieder-die-Tafeltueten-Aktion.jpg?t=2026043002\"\n                        alt=\"A shopping cart with long-life foodstuffs such as pasta and flour stands in the foreground of a supermarket. Behind it, many brown paper bags with recycling symbols are piled up. There is a green sign on the shopping cart advertising a donation campaign for the food bank.\"\n                        loading=\"lazy\"\n                         data-copyright=\"A shopping cart with long-life foodstuffs such as pasta and flour stands in the foreground of a supermarket. Behind it, many brown paper bags with recycling symbols are piled up. On the shopping cart is a green sign indicating a donation campaign for the food bank. \u00a9REWE Group\" data-copyright-wrapper=\".post-teaser__inner\"                    >\n                <\/div>\n            <\/div>\n                <div class=\"post-teaser__content-wrapper\">\n            <p class=\"post-teaser__type\">Press release<\/p>\n                        <div class=\"post-teaser__content\">\n                <p class=\"post-teaser__note\">19 February 2026<\/p>\n                <h3 class=\"post-teaser__title\">Filling plates together: Nationwide REWE and nahkauf donation campaign starts<\/h3>                            <\/div>\n        <\/div>\n    <\/a>\n            <button\n        type=\"button\"\n        class=\"btn-icon icon-add add2basket small\"\n        aria-label=\"add to collection\"\n        data-post-id=\"27808\"\n        data-blog-id=\"3\"\n        data-tracking=\"{&quot;event&quot;:&quot;click_add_to_collection&quot;,&quot;modul_name&quot;:&quot;.teaser-editorial&quot;,&quot;post_title&quot;:&quot;Filling plates together: Nationwide REWE and nahkauf donation campaign starts&quot;,&quot;post_type&quot;:&quot;press_release&quot;,&quot;post_category&quot;:&quot;Company&quot;}\"\n    ><\/button>\n<\/div>\n                    <\/li>\n                                    <li class=\"posts-slider__slide medium\">\n                        <div class=\"post-teaser post-teaser_default medium type-press_release\">\n    <a\n        href=\"https:\/\/www.rewe-group.com\/en\/press-and-media\/newsroom\/press-releases\/zooroyal-and-medivet-launch-partnership-for-pet-care\/\"\n        class=\"post-teaser__inner\"\n                data-tracking=\"{&quot;event&quot;:&quot;click_teaser&quot;,&quot;link_url&quot;:&quot;https:\\\/\\\/www.rewe-group.com\\\/en\\\/press-and-media\\\/newsroom\\\/press-releases\\\/zooroyal-and-medivet-launch-partnership-for-pet-care\\\/&quot;,&quot;element_name&quot;:&quot;ZooRoyal and Medivet launch partnership for pet care&quot;,&quot;modul_name&quot;:&quot;.teaser-editorial&quot;}\"\n    >\n                                <div class=\"post-teaser__background-wrapper\">\n                <div class=\"focused-image-container\">\n                    <img decoding=\"async\"\n                        class=\"focused-image\"\n                        data-focus-x=\"0.00\"\n                        data-focus-y=\"0.00\"\n                        src=\"https:\/\/www.rewe-group.com\/content\/uploads\/2026\/02\/ZooRoyal-MediVet-Aertzte.jpg?t=2026043002\"\n                        alt=\"Portrait of three men standing in front of the ZooRoyal specialist store in Elmshorn. From right: Christian Glaser (Medivet), Marcel Bersch (Managing Directors stationary, ZooRoyal) and Julius von Bothmer (Medivet). kirstin Hammerstein\"\n                        loading=\"lazy\"\n                         data-copyright=\"Portrait of three men standing in front of the ZooRoyal specialist store in Elmshorn. From right: Christian Glaser (Medivet), Marcel Bersch (Managing Directors stationary, ZooRoyal) and Julius von Bothmer (Medivet). \u00a9 Kirstin Hammerstein\" data-copyright-wrapper=\".post-teaser__inner\"                    >\n                <\/div>\n            <\/div>\n                <div class=\"post-teaser__content-wrapper\">\n            <p class=\"post-teaser__type\">Press release<\/p>\n                        <div class=\"post-teaser__content\">\n                <p class=\"post-teaser__note\">11 February 2026<\/p>\n                <h3 class=\"post-teaser__title\">ZooRoyal and Medivet launch partnership for pet care<\/h3>                            <\/div>\n        <\/div>\n    <\/a>\n            <button\n        type=\"button\"\n        class=\"btn-icon icon-add add2basket small\"\n        aria-label=\"add to collection\"\n        data-post-id=\"27796\"\n        data-blog-id=\"3\"\n        data-tracking=\"{&quot;event&quot;:&quot;click_add_to_collection&quot;,&quot;modul_name&quot;:&quot;.teaser-editorial&quot;,&quot;post_title&quot;:&quot;ZooRoyal and Medivet launch partnership for pet care&quot;,&quot;post_type&quot;:&quot;press_release&quot;,&quot;post_category&quot;:&quot;Company&quot;}\"\n    ><\/button>\n<\/div>\n                    <\/li>\n                            <\/ul>\n        <\/div>\n            <\/div>\n<\/div>\n<\/div><\/div>\n<\/div>\n<\/div>\n","protected":false},"excerpt":{"rendered":"<p>The data processing companies and their data protection contacts are listed below in alphabetical order. The controller for data processing refers to the legal entity where the processing takes place.<\/p>\n","protected":false},"author":10,"featured_media":0,"parent":0,"menu_order":115,"comment_status":"closed","ping_status":"closed","template":"","meta":{"_acf_changed":false,"_relevanssi_hide_post":"","_relevanssi_hide_content":"","_relevanssi_pin_for_all":"","_relevanssi_pin_keywords":"","_relevanssi_unpin_keywords":"","_relevanssi_related_keywords":"","_relevanssi_related_include_ids":"","_relevanssi_related_exclude_ids":"","_relevanssi_related_no_append":"","_relevanssi_related_not_related":"","_relevanssi_related_posts":"","_relevanssi_noindex_reason":"","footnotes":""},"categories":[],"tags":[],"class_list":["post-4026","page","type-page","status-publish","hentry"],"acf":[],"_links":{"self":[{"href":"https:\/\/www.rewe-group.com\/en\/wp-json\/wp\/v2\/pages\/4026","targetHints":{"allow":["GET"]}}],"collection":[{"href":"https:\/\/www.rewe-group.com\/en\/wp-json\/wp\/v2\/pages"}],"about":[{"href":"https:\/\/www.rewe-group.com\/en\/wp-json\/wp\/v2\/types\/page"}],"author":[{"embeddable":true,"href":"https:\/\/www.rewe-group.com\/en\/wp-json\/wp\/v2\/users\/10"}],"replies":[{"embeddable":true,"href":"https:\/\/www.rewe-group.com\/en\/wp-json\/wp\/v2\/comments?post=4026"}],"version-history":[{"count":47,"href":"https:\/\/www.rewe-group.com\/en\/wp-json\/wp\/v2\/pages\/4026\/revisions"}],"predecessor-version":[{"id":18764,"href":"https:\/\/www.rewe-group.com\/en\/wp-json\/wp\/v2\/pages\/4026\/revisions\/18764"}],"wp:attachment":[{"href":"https:\/\/www.rewe-group.com\/en\/wp-json\/wp\/v2\/media?parent=4026"}],"wp:term":[{"taxonomy":"category","embeddable":true,"href":"https:\/\/www.rewe-group.com\/en\/wp-json\/wp\/v2\/categories?post=4026"},{"taxonomy":"post_tag","embeddable":true,"href":"https:\/\/www.rewe-group.com\/en\/wp-json\/wp\/v2\/tags?post=4026"}],"curies":[{"name":"wp","href":"https:\/\/api.w.org\/{rel}","templated":true}]}}