{"id":6236,"date":"2020-12-22T17:07:40","date_gmt":"2020-12-22T16:07:40","guid":{"rendered":"https:\/\/www.rewe-group.com\/?page_id=6236"},"modified":"2026-01-21T13:48:45","modified_gmt":"2026-01-21T12:48:45","slug":"expansion-kontakt","status":"publish","type":"page","link":"https:\/\/www.rewe-group.com\/de\/unternehmen\/expansion-und-immobilien\/wir-suchen-interessante-standorte-und-immobilien\/expansion-kontakt\/","title":{"rendered":"Expansionskontakte"},"content":{"rendered":"\n<div class=\"wp-block-myblocks-template-root template-root\">\n<div class=\"wp-block-myblocks-section block-section section-bg-gray section-padding-top section-padding-bottom\">\n<div class=\"wp-block-myblocks-row-full-single row-full-single my-row-block row-full\"><div class=\"myblock-wrapper block-my-contact-team block-ingrid\" data-module-name=\"Contact Team\"><div class=\"contact-team row-margin-single\">\n    <div class=\"contact-team__inner\">\n                    <h2 class=\"contact-team__title\">Expansionsleitung REWE <\/h2>\n        \n        \n                    <ul class=\"team\">\n                                    <li class=\"person-card\">\n                        <div class=\"person-card__top\">\n                            <div class=\"person-avatar-wrapper\">\n                                <div class=\"person-avatar m\">\n                                    <div class=\"focused-image-container\">\n    <img decoding=\"async\"\n        class=\"focused-image\"\n        data-focus-x=\"0.00\"\n        data-focus-y=\"0.00\"\n        src=\"https:\/\/www.rewe-group.com\/content\/uploads\/2020\/12\/Christian_Schneider.jpg?t=2026050302\"\n        alt=\"Christian Schneider\"\n                        loading=\"lazy\"\n         data-copyright=\"Portr\u00e4t von Christian Schneider\"    >\n<\/div>\n                                <\/div>\n\n                            <\/div>\n                            <div class=\"person-details\">\n                                <h3 class=\"person-card-details__name\">Christian Schneider<\/h3>\n                                                                    <p class=\"person-card-details__title\">Head of Expansion REWE.<\/p>\n                                                                                                    <p class=\"person-card-details__desc\">REWE Markt GmbH <br> Domstra\u00dfe 20 <br \/> 50668 K\u00f6ln<\/p>\n                                                                                            <\/div>\n                        <\/div>\n                                                    <div class=\"person-card__bottom\">\n                                                                    <a\n                                        href=\"tel:+49 221 149 1752\"\n                                        class=\"phone\"\n                                    >+49 221 149 1752<\/a>\n                                                                                                    <a\n                                        href=\"mailto:expansion.national@rewe-group.com\"\n                                        class=\"email\"\n                                        target=\"_blank\"\n                                        rel=\"noopener noreferrer\"\n                                    >expansion.national@rewe-group.com<\/a>\n                                                            <\/div>\n                                            <\/li>\n                                        <li class=\"person-card\">\n                        <div class=\"person-card__top\">\n                            <div class=\"person-avatar-wrapper\">\n                                <div class=\"person-avatar m\">\n                                    <div class=\"focused-image-container\">\n    <img decoding=\"async\"\n        class=\"focused-image\"\n        data-focus-x=\"0.00\"\n        data-focus-y=\"0.00\"\n        src=\"https:\/\/www.rewe-group.com\/content\/uploads\/2020\/12\/Sascha_Stille.jpg?t=2026050302\"\n        alt=\"Sascha Stille\"\n                        loading=\"lazy\"\n         data-copyright=\"Portr\u00e4t von Sascha Stille\"    >\n<\/div>\n                                <\/div>\n\n                            <\/div>\n                            <div class=\"person-details\">\n                                <h3 class=\"person-card-details__name\">Sascha Stille<\/h3>\n                                                                    <p class=\"person-card-details__title\">Leiter Expansion REWE Region Nord<\/p>\n                                                                                                    <p class=\"person-card-details__desc\">REWE Markt GmbH <br>Rudolf-Diesel-Stra\u00dfe 36<br>24558 Henstedt-Ulzburg<\/p>\n                                                                                            <\/div>\n                        <\/div>\n                                                    <div class=\"person-card__bottom\">\n                                                                    <a\n                                        href=\"tel:+49 4193 9650 471\"\n                                        class=\"phone\"\n                                    >+49 4193 9650 471<\/a>\n                                                                                                    <a\n                                        href=\"mailto:expansion.nord@rewe-group.com\"\n                                        class=\"email\"\n                                        target=\"_blank\"\n                                        rel=\"noopener noreferrer\"\n                                    >expansion.nord@rewe-group.com<\/a>\n                                                            <\/div>\n                                            <\/li>\n                                        <li class=\"person-card\">\n                        <div class=\"person-card__top\">\n                            <div class=\"person-avatar-wrapper\">\n                                <div class=\"person-avatar m\">\n                                    <div class=\"focused-image-container\">\n    <img decoding=\"async\"\n        class=\"focused-image\"\n        data-focus-x=\"0\"\n        data-focus-y=\"0\"\n        src=\"https:\/\/www.rewe-group.com\/content\/uploads\/2020\/12\/Dirk_Jahns.jpg?t=2026050302\"\n        alt=\"Dirk Jahns\"\n                        loading=\"lazy\"\n         data-copyright=\"Portr\u00e4t von Dirk Jahns\"    >\n<\/div>\n                                <\/div>\n\n                            <\/div>\n                            <div class=\"person-details\">\n                                <h3 class=\"person-card-details__name\">Dirk Jahns<\/h3>\n                                                                    <p class=\"person-card-details__title\">Leiter Expansion REWE Dortmund<\/p>\n                                                                                                    <p class=\"person-card-details__desc\">REWE Dortmund SE &amp; Co. KG <br> Asselner Hellweg 1-3 <br \/> 44309 Dortmund<\/p>\n                                                                                            <\/div>\n                        <\/div>\n                                                    <div class=\"person-card__bottom\">\n                                                                    <a\n                                        href=\"tel:+49 231 2500 209\"\n                                        class=\"phone\"\n                                    >+49 231 2500 209<\/a>\n                                                                                                    <a\n                                        href=\"mailto:expansion@rewe-dortmund.de\"\n                                        class=\"email\"\n                                        target=\"_blank\"\n                                        rel=\"noopener noreferrer\"\n                                    >expansion@rewe-dortmund.de<\/a>\n                                                            <\/div>\n                                            <\/li>\n                                        <li class=\"person-card\">\n                        <div class=\"person-card__top\">\n                            <div class=\"person-avatar-wrapper\">\n                                <div class=\"person-avatar m\">\n                                    <div class=\"focused-image-container\">\n    <img decoding=\"async\"\n        class=\"focused-image\"\n        data-focus-x=\"0.00\"\n        data-focus-y=\"0.00\"\n        src=\"https:\/\/www.rewe-group.com\/content\/uploads\/2020\/12\/Stefan_Haja.jpg?t=2026050302\"\n        alt=\"Stefan Haja\"\n                        loading=\"lazy\"\n         data-copyright=\"Portr\u00e4t von Stefan Haja\"    >\n<\/div>\n                                <\/div>\n\n                            <\/div>\n                            <div class=\"person-details\">\n                                <h3 class=\"person-card-details__name\">Stefan Haja<\/h3>\n                                                                    <p class=\"person-card-details__title\">Leiter Expansion REWE Region Mitte<\/p>\n                                                                                                    <p class=\"person-card-details__desc\">REWE Markt GmbH <br> Raiffeisenstra\u00dfe 5-9 <br \/> 61191 Rosbach<\/p>\n                                                                                            <\/div>\n                        <\/div>\n                                                    <div class=\"person-card__bottom\">\n                                                                    <a\n                                        href=\"tel:+49 6003 85 2227\"\n                                        class=\"phone\"\n                                    >+49 6003 85 2227<\/a>\n                                                                                                    <a\n                                        href=\"mailto:expansion.mitte@rewe-group.com\"\n                                        class=\"email\"\n                                        target=\"_blank\"\n                                        rel=\"noopener noreferrer\"\n                                    >expansion.mitte@rewe-group.com<\/a>\n                                                            <\/div>\n                                            <\/li>\n                                        <li class=\"person-card\">\n                        <div class=\"person-card__top\">\n                            <div class=\"person-avatar-wrapper\">\n                                <div class=\"person-avatar m\">\n                                    <div class=\"focused-image-container\">\n    <img decoding=\"async\"\n        class=\"focused-image\"\n        data-focus-x=\"0.00\"\n        data-focus-y=\"0.00\"\n        src=\"https:\/\/www.rewe-group.com\/content\/uploads\/2020\/12\/Oliver_Behrens-300x300.jpg\"\n        alt=\"Oliver Behrens\"\n                        loading=\"lazy\"\n         data-copyright=\"Portr\u00e4t von Oliver Behrens\"    >\n<\/div>\n                                <\/div>\n\n                            <\/div>\n                            <div class=\"person-details\">\n                                <h3 class=\"person-card-details__name\">Oliver Behrens<\/h3>\n                                                                    <p class=\"person-card-details__title\">Leiter Expansion REWE Region S\u00fcdwest<\/p>\n                                                                                                    <p class=\"person-card-details__desc\">REWE Markt GmbH <br> Im unteren Wald <br \/> 69168 Wiesloch<\/p>\n                                                                                            <\/div>\n                        <\/div>\n                                                    <div class=\"person-card__bottom\">\n                                                                    <a\n                                        href=\"tel:+49 6222 574 410\"\n                                        class=\"phone\"\n                                    >+49 6222 574 410<\/a>\n                                                                                                    <a\n                                        href=\"mailto:expansion.suedwest@rewe-group.com\"\n                                        class=\"email\"\n                                        target=\"_blank\"\n                                        rel=\"noopener noreferrer\"\n                                    >expansion.suedwest@rewe-group.com<\/a>\n                                                            <\/div>\n                                            <\/li>\n                                        <li class=\"person-card\">\n                        <div class=\"person-card__top\">\n                            <div class=\"person-avatar-wrapper\">\n                                <div class=\"person-avatar m\">\n                                    <div class=\"focused-image-container\">\n    <img decoding=\"async\"\n        class=\"focused-image\"\n        data-focus-x=\"0.00\"\n        data-focus-y=\"0.00\"\n        src=\"https:\/\/www.rewe-group.com\/content\/uploads\/2024\/09\/joerg-malek-300x200.jpg\"\n        alt=\"J\u00f6rg Malek\"\n                        loading=\"lazy\"\n         data-copyright=\"Portr\u00e4t von J\u00f6rg Malek \u00a9 REWE\"    >\n<\/div>\n                                <\/div>\n\n                            <\/div>\n                            <div class=\"person-details\">\n                                <h3 class=\"person-card-details__name\">J\u00f6rg Malek<\/h3>\n                                                                    <p class=\"person-card-details__title\">Leiter Expansion REWE Region S\u00fcd<\/p>\n                                                                                                    <p class=\"person-card-details__desc\">REWE Markt GmbH <br> Dieselstra\u00dfe 21 \u2013 27 <br \/> 85386 Eching-Ost<\/p>\n                                                                                            <\/div>\n                        <\/div>\n                                                    <div class=\"person-card__bottom\">\n                                                                    <a\n                                        href=\"tel:+49 8165 78 888 \"\n                                        class=\"phone\"\n                                    >+49 8165 78 888 <\/a>\n                                                                                                    <a\n                                        href=\"mailto:expansion-sued@rewe-group.com\"\n                                        class=\"email\"\n                                        target=\"_blank\"\n                                        rel=\"noopener noreferrer\"\n                                    >expansion-sued@rewe-group.com<\/a>\n                                                            <\/div>\n                                            <\/li>\n                                        <li class=\"person-card\">\n                        <div class=\"person-card__top\">\n                            <div class=\"person-avatar-wrapper\">\n                                <div class=\"person-avatar m\">\n                                    <div class=\"focused-image-container\">\n    <img decoding=\"async\"\n        class=\"focused-image\"\n        data-focus-x=\"0.00\"\n        data-focus-y=\"0.00\"\n        src=\"https:\/\/www.rewe-group.com\/content\/uploads\/2020\/12\/Mike_Michel.jpg?t=2026050302\"\n        alt=\"Mike Michel\"\n                        loading=\"lazy\"\n         data-copyright=\"Portr\u00e4t von Mike Michel\"    >\n<\/div>\n                                <\/div>\n\n                            <\/div>\n                            <div class=\"person-details\">\n                                <h3 class=\"person-card-details__name\">Mike Michel<\/h3>\n                                                                    <p class=\"person-card-details__title\">Leiter Expansion REWE Region Ost<\/p>\n                                                                                                    <p class=\"person-card-details__desc\">REWE Markt GmbH <br> Rheinstra\u00dfe 8 <br \/> 14513 Teltow<\/p>\n                                                                                            <\/div>\n                        <\/div>\n                                                    <div class=\"person-card__bottom\">\n                                                                    <a\n                                        href=\"tel:+49 3328 3314 191\"\n                                        class=\"phone\"\n                                    >+49 3328 3314 191<\/a>\n                                                                                                    <a\n                                        href=\"mailto:expansion.ost@rewe-group.com\"\n                                        class=\"email\"\n                                        target=\"_blank\"\n                                        rel=\"noopener noreferrer\"\n                                    >expansion.ost@rewe-group.com<\/a>\n                                                            <\/div>\n                                            <\/li>\n                                        <li class=\"person-card\">\n                        <div class=\"person-card__top\">\n                            <div class=\"person-avatar-wrapper\">\n                                <div class=\"person-avatar m\">\n                                    <div class=\"focused-image-container\">\n    <img decoding=\"async\"\n        class=\"focused-image\"\n        data-focus-x=\"0.00\"\n        data-focus-y=\"0.00\"\n        src=\"https:\/\/www.rewe-group.com\/content\/uploads\/2020\/12\/Mark_Thelen.jpg?t=2026050302\"\n        alt=\"Mark Thelen\"\n                        loading=\"lazy\"\n         data-copyright=\"Portr\u00e4t von Mark Thelen\"    >\n<\/div>\n                                <\/div>\n\n                            <\/div>\n                            <div class=\"person-details\">\n                                <h3 class=\"person-card-details__name\">Mark Thelen<\/h3>\n                                                                    <p class=\"person-card-details__title\">Leiter Expansion REWE Region West<\/p>\n                                                                                                    <p class=\"person-card-details__desc\">REWE Markt GmbH <br> Rewestra\u00dfe 8 <br \/> 50354 H\u00fcrth-Efferen<\/p>\n                                                                                            <\/div>\n                        <\/div>\n                                                    <div class=\"person-card__bottom\">\n                                                                    <a\n                                        href=\"tel:+49 2233 9673-800\"\n                                        class=\"phone\"\n                                    >+49 2233 9673-800<\/a>\n                                                                                                    <a\n                                        href=\"mailto:expansion.west@rewe-group.com\"\n                                        class=\"email\"\n                                        target=\"_blank\"\n                                        rel=\"noopener noreferrer\"\n                                    >expansion.west@rewe-group.com<\/a>\n                                                            <\/div>\n                                            <\/li>\n                                <\/ul>\n        \n            <\/div>\n<\/div>\n<\/div><\/div>\n<\/div>\n\n\n\n<div class=\"wp-block-myblocks-section block-section section-bg-white section-padding-top section-padding-bottom\">\n<div class=\"wp-block-myblocks-row-full-single row-full-single my-row-block row-full\"><div class=\"myblock-wrapper block-my-contact-team block-ingrid\" data-module-name=\"Contact Team\"><div class=\"contact-team row-margin-single\">\n    <div class=\"contact-team__inner\">\n                    <h2 class=\"contact-team__title\">Expansionsleitung PENNY<\/h2>\n        \n        \n                    <ul class=\"team\">\n                                    <li class=\"person-card\">\n                        <div class=\"person-card__top\">\n                            <div class=\"person-avatar-wrapper\">\n                                <div class=\"person-avatar m\">\n                                    <div class=\"focused-image-container\">\n    <img decoding=\"async\"\n        class=\"focused-image\"\n        data-focus-x=\"0.00\"\n        data-focus-y=\"0.00\"\n        src=\"https:\/\/www.rewe-group.com\/content\/uploads\/2026\/01\/sebastian-engels-225x300.jpg\"\n        alt=\"Sebastian  Engels\"\n                        loading=\"lazy\"\n         data-copyright=\"Portr\u00e4t von Sebastian Engels \u00a9 REWE Group\"    >\n<\/div>\n                                <\/div>\n\n                            <\/div>\n                            <div class=\"person-details\">\n                                <h3 class=\"person-card-details__name\">Sebastian  Engels<\/h3>\n                                                                    <p class=\"person-card-details__title\">Head of PENNY Expansion national<\/p>\n                                                                                                    <p class=\"person-card-details__desc\">PENNY Markt GmbH <br> Domstra\u00dfe 20 <br \/> 50668 K\u00f6ln\r\n<\/p>\n                                                                                            <\/div>\n                        <\/div>\n                                                    <div class=\"person-card__bottom\">\n                                                                    <a\n                                        href=\"tel:+ 49 221 149 1728\"\n                                        class=\"phone\"\n                                    >+ 49 221 149 1728<\/a>\n                                                                                                    <a\n                                        href=\"mailto:sebastian.engels@rewe-group.com\"\n                                        class=\"email\"\n                                        target=\"_blank\"\n                                        rel=\"noopener noreferrer\"\n                                    >sebastian.engels@rewe-group.com<\/a>\n                                                            <\/div>\n                                            <\/li>\n                                        <li class=\"person-card\">\n                        <div class=\"person-card__top\">\n                            <div class=\"person-avatar-wrapper\">\n                                <div class=\"person-avatar m\">\n                                    <div class=\"focused-image-container\">\n    <img decoding=\"async\"\n        class=\"focused-image\"\n        data-focus-x=\"-0.05\"\n        data-focus-y=\"0.31\"\n        src=\"https:\/\/www.rewe-group.com\/content\/uploads\/2020\/12\/Carsten_Gerhardt-809x1024-1-237x300.jpg\"\n        alt=\"Carsten Gerhardt\"\n                        loading=\"lazy\"\n         data-copyright=\"Portr\u00e4t von Carsten Gerhardt \u00a9REWE Group\"    >\n<\/div>\n                                <\/div>\n\n                            <\/div>\n                            <div class=\"person-details\">\n                                <h3 class=\"person-card-details__name\">Carsten Gerhardt<\/h3>\n                                                                    <p class=\"person-card-details__title\">Leiter Expansion PENNY Region West<\/p>\n                                                                                                    <p class=\"person-card-details__desc\">PENNY Markt GmbH <br> Venloer Stra\u00dfe 1435 <br \/> 50829 K\u00f6ln<\/p>\n                                                                                            <\/div>\n                        <\/div>\n                                                    <div class=\"person-card__bottom\">\n                                                                    <a\n                                        href=\"tel:+49 221 48490 201\"\n                                        class=\"phone\"\n                                    >+49 221 48490 201<\/a>\n                                                                                                    <a\n                                        href=\"mailto:carsten.gerhardt@rewe-group.com\"\n                                        class=\"email\"\n                                        target=\"_blank\"\n                                        rel=\"noopener noreferrer\"\n                                    >carsten.gerhardt@rewe-group.com<\/a>\n                                                            <\/div>\n                                            <\/li>\n                                        <li class=\"person-card\">\n                        <div class=\"person-card__top\">\n                            <div class=\"person-avatar-wrapper\">\n                                <div class=\"person-avatar m\">\n                                    <div class=\"focused-image-container\">\n    <img decoding=\"async\"\n        class=\"focused-image\"\n        data-focus-x=\"0.11\"\n        data-focus-y=\"0.57\"\n        src=\"https:\/\/www.rewe-group.com\/content\/uploads\/2020\/12\/andreas-kuhmann-200x300.jpg\"\n        alt=\"Andreas  Kuhmann\"\n                        loading=\"lazy\"\n         data-copyright=\"Ein Portr\u00e4t von Andreas Kuhmann \u00a9REWE Group\"    >\n<\/div>\n                                <\/div>\n\n                            <\/div>\n                            <div class=\"person-details\">\n                                <h3 class=\"person-card-details__name\">Andreas  Kuhmann<\/h3>\n                                                                    <p class=\"person-card-details__title\">Leiter Expansion PENNY Region S\u00fcdwest<\/p>\n                                                                                                    <p class=\"person-card-details__desc\">PENNY Markt GmbH <br> Am Autobahnzubringer 10 <br \/> 76709 Kronau <\/p>\n                                                                                            <\/div>\n                        <\/div>\n                                                    <div class=\"person-card__bottom\">\n                                                                    <a\n                                        href=\"tel:+49 7253 9891-200\"\n                                        class=\"phone\"\n                                    >+49 7253 9891-200<\/a>\n                                                                                                    <a\n                                        href=\"mailto:andreas.kuhmann@rewe-group.com\"\n                                        class=\"email\"\n                                        target=\"_blank\"\n                                        rel=\"noopener noreferrer\"\n                                    >andreas.kuhmann@rewe-group.com<\/a>\n                                                            <\/div>\n                                            <\/li>\n                                        <li class=\"person-card\">\n                        <div class=\"person-card__top\">\n                            <div class=\"person-avatar-wrapper\">\n                                <div class=\"person-avatar m\">\n                                    <div class=\"focused-image-container\">\n    <img decoding=\"async\"\n        class=\"focused-image\"\n        data-focus-x=\"0.00\"\n        data-focus-y=\"0.00\"\n        src=\"https:\/\/www.rewe-group.com\/content\/uploads\/2020\/12\/Rene-_Hakendahl-300x215.jpg\"\n        alt=\"Ren\u00e9  Hakendahl\"\n                        loading=\"lazy\"\n         data-copyright=\"Portr\u00e4t von Rene Hakendahl \u00a9REWE Group\"    >\n<\/div>\n                                <\/div>\n\n                            <\/div>\n                            <div class=\"person-details\">\n                                <h3 class=\"person-card-details__name\">Ren\u00e9  Hakendahl<\/h3>\n                                                                    <p class=\"person-card-details__title\">Leiter Expansion PENNY Region Ost<\/p>\n                                                                                                    <p class=\"person-card-details__desc\">PENNY Markt GmbH <br> M\u00e4rkische Allee 20-24 <br \/>14979 Gro\u00dfbeeren<\/p>\n                                                                                            <\/div>\n                        <\/div>\n                                                    <div class=\"person-card__bottom\">\n                                                                    <a\n                                        href=\"tel:+49 33701 33-220\"\n                                        class=\"phone\"\n                                    >+49 33701 33-220<\/a>\n                                                                                                    <a\n                                        href=\"mailto:rene.hakendahl@rewe-group.com\"\n                                        class=\"email\"\n                                        target=\"_blank\"\n                                        rel=\"noopener noreferrer\"\n                                    >rene.hakendahl@rewe-group.com<\/a>\n                                                            <\/div>\n                                            <\/li>\n                                        <li class=\"person-card\">\n                        <div class=\"person-card__top\">\n                            <div class=\"person-avatar-wrapper\">\n                                <div class=\"person-avatar m\">\n                                    <div class=\"focused-image-container\">\n    <img decoding=\"async\"\n        class=\"focused-image\"\n        data-focus-x=\"0.00\"\n        data-focus-y=\"0.00\"\n        src=\"https:\/\/www.rewe-group.com\/content\/uploads\/2020\/12\/Thomas_Roth.jpg?t=2026050302\"\n        alt=\"Thomas Roth\"\n                        loading=\"lazy\"\n         data-copyright=\"Portr\u00e4t von Thomas Roth\"    >\n<\/div>\n                                <\/div>\n\n                            <\/div>\n                            <div class=\"person-details\">\n                                <h3 class=\"person-card-details__name\">Thomas Roth<\/h3>\n                                                                    <p class=\"person-card-details__title\">Leiter Expansion PENNY Region Nord<\/p>\n                                                                                                    <p class=\"person-card-details__desc\">PENNY Markt GmbH <br> Oststra\u00dfe 75 <br \/> 22844 Norderstedt<\/p>\n                                                                                            <\/div>\n                        <\/div>\n                                                    <div class=\"person-card__bottom\">\n                                                                    <a\n                                        href=\"tel:+49 40 52204 298\"\n                                        class=\"phone\"\n                                    >+49 40 52204 298<\/a>\n                                                                                                    <a\n                                        href=\"mailto:thomas.roth2@rewe-group.com\"\n                                        class=\"email\"\n                                        target=\"_blank\"\n                                        rel=\"noopener noreferrer\"\n                                    >thomas.roth2@rewe-group.com<\/a>\n                                                            <\/div>\n                                            <\/li>\n                                        <li class=\"person-card\">\n                        <div class=\"person-card__top\">\n                            <div class=\"person-avatar-wrapper\">\n                                <div class=\"person-avatar m\">\n                                    <div class=\"focused-image-container\">\n    <img decoding=\"async\"\n        class=\"focused-image\"\n        data-focus-x=\"0.00\"\n        data-focus-y=\"0.00\"\n        src=\"https:\/\/www.rewe-group.com\/content\/uploads\/2023\/10\/sebastian-mahrenholz-213x300.jpg\"\n        alt=\"Sebastian  Mahrenholz\"\n                        loading=\"lazy\"\n         data-copyright=\"Portr\u00e4t von Sebastian Mahrenholz \u00a9 REWE Group\"    >\n<\/div>\n                                <\/div>\n\n                            <\/div>\n                            <div class=\"person-details\">\n                                <h3 class=\"person-card-details__name\">Sebastian  Mahrenholz<\/h3>\n                                                                    <p class=\"person-card-details__title\">Leiter Expansion PENNY Region S\u00fcd<\/p>\n                                                                                                    <p class=\"person-card-details__desc\">PENNY Markt GmbH <br> Dieselstr. 21-27 <br \/>85386 Eching<\/p>\n                                                                                            <\/div>\n                        <\/div>\n                                                    <div class=\"person-card__bottom\">\n                                                                    <a\n                                        href=\"tel:+49 8165 707 201\"\n                                        class=\"phone\"\n                                    >+49 8165 707 201<\/a>\n                                                                                                    <a\n                                        href=\"mailto:sebastian.mahrenholz@rewe-group.com\"\n                                        class=\"email\"\n                                        target=\"_blank\"\n                                        rel=\"noopener noreferrer\"\n                                    >sebastian.mahrenholz@rewe-group.com<\/a>\n                                                            <\/div>\n                                            <\/li>\n                                <\/ul>\n        \n            <\/div>\n<\/div>\n<\/div><\/div>\n<\/div>\n\n\n\n<div class=\"wp-block-myblocks-section block-section section-bg-gray section-padding-top section-padding-bottom\">\n<div class=\"wp-block-myblocks-row-full-single row-full-single my-row-block row-full\"><div class=\"myblock-wrapper block-my-list\" data-module-name=\"List\">    <div class=\"my-list\">\n        <h2 class=\"my-list__hl size-small\">nahkauf Expansionskontakte<\/h2>                <ul class=\"my-list__highlight\">\n                            <li class=\"entry-content\"><p>Region Nord: <a href=\"mailto:expansion.nord@rewe-group.com\"><strong>expansion.nord@rewe-group.com<\/strong><\/a><\/p>\n<\/li>\n                            <li class=\"entry-content\"><p>Region Ost: <a href=\"mailto:expansion.ost@rewe-group.com\">expansion.ost@rewe-group.com<\/a><\/p>\n<\/li>\n                            <li class=\"entry-content\"><p>Region S\u00fcd: <a href=\"mailto:expansion-sued@rewe-group.com\">expansion-sued@rewe-group.com<\/a><\/p>\n<\/li>\n                            <li class=\"entry-content\"><p>Region S\u00fcdwest: <a href=\"mailto:expansion.suedwest@rewe-group.com\">expansion.suedwest@rewe-group.com<\/a><\/p>\n<\/li>\n                            <li class=\"entry-content\"><p>Region West: <a href=\"mailto:expansion.west@rewe-group.com\">expansion.west@rewe-group.com<\/a><\/p>\n<\/li>\n                            <li class=\"entry-content\"><p>Region Mitte: <a href=\"mailto:expansion.mitte@rewe-group.com\">expansion.mitte@rewe-group.com<\/a><\/p>\n<\/li>\n                            <li class=\"entry-content\"><p>Region Dortmund: <a href=\"mailto:standortplanung@rewe-dortmund.de\">standortplanung@rewe-dortmund.de<\/a><\/p>\n<\/li>\n                    <\/ul>\n    <\/div>\n<\/div><\/div>\n<\/div>\n\n\n\n<div class=\"wp-block-myblocks-section block-section section-bg-white section-padding-top section-padding-bottom\">\n<div class=\"wp-block-myblocks-row-full-2columns row-full-2columns my-row-block row-full\">\n<div class=\"wp-block-myblocks-row-full-2columns-cell row-cell row-full-2columns-cell my-cell-block\"><div class=\"myblock-wrapper block-my-video-player block-ingrid\" data-module-name=\"Video Player\">        <div class=\"margin-row-inner\">\n        <div class=\"reweg-video\" data-id=\"sH6Lm9ad\" data-caption-de=\"https:\/\/www.rewe-group.com\/content\/uploads\/2021\/02\/Expansion_komprimiert_bearbeitet_2.vtt?t=2026050302\" data-alt=\"Das Video pr\u00e4sentiert eine Auswahl an REWE Superm\u00e4rkten in Deutschland, die sich durch ihre Vielfalt und ma\u00dfgeschneiderte Konzepte auszeichnen. Es wird dargestellt, wie REWE auf die spezifischen Gegebenheiten und Bed\u00fcrfnisse der verschiedenen Standorte eingeht. Hervorgehoben werden lokale Besonderheiten, Frische, Qualit\u00e4t und nachhaltige Bauweisen. Die M\u00e4rkte variieren von kleinen lokalen Gesch\u00e4ften bis zu gro\u00dfen Centern und bieten neben einem breiten Sortiment auch besondere gastronomische Angebote.\">\n            <div class=\"reweg-video__meta\">\n                <p class=\"reweg-video__type\">Video<\/p>\n                <p class=\"reweg-video__dur\">06:42<\/p>\n            <\/div>\n            <div class=\"reweg-video__poster\">\n                <div class=\"reweg-video__poster-focal-point-container\">\n                    <div class=\"focused-image-container\">\n    <img decoding=\"async\"\n        class=\"focused-image\"\n        data-focus-x=\"0.00\"\n        data-focus-y=\"0.00\"\n        src=\"https:\/\/www.rewe-group.com\/content\/uploads\/2021\/01\/expansion_film_kachel.jpg?t=2026050302\"\n        alt=\"REWE Center\"\n                        loading=\"lazy\"\n         data-copyright=\"REWE Center \u00a9 REWE Group\"    >\n<\/div>\n                <\/div>\n                <button type=\"button\" class=\"btn-icon icon-play btn-blur reweg-video__play\" aria-label=\"Video Expansion bei REWE abspielen\"><\/button>\n                <div class=\"video-cookie-notice\">\n    <div class=\"video-cookie-notice__inner\">\n        <p>\n            Um dieses Video zu sehen, stimmen Sie bitte den Statistik Cookies unter den Privatsph\u00e4re-Einstellungen zu.        <\/p>\n        <p>\n            <a href=\"#cookie-settings\" class=\"btn-text small\" title=\"Einstellungen anpassen\">\n                <span>Einstellungen anpassen<\/span>\n            <\/a>\n        <\/p>\n    <\/div>\n<\/div>\n            <\/div>\n            <div class=\"reweg-video__text\">\n                <h2 class=\"reweg-video__title\">Expansion bei REWE<\/h2>                <div class=\"reweg-video__copy entry-content\">\n                    <p>Die REWE Group hat nicht nur f\u00fcr jeden Standort das richtige Konzept, sondern auch die richtige bauliche L\u00f6sung.<\/p>\n                <\/div>\n            <\/div>\n        <\/div>\n    <\/div>\n<\/div><\/div>\n\n\n\n<div class=\"wp-block-myblocks-row-full-2columns-cell row-cell row-full-2columns-cell my-cell-block\"><div class=\"myblock-wrapper block-my-multi-link-slider\" data-module-name=\"Multi-Link Slider\"><div class=\"text-tasers-wrapper\">\n    <div class=\"text-teaser bg-image dark-bg-section text-color-white link-hover-color-yellow\" data-module-name=\".multi-link-slider\">\n                                <div class=\"text-teaser__background-wrapper\">\n                <div class=\"focused-image-container\">\n                    <img decoding=\"async\"\n                        class=\"focused-image\"\n                        data-focus-x=\"0.00\"\n                        data-focus-y=\"0.00\"\n                        src=\"https:\/\/www.rewe-group.com\/content\/uploads\/2022\/03\/illustration-dokument-01.png?t=2026050302\"\n                        alt=\"Ein Symbol von einem Dokument auf rotem Hintergrund. Es handelt sich um eine Illustration\"\n                        srcset=\"https:\/\/www.rewe-group.com\/content\/uploads\/2022\/03\/illustration-dokument-01.png?t=2026050302 840w\"\n                        loading=\"lazy\"\n                    >\n                <\/div>\n            <\/div>\n                <div class=\"text-teaser__inner reweg-teaser-main\">\n                            <h2 class=\"text-teaser__title smaller\">Weitere Informationen<\/h2>\n            \n            \n                            <div class=\"multi-link-slider\">\n                    <div class=\"multi-link-slider__links\">\n                                                                                    <div class=\"multi-link-slider__item\">\n                                    <a\n    class=\"arrow-link type-internal\"\n    href=\"https:\/\/www.rewe-group.com\/content\/uploads\/2021\/04\/studie-qualifizierte-nahversorgung-im-lebensmittelhandel.pdf\"\n        target=\"_blank\" rel=\"noopener noreferrer\">\n    Download Studie &#8222;Qualifizierte Nahversorgung&#8220;<\/a>\n                                <\/div>\n                                                                                                                <div class=\"multi-link-slider__item\">\n                                    <a\n    class=\"arrow-link type-internal\"\n    href=\"https:\/\/www.rewe-group.com\/content\/uploads\/2021\/04\/kurzfassung-qualifizierte-nahversorgung-im-lebensmittelhandel.pdf\"\n        target=\"_blank\" rel=\"noopener noreferrer\">\n    Download Kurzfassung &#8222;Qualifizierte Nahversorgung&#8220;<\/a>\n                                <\/div>\n                                                                                                                <div class=\"multi-link-slider__item\">\n                                    <a\n    class=\"arrow-link type-internal\"\n    href=\"https:\/\/www.rewe-group.com\/content\/uploads\/2024\/10\/rewe-group-photovoltaik-broschuere.pdf?t=2024100408\"\n        target=\"_blank\" rel=\"noopener noreferrer\">\n    Download  &#8222;Photovoltaikbrosch\u00fcre der REWE Group&#8220;<\/a>\n                                <\/div>\n                                                                        <\/div>\n                    <div class=\"multi-link-slider__slider\"><\/div>\n                <\/div>\n                    <\/div>\n    <\/div>\n<\/div>\n<\/div><\/div>\n<\/div>\n\n\n\n<div class=\"wp-block-myblocks-row-full-single row-full-single my-row-block row-full\"><div class=\"myblock-wrapper block-my-teaser-pdf\" data-module-name=\"Teaser PDF\"><div class=\"myblock-wrapper\">\n    <a\n        class=\"twitter-icon-teaser\"\n        href=\"https:\/\/www.rewe-group.com\/content\/uploads\/2026\/01\/Expansionsbroschuere-2026.pdf?t=2026050302\"\n        target=\"_blank\" rel=\"noopener noreferrer\"        data-tracking=\"{&quot;event&quot;:&quot;file_download&quot;,&quot;file_extension&quot;:&quot;application\\\/pdf&quot;,&quot;file_name&quot;:&quot;Expansionsbroschuere-2026.pdf&quot;,&quot;link_classes&quot;:&quot;arrow-link&quot;,&quot;link_domain&quot;:&quot;&quot;,&quot;link_id&quot;:47159,&quot;link_text&quot;:&quot;Herunterladen&quot;,&quot;link_url&quot;:&quot;https:\\\/\\\/www.rewe-group.com\\\/content\\\/uploads\\\/2026\\\/01\\\/Expansionsbroschuere-2026.pdf?t=2026050302&quot;}\"\n    >\n        <div class=\"contents\">\n            <h2>Expansions&shy;brosch\u00fcre<\/h2>\n            <div class=\"entry-content\"><\/div>\n            <div class=\"link\">\n                <span class=\"arrow-link\">Herunterladen<\/span>\n            <\/div>\n        <\/div>\n        <div class=\"icon pdf\">\n            <div class=\"illustration\"><\/div>\n        <\/div>\n    <\/a>\n<\/div>\n<\/div><\/div>\n\n\n\n<div class=\"wp-block-myblocks-row-full-2columns row-full-2columns my-row-block row-full\">\n<div class=\"wp-block-myblocks-row-full-2columns-cell row-cell row-full-2columns-cell my-cell-block\"><div class=\"myblock-wrapper block-my-page-teaser block-ingrid\" data-module-name=\"Teaser Page\">\n<div class=\"page-teaser__wrapper\">\n    <a\n        class=\"page-teaser medium red has-post with-excerpt\"\n        href=\"https:\/\/www.rewe-group.com\/de\/unternehmen\/expansion-und-immobilien\/\"\n        style=\"\"\n        data-tracking=\"{&quot;event&quot;:&quot;click_teaser&quot;,&quot;link_url&quot;:&quot;https:\\\/\\\/www.rewe-group.com\\\/de\\\/unternehmen\\\/expansion-und-immobilien\\\/&quot;,&quot;element_name&quot;:&quot;Expansion und Immobilien&quot;,&quot;modul_name&quot;:&quot;.teaser-page&quot;}\"        target=\"_self\"    >\n                <div class=\"page-teaser__overlay red\"><\/div>\n                <h2 class=\"page-teaser__title\">Expansion und Immobilien<\/h2>        <div class=\"bottom\">\n                            <div class=\"content\">Wir entwickeln unser Marktnetz st\u00e4ndig weiter. F\u00fcr unsere Expansion suchen wir Grundst\u00fccke, Immobilien, Ladenlokale und Verkaufsfl\u00e4chen. Zur Miete, zum Kauf oder z&#8230;<\/div>\n                        <div class=\"link\">\n                <span class=\"arrow-link\">Zu Expansion und Immobilien<\/span>\n            <\/div>\n        <\/div>\n    <\/a>\n<\/div>\n<\/div><\/div>\n\n\n\n<div class=\"wp-block-myblocks-row-full-2columns-cell row-cell row-full-2columns-cell my-cell-block\"><div class=\"myblock-wrapper block-my-page-teaser block-ingrid\" data-module-name=\"Teaser Page\">\n<div class=\"page-teaser__wrapper\">\n    <a\n        class=\"page-teaser medium red has-post\"\n        href=\"https:\/\/www.rewe-group.com\/de\/unternehmen\/expansion-und-immobilien\/wir-suchen-interessante-standorte-und-immobilien\/immobiliengesuche\/\"\n        style=\"\"\n        data-tracking=\"{&quot;event&quot;:&quot;click_teaser&quot;,&quot;link_url&quot;:&quot;https:\\\/\\\/www.rewe-group.com\\\/de\\\/unternehmen\\\/expansion-und-immobilien\\\/wir-suchen-interessante-standorte-und-immobilien\\\/immobiliengesuche\\\/&quot;,&quot;element_name&quot;:&quot;Was wir suchen: &lt;br&gt;interessante Standorte&quot;,&quot;modul_name&quot;:&quot;.teaser-page&quot;}\"        target=\"_self\"    >\n                <div class=\"page-teaser__overlay red\"><\/div>\n                <h2 class=\"page-teaser__title\">Was wir suchen: <br>interessante Standorte<\/h2>        <div class=\"bottom\">\n                        <div class=\"link\">\n                <span class=\"arrow-link\">Zu unseren Immobiliengesuchen<\/span>\n            <\/div>\n        <\/div>\n    <\/a>\n<\/div>\n<\/div><\/div>\n<\/div>\n<\/div>\n<\/div>\n","protected":false},"excerpt":{"rendered":"<p>Sie haben Interesse an einem unserer Objekte oder wollen uns eine Immobilie anbieten? Dann finden Sie hier mit wenigen Klicks den richtigen Kontakt f\u00fcr Ihr Anliegen rund um unsere Expansion. Wir freuen uns auf Ihre Nachricht!<\/p>\n","protected":false},"author":12,"featured_media":0,"parent":3936,"menu_order":44,"comment_status":"closed","ping_status":"closed","template":"","meta":{"_acf_changed":false,"_relevanssi_hide_post":"","_relevanssi_hide_content":"","_relevanssi_pin_for_all":"","_relevanssi_pin_keywords":"","_relevanssi_unpin_keywords":"","_relevanssi_related_keywords":"","_relevanssi_related_include_ids":"","_relevanssi_related_exclude_ids":"","_relevanssi_related_no_append":"","_relevanssi_related_not_related":"","_relevanssi_related_posts":"","_relevanssi_noindex_reason":"","footnotes":""},"categories":[8],"tags":[58],"class_list":["post-6236","page","type-page","status-publish","hentry","category-unternehmen","tag-expansion"],"acf":[],"yoast_head":"<!-- This site is optimized with the Yoast SEO Premium plugin v27.5 (Yoast SEO v27.5) - https:\/\/yoast.com\/product\/yoast-seo-premium-wordpress\/ -->\n<title>Expansionskontakte - REWE Group<\/title>\n<meta name=\"description\" content=\"Sie haben Fragen rund um die Expansion bei der REWE Group? Finden Sie hier den richtigen Kontakt f\u00fcr Ihr Anliegen f\u00fcr REWE, PENNY und nahkauf.\" \/>\n<meta name=\"robots\" content=\"index, follow, max-snippet:-1, max-image-preview:large, max-video-preview:-1\" \/>\n<link rel=\"canonical\" href=\"https:\/\/www.rewe-group.com\/de\/unternehmen\/expansion-und-immobilien\/wir-suchen-interessante-standorte-und-immobilien\/expansion-kontakt\/\" \/>\n<meta property=\"og:locale\" content=\"de_DE\" \/>\n<meta property=\"og:type\" content=\"article\" \/>\n<meta property=\"og:title\" content=\"Expansionskontakte\" \/>\n<meta property=\"og:description\" content=\"Sie haben Fragen rund um die Expansion bei der REWE Group? Finden Sie hier den richtigen Kontakt f\u00fcr Ihr Anliegen f\u00fcr REWE, PENNY und nahkauf.\" \/>\n<meta property=\"og:url\" content=\"https:\/\/www.rewe-group.com\/de\/unternehmen\/expansion-und-immobilien\/wir-suchen-interessante-standorte-und-immobilien\/expansion-kontakt\/\" \/>\n<meta property=\"og:site_name\" content=\"REWE Group\" \/>\n<meta property=\"article:modified_time\" content=\"2026-01-21T12:48:45+00:00\" \/>\n<meta property=\"og:image\" content=\"https:\/\/www.rewe-group.com\/content\/uploads\/2021\/04\/rewe-group-og-image.jpg?t=2026050302\" \/>\n\t<meta property=\"og:image:width\" content=\"1200\" \/>\n\t<meta property=\"og:image:height\" content=\"630\" \/>\n\t<meta property=\"og:image:type\" content=\"image\/jpeg\" \/>\n<meta name=\"twitter:card\" content=\"summary_large_image\" \/>\n<meta name=\"twitter:label1\" content=\"Gesch\u00e4tzte Lesezeit\" \/>\n\t<meta name=\"twitter:data1\" content=\"1\u00a0Minute\" \/>\n<script type=\"application\/ld+json\" class=\"yoast-schema-graph\">{\"@context\":\"https:\\\/\\\/schema.org\",\"@graph\":[{\"@type\":\"WebPage\",\"@id\":\"https:\\\/\\\/www.rewe-group.com\\\/de\\\/unternehmen\\\/expansion-und-immobilien\\\/wir-suchen-interessante-standorte-und-immobilien\\\/expansion-kontakt\\\/\",\"url\":\"https:\\\/\\\/www.rewe-group.com\\\/de\\\/unternehmen\\\/expansion-und-immobilien\\\/wir-suchen-interessante-standorte-und-immobilien\\\/expansion-kontakt\\\/\",\"name\":\"Expansionskontakte - REWE Group\",\"isPartOf\":{\"@id\":\"https:\\\/\\\/www.rewe-group.com\\\/de\\\/#website\"},\"datePublished\":\"2020-12-22T16:07:40+00:00\",\"dateModified\":\"2026-01-21T12:48:45+00:00\",\"description\":\"Sie haben Fragen rund um die Expansion bei der REWE Group? Finden Sie hier den richtigen Kontakt f\u00fcr Ihr Anliegen f\u00fcr REWE, PENNY und nahkauf.\",\"breadcrumb\":{\"@id\":\"https:\\\/\\\/www.rewe-group.com\\\/de\\\/unternehmen\\\/expansion-und-immobilien\\\/wir-suchen-interessante-standorte-und-immobilien\\\/expansion-kontakt\\\/#breadcrumb\"},\"inLanguage\":\"de\",\"potentialAction\":[{\"@type\":\"ReadAction\",\"target\":[\"https:\\\/\\\/www.rewe-group.com\\\/de\\\/unternehmen\\\/expansion-und-immobilien\\\/wir-suchen-interessante-standorte-und-immobilien\\\/expansion-kontakt\\\/\"]}]},{\"@type\":\"BreadcrumbList\",\"@id\":\"https:\\\/\\\/www.rewe-group.com\\\/de\\\/unternehmen\\\/expansion-und-immobilien\\\/wir-suchen-interessante-standorte-und-immobilien\\\/expansion-kontakt\\\/#breadcrumb\",\"itemListElement\":[{\"@type\":\"ListItem\",\"position\":1,\"name\":\"\u00dcber das Unternehmen\",\"item\":\"https:\\\/\\\/www.rewe-group.com\\\/de\\\/unternehmen\\\/\"},{\"@type\":\"ListItem\",\"position\":2,\"name\":\"Expansion und Immobilien\",\"item\":\"https:\\\/\\\/www.rewe-group.com\\\/de\\\/unternehmen\\\/expansion-und-immobilien\\\/\"},{\"@type\":\"ListItem\",\"position\":3,\"name\":\"Wir suchen: interessante Standorte und Immobilien\",\"item\":\"https:\\\/\\\/www.rewe-group.com\\\/de\\\/unternehmen\\\/expansion-und-immobilien\\\/wir-suchen-interessante-standorte-und-immobilien\\\/\"},{\"@type\":\"ListItem\",\"position\":4,\"name\":\"Expansionskontakte\"}]},{\"@type\":\"WebSite\",\"@id\":\"https:\\\/\\\/www.rewe-group.com\\\/de\\\/#website\",\"url\":\"https:\\\/\\\/www.rewe-group.com\\\/de\\\/\",\"name\":\"REWE Group\",\"description\":\"Die Website der REWE Group\",\"potentialAction\":[{\"@type\":\"SearchAction\",\"target\":{\"@type\":\"EntryPoint\",\"urlTemplate\":\"https:\\\/\\\/www.rewe-group.com\\\/de\\\/?s={search_term_string}\"},\"query-input\":{\"@type\":\"PropertyValueSpecification\",\"valueRequired\":true,\"valueName\":\"search_term_string\"}}],\"inLanguage\":\"de\"}]}<\/script>\n<!-- \/ Yoast SEO Premium plugin. -->","yoast_head_json":{"title":"Expansionskontakte - REWE Group","description":"Sie haben Fragen rund um die Expansion bei der REWE Group? Finden Sie hier den richtigen Kontakt f\u00fcr Ihr Anliegen f\u00fcr REWE, PENNY und nahkauf.","robots":{"index":"index","follow":"follow","max-snippet":"max-snippet:-1","max-image-preview":"max-image-preview:large","max-video-preview":"max-video-preview:-1"},"canonical":"https:\/\/www.rewe-group.com\/de\/unternehmen\/expansion-und-immobilien\/wir-suchen-interessante-standorte-und-immobilien\/expansion-kontakt\/","og_locale":"de_DE","og_type":"article","og_title":"Expansionskontakte","og_description":"Sie haben Fragen rund um die Expansion bei der REWE Group? Finden Sie hier den richtigen Kontakt f\u00fcr Ihr Anliegen f\u00fcr REWE, PENNY und nahkauf.","og_url":"https:\/\/www.rewe-group.com\/de\/unternehmen\/expansion-und-immobilien\/wir-suchen-interessante-standorte-und-immobilien\/expansion-kontakt\/","og_site_name":"REWE Group","article_modified_time":"2026-01-21T12:48:45+00:00","og_image":[{"width":1200,"height":630,"url":"https:\/\/www.rewe-group.com\/content\/uploads\/2021\/04\/rewe-group-og-image.jpg?t=2026050302","type":"image\/jpeg"}],"twitter_card":"summary_large_image","twitter_misc":{"Gesch\u00e4tzte Lesezeit":"1\u00a0Minute"},"schema":{"@context":"https:\/\/schema.org","@graph":[{"@type":"WebPage","@id":"https:\/\/www.rewe-group.com\/de\/unternehmen\/expansion-und-immobilien\/wir-suchen-interessante-standorte-und-immobilien\/expansion-kontakt\/","url":"https:\/\/www.rewe-group.com\/de\/unternehmen\/expansion-und-immobilien\/wir-suchen-interessante-standorte-und-immobilien\/expansion-kontakt\/","name":"Expansionskontakte - REWE Group","isPartOf":{"@id":"https:\/\/www.rewe-group.com\/de\/#website"},"datePublished":"2020-12-22T16:07:40+00:00","dateModified":"2026-01-21T12:48:45+00:00","description":"Sie haben Fragen rund um die Expansion bei der REWE Group? Finden Sie hier den richtigen Kontakt f\u00fcr Ihr Anliegen f\u00fcr REWE, PENNY und nahkauf.","breadcrumb":{"@id":"https:\/\/www.rewe-group.com\/de\/unternehmen\/expansion-und-immobilien\/wir-suchen-interessante-standorte-und-immobilien\/expansion-kontakt\/#breadcrumb"},"inLanguage":"de","potentialAction":[{"@type":"ReadAction","target":["https:\/\/www.rewe-group.com\/de\/unternehmen\/expansion-und-immobilien\/wir-suchen-interessante-standorte-und-immobilien\/expansion-kontakt\/"]}]},{"@type":"BreadcrumbList","@id":"https:\/\/www.rewe-group.com\/de\/unternehmen\/expansion-und-immobilien\/wir-suchen-interessante-standorte-und-immobilien\/expansion-kontakt\/#breadcrumb","itemListElement":[{"@type":"ListItem","position":1,"name":"\u00dcber das Unternehmen","item":"https:\/\/www.rewe-group.com\/de\/unternehmen\/"},{"@type":"ListItem","position":2,"name":"Expansion und Immobilien","item":"https:\/\/www.rewe-group.com\/de\/unternehmen\/expansion-und-immobilien\/"},{"@type":"ListItem","position":3,"name":"Wir suchen: interessante Standorte und Immobilien","item":"https:\/\/www.rewe-group.com\/de\/unternehmen\/expansion-und-immobilien\/wir-suchen-interessante-standorte-und-immobilien\/"},{"@type":"ListItem","position":4,"name":"Expansionskontakte"}]},{"@type":"WebSite","@id":"https:\/\/www.rewe-group.com\/de\/#website","url":"https:\/\/www.rewe-group.com\/de\/","name":"REWE Group","description":"Die Website der REWE Group","potentialAction":[{"@type":"SearchAction","target":{"@type":"EntryPoint","urlTemplate":"https:\/\/www.rewe-group.com\/de\/?s={search_term_string}"},"query-input":{"@type":"PropertyValueSpecification","valueRequired":true,"valueName":"search_term_string"}}],"inLanguage":"de"}]}},"_links":{"self":[{"href":"https:\/\/www.rewe-group.com\/de\/wp-json\/wp\/v2\/pages\/6236","targetHints":{"allow":["GET"]}}],"collection":[{"href":"https:\/\/www.rewe-group.com\/de\/wp-json\/wp\/v2\/pages"}],"about":[{"href":"https:\/\/www.rewe-group.com\/de\/wp-json\/wp\/v2\/types\/page"}],"author":[{"embeddable":true,"href":"https:\/\/www.rewe-group.com\/de\/wp-json\/wp\/v2\/users\/12"}],"replies":[{"embeddable":true,"href":"https:\/\/www.rewe-group.com\/de\/wp-json\/wp\/v2\/comments?post=6236"}],"version-history":[{"count":111,"href":"https:\/\/www.rewe-group.com\/de\/wp-json\/wp\/v2\/pages\/6236\/revisions"}],"predecessor-version":[{"id":47161,"href":"https:\/\/www.rewe-group.com\/de\/wp-json\/wp\/v2\/pages\/6236\/revisions\/47161"}],"up":[{"embeddable":true,"href":"https:\/\/www.rewe-group.com\/de\/wp-json\/wp\/v2\/pages\/3936"}],"wp:attachment":[{"href":"https:\/\/www.rewe-group.com\/de\/wp-json\/wp\/v2\/media?parent=6236"}],"wp:term":[{"taxonomy":"category","embeddable":true,"href":"https:\/\/www.rewe-group.com\/de\/wp-json\/wp\/v2\/categories?post=6236"},{"taxonomy":"post_tag","embeddable":true,"href":"https:\/\/www.rewe-group.com\/de\/wp-json\/wp\/v2\/tags?post=6236"}],"curies":[{"name":"wp","href":"https:\/\/api.w.org\/{rel}","templated":true}]}}