{"id":33085,"date":"2023-08-23T09:44:01","date_gmt":"2023-08-23T07:44:01","guid":{"rendered":"https:\/\/stage.p887c186.bloonix.cloud\/de\/?page_id=30741"},"modified":"2026-02-09T11:34:36","modified_gmt":"2026-02-09T10:34:36","slug":"rewe-group-auf-einen-blick","status":"publish","type":"page","link":"https:\/\/www.rewe-group.com\/de\/rewe-group-auf-einen-blick\/","title":{"rendered":"REWE Group auf einen Blick"},"content":{"rendered":"\n<div class=\"wp-block-myblocks-template-root template-root\">\n<div class=\"wp-block-myblocks-section block-section section-bg-gray section-padding-top section-padding-bottom\">\n<div class=\"wp-block-myblocks-row-full-single row-full-single my-row-block row-full\"><div class=\"myblock-wrapper block-my-text-block block-ingrid\" data-module-name=\"Headline Copy Link\" id=\"ueber-uns\" data-onpage-anchor=\"\u00dcber uns\">    <div class=\"textblock margin-row-inner\">\n        <div class=\"entry-content\">\n            \n            <p>Wir sind ein Teil Ihrer Welt: Tag f\u00fcr Tag. Als Handels- und Touristikunternehmen sind wir ein st\u00e4ndiger Begleiter, sei es beim Einkauf von Lebensmitteln, Heimwerker:innen- und Gartenbedarf, bei der Versorgung unterwegs oder Ihrem n\u00e4chsten Urlaub. Die W\u00fcnsche und Bed\u00fcrfnisse unserer Kund:innen zu erkennen und zu verstehen, ist eine Grundlage f\u00fcr die Arbeit unserer Unternehmensgruppe in allen Gesch\u00e4ftsfeldern.<\/p>\n        <\/div>\n\n            <\/div>\n<\/div><\/div>\n\n\n\n<div class=\"wp-block-myblocks-row-full-2columns row-full-2columns my-row-block row-full\">\n<div class=\"wp-block-myblocks-row-full-2columns-cell row-cell row-full-2columns-cell my-cell-block\"><div class=\"myblock-wrapper block-my-score-card block-ingrid\" data-module-name=\"Score Card\">    <div class=\"score-card-slider\">\n  <div class=\"score-card-slider__slider\">\n    <div class=\"rewe-scorecard number black dark mid-value\" data-unit=\" M\u00e4rkte und Reiseb\u00fcros\" data-format=\"\" data-value=\"12409 \" data-use-thousands-separator=\"1\">\n    <div class=\"card-contents-wrapper\">\n        <div class=\"card-header\">\n            <h2 class=\"title\">Gemeinsam erfolgreich.<\/h2>                            <p class=\"sub-title\">Zu uns geh\u00f6ren 12.409 M\u00e4rkte und Reiseb\u00fcros, aber auch die Zentralen und die Logistik. <\/p>\n                    <\/div>\n        <div class=\"card-number\">\n            <div class=\"number-wrapper\">\n                <span class=\"value\"><\/span>\n                <span class=\"unit\"><\/span>\n            <\/div>\n        <\/div>\n    <\/div>\n<\/div>  <\/div>\n<\/div>\n<\/div>\n\n<div class=\"myblock-wrapper block-my-page-teaser block-ingrid\" data-module-name=\"Teaser Page\">\n<div class=\"page-teaser__wrapper\">\n    <a\n        class=\"page-teaser large bg-image has-post with-excerpt\"\n        href=\"https:\/\/www.rewe-group.com\/de\/unternehmen\/vorstand-und-aufsichtsrat\/\"\n        style=\"\"\n        data-tracking=\"{&quot;event&quot;:&quot;click_teaser&quot;,&quot;link_url&quot;:&quot;https:\\\/\\\/www.rewe-group.com\\\/de\\\/unternehmen\\\/vorstand-und-aufsichtsrat\\\/&quot;,&quot;element_name&quot;:&quot;Vorstand und Aufsichtsrat&quot;,&quot;modul_name&quot;:&quot;.teaser-page&quot;}\"        target=\"_self\"    >\n                                <div class=\"page-teaser__background-wrapper\">\n                <div class=\"focused-image-container\">\n                    <img decoding=\"async\"\n                        class=\"focused-image\"\n                        data-focus-x=\"0.00\"\n                        data-focus-y=\"0.51\"\n                        src=\"https:\/\/www.rewe-group.com\/content\/uploads\/2022\/12\/REWE_Group_Vorstand-1024x683.jpg\"\n                        alt=\"Von links Telerik Schischmanow, Hans-J\u00fcrgen Moog, Lionel Souque, Christoph Eltze, Peter Maly und Daniela B\u00fcchel\"\n                        loading=\"lazy\"\n                         data-copyright=\"Von links Telerik Schischmanow, Hans-J\u00fcrgen Moog, Lionel Souque, Christoph Eltze, Peter Maly und Daniela B\u00fcchel \u00a9 REWE Group (Michael Pr\u00f6ck)\"                    >\n                <\/div>\n            <\/div>\n                <div class=\"page-teaser__overlay bg-image\"><\/div>\n                    <p class=\"page-teaser__category typo-bold\">Unternehmen<\/p>\n                <h2 class=\"page-teaser__title\">Vorstand und Aufsichtsrat<\/h2>        <div class=\"bottom\">\n                            <div class=\"content\">Sechs erfahrene Top Manager:innen bilden mit dem Vorstand das oberste Entscheidungsgremium der REWE Group. Kontrolliert wird dieses Gremium vom Aufsichtsrat. Das vertr&#8230;<\/div>\n                        <div class=\"link\">\n                <span class=\"arrow-link\">Zum Vorstand und Aufsichtsrat<\/span>\n            <\/div>\n        <\/div>\n    <\/a>\n<\/div>\n<\/div><\/div>\n\n\n\n<div class=\"wp-block-myblocks-row-full-2columns-cell row-cell row-full-2columns-cell my-cell-block\"><div class=\"myblock-wrapper block-my-score-card block-ingrid\" data-module-name=\"Score Card\">    <div class=\"score-card-slider\">\n  <div class=\"score-card-slider__slider\">\n    <div class=\"rewe-scorecard number black dark mid-value\" data-unit=\"Mitarbeitende\" data-format=\"\" data-value=\"380000\" data-use-thousands-separator=\"1\">\n    <div class=\"card-contents-wrapper\">\n        <div class=\"card-header\">\n            <h2 class=\"title\">Wir tragen Verantwortung.<\/h2>                            <p class=\"sub-title\">Rund 380.000 Besch\u00e4ftigte tragen zu unserem Erfolg in M\u00e4rkten und Reiseb\u00fcros, aber auch in den Zentralen und der Logistik, bei.<\/p>\n                    <\/div>\n        <div class=\"card-number\">\n            <div class=\"number-wrapper\">\n                <span class=\"value\"><\/span>\n                <span class=\"unit\"><\/span>\n            <\/div>\n        <\/div>\n    <\/div>\n<\/div>  <\/div>\n<\/div>\n<\/div>\n\n<div class=\"myblock-wrapper block-my-score-card block-ingrid\" data-module-name=\"Score Card\">    <div class=\"score-card-slider\">\n  <div class=\"score-card-slider__slider\">\n    <div class=\"rewe-scorecard bars black dark\" data-series='[{\"x\":\"2022\",\"y\":\"84.76\",\"suffix\":\"Md Euro\",\"color\":\"#FFDD00\"},{\"x\":\"2023\",\"y\":\"92.3\",\"suffix\":\"Md Euro\",\"color\":\"#FFFFFF\"},{\"x\":\"2024\",\"y\":\"96.1\",\"suffix\":\"Md Euro\",\"color\":\"#97877D\"}]'>\n    <div class=\"card-contents-wrapper\">\n        <div class=\"card-header\">\n            <h2 class=\"title\">Gesamtau\u00dfenumsatz REWE Group<\/h2>                            <p class=\"sub-title\">Der Gesamtau\u00dfenumsatz aus fortzuf\u00fchrendem Gesch\u00e4ft stieg 2024 um 4,6 % Prozent von 92,3 Milliarden Euro auf 96,1 Milliarden Euro.<\/p>\n                    <\/div>\n        <div class=\"card-chart-area\">\n            <div class=\"chart-wrapper\">\n                <canvas class=\"bar-chart\" width=\"264\" height=\"305\">\n                    <table>\n                        <caption>Gesamtau\u00dfenumsatz REWE Group<\/caption>\n                                                    <tr>\n                                <th scope=\"row\">2022<\/th>\n                                <td>84.76 Md Euro<\/td>\n                            <\/tr>\n                                                    <tr>\n                                <th scope=\"row\">2023<\/th>\n                                <td>92.3 Md Euro<\/td>\n                            <\/tr>\n                                                    <tr>\n                                <th scope=\"row\">2024<\/th>\n                                <td>96.1 Md Euro<\/td>\n                            <\/tr>\n                                            <\/table>\n                <\/canvas>\n            <\/div>\n        <\/div>\n        <div class=\"chart-legend-wrapper\"><\/div>\n    <\/div>\n<\/div>\n  <\/div>\n<\/div>\n<\/div><\/div>\n<\/div>\n<\/div>\n\n\n\n<div class=\"wp-block-myblocks-section block-section section-bg-white section-padding-top section-padding-bottom\">\n<div class=\"wp-block-myblocks-row-full-single row-full-single my-row-block row-full\"><div class=\"myblock-wrapper block-my-text-block block-ingrid\" data-module-name=\"Headline Copy Link\" id=\"vertriebslinien\" data-onpage-anchor=\"Vertriebslinien\">    <div class=\"textblock margin-row-inner\">\n        <div class=\"entry-content\">\n            <h2 class=\"smaller\">Vertriebslinien<\/h2>\n                    <\/div>\n\n            <\/div>\n<\/div><\/div>\n\n\n\n<div class=\"wp-block-myblocks-row-full-single row-full-single my-row-block row-full\"><div class=\"myblock-wrapper block-my-brands\" data-module-name=\"Vertriebsmarken\">        <div class=\"posts-tab margin-row-inner\">\n        <div class=\"posts-tab__filter\">\n            <div class=\"filter-bar\">\n                <ul class=\"filter-bar__list\">\n                    <li class=\"filter-bar__item\">\n                        <button type=\"button\" class=\"filter-bar__btn\" data-filter=\"all\" data-count=\"40\">\n                            Alle                        <\/button>\n                    <\/li>\n\n                                            <li class=\"filter-bar__item\">\n                            <button type=\"button\" class=\"filter-bar__btn\" data-filter=\"handel-deutschland\" data-count=\"9\">\n                                Handel Deutschland                            <\/button>\n                        <\/li>\n                                            <li class=\"filter-bar__item\">\n                            <button type=\"button\" class=\"filter-bar__btn\" data-filter=\"handel-international\" data-count=\"5\">\n                                Handel International                            <\/button>\n                        <\/li>\n                                            <li class=\"filter-bar__item\">\n                            <button type=\"button\" class=\"filter-bar__btn\" data-filter=\"convenience\" data-count=\"4\">\n                                Convenience                            <\/button>\n                        <\/li>\n                                            <li class=\"filter-bar__item\">\n                            <button type=\"button\" class=\"filter-bar__btn\" data-filter=\"baumarkt\" data-count=\"2\">\n                                Baumarkt                            <\/button>\n                        <\/li>\n                                            <li class=\"filter-bar__item\">\n                            <button type=\"button\" class=\"filter-bar__btn\" data-filter=\"touristik\" data-count=\"17\">\n                                Touristik                            <\/button>\n                        <\/li>\n                                            <li class=\"filter-bar__item\">\n                            <button type=\"button\" class=\"filter-bar__btn\" data-filter=\"sonstige\" data-count=\"3\">\n                                Group Functions                            <\/button>\n                        <\/li>\n                                    <\/ul>\n            <\/div>\n        <\/div>\n\n        <div class=\"posts-tab__intros\">\n                            <div class=\"filter-bar__description\" data-term=\"handel-deutschland\">\n                    <div class=\"entry-content\">\n                        <h2 class=\"smaller\">Handel Deutschland<\/h2>\n                                                    <p>Rund 6.000 REWE-, PENNY- und nahkauf-M\u00e4rkte sowie unsere eigenen Produktionsbetriebe Glocken-B\u00e4ckerei und die Qualit\u00e4tsmetzgerei Wilhelm Brandenburg pr\u00e4gen den Handel der REWE Group in Deutschland.<\/p>\n                                            <\/div>\n                <\/div>\n                            <div class=\"filter-bar__description\" data-term=\"handel-international\">\n                    <div class=\"entry-content\">\n                        <h2 class=\"smaller\">Handel International<\/h2>\n                                                    <p>International betreibt die REWE Group rund 3.500 M\u00e4rkte. Darunter Discounter und Superm\u00e4rkte wie PENNY und BILLA sowie die Drogerie-Shops von BIPA.<\/p>\n                                            <\/div>\n                <\/div>\n                            <div class=\"filter-bar__description\" data-term=\"convenience\">\n                    <div class=\"entry-content\">\n                        <h2 class=\"smaller\">Convenience<\/h2>\n                                                    <p>Immer \u00f6fter unterwegs \u2013 dabei soll es schnell gehen und trotzdem lecker sein. Daf\u00fcr sorgen die Vertriebslinien unserer Convenience-Sparte.<\/p>\n                                            <\/div>\n                <\/div>\n                            <div class=\"filter-bar__description\" data-term=\"baumarkt\">\n                    <div class=\"entry-content\">\n                        <h2 class=\"smaller\">Baumarkt<\/h2>\n                                                    <p>Mit mehr als 300 M\u00e4rkten im Portfolio und \u00fcber 15.000 Besch\u00e4ftigten z\u00e4hlt toom Baumarkt zu den f\u00fchrenden Anbietern der deutschen Baumarktbranche.<\/p>\n                                            <\/div>\n                <\/div>\n                            <div class=\"filter-bar__description\" data-term=\"touristik\">\n                    <div class=\"entry-content\">\n                        <h2 class=\"smaller\">Touristik<\/h2>\n                                                    <p>Die DERTOUR Group steht f\u00fcr ein Reise-Expertennetz, das in 16 europ\u00e4ischen L\u00e4ndern aktiv ist.<\/p>\n                                            <\/div>\n                <\/div>\n                            <div class=\"filter-bar__description\" data-term=\"sonstige\">\n                    <div class=\"entry-content\">\n                        <h2 class=\"smaller\">Group Functions<\/h2>\n                                                    <p>Sonstige Marken, die zur REWE Group geh\u00f6ren.<\/p>\n                                            <\/div>\n                <\/div>\n                    <\/div>\n\n        <div class=\"posts-tab__content post-teaser-list\">\n            <div class=\"all-brands\" data-term=\"all\">\n                                                        <div class=\"all-brands__section\">\n                        <div class=\"all-brands__desc\">\n                            <div class=\"all-brands__text entry-content\">\n                                <h2 class=\"smaller\">Handel Deutschland<\/h2>\n                                                                    <p>Rund 6.000 REWE-, PENNY- und nahkauf-M\u00e4rkte sowie unsere eigenen Produktionsbetriebe Glocken-B\u00e4ckerei und die Qualit\u00e4tsmetzgerei Wilhelm Brandenburg pr\u00e4gen den Handel der REWE Group in Deutschland.<\/p>\n                                                            <\/div>\n                            <div class=\"all-brands__link\">\n                                <button class=\"arrow-link posts-tab__switch\" data-switch-term=\"handel-deutschland\">\n                                    Mehr Details                                <\/button>\n                            <\/div>\n                        <\/div>\n                        <ul class=\"all-brands__list\">\n                                                            <li class=\"all-brands__list-item\">\n                                    <a class=\"all-brands__list-link\" href=\"https:\/\/www.rewe-group.com\/de\/unternehmen\/struktur-und-vertriebslinien\/rewe\/\">\n                                                                                    <div class=\"all-brands__thumb\">\n                                                <img decoding=\"async\"\n                                                    class=\"contain-img\"\n                                                    src=\"https:\/\/www.rewe-group.com\/content\/uploads\/2024\/04\/rewe-logo-1024x356.jpg\"\n                                                    alt=\"Logo der REWE Markt GmbH. Wei\u00dfe Schrift vor rotem Hintergrund.\"\n                                                    loading=\"lazy\"\n                                                >\n                                            <\/div>\n                                                                            <\/a>\n                                <\/li>\n                                                            <li class=\"all-brands__list-item\">\n                                    <a class=\"all-brands__list-link\" href=\"https:\/\/www.rewe-group.com\/de\/unternehmen\/struktur-und-vertriebslinien\/penny\/\">\n                                                                                    <div class=\"all-brands__thumb\">\n                                                <img decoding=\"async\"\n                                                    class=\"contain-img\"\n                                                    src=\"https:\/\/www.rewe-group.com\/content\/uploads\/2020\/12\/penny.png\"\n                                                    alt=\"PENNY Logo\"\n                                                    loading=\"lazy\"\n                                                >\n                                            <\/div>\n                                                                            <\/a>\n                                <\/li>\n                                                            <li class=\"all-brands__list-item\">\n                                    <a class=\"all-brands__list-link\" href=\"https:\/\/www.rewe-group.com\/de\/unternehmen\/struktur-und-vertriebslinien\/nahkauf\/\">\n                                                                                    <div class=\"all-brands__thumb\">\n                                                <img decoding=\"async\"\n                                                    class=\"contain-img\"\n                                                    src=\"https:\/\/www.rewe-group.com\/content\/uploads\/2021\/01\/nahkauf.png?t=2026050302\"\n                                                    alt=\"Das nahkauf Logo\"\n                                                    loading=\"lazy\"\n                                                >\n                                            <\/div>\n                                                                            <\/a>\n                                <\/li>\n                                                            <li class=\"all-brands__list-item\">\n                                    <a class=\"all-brands__list-link\" href=\"https:\/\/www.rewe-group.com\/de\/unternehmen\/struktur-und-vertriebslinien\/akzenta\/\">\n                                                                                    <div class=\"all-brands__thumb\">\n                                                <img decoding=\"async\"\n                                                    class=\"contain-img\"\n                                                    src=\"https:\/\/www.rewe-group.com\/content\/uploads\/2020\/11\/akzenta-logo-1024x320.jpg\"\n                                                    alt=\"Das Logo von akzenta mit REWE-Zusatz. Rote Schrift vor wei\u00dfem Hintergrund.\"\n                                                    loading=\"lazy\"\n                                                >\n                                            <\/div>\n                                                                            <\/a>\n                                <\/li>\n                                                            <li class=\"all-brands__list-item\">\n                                    <a class=\"all-brands__list-link\" href=\"https:\/\/www.rewe-group.com\/de\/unternehmen\/struktur-und-vertriebslinien\/glockenbrot-baeckerei\/\">\n                                                                                    <div class=\"all-brands__thumb\">\n                                                <img decoding=\"async\"\n                                                    class=\"contain-img\"\n                                                    src=\"https:\/\/www.rewe-group.com\/content\/uploads\/2020\/12\/logo-glocken-baeckereiB-1024x1024.jpg\"\n                                                    alt=\"Rotes Viereck auf wei\u00dfem Grund der das Logo von Glocken Brot darstellt. Der Schriftzug wei\u00dft auf das Jahr 1904 hin enth\u00e4lt den Satz: Ein Unternehmen der REWE Group.\"\n                                                    loading=\"lazy\"\n                                                >\n                                            <\/div>\n                                                                            <\/a>\n                                <\/li>\n                                                            <li class=\"all-brands__list-item\">\n                                    <a class=\"all-brands__list-link\" href=\"https:\/\/www.rewe-group.com\/de\/unternehmen\/struktur-und-vertriebslinien\/wilhelm-brandenburg\/\">\n                                                                                    <div class=\"all-brands__thumb\">\n                                                <img decoding=\"async\"\n                                                    class=\"contain-img\"\n                                                    src=\"https:\/\/www.rewe-group.com\/content\/uploads\/2020\/12\/wilhelm-brandenburg.png\"\n                                                    alt=\"Wilhelm Brandenburg Logo\"\n                                                    loading=\"lazy\"\n                                                >\n                                            <\/div>\n                                                                            <\/a>\n                                <\/li>\n                                                            <li class=\"all-brands__list-item\">\n                                    <a class=\"all-brands__list-link\" href=\"https:\/\/www.rewe-group.com\/de\/unternehmen\/struktur-und-vertriebslinien\/zooroyal\/\">\n                                                                                    <div class=\"all-brands__thumb\">\n                                                <img decoding=\"async\"\n                                                    class=\"contain-img\"\n                                                    src=\"https:\/\/www.rewe-group.com\/content\/uploads\/2020\/12\/zoo-royal-1024x441.png\"\n                                                    alt=\"Wei\u00dfe Schrift ZooRoyal auf blauem Hintergrund als Logo\"\n                                                    loading=\"lazy\"\n                                                >\n                                            <\/div>\n                                                                            <\/a>\n                                <\/li>\n                                                            <li class=\"all-brands__list-item\">\n                                    <a class=\"all-brands__list-link\" href=\"https:\/\/www.rewe-group.com\/de\/unternehmen\/struktur-und-vertriebslinien\/koelner-weinkeller\/\">\n                                                                                    <div class=\"all-brands__thumb\">\n                                                <img decoding=\"async\"\n                                                    class=\"contain-img\"\n                                                    src=\"https:\/\/www.rewe-group.com\/content\/uploads\/2025\/10\/logo-koelner-weinkeller.jpg?t=2026050302\"\n                                                    alt=\"Logo K\u00f6lner Weinkeller\"\n                                                    loading=\"lazy\"\n                                                >\n                                            <\/div>\n                                                                            <\/a>\n                                <\/li>\n                                                            <li class=\"all-brands__list-item\">\n                                    <a class=\"all-brands__list-link\" href=\"https:\/\/www.rewe-group.com\/de\/unternehmen\/struktur-und-vertriebslinien\/weinfreunde\/\">\n                                                                                    <div class=\"all-brands__thumb\">\n                                                <img decoding=\"async\"\n                                                    class=\"contain-img\"\n                                                    src=\"https:\/\/www.rewe-group.com\/content\/uploads\/2020\/12\/weinfreunde.png\"\n                                                    alt=\"Weinfreunde Logo\"\n                                                    loading=\"lazy\"\n                                                >\n                                            <\/div>\n                                                                            <\/a>\n                                <\/li>\n                                                    <\/ul>\n                    <\/div>\n                                                        <div class=\"all-brands__section\">\n                        <div class=\"all-brands__desc\">\n                            <div class=\"all-brands__text entry-content\">\n                                <h2 class=\"smaller\">Handel International<\/h2>\n                                                                    <p>International betreibt die REWE Group rund 3.500 M\u00e4rkte. Darunter Discounter und Superm\u00e4rkte wie PENNY und BILLA sowie die Drogerie-Shops von BIPA.<\/p>\n                                                            <\/div>\n                            <div class=\"all-brands__link\">\n                                <button class=\"arrow-link posts-tab__switch\" data-switch-term=\"handel-international\">\n                                    Mehr Details                                <\/button>\n                            <\/div>\n                        <\/div>\n                        <ul class=\"all-brands__list\">\n                                                            <li class=\"all-brands__list-item\">\n                                    <a class=\"all-brands__list-link\" href=\"https:\/\/www.rewe-group.com\/de\/unternehmen\/struktur-und-vertriebslinien\/bipa\/\">\n                                                                                    <div class=\"all-brands__thumb\">\n                                                <img decoding=\"async\"\n                                                    class=\"contain-img\"\n                                                    src=\"https:\/\/www.rewe-group.com\/content\/uploads\/2022\/11\/bipa-1024x400.png\"\n                                                    alt=\"Pinkes Viereck mit dem wei\u00dfen BIPA Schriftzug als Logo\"\n                                                    loading=\"lazy\"\n                                                >\n                                            <\/div>\n                                                                            <\/a>\n                                <\/li>\n                                                            <li class=\"all-brands__list-item\">\n                                    <a class=\"all-brands__list-link\" href=\"https:\/\/www.rewe-group.com\/de\/unternehmen\/struktur-und-vertriebslinien\/billa\/\">\n                                                                                    <div class=\"all-brands__thumb\">\n                                                <img decoding=\"async\"\n                                                    class=\"contain-img\"\n                                                    src=\"https:\/\/www.rewe-group.com\/content\/uploads\/2020\/12\/billa.png\"\n                                                    alt=\"BILLA Logo\"\n                                                    loading=\"lazy\"\n                                                >\n                                            <\/div>\n                                                                            <\/a>\n                                <\/li>\n                                                            <li class=\"all-brands__list-item\">\n                                    <a class=\"all-brands__list-link\" href=\"https:\/\/www.rewe-group.com\/de\/unternehmen\/struktur-und-vertriebslinien\/penny-discount-international\/\">\n                                                                                    <div class=\"all-brands__thumb\">\n                                                <img decoding=\"async\"\n                                                    class=\"contain-img\"\n                                                    src=\"https:\/\/www.rewe-group.com\/content\/uploads\/2020\/12\/penny.png\"\n                                                    alt=\"PENNY Logo\"\n                                                    loading=\"lazy\"\n                                                >\n                                            <\/div>\n                                                                            <\/a>\n                                <\/li>\n                                                            <li class=\"all-brands__list-item\">\n                                    <a class=\"all-brands__list-link\" href=\"https:\/\/www.rewe-group.com\/de\/unternehmen\/struktur-und-vertriebslinien\/adeg\/\">\n                                                                                    <div class=\"all-brands__thumb\">\n                                                <img decoding=\"async\"\n                                                    class=\"contain-img\"\n                                                    src=\"https:\/\/www.rewe-group.com\/content\/uploads\/2022\/04\/ADEG-logo.png?t=2026050302\"\n                                                    alt=\"ADEG Logo in Gr\u00fcner Schrift\"\n                                                    loading=\"lazy\"\n                                                >\n                                            <\/div>\n                                                                            <\/a>\n                                <\/li>\n                                                            <li class=\"all-brands__list-item\">\n                                    <a class=\"all-brands__list-link\" href=\"https:\/\/www.rewe-group.com\/de\/unternehmen\/struktur-und-vertriebslinien\/iki\/\">\n                                                                                    <div class=\"all-brands__thumb\">\n                                                <img decoding=\"async\"\n                                                    class=\"contain-img\"\n                                                    src=\"https:\/\/www.rewe-group.com\/content\/uploads\/2024\/07\/IKI_logo_main-1024x967.png\"\n                                                    alt=\"Das Logo von IKI in gr\u00fcner Schrift auf gelbem Hintergrund.\"\n                                                    loading=\"lazy\"\n                                                >\n                                            <\/div>\n                                                                            <\/a>\n                                <\/li>\n                                                    <\/ul>\n                    <\/div>\n                                                        <div class=\"all-brands__section\">\n                        <div class=\"all-brands__desc\">\n                            <div class=\"all-brands__text entry-content\">\n                                <h2 class=\"smaller\">Convenience<\/h2>\n                                                                    <p>Immer \u00f6fter unterwegs \u2013 dabei soll es schnell gehen und trotzdem lecker sein. Daf\u00fcr sorgen die Vertriebslinien unserer Convenience-Sparte.<\/p>\n                                                            <\/div>\n                            <div class=\"all-brands__link\">\n                                <button class=\"arrow-link posts-tab__switch\" data-switch-term=\"convenience\">\n                                    Mehr Details                                <\/button>\n                            <\/div>\n                        <\/div>\n                        <ul class=\"all-brands__list\">\n                                                            <li class=\"all-brands__list-item\">\n                                    <a class=\"all-brands__list-link\" href=\"https:\/\/www.rewe-group.com\/de\/unternehmen\/struktur-und-vertriebslinien\/lekkerland\/\">\n                                                                                    <div class=\"all-brands__thumb\">\n                                                <img decoding=\"async\"\n                                                    class=\"contain-img\"\n                                                    src=\"https:\/\/www.rewe-group.com\/content\/uploads\/2020\/12\/lekkerland.png\"\n                                                    alt=\"Lekkerland Logo\"\n                                                    loading=\"lazy\"\n                                                >\n                                            <\/div>\n                                                                            <\/a>\n                                <\/li>\n                                                            <li class=\"all-brands__list-item\">\n                                    <a class=\"all-brands__list-link\" href=\"https:\/\/www.rewe-group.com\/de\/unternehmen\/struktur-und-vertriebslinien\/conway\/\">\n                                                                                    <div class=\"all-brands__thumb\">\n                                                <img decoding=\"async\"\n                                                    class=\"contain-img\"\n                                                    src=\"https:\/\/www.rewe-group.com\/content\/uploads\/2020\/12\/conway.png\"\n                                                    alt=\"CONWAY Logo\"\n                                                    loading=\"lazy\"\n                                                >\n                                            <\/div>\n                                                                            <\/a>\n                                <\/li>\n                                                            <li class=\"all-brands__list-item\">\n                                    <a class=\"all-brands__list-link\" href=\"https:\/\/www.rewe-group.com\/de\/unternehmen\/struktur-und-vertriebslinien\/rewe-to-go\/\">\n                                                                                    <div class=\"all-brands__thumb\">\n                                                <img decoding=\"async\"\n                                                    class=\"contain-img\"\n                                                    src=\"https:\/\/www.rewe-group.com\/content\/uploads\/2020\/12\/rewe-to-go.png\"\n                                                    alt=\"REWE to go Logo\"\n                                                    loading=\"lazy\"\n                                                >\n                                            <\/div>\n                                                                            <\/a>\n                                <\/li>\n                                                            <li class=\"all-brands__list-item\">\n                                    <a class=\"all-brands__list-link\" href=\"https:\/\/www.rewe-group.com\/de\/unternehmen\/struktur-und-vertriebslinien\/rewe-express\/\">\n                                                                                    <div class=\"all-brands__thumb\">\n                                                <img decoding=\"async\"\n                                                    class=\"contain-img\"\n                                                    src=\"https:\/\/www.rewe-group.com\/content\/uploads\/2023\/03\/reweexpress-logo-1024x367.png\"\n                                                    alt=\"REWE express Logo\"\n                                                    loading=\"lazy\"\n                                                >\n                                            <\/div>\n                                                                            <\/a>\n                                <\/li>\n                                                    <\/ul>\n                    <\/div>\n                                                        <div class=\"all-brands__section\">\n                        <div class=\"all-brands__desc\">\n                            <div class=\"all-brands__text entry-content\">\n                                <h2 class=\"smaller\">Baumarkt<\/h2>\n                                                                    <p>Mit mehr als 300 M\u00e4rkten im Portfolio und \u00fcber 15.000 Besch\u00e4ftigten z\u00e4hlt toom Baumarkt zu den f\u00fchrenden Anbietern der deutschen Baumarktbranche.<\/p>\n                                                            <\/div>\n                            <div class=\"all-brands__link\">\n                                <button class=\"arrow-link posts-tab__switch\" data-switch-term=\"baumarkt\">\n                                    Mehr Details                                <\/button>\n                            <\/div>\n                        <\/div>\n                        <ul class=\"all-brands__list\">\n                                                            <li class=\"all-brands__list-item\">\n                                    <a class=\"all-brands__list-link\" href=\"https:\/\/www.rewe-group.com\/de\/unternehmen\/struktur-und-vertriebslinien\/toom-baumarkt\/\">\n                                                                                    <div class=\"all-brands__thumb\">\n                                                <img decoding=\"async\"\n                                                    class=\"contain-img\"\n                                                    src=\"https:\/\/www.rewe-group.com\/content\/uploads\/2020\/12\/toom.png?t=2026050302\"\n                                                    alt=\"toom Logo\"\n                                                    loading=\"lazy\"\n                                                >\n                                            <\/div>\n                                                                            <\/a>\n                                <\/li>\n                                                            <li class=\"all-brands__list-item\">\n                                    <a class=\"all-brands__list-link\" href=\"https:\/\/www.rewe-group.com\/de\/unternehmen\/struktur-und-vertriebslinien\/b1-discount-baumarkt\/\">\n                                                                                    <div class=\"all-brands__thumb\">\n                                                <img decoding=\"async\"\n                                                    class=\"contain-img\"\n                                                    src=\"https:\/\/www.rewe-group.com\/content\/uploads\/2020\/12\/b1.png\"\n                                                    alt=\"B1 Discount Baumarkt Logo\"\n                                                    loading=\"lazy\"\n                                                >\n                                            <\/div>\n                                                                            <\/a>\n                                <\/li>\n                                                    <\/ul>\n                    <\/div>\n                                                        <div class=\"all-brands__section\">\n                        <div class=\"all-brands__desc\">\n                            <div class=\"all-brands__text entry-content\">\n                                <h2 class=\"smaller\">Touristik<\/h2>\n                                                                    <p>Die DERTOUR Group steht f\u00fcr ein Reise-Expertennetz, das in 16 europ\u00e4ischen L\u00e4ndern aktiv ist.<\/p>\n                                                            <\/div>\n                            <div class=\"all-brands__link\">\n                                <button class=\"arrow-link posts-tab__switch\" data-switch-term=\"touristik\">\n                                    Mehr Details                                <\/button>\n                            <\/div>\n                        <\/div>\n                        <ul class=\"all-brands__list\">\n                                                            <li class=\"all-brands__list-item\">\n                                    <a class=\"all-brands__list-link\" href=\"https:\/\/www.rewe-group.com\/de\/unternehmen\/struktur-und-vertriebslinien\/der-tour-group\/\">\n                                                                                    <div class=\"all-brands__thumb\">\n                                                <img decoding=\"async\"\n                                                    class=\"contain-img\"\n                                                    src=\"https:\/\/www.rewe-group.com\/content\/uploads\/2020\/12\/dertour-group-logo.png?t=2026050302\"\n                                                    alt=\"Logo der DERTOUR Group. Rote und graue Schrift vor neutralem Hintergrund\"\n                                                    loading=\"lazy\"\n                                                >\n                                            <\/div>\n                                                                            <\/a>\n                                <\/li>\n                                                            <li class=\"all-brands__list-item\">\n                                    <a class=\"all-brands__list-link\" href=\"https:\/\/www.rewe-group.com\/de\/unternehmen\/struktur-und-vertriebslinien\/dertour\/\">\n                                                                                    <div class=\"all-brands__thumb\">\n                                                <img decoding=\"async\"\n                                                    class=\"contain-img\"\n                                                    src=\"https:\/\/www.rewe-group.com\/content\/uploads\/2020\/12\/dertour-neu-1024x188.png\"\n                                                    alt=\"DER Tour Logo\"\n                                                    loading=\"lazy\"\n                                                >\n                                            <\/div>\n                                                                            <\/a>\n                                <\/li>\n                                                            <li class=\"all-brands__list-item\">\n                                    <a class=\"all-brands__list-link\" href=\"https:\/\/www.rewe-group.com\/de\/unternehmen\/struktur-und-vertriebslinien\/derpart\/\">\n                                                                                    <div class=\"all-brands__thumb\">\n                                                <img decoding=\"async\"\n                                                    class=\"contain-img\"\n                                                    src=\"https:\/\/www.rewe-group.com\/content\/uploads\/2020\/12\/derpart-neu-1024x283.png\"\n                                                    alt=\"DER Part Logo\"\n                                                    loading=\"lazy\"\n                                                >\n                                            <\/div>\n                                                                            <\/a>\n                                <\/li>\n                                                            <li class=\"all-brands__list-item\">\n                                    <a class=\"all-brands__list-link\" href=\"https:\/\/www.rewe-group.com\/de\/unternehmen\/struktur-und-vertriebslinien\/its\/\">\n                                                                                    <div class=\"all-brands__thumb\">\n                                                <img decoding=\"async\"\n                                                    class=\"contain-img\"\n                                                    src=\"https:\/\/www.rewe-group.com\/content\/uploads\/2020\/12\/its.png\"\n                                                    alt=\"ITS Logo\"\n                                                    loading=\"lazy\"\n                                                >\n                                            <\/div>\n                                                                            <\/a>\n                                <\/li>\n                                                            <li class=\"all-brands__list-item\">\n                                    <a class=\"all-brands__list-link\" href=\"https:\/\/www.rewe-group.com\/de\/unternehmen\/struktur-und-vertriebslinien\/meiers-weltreisen\/\">\n                                                                                    <div class=\"all-brands__thumb\">\n                                                <img decoding=\"async\"\n                                                    class=\"contain-img\"\n                                                    src=\"https:\/\/www.rewe-group.com\/content\/uploads\/2020\/12\/meiers-weltreisen.png\"\n                                                    alt=\"Meiers Weltreisen Logo\"\n                                                    loading=\"lazy\"\n                                                >\n                                            <\/div>\n                                                                            <\/a>\n                                <\/li>\n                                                            <li class=\"all-brands__list-item\">\n                                    <a class=\"all-brands__list-link\" href=\"https:\/\/www.rewe-group.com\/de\/unternehmen\/struktur-und-vertriebslinien\/sentido\/\">\n                                                                                    <div class=\"all-brands__thumb\">\n                                                <img decoding=\"async\"\n                                                    class=\"contain-img\"\n                                                    src=\"https:\/\/www.rewe-group.com\/content\/uploads\/2020\/12\/sentido-neu-1024x154.png\"\n                                                    alt=\"Sentido Logo\"\n                                                    loading=\"lazy\"\n                                                >\n                                            <\/div>\n                                                                            <\/a>\n                                <\/li>\n                                                            <li class=\"all-brands__list-item\">\n                                    <a class=\"all-brands__list-link\" href=\"https:\/\/www.rewe-group.com\/de\/unternehmen\/struktur-und-vertriebslinien\/aldiana\/\">\n                                                                                    <div class=\"all-brands__thumb\">\n                                                <img decoding=\"async\"\n                                                    class=\"contain-img\"\n                                                    src=\"https:\/\/www.rewe-group.com\/content\/uploads\/2021\/07\/aldiana.png?t=2026050302\"\n                                                    alt=\"Aldiana Club Resorts Logo\"\n                                                    loading=\"lazy\"\n                                                >\n                                            <\/div>\n                                                                            <\/a>\n                                <\/li>\n                                                            <li class=\"all-brands__list-item\">\n                                    <a class=\"all-brands__list-link\" href=\"https:\/\/www.rewe-group.com\/de\/unternehmen\/struktur-und-vertriebslinien\/playitas\/\">\n                                                                                    <div class=\"all-brands__thumb\">\n                                                <img decoding=\"async\"\n                                                    class=\"contain-img\"\n                                                    src=\"https:\/\/www.rewe-group.com\/content\/uploads\/2024\/11\/logo-playitas-1024x932.png\"\n                                                    alt=\"Logo von Playitas Free your mind mit schwarzer Schrift auf wei\u00dfem Grund\"\n                                                    loading=\"lazy\"\n                                                >\n                                            <\/div>\n                                                                            <\/a>\n                                <\/li>\n                                                            <li class=\"all-brands__list-item\">\n                                    <a class=\"all-brands__list-link\" href=\"https:\/\/www.rewe-group.com\/de\/unternehmen\/struktur-und-vertriebslinien\/ananea\/\">\n                                                                                    <div class=\"all-brands__thumb\">\n                                                <img decoding=\"async\"\n                                                    class=\"contain-img\"\n                                                    src=\"https:\/\/www.rewe-group.com\/content\/uploads\/2024\/11\/ananea-logo-1024x162.png\"\n                                                    alt=\"Logo ananea schwarze Schrift auf wei\u00dfem Grund\"\n                                                    loading=\"lazy\"\n                                                >\n                                            <\/div>\n                                                                            <\/a>\n                                <\/li>\n                                                            <li class=\"all-brands__list-item\">\n                                    <a class=\"all-brands__list-link\" href=\"https:\/\/www.rewe-group.com\/de\/unternehmen\/struktur-und-vertriebslinien\/calimera\/\">\n                                                                                    <div class=\"all-brands__thumb\">\n                                                <img decoding=\"async\"\n                                                    class=\"contain-img\"\n                                                    src=\"https:\/\/www.rewe-group.com\/content\/uploads\/2020\/12\/club-calimera.png\"\n                                                    alt=\"Club Calimera Logo\"\n                                                    loading=\"lazy\"\n                                                >\n                                            <\/div>\n                                                                            <\/a>\n                                <\/li>\n                                                            <li class=\"all-brands__list-item\">\n                                    <a class=\"all-brands__list-link\" href=\"https:\/\/www.rewe-group.com\/de\/unternehmen\/struktur-und-vertriebslinien\/kuoni\/\">\n                                                                                    <div class=\"all-brands__thumb\">\n                                                <img decoding=\"async\"\n                                                    class=\"contain-img\"\n                                                    src=\"https:\/\/www.rewe-group.com\/content\/uploads\/2020\/12\/kuoni-neu-1024x172.png\"\n                                                    alt=\"Kuoni Logo\"\n                                                    loading=\"lazy\"\n                                                >\n                                            <\/div>\n                                                                            <\/a>\n                                <\/li>\n                                                            <li class=\"all-brands__list-item\">\n                                    <a class=\"all-brands__list-link\" href=\"https:\/\/www.rewe-group.com\/de\/unternehmen\/struktur-und-vertriebslinien\/helvetic-tours\/\">\n                                                                                    <div class=\"all-brands__thumb\">\n                                                <img decoding=\"async\"\n                                                    class=\"contain-img\"\n                                                    src=\"https:\/\/www.rewe-group.com\/content\/uploads\/2020\/12\/helvetic-tours.png\"\n                                                    alt=\"helvetic tours Logo\"\n                                                    loading=\"lazy\"\n                                                >\n                                            <\/div>\n                                                                            <\/a>\n                                <\/li>\n                                                            <li class=\"all-brands__list-item\">\n                                    <a class=\"all-brands__list-link\" href=\"https:\/\/www.rewe-group.com\/de\/unternehmen\/struktur-und-vertriebslinien\/its-coop-travel\/\">\n                                                                                    <div class=\"all-brands__thumb\">\n                                                <img decoding=\"async\"\n                                                    class=\"contain-img\"\n                                                    src=\"https:\/\/www.rewe-group.com\/content\/uploads\/2020\/12\/its-coop-travel-1024x378.png\"\n                                                    alt=\"ITS coop travel Logo\"\n                                                    loading=\"lazy\"\n                                                >\n                                            <\/div>\n                                                                            <\/a>\n                                <\/li>\n                                                            <li class=\"all-brands__list-item\">\n                                    <a class=\"all-brands__list-link\" href=\"https:\/\/www.rewe-group.com\/de\/unternehmen\/struktur-und-vertriebslinien\/its-billa-reisen\/\">\n                                                                                    <div class=\"all-brands__thumb\">\n                                                <img decoding=\"async\"\n                                                    class=\"contain-img\"\n                                                    src=\"https:\/\/www.rewe-group.com\/content\/uploads\/2024\/08\/logo-billa-reisen.svg\"\n                                                    alt=\"Logo von Billa Reisen in gelber und roter Schrift\"\n                                                    loading=\"lazy\"\n                                                >\n                                            <\/div>\n                                                                            <\/a>\n                                <\/li>\n                                                            <li class=\"all-brands__list-item\">\n                                    <a class=\"all-brands__list-link\" href=\"https:\/\/www.rewe-group.com\/de\/unternehmen\/struktur-und-vertriebslinien\/apollo\/\">\n                                                                                    <div class=\"all-brands__thumb\">\n                                                <img decoding=\"async\"\n                                                    class=\"contain-img\"\n                                                    src=\"https:\/\/www.rewe-group.com\/content\/uploads\/2020\/12\/apollo.png\"\n                                                    alt=\"apollo Logo\"\n                                                    loading=\"lazy\"\n                                                >\n                                            <\/div>\n                                                                            <\/a>\n                                <\/li>\n                                                            <li class=\"all-brands__list-item\">\n                                    <a class=\"all-brands__list-link\" href=\"https:\/\/www.rewe-group.com\/de\/unternehmen\/struktur-und-vertriebslinien\/exim-tours\/\">\n                                                                                    <div class=\"all-brands__thumb\">\n                                                <img decoding=\"async\"\n                                                    class=\"contain-img\"\n                                                    src=\"https:\/\/www.rewe-group.com\/content\/uploads\/2020\/12\/EXIMtours-logo.png?t=2026050302\"\n                                                    alt=\"EXIM Tours Logo\"\n                                                    loading=\"lazy\"\n                                                >\n                                            <\/div>\n                                                                            <\/a>\n                                <\/li>\n                                                            <li class=\"all-brands__list-item\">\n                                    <a class=\"all-brands__list-link\" href=\"https:\/\/www.rewe-group.com\/de\/unternehmen\/struktur-und-vertriebslinien\/fischer\/\">\n                                                                                    <div class=\"all-brands__thumb\">\n                                                <img decoding=\"async\"\n                                                    class=\"contain-img\"\n                                                    src=\"https:\/\/www.rewe-group.com\/content\/uploads\/2020\/12\/fischer-group.png\"\n                                                    alt=\"FISCHER Group Logo\"\n                                                    loading=\"lazy\"\n                                                >\n                                            <\/div>\n                                                                            <\/a>\n                                <\/li>\n                                                    <\/ul>\n                    <\/div>\n                                                        <div class=\"all-brands__section\">\n                        <div class=\"all-brands__desc\">\n                            <div class=\"all-brands__text entry-content\">\n                                <h2 class=\"smaller\">Group Functions<\/h2>\n                                                                    <p>Sonstige Marken, die zur REWE Group geh\u00f6ren.<\/p>\n                                                            <\/div>\n                            <div class=\"all-brands__link\">\n                                <button class=\"arrow-link posts-tab__switch\" data-switch-term=\"sonstige\">\n                                    Mehr Details                                <\/button>\n                            <\/div>\n                        <\/div>\n                        <ul class=\"all-brands__list\">\n                                                            <li class=\"all-brands__list-item\">\n                                    <a class=\"all-brands__list-link\" href=\"https:\/\/www.rewe-group.com\/de\/unternehmen\/struktur-und-vertriebslinien\/rewe-digital\/\">\n                                                                                    <div class=\"all-brands__thumb\">\n                                                <img decoding=\"async\"\n                                                    class=\"contain-img\"\n                                                    src=\"https:\/\/www.rewe-group.com\/content\/uploads\/2022\/10\/rewe-digital-logo-1024x571.png\"\n                                                    alt=\"Das REWE digital Logo\"\n                                                    loading=\"lazy\"\n                                                >\n                                            <\/div>\n                                                                            <\/a>\n                                <\/li>\n                                                            <li class=\"all-brands__list-item\">\n                                    <a class=\"all-brands__list-link\" href=\"https:\/\/www.rewe-group.com\/de\/unternehmen\/struktur-und-vertriebslinien\/eha\/\">\n                                                                                    <div class=\"all-brands__thumb\">\n                                                <img decoding=\"async\"\n                                                    class=\"contain-img\"\n                                                    src=\"https:\/\/www.rewe-group.com\/content\/uploads\/2020\/12\/eha-1024x279.png\"\n                                                    alt=\"EHA Logo\"\n                                                    loading=\"lazy\"\n                                                >\n                                            <\/div>\n                                                                            <\/a>\n                                <\/li>\n                                                            <li class=\"all-brands__list-item\">\n                                    <a class=\"all-brands__list-link\" href=\"https:\/\/www.rewe-group.com\/de\/unternehmen\/struktur-und-vertriebslinien\/fuer-sie\/\">\n                                                                                    <div class=\"all-brands__thumb\">\n                                                <img decoding=\"async\"\n                                                    class=\"contain-img\"\n                                                    src=\"https:\/\/www.rewe-group.com\/content\/uploads\/2020\/12\/fuersie.png\"\n                                                    alt=\"F\u00fcr Sie Logo\"\n                                                    loading=\"lazy\"\n                                                >\n                                            <\/div>\n                                                                            <\/a>\n                                <\/li>\n                                                    <\/ul>\n                    <\/div>\n                            <\/div>\n\n            <ul class=\"filtered-brands\">\n                                    <li class=\"teaser-brand expand-teaser\" data-term=\"handel-deutschland\">\n                        <div class=\"teaser-brand__logo\">\n                                                            <div class=\"teaser-brand__logo-inner\">\n                                    <img decoding=\"async\"\n                                        class=\"contain-img\"\n                                        src=\"https:\/\/www.rewe-group.com\/content\/uploads\/2024\/04\/rewe-logo-1024x356.jpg\"\n                                        alt=\"Logo der REWE Markt GmbH. Wei\u00dfe Schrift vor rotem Hintergrund.\"\n                                        loading=\"lazy\"\n                                    >\n                                <\/div>\n                                                    <\/div>\n                        <div class=\"teaser-brand__text expand-teaser__inner\">\n                            <h3 class=\"detail-teaser__title\">REWE<\/h3>\n\n                            <div class=\"detail-teaser__excerpt entry-content\"><p>Mit bundesweit rund\u00a0 3.800 M\u00e4rkten geh\u00f6rt REWE zu den f\u00fchrenden Unternehmen im deutschen Lebensmitteleinzelhandel. Die REWE-M\u00e4rkte werden als Filialen oder durch selbstst\u00e4ndige REWE-Kaufleute betrieben. Dazu z\u00e4hlen der Nahversorger nahkauf, der Vollversorger REWE Supermarkt, der Verbrauchermarkt REWE Center und der moderne Convenience-Store REWE To Go.<\/p>\n<\/div>\n\n                            <p class=\"detail-teaser__excerpt teaser-brand__link\">\n                                <a href=\"https:\/\/www.rewe-group.com\/de\/unternehmen\/struktur-und-vertriebslinien\/rewe\/\" class=\"arrow-link\">Mehr Details<\/a>\n                            <\/p>\n                            <div class=\"expand-teaser__ui\">\n                                <button type=\"button\" class=\"btn-icon icon-down\" aria-label=\"Expand details\"><\/button>\n                            <\/div>\n                        <\/div>\n                    <\/li>\n                                    <li class=\"teaser-brand expand-teaser\" data-term=\"handel-deutschland\">\n                        <div class=\"teaser-brand__logo\">\n                                                            <div class=\"teaser-brand__logo-inner\">\n                                    <img decoding=\"async\"\n                                        class=\"contain-img\"\n                                        src=\"https:\/\/www.rewe-group.com\/content\/uploads\/2020\/12\/penny.png\"\n                                        alt=\"PENNY Logo\"\n                                        loading=\"lazy\"\n                                    >\n                                <\/div>\n                                                    <\/div>\n                        <div class=\"teaser-brand__text expand-teaser__inner\">\n                            <h3 class=\"detail-teaser__title\">PENNY<\/h3>\n\n                            <div class=\"detail-teaser__excerpt entry-content\"><p>Erstmal zu PENNY &#8211; die bundesweit rund 2.123 Filialen des Discounters stehen f\u00fcr Frische und Qualit\u00e4t zu Discount-g\u00fcnstigen Preisen. Mit einer gro\u00dfen Auswahl an Obst und Gem\u00fcse, regionalen und nachhaltigen Produkten, Lebensmitteln zum bequemen Sofortverzehr sowie vegetarischen und veganen Produkten bietet PENNY das Sortiment eines modernen Nahversorgers.<\/p>\n<\/div>\n\n                            <p class=\"detail-teaser__excerpt teaser-brand__link\">\n                                <a href=\"https:\/\/www.rewe-group.com\/de\/unternehmen\/struktur-und-vertriebslinien\/penny\/\" class=\"arrow-link\">Mehr Details<\/a>\n                            <\/p>\n                            <div class=\"expand-teaser__ui\">\n                                <button type=\"button\" class=\"btn-icon icon-down\" aria-label=\"Expand details\"><\/button>\n                            <\/div>\n                        <\/div>\n                    <\/li>\n                                    <li class=\"teaser-brand expand-teaser\" data-term=\"handel-deutschland\">\n                        <div class=\"teaser-brand__logo\">\n                                                            <div class=\"teaser-brand__logo-inner\">\n                                    <img decoding=\"async\"\n                                        class=\"contain-img\"\n                                        src=\"https:\/\/www.rewe-group.com\/content\/uploads\/2021\/01\/nahkauf.png?t=2026050302\"\n                                        alt=\"Das nahkauf Logo\"\n                                        loading=\"lazy\"\n                                    >\n                                <\/div>\n                                                    <\/div>\n                        <div class=\"teaser-brand__text expand-teaser__inner\">\n                            <h3 class=\"detail-teaser__title\">nahkauf<\/h3>\n\n                            <div class=\"detail-teaser__excerpt entry-content\"><p>nahkauf ist der kleine Vollsortimenter vor Ort oder in der Stadtrandlage. Als Nahversorger bieten sie auf Verkaufsfl\u00e4chen zwischen 400 und 800 Quadratmetern ein gestrafftes Lebensmittelangebot und besonders in den Bereichen Frische und regionale Auswahl ein umfangreiches Sortiment.<\/p>\n<\/div>\n\n                            <p class=\"detail-teaser__excerpt teaser-brand__link\">\n                                <a href=\"https:\/\/www.rewe-group.com\/de\/unternehmen\/struktur-und-vertriebslinien\/nahkauf\/\" class=\"arrow-link\">Mehr Details<\/a>\n                            <\/p>\n                            <div class=\"expand-teaser__ui\">\n                                <button type=\"button\" class=\"btn-icon icon-down\" aria-label=\"Expand details\"><\/button>\n                            <\/div>\n                        <\/div>\n                    <\/li>\n                                    <li class=\"teaser-brand expand-teaser\" data-term=\"handel-deutschland\">\n                        <div class=\"teaser-brand__logo\">\n                                                            <div class=\"teaser-brand__logo-inner\">\n                                    <img decoding=\"async\"\n                                        class=\"contain-img\"\n                                        src=\"https:\/\/www.rewe-group.com\/content\/uploads\/2020\/11\/akzenta-logo-1024x320.jpg\"\n                                        alt=\"Das Logo von akzenta mit REWE-Zusatz. Rote Schrift vor wei\u00dfem Hintergrund.\"\n                                        loading=\"lazy\"\n                                    >\n                                <\/div>\n                                                    <\/div>\n                        <div class=\"teaser-brand__text expand-teaser__inner\">\n                            <h3 class=\"detail-teaser__title\">akzenta<\/h3>\n\n                            <div class=\"detail-teaser__excerpt entry-content\"><p>\u201eakzenta\u201c f\u00fchrt aktuell sieben Superm\u00e4rkte mit je 2.000 bis 3.500 qm Verkaufsfl\u00e4che in sehr guten Lagen. Die gro\u00dfe Auswahl an Artikeln sowie Frische und beste Qualit\u00e4t der Lebensmittel \u00fcberzeugen Kunden \u00fcber die Region Wuppertal hinaus.<\/p>\n<\/div>\n\n                            <p class=\"detail-teaser__excerpt teaser-brand__link\">\n                                <a href=\"https:\/\/www.rewe-group.com\/de\/unternehmen\/struktur-und-vertriebslinien\/akzenta\/\" class=\"arrow-link\">Mehr Details<\/a>\n                            <\/p>\n                            <div class=\"expand-teaser__ui\">\n                                <button type=\"button\" class=\"btn-icon icon-down\" aria-label=\"Expand details\"><\/button>\n                            <\/div>\n                        <\/div>\n                    <\/li>\n                                    <li class=\"teaser-brand expand-teaser\" data-term=\"handel-deutschland\">\n                        <div class=\"teaser-brand__logo\">\n                                                            <div class=\"teaser-brand__logo-inner\">\n                                    <img decoding=\"async\"\n                                        class=\"contain-img\"\n                                        src=\"https:\/\/www.rewe-group.com\/content\/uploads\/2020\/12\/logo-glocken-baeckereiB-1024x1024.jpg\"\n                                        alt=\"Rotes Viereck auf wei\u00dfem Grund der das Logo von Glocken Brot darstellt. Der Schriftzug wei\u00dft auf das Jahr 1904 hin enth\u00e4lt den Satz: Ein Unternehmen der REWE Group.\"\n                                        loading=\"lazy\"\n                                    >\n                                <\/div>\n                                                    <\/div>\n                        <div class=\"teaser-brand__text expand-teaser__inner\">\n                            <h3 class=\"detail-teaser__title\">Glockenbrot B\u00e4ckerei<\/h3>\n\n                            <div class=\"detail-teaser__excerpt entry-content\"><p>Die Glockenbrot B\u00e4ckerei, ein konzerneigener Produktionsbetrieb der REWE Group. Mit innovativen Produkten agiert unser Unternehmen erfolgreich am Markt.<\/p>\n<\/div>\n\n                            <p class=\"detail-teaser__excerpt teaser-brand__link\">\n                                <a href=\"https:\/\/www.rewe-group.com\/de\/unternehmen\/struktur-und-vertriebslinien\/glockenbrot-baeckerei\/\" class=\"arrow-link\">Mehr Details<\/a>\n                            <\/p>\n                            <div class=\"expand-teaser__ui\">\n                                <button type=\"button\" class=\"btn-icon icon-down\" aria-label=\"Expand details\"><\/button>\n                            <\/div>\n                        <\/div>\n                    <\/li>\n                                    <li class=\"teaser-brand expand-teaser\" data-term=\"handel-deutschland\">\n                        <div class=\"teaser-brand__logo\">\n                                                            <div class=\"teaser-brand__logo-inner\">\n                                    <img decoding=\"async\"\n                                        class=\"contain-img\"\n                                        src=\"https:\/\/www.rewe-group.com\/content\/uploads\/2020\/12\/wilhelm-brandenburg.png\"\n                                        alt=\"Wilhelm Brandenburg Logo\"\n                                        loading=\"lazy\"\n                                    >\n                                <\/div>\n                                                    <\/div>\n                        <div class=\"teaser-brand__text expand-teaser__inner\">\n                            <h3 class=\"detail-teaser__title\">Wilhelm Brandenburg<\/h3>\n\n                            <div class=\"detail-teaser__excerpt entry-content\"><p>Qualit\u00e4tsfleisch aus erstklassiger und nachvollziehbarer Produktion. 1885 gegr\u00fcndet, geh\u00f6ren wir seit 1986 zur REWE Group. Mit einem Jahresumsatz rund 770 Millionen Euro und rund 2.800 Mitarbeitende sind wir der gr\u00f6\u00dfte Eigenmarkenlieferant f\u00fcr die Einzelhandelsm\u00e4rkte von REWE und PENNY.<\/p>\n<\/div>\n\n                            <p class=\"detail-teaser__excerpt teaser-brand__link\">\n                                <a href=\"https:\/\/www.rewe-group.com\/de\/unternehmen\/struktur-und-vertriebslinien\/wilhelm-brandenburg\/\" class=\"arrow-link\">Mehr Details<\/a>\n                            <\/p>\n                            <div class=\"expand-teaser__ui\">\n                                <button type=\"button\" class=\"btn-icon icon-down\" aria-label=\"Expand details\"><\/button>\n                            <\/div>\n                        <\/div>\n                    <\/li>\n                                    <li class=\"teaser-brand expand-teaser\" data-term=\"handel-deutschland\">\n                        <div class=\"teaser-brand__logo\">\n                                                            <div class=\"teaser-brand__logo-inner\">\n                                    <img decoding=\"async\"\n                                        class=\"contain-img\"\n                                        src=\"https:\/\/www.rewe-group.com\/content\/uploads\/2020\/12\/zoo-royal-1024x441.png\"\n                                        alt=\"Wei\u00dfe Schrift ZooRoyal auf blauem Hintergrund als Logo\"\n                                        loading=\"lazy\"\n                                    >\n                                <\/div>\n                                                    <\/div>\n                        <div class=\"teaser-brand__text expand-teaser__inner\">\n                            <h3 class=\"detail-teaser__title\">ZooRoyal<\/h3>\n\n                            <div class=\"detail-teaser__excerpt entry-content\"><p>Die ZooRoyal Petcare GmbH ist ein f\u00fchrender Omnichannel-Fachh\u00e4ndler f\u00fcr Heimtierbedarf mit Sitz in K\u00f6ln und seit 2014 ein Unternehmen der REWE Group. Gegr\u00fcndet im Jahr 2008 f\u00fchrt ZooRoyal eine vielf\u00e4ltige Produktauswahl von \u00fcber 10.000 Artikeln in den Bereichen Hund, Katze, Terraristik, Kleintier, Aquaristik, Teich und Vogel.<\/p>\n<\/div>\n\n                            <p class=\"detail-teaser__excerpt teaser-brand__link\">\n                                <a href=\"https:\/\/www.rewe-group.com\/de\/unternehmen\/struktur-und-vertriebslinien\/zooroyal\/\" class=\"arrow-link\">Mehr Details<\/a>\n                            <\/p>\n                            <div class=\"expand-teaser__ui\">\n                                <button type=\"button\" class=\"btn-icon icon-down\" aria-label=\"Expand details\"><\/button>\n                            <\/div>\n                        <\/div>\n                    <\/li>\n                                    <li class=\"teaser-brand expand-teaser\" data-term=\"handel-deutschland\">\n                        <div class=\"teaser-brand__logo\">\n                                                            <div class=\"teaser-brand__logo-inner\">\n                                    <img decoding=\"async\"\n                                        class=\"contain-img\"\n                                        src=\"https:\/\/www.rewe-group.com\/content\/uploads\/2025\/10\/logo-koelner-weinkeller.jpg?t=2026050302\"\n                                        alt=\"Logo K\u00f6lner Weinkeller\"\n                                        loading=\"lazy\"\n                                    >\n                                <\/div>\n                                                    <\/div>\n                        <div class=\"teaser-brand__text expand-teaser__inner\">\n                            <h3 class=\"detail-teaser__title\">K\u00f6lner Weinkeller<\/h3>\n\n                            <div class=\"detail-teaser__excerpt entry-content\"><p>Der renommierte K\u00f6lner Weinkeller ist nicht nur einer der gr\u00f6\u00dften historischen Wein-Gew\u00f6lbekellern Deutschlands, sondern auch mehrfach ausgezeichneter Weinh\u00e4ndler.<\/p>\n<\/div>\n\n                            <p class=\"detail-teaser__excerpt teaser-brand__link\">\n                                <a href=\"https:\/\/www.rewe-group.com\/de\/unternehmen\/struktur-und-vertriebslinien\/koelner-weinkeller\/\" class=\"arrow-link\">Mehr Details<\/a>\n                            <\/p>\n                            <div class=\"expand-teaser__ui\">\n                                <button type=\"button\" class=\"btn-icon icon-down\" aria-label=\"Expand details\"><\/button>\n                            <\/div>\n                        <\/div>\n                    <\/li>\n                                    <li class=\"teaser-brand expand-teaser\" data-term=\"handel-deutschland\">\n                        <div class=\"teaser-brand__logo\">\n                                                            <div class=\"teaser-brand__logo-inner\">\n                                    <img decoding=\"async\"\n                                        class=\"contain-img\"\n                                        src=\"https:\/\/www.rewe-group.com\/content\/uploads\/2020\/12\/weinfreunde.png\"\n                                        alt=\"Weinfreunde Logo\"\n                                        loading=\"lazy\"\n                                    >\n                                <\/div>\n                                                    <\/div>\n                        <div class=\"teaser-brand__text expand-teaser__inner\">\n                            <h3 class=\"detail-teaser__title\">Weinfreunde<\/h3>\n\n                            <div class=\"detail-teaser__excerpt entry-content\"><p>Der Online-Weinversand der REWE Group: Weinfreunde.de erg\u00e4nzt die Weinkompetenz der REWE auf Fachhandelsebene. Auf der Webseite finden weinbegeisterte Kund:innen einfach und schnell den passenden Wein f\u00fcr jeden Anlass und Geschmack.<\/p>\n<\/div>\n\n                            <p class=\"detail-teaser__excerpt teaser-brand__link\">\n                                <a href=\"https:\/\/www.rewe-group.com\/de\/unternehmen\/struktur-und-vertriebslinien\/weinfreunde\/\" class=\"arrow-link\">Mehr Details<\/a>\n                            <\/p>\n                            <div class=\"expand-teaser__ui\">\n                                <button type=\"button\" class=\"btn-icon icon-down\" aria-label=\"Expand details\"><\/button>\n                            <\/div>\n                        <\/div>\n                    <\/li>\n                                    <li class=\"teaser-brand expand-teaser\" data-term=\"handel-international\">\n                        <div class=\"teaser-brand__logo\">\n                                                            <div class=\"teaser-brand__logo-inner\">\n                                    <img decoding=\"async\"\n                                        class=\"contain-img\"\n                                        src=\"https:\/\/www.rewe-group.com\/content\/uploads\/2022\/11\/bipa-1024x400.png\"\n                                        alt=\"Pinkes Viereck mit dem wei\u00dfen BIPA Schriftzug als Logo\"\n                                        loading=\"lazy\"\n                                    >\n                                <\/div>\n                                                    <\/div>\n                        <div class=\"teaser-brand__text expand-teaser__inner\">\n                            <h3 class=\"detail-teaser__title\">BIPA<\/h3>\n\n                            <div class=\"detail-teaser__excerpt entry-content\"><p>BIPA setzt neue Trends bei Pflege, Sch\u00f6nheit und Wohlbefinden in \u00d6sterreich und in Kroatien.<\/p>\n<\/div>\n\n                            <p class=\"detail-teaser__excerpt teaser-brand__link\">\n                                <a href=\"https:\/\/www.rewe-group.com\/de\/unternehmen\/struktur-und-vertriebslinien\/bipa\/\" class=\"arrow-link\">Mehr Details<\/a>\n                            <\/p>\n                            <div class=\"expand-teaser__ui\">\n                                <button type=\"button\" class=\"btn-icon icon-down\" aria-label=\"Expand details\"><\/button>\n                            <\/div>\n                        <\/div>\n                    <\/li>\n                                    <li class=\"teaser-brand expand-teaser\" data-term=\"handel-international\">\n                        <div class=\"teaser-brand__logo\">\n                                                            <div class=\"teaser-brand__logo-inner\">\n                                    <img decoding=\"async\"\n                                        class=\"contain-img\"\n                                        src=\"https:\/\/www.rewe-group.com\/content\/uploads\/2020\/12\/billa.png\"\n                                        alt=\"BILLA Logo\"\n                                        loading=\"lazy\"\n                                    >\n                                <\/div>\n                                                    <\/div>\n                        <div class=\"teaser-brand__text expand-teaser__inner\">\n                            <h3 class=\"detail-teaser__title\">BILLA<\/h3>\n\n                            <div class=\"detail-teaser__excerpt entry-content\"><p>BILLA ist seit mehr als 70 Jahren einer der erfolgreichsten Lebensmittelnahversorger in \u00d6sterreich \u2013 mit hoher Qualit\u00e4t und familienfreundlichen Preisen.<\/p>\n<\/div>\n\n                            <p class=\"detail-teaser__excerpt teaser-brand__link\">\n                                <a href=\"https:\/\/www.rewe-group.com\/de\/unternehmen\/struktur-und-vertriebslinien\/billa\/\" class=\"arrow-link\">Mehr Details<\/a>\n                            <\/p>\n                            <div class=\"expand-teaser__ui\">\n                                <button type=\"button\" class=\"btn-icon icon-down\" aria-label=\"Expand details\"><\/button>\n                            <\/div>\n                        <\/div>\n                    <\/li>\n                                    <li class=\"teaser-brand expand-teaser\" data-term=\"handel-international\">\n                        <div class=\"teaser-brand__logo\">\n                                                            <div class=\"teaser-brand__logo-inner\">\n                                    <img decoding=\"async\"\n                                        class=\"contain-img\"\n                                        src=\"https:\/\/www.rewe-group.com\/content\/uploads\/2020\/12\/penny.png\"\n                                        alt=\"PENNY Logo\"\n                                        loading=\"lazy\"\n                                    >\n                                <\/div>\n                                                    <\/div>\n                        <div class=\"teaser-brand__text expand-teaser__inner\">\n                            <h3 class=\"detail-teaser__title\">PENNY (Discount International)<\/h3>\n\n                            <div class=\"detail-teaser__excerpt entry-content\"><p>Neben Deutschland ist PENNY seit \u00fcber 30 Jahren auch in f\u00fcnf weiteren europ\u00e4ischen L\u00e4ndern beliebt und erfolgreich. Rund 1.875 moderne Filialen pr\u00e4sentieren tagt\u00e4glich Top-Frische, h\u00f6chstm\u00f6gliche Qualit\u00e4t und \u2013 wo immer es geht \u2013 Regionalit\u00e4t.<\/p>\n<\/div>\n\n                            <p class=\"detail-teaser__excerpt teaser-brand__link\">\n                                <a href=\"https:\/\/www.rewe-group.com\/de\/unternehmen\/struktur-und-vertriebslinien\/penny-discount-international\/\" class=\"arrow-link\">Mehr Details<\/a>\n                            <\/p>\n                            <div class=\"expand-teaser__ui\">\n                                <button type=\"button\" class=\"btn-icon icon-down\" aria-label=\"Expand details\"><\/button>\n                            <\/div>\n                        <\/div>\n                    <\/li>\n                                    <li class=\"teaser-brand expand-teaser\" data-term=\"handel-international\">\n                        <div class=\"teaser-brand__logo\">\n                                                            <div class=\"teaser-brand__logo-inner\">\n                                    <img decoding=\"async\"\n                                        class=\"contain-img\"\n                                        src=\"https:\/\/www.rewe-group.com\/content\/uploads\/2022\/04\/ADEG-logo.png?t=2026050302\"\n                                        alt=\"ADEG Logo in Gr\u00fcner Schrift\"\n                                        loading=\"lazy\"\n                                    >\n                                <\/div>\n                                                    <\/div>\n                        <div class=\"teaser-brand__text expand-teaser__inner\">\n                            <h3 class=\"detail-teaser__title\">ADEG<\/h3>\n\n                            <div class=\"detail-teaser__excerpt entry-content\"><p>Land aufs Herz: Das ist das gelebte Motto des Nahversorgers ADEG in \u00d6sterreich.<\/p>\n<\/div>\n\n                            <p class=\"detail-teaser__excerpt teaser-brand__link\">\n                                <a href=\"https:\/\/www.rewe-group.com\/de\/unternehmen\/struktur-und-vertriebslinien\/adeg\/\" class=\"arrow-link\">Mehr Details<\/a>\n                            <\/p>\n                            <div class=\"expand-teaser__ui\">\n                                <button type=\"button\" class=\"btn-icon icon-down\" aria-label=\"Expand details\"><\/button>\n                            <\/div>\n                        <\/div>\n                    <\/li>\n                                    <li class=\"teaser-brand expand-teaser\" data-term=\"handel-international\">\n                        <div class=\"teaser-brand__logo\">\n                                                            <div class=\"teaser-brand__logo-inner\">\n                                    <img decoding=\"async\"\n                                        class=\"contain-img\"\n                                        src=\"https:\/\/www.rewe-group.com\/content\/uploads\/2024\/07\/IKI_logo_main-1024x967.png\"\n                                        alt=\"Das Logo von IKI in gr\u00fcner Schrift auf gelbem Hintergrund.\"\n                                        loading=\"lazy\"\n                                    >\n                                <\/div>\n                                                    <\/div>\n                        <div class=\"teaser-brand__text expand-teaser__inner\">\n                            <h3 class=\"detail-teaser__title\">iki<\/h3>\n\n                            <div class=\"detail-teaser__excerpt entry-content\"><p>Die St\u00e4rke von IKI Litauen: eine gro\u00dfe Auswahl an frischen, qualitativ hochwertigen Produkten zu den besten Preisen.<\/p>\n<\/div>\n\n                            <p class=\"detail-teaser__excerpt teaser-brand__link\">\n                                <a href=\"https:\/\/www.rewe-group.com\/de\/unternehmen\/struktur-und-vertriebslinien\/iki\/\" class=\"arrow-link\">Mehr Details<\/a>\n                            <\/p>\n                            <div class=\"expand-teaser__ui\">\n                                <button type=\"button\" class=\"btn-icon icon-down\" aria-label=\"Expand details\"><\/button>\n                            <\/div>\n                        <\/div>\n                    <\/li>\n                                    <li class=\"teaser-brand expand-teaser\" data-term=\"convenience\">\n                        <div class=\"teaser-brand__logo\">\n                                                            <div class=\"teaser-brand__logo-inner\">\n                                    <img decoding=\"async\"\n                                        class=\"contain-img\"\n                                        src=\"https:\/\/www.rewe-group.com\/content\/uploads\/2020\/12\/lekkerland.png\"\n                                        alt=\"Lekkerland Logo\"\n                                        loading=\"lazy\"\n                                    >\n                                <\/div>\n                                                    <\/div>\n                        <div class=\"teaser-brand__text expand-teaser__inner\">\n                            <h3 class=\"detail-teaser__title\">Lekkerland<\/h3>\n\n                            <div class=\"detail-teaser__excerpt entry-content\"><p>Lekkerland, der Spezialist f\u00fcr den Unterwegskonsum, ber\u00e4t und beliefert europaweit rund 62.000 Verkaufsstellen, besch\u00e4ftigt rund 5.900 Mitarbeitende und erzielte 2025 einen Umsatz von rund 15,3 Milliarden Euro.<\/p>\n<\/div>\n\n                            <p class=\"detail-teaser__excerpt teaser-brand__link\">\n                                <a href=\"https:\/\/www.rewe-group.com\/de\/unternehmen\/struktur-und-vertriebslinien\/lekkerland\/\" class=\"arrow-link\">Mehr Details<\/a>\n                            <\/p>\n                            <div class=\"expand-teaser__ui\">\n                                <button type=\"button\" class=\"btn-icon icon-down\" aria-label=\"Expand details\"><\/button>\n                            <\/div>\n                        <\/div>\n                    <\/li>\n                                    <li class=\"teaser-brand expand-teaser\" data-term=\"convenience\">\n                        <div class=\"teaser-brand__logo\">\n                                                            <div class=\"teaser-brand__logo-inner\">\n                                    <img decoding=\"async\"\n                                        class=\"contain-img\"\n                                        src=\"https:\/\/www.rewe-group.com\/content\/uploads\/2020\/12\/conway.png\"\n                                        alt=\"CONWAY Logo\"\n                                        loading=\"lazy\"\n                                    >\n                                <\/div>\n                                                    <\/div>\n                        <div class=\"teaser-brand__text expand-teaser__inner\">\n                            <h3 class=\"detail-teaser__title\">Conway<\/h3>\n\n                            <div class=\"detail-teaser__excerpt entry-content\"><p>Unter dem Namen Conway firmiert Lekkerland, der Spezialist f\u00fcr den Unterwegskonsum, in Belgien und Spanien.<\/p>\n<\/div>\n\n                            <p class=\"detail-teaser__excerpt teaser-brand__link\">\n                                <a href=\"https:\/\/www.rewe-group.com\/de\/unternehmen\/struktur-und-vertriebslinien\/conway\/\" class=\"arrow-link\">Mehr Details<\/a>\n                            <\/p>\n                            <div class=\"expand-teaser__ui\">\n                                <button type=\"button\" class=\"btn-icon icon-down\" aria-label=\"Expand details\"><\/button>\n                            <\/div>\n                        <\/div>\n                    <\/li>\n                                    <li class=\"teaser-brand expand-teaser\" data-term=\"convenience\">\n                        <div class=\"teaser-brand__logo\">\n                                                            <div class=\"teaser-brand__logo-inner\">\n                                    <img decoding=\"async\"\n                                        class=\"contain-img\"\n                                        src=\"https:\/\/www.rewe-group.com\/content\/uploads\/2020\/12\/rewe-to-go.png\"\n                                        alt=\"REWE to go Logo\"\n                                        loading=\"lazy\"\n                                    >\n                                <\/div>\n                                                    <\/div>\n                        <div class=\"teaser-brand__text expand-teaser__inner\">\n                            <h3 class=\"detail-teaser__title\">REWE To Go<\/h3>\n\n                            <div class=\"detail-teaser__excerpt entry-content\"><p><span data-teams=\"true\">2011 gestartet, ist REWE To Go heute eines der f\u00fchrenden Convenience-Formate in Deutschland \u2013 und einzigartig vielf\u00e4ltig.\u00a0<\/span><\/p>\n<\/div>\n\n                            <p class=\"detail-teaser__excerpt teaser-brand__link\">\n                                <a href=\"https:\/\/www.rewe-group.com\/de\/unternehmen\/struktur-und-vertriebslinien\/rewe-to-go\/\" class=\"arrow-link\">Mehr Details<\/a>\n                            <\/p>\n                            <div class=\"expand-teaser__ui\">\n                                <button type=\"button\" class=\"btn-icon icon-down\" aria-label=\"Expand details\"><\/button>\n                            <\/div>\n                        <\/div>\n                    <\/li>\n                                    <li class=\"teaser-brand expand-teaser\" data-term=\"convenience\">\n                        <div class=\"teaser-brand__logo\">\n                                                            <div class=\"teaser-brand__logo-inner\">\n                                    <img decoding=\"async\"\n                                        class=\"contain-img\"\n                                        src=\"https:\/\/www.rewe-group.com\/content\/uploads\/2023\/03\/reweexpress-logo-1024x367.png\"\n                                        alt=\"REWE express Logo\"\n                                        loading=\"lazy\"\n                                    >\n                                <\/div>\n                                                    <\/div>\n                        <div class=\"teaser-brand__text expand-teaser__inner\">\n                            <h3 class=\"detail-teaser__title\">REWE express<\/h3>\n\n                            <div class=\"detail-teaser__excerpt entry-content\"><p>REWE express ist ein Ort, der Unterwegskonsum und bequemen und schnellen Einkauf in modernem Ambiente erm\u00f6glicht. Ein Schwerpunkt liegt bei REWE express auf dem Foodservice-Bereich, der als Shop-in-Shop-L\u00f6sung konzipiert ist.<\/p>\n<\/div>\n\n                            <p class=\"detail-teaser__excerpt teaser-brand__link\">\n                                <a href=\"https:\/\/www.rewe-group.com\/de\/unternehmen\/struktur-und-vertriebslinien\/rewe-express\/\" class=\"arrow-link\">Mehr Details<\/a>\n                            <\/p>\n                            <div class=\"expand-teaser__ui\">\n                                <button type=\"button\" class=\"btn-icon icon-down\" aria-label=\"Expand details\"><\/button>\n                            <\/div>\n                        <\/div>\n                    <\/li>\n                                    <li class=\"teaser-brand expand-teaser\" data-term=\"baumarkt\">\n                        <div class=\"teaser-brand__logo\">\n                                                            <div class=\"teaser-brand__logo-inner\">\n                                    <img decoding=\"async\"\n                                        class=\"contain-img\"\n                                        src=\"https:\/\/www.rewe-group.com\/content\/uploads\/2020\/12\/toom.png?t=2026050302\"\n                                        alt=\"toom Logo\"\n                                        loading=\"lazy\"\n                                    >\n                                <\/div>\n                                                    <\/div>\n                        <div class=\"teaser-brand__text expand-teaser__inner\">\n                            <h3 class=\"detail-teaser__title\">toom Baumarkt<\/h3>\n\n                            <div class=\"detail-teaser__excerpt entry-content\"><p>Im Jahr 1978 mit dem ersten toom Baumarkt in Frankfurt am Main gestartet, z\u00e4hlt toom mit mehr als 300 M\u00e4rkten deutschlandweit (toom Baumarkt, B1 Discount Baumarkt und Klee Gartenfachmarkt) und einem Brutto-Umsatz von 2,5 Milliarden Euro (2024) zu den f\u00fchrenden Anbietern der deutschen Baumarktbranche.<\/p>\n<\/div>\n\n                            <p class=\"detail-teaser__excerpt teaser-brand__link\">\n                                <a href=\"https:\/\/www.rewe-group.com\/de\/unternehmen\/struktur-und-vertriebslinien\/toom-baumarkt\/\" class=\"arrow-link\">Mehr Details<\/a>\n                            <\/p>\n                            <div class=\"expand-teaser__ui\">\n                                <button type=\"button\" class=\"btn-icon icon-down\" aria-label=\"Expand details\"><\/button>\n                            <\/div>\n                        <\/div>\n                    <\/li>\n                                    <li class=\"teaser-brand expand-teaser\" data-term=\"baumarkt\">\n                        <div class=\"teaser-brand__logo\">\n                                                            <div class=\"teaser-brand__logo-inner\">\n                                    <img decoding=\"async\"\n                                        class=\"contain-img\"\n                                        src=\"https:\/\/www.rewe-group.com\/content\/uploads\/2020\/12\/b1.png\"\n                                        alt=\"B1 Discount Baumarkt Logo\"\n                                        loading=\"lazy\"\n                                    >\n                                <\/div>\n                                                    <\/div>\n                        <div class=\"teaser-brand__text expand-teaser__inner\">\n                            <h3 class=\"detail-teaser__title\">B1 Discount Baumarkt<\/h3>\n\n                            <div class=\"detail-teaser__excerpt entry-content\"><p>Alles f\u00fcr preisbewusste Handwerker, Heimwerker und Schn\u00e4ppchenj\u00e4ger. B1 ist ein Unternehmen der toom Baumarkt GmbH und betreibt in Deutschland 18 Discount Bau- und Gartenm\u00e4rkte mit rund 550 Mitarbeitern und einem Umsatz von etwa 125 Millionen Euro. Das Sortiment umfasst mit \u00fcber 18.000 klassischen Baumarktartikeln sowohl Markenartikel als auch Eigenmarken.<\/p>\n<\/div>\n\n                            <p class=\"detail-teaser__excerpt teaser-brand__link\">\n                                <a href=\"https:\/\/www.rewe-group.com\/de\/unternehmen\/struktur-und-vertriebslinien\/b1-discount-baumarkt\/\" class=\"arrow-link\">Mehr Details<\/a>\n                            <\/p>\n                            <div class=\"expand-teaser__ui\">\n                                <button type=\"button\" class=\"btn-icon icon-down\" aria-label=\"Expand details\"><\/button>\n                            <\/div>\n                        <\/div>\n                    <\/li>\n                                    <li class=\"teaser-brand expand-teaser\" data-term=\"touristik\">\n                        <div class=\"teaser-brand__logo\">\n                                                            <div class=\"teaser-brand__logo-inner\">\n                                    <img decoding=\"async\"\n                                        class=\"contain-img\"\n                                        src=\"https:\/\/www.rewe-group.com\/content\/uploads\/2020\/12\/dertour-group-logo.png?t=2026050302\"\n                                        alt=\"Logo der DERTOUR Group. Rote und graue Schrift vor neutralem Hintergrund\"\n                                        loading=\"lazy\"\n                                    >\n                                <\/div>\n                                                    <\/div>\n                        <div class=\"teaser-brand__text expand-teaser__inner\">\n                            <h3 class=\"detail-teaser__title\">DERTOUR Group<\/h3>\n\n                            <div class=\"detail-teaser__excerpt entry-content\"><p>Die DERTOUR Group ist die Reisesparte der REWE Group und z\u00e4hlt zu den f\u00fchrenden Reisekonzernen in Europa. Unter ihr Dach geh\u00f6ren rund 200 Unternehmen mit rund 15.000 Mitarbeitenden in 16 L\u00e4ndern.<\/p>\n<\/div>\n\n                            <p class=\"detail-teaser__excerpt teaser-brand__link\">\n                                <a href=\"https:\/\/www.rewe-group.com\/de\/unternehmen\/struktur-und-vertriebslinien\/der-tour-group\/\" class=\"arrow-link\">Mehr Details<\/a>\n                            <\/p>\n                            <div class=\"expand-teaser__ui\">\n                                <button type=\"button\" class=\"btn-icon icon-down\" aria-label=\"Expand details\"><\/button>\n                            <\/div>\n                        <\/div>\n                    <\/li>\n                                    <li class=\"teaser-brand expand-teaser\" data-term=\"touristik\">\n                        <div class=\"teaser-brand__logo\">\n                                                            <div class=\"teaser-brand__logo-inner\">\n                                    <img decoding=\"async\"\n                                        class=\"contain-img\"\n                                        src=\"https:\/\/www.rewe-group.com\/content\/uploads\/2020\/12\/dertour-neu-1024x188.png\"\n                                        alt=\"DER Tour Logo\"\n                                        loading=\"lazy\"\n                                    >\n                                <\/div>\n                                                    <\/div>\n                        <div class=\"teaser-brand__text expand-teaser__inner\">\n                            <h3 class=\"detail-teaser__title\">DERTOUR<\/h3>\n\n                            <div class=\"detail-teaser__excerpt entry-content\"><p>In Deutschland tritt DERTOUR sowohl als Reiseveranstalter als auch als Reiseb\u00fcrokette auf. Als Veranstalter ist DERTOUR der verl\u00e4ssliche Partner f\u00fcr Urlaube aller Art. Ob Pauschalreise oder Individualangebot nah oder fern, ob Rundreise, St\u00e4dtetrip, Zeltsafari, Mega-Sportevent oder Ausflug weltweit, ob preisbewusster Urlaub, Mittelklassehotel oder Luxusaufenthalt \u2013 DERTOUR erf\u00fcllt jeden Urlaubswunsch, und zwar immer mit verl\u00e4sslicher Qualit\u00e4t, Sicherheit und Flexibilit\u00e4t.<\/p>\n<\/div>\n\n                            <p class=\"detail-teaser__excerpt teaser-brand__link\">\n                                <a href=\"https:\/\/www.rewe-group.com\/de\/unternehmen\/struktur-und-vertriebslinien\/dertour\/\" class=\"arrow-link\">Mehr Details<\/a>\n                            <\/p>\n                            <div class=\"expand-teaser__ui\">\n                                <button type=\"button\" class=\"btn-icon icon-down\" aria-label=\"Expand details\"><\/button>\n                            <\/div>\n                        <\/div>\n                    <\/li>\n                                    <li class=\"teaser-brand expand-teaser\" data-term=\"touristik\">\n                        <div class=\"teaser-brand__logo\">\n                                                            <div class=\"teaser-brand__logo-inner\">\n                                    <img decoding=\"async\"\n                                        class=\"contain-img\"\n                                        src=\"https:\/\/www.rewe-group.com\/content\/uploads\/2020\/12\/derpart-neu-1024x283.png\"\n                                        alt=\"DER Part Logo\"\n                                        loading=\"lazy\"\n                                    >\n                                <\/div>\n                                                    <\/div>\n                        <div class=\"teaser-brand__text expand-teaser__inner\">\n                            <h3 class=\"detail-teaser__title\">DERPART<\/h3>\n\n                            <div class=\"detail-teaser__excerpt entry-content\"><p>Seit der Gr\u00fcndung vor mehr als 40 Jahren hat sich DERPART zu einer der gr\u00f6\u00dften und erfolgreichsten Reisevertriebsorganisationen in Deutschland entwickelt. Insgesamt geh\u00f6ren rund 200 Reiseb\u00fcros zu DERPART. Davon sind \u00fcber 60 Agenturen als DERPART Travel Service (DTS) auf den Gesch\u00e4ftsreisesektor spezialisiert.<\/p>\n<\/div>\n\n                            <p class=\"detail-teaser__excerpt teaser-brand__link\">\n                                <a href=\"https:\/\/www.rewe-group.com\/de\/unternehmen\/struktur-und-vertriebslinien\/derpart\/\" class=\"arrow-link\">Mehr Details<\/a>\n                            <\/p>\n                            <div class=\"expand-teaser__ui\">\n                                <button type=\"button\" class=\"btn-icon icon-down\" aria-label=\"Expand details\"><\/button>\n                            <\/div>\n                        <\/div>\n                    <\/li>\n                                    <li class=\"teaser-brand expand-teaser\" data-term=\"touristik\">\n                        <div class=\"teaser-brand__logo\">\n                                                            <div class=\"teaser-brand__logo-inner\">\n                                    <img decoding=\"async\"\n                                        class=\"contain-img\"\n                                        src=\"https:\/\/www.rewe-group.com\/content\/uploads\/2020\/12\/its.png\"\n                                        alt=\"ITS Logo\"\n                                        loading=\"lazy\"\n                                    >\n                                <\/div>\n                                                    <\/div>\n                        <div class=\"teaser-brand__text expand-teaser__inner\">\n                            <h3 class=\"detail-teaser__title\">ITS<\/h3>\n\n                            <div class=\"detail-teaser__excerpt entry-content\"><p>Klassische Ziele &#8211; gro\u00dfe Auswahl. ITS richtet sich mit seinem Angebot vor allem an Familien. Eltern finden bei ITS ein breites Portfolio familiengerechter Unterk\u00fcnfte im 4-Sterne-Segment, oft verbunden mit hohen Kindererm\u00e4\u00dfigungen oder Kinderbetreuung inklusive. Alles unter dem aktuellen Claim \u201eWillkommen im Urlaub\u201c.<\/p>\n<\/div>\n\n                            <p class=\"detail-teaser__excerpt teaser-brand__link\">\n                                <a href=\"https:\/\/www.rewe-group.com\/de\/unternehmen\/struktur-und-vertriebslinien\/its\/\" class=\"arrow-link\">Mehr Details<\/a>\n                            <\/p>\n                            <div class=\"expand-teaser__ui\">\n                                <button type=\"button\" class=\"btn-icon icon-down\" aria-label=\"Expand details\"><\/button>\n                            <\/div>\n                        <\/div>\n                    <\/li>\n                                    <li class=\"teaser-brand expand-teaser\" data-term=\"touristik\">\n                        <div class=\"teaser-brand__logo\">\n                                                            <div class=\"teaser-brand__logo-inner\">\n                                    <img decoding=\"async\"\n                                        class=\"contain-img\"\n                                        src=\"https:\/\/www.rewe-group.com\/content\/uploads\/2020\/12\/meiers-weltreisen.png\"\n                                        alt=\"Meiers Weltreisen Logo\"\n                                        loading=\"lazy\"\n                                    >\n                                <\/div>\n                                                    <\/div>\n                        <div class=\"teaser-brand__text expand-teaser__inner\">\n                            <h3 class=\"detail-teaser__title\">Meiers Weltreisen<\/h3>\n\n                            <div class=\"detail-teaser__excerpt entry-content\"><p>Meiers Weltreisen \u2013 Der Fernreiseexperte. Seit \u00fcber 30 Jahren h\u00e4lt Meiers Weltreisen seine Position als der \u201eSpezialist f\u00fcr alles Ferne\u201c in Deutschland und \u00d6sterreich. F\u00fcr Reisen nach Asien ist Meiers Weltreisen Marktf\u00fchrer in Deutschland und \u00d6sterreich.<\/p>\n<\/div>\n\n                            <p class=\"detail-teaser__excerpt teaser-brand__link\">\n                                <a href=\"https:\/\/www.rewe-group.com\/de\/unternehmen\/struktur-und-vertriebslinien\/meiers-weltreisen\/\" class=\"arrow-link\">Mehr Details<\/a>\n                            <\/p>\n                            <div class=\"expand-teaser__ui\">\n                                <button type=\"button\" class=\"btn-icon icon-down\" aria-label=\"Expand details\"><\/button>\n                            <\/div>\n                        <\/div>\n                    <\/li>\n                                    <li class=\"teaser-brand expand-teaser\" data-term=\"touristik\">\n                        <div class=\"teaser-brand__logo\">\n                                                            <div class=\"teaser-brand__logo-inner\">\n                                    <img decoding=\"async\"\n                                        class=\"contain-img\"\n                                        src=\"https:\/\/www.rewe-group.com\/content\/uploads\/2020\/12\/sentido-neu-1024x154.png\"\n                                        alt=\"Sentido Logo\"\n                                        loading=\"lazy\"\n                                    >\n                                <\/div>\n                                                    <\/div>\n                        <div class=\"teaser-brand__text expand-teaser__inner\">\n                            <h3 class=\"detail-teaser__title\">Sentido<\/h3>\n\n                            <div class=\"detail-teaser__excerpt entry-content\"><p>Erholung f\u00fcr alle Sinne. Sentido-Hotels empfangen erwachsene G\u00e4ste und kleine Familien mit hochwertiger Ausstattung, stilvollem Ambiente und liebevollen Details.<\/p>\n<\/div>\n\n                            <p class=\"detail-teaser__excerpt teaser-brand__link\">\n                                <a href=\"https:\/\/www.rewe-group.com\/de\/unternehmen\/struktur-und-vertriebslinien\/sentido\/\" class=\"arrow-link\">Mehr Details<\/a>\n                            <\/p>\n                            <div class=\"expand-teaser__ui\">\n                                <button type=\"button\" class=\"btn-icon icon-down\" aria-label=\"Expand details\"><\/button>\n                            <\/div>\n                        <\/div>\n                    <\/li>\n                                    <li class=\"teaser-brand expand-teaser\" data-term=\"touristik\">\n                        <div class=\"teaser-brand__logo\">\n                                                            <div class=\"teaser-brand__logo-inner\">\n                                    <img decoding=\"async\"\n                                        class=\"contain-img\"\n                                        src=\"https:\/\/www.rewe-group.com\/content\/uploads\/2021\/07\/aldiana.png?t=2026050302\"\n                                        alt=\"Aldiana Club Resorts Logo\"\n                                        loading=\"lazy\"\n                                    >\n                                <\/div>\n                                                    <\/div>\n                        <div class=\"teaser-brand__text expand-teaser__inner\">\n                            <h3 class=\"detail-teaser__title\">Aldiana<\/h3>\n\n                            <div class=\"detail-teaser__excerpt entry-content\"><p>Als Premium-Anbieter im Club-Segment z\u00e4hlt Aldiana heute zu den f\u00fchrenden Veranstaltern von Cluburlauben und empf\u00e4ngt seine G\u00e4ste in aktuell neun Anlagen in Griechenland, Italien, \u00d6sterreich, Spanien und Tunesien.<\/p>\n<\/div>\n\n                            <p class=\"detail-teaser__excerpt teaser-brand__link\">\n                                <a href=\"https:\/\/www.rewe-group.com\/de\/unternehmen\/struktur-und-vertriebslinien\/aldiana\/\" class=\"arrow-link\">Mehr Details<\/a>\n                            <\/p>\n                            <div class=\"expand-teaser__ui\">\n                                <button type=\"button\" class=\"btn-icon icon-down\" aria-label=\"Expand details\"><\/button>\n                            <\/div>\n                        <\/div>\n                    <\/li>\n                                    <li class=\"teaser-brand expand-teaser\" data-term=\"touristik\">\n                        <div class=\"teaser-brand__logo\">\n                                                            <div class=\"teaser-brand__logo-inner\">\n                                    <img decoding=\"async\"\n                                        class=\"contain-img\"\n                                        src=\"https:\/\/www.rewe-group.com\/content\/uploads\/2024\/11\/logo-playitas-1024x932.png\"\n                                        alt=\"Logo von Playitas Free your mind mit schwarzer Schrift auf wei\u00dfem Grund\"\n                                        loading=\"lazy\"\n                                    >\n                                <\/div>\n                                                    <\/div>\n                        <div class=\"teaser-brand__text expand-teaser__inner\">\n                            <h3 class=\"detail-teaser__title\">Playitas<\/h3>\n\n                            <div class=\"detail-teaser__excerpt entry-content\"><p>Bei Playitas, Europas f\u00fchrendem Sportresort, dreht sich alles rund um Sport, Spa\u00df und Bewegung!<\/p>\n<\/div>\n\n                            <p class=\"detail-teaser__excerpt teaser-brand__link\">\n                                <a href=\"https:\/\/www.rewe-group.com\/de\/unternehmen\/struktur-und-vertriebslinien\/playitas\/\" class=\"arrow-link\">Mehr Details<\/a>\n                            <\/p>\n                            <div class=\"expand-teaser__ui\">\n                                <button type=\"button\" class=\"btn-icon icon-down\" aria-label=\"Expand details\"><\/button>\n                            <\/div>\n                        <\/div>\n                    <\/li>\n                                    <li class=\"teaser-brand expand-teaser\" data-term=\"touristik\">\n                        <div class=\"teaser-brand__logo\">\n                                                            <div class=\"teaser-brand__logo-inner\">\n                                    <img decoding=\"async\"\n                                        class=\"contain-img\"\n                                        src=\"https:\/\/www.rewe-group.com\/content\/uploads\/2024\/11\/ananea-logo-1024x162.png\"\n                                        alt=\"Logo ananea schwarze Schrift auf wei\u00dfem Grund\"\n                                        loading=\"lazy\"\n                                    >\n                                <\/div>\n                                                    <\/div>\n                        <div class=\"teaser-brand__text expand-teaser__inner\">\n                            <h3 class=\"detail-teaser__title\">ananea<\/h3>\n\n                            <div class=\"detail-teaser__excerpt entry-content\"><p>ananea Hotels stehen f\u00fcr Slow Glamour, puren Lifestyle, Gemeinschaftsgef\u00fchl und regionale Verbundenheit.<\/p>\n<\/div>\n\n                            <p class=\"detail-teaser__excerpt teaser-brand__link\">\n                                <a href=\"https:\/\/www.rewe-group.com\/de\/unternehmen\/struktur-und-vertriebslinien\/ananea\/\" class=\"arrow-link\">Mehr Details<\/a>\n                            <\/p>\n                            <div class=\"expand-teaser__ui\">\n                                <button type=\"button\" class=\"btn-icon icon-down\" aria-label=\"Expand details\"><\/button>\n                            <\/div>\n                        <\/div>\n                    <\/li>\n                                    <li class=\"teaser-brand expand-teaser\" data-term=\"touristik\">\n                        <div class=\"teaser-brand__logo\">\n                                                            <div class=\"teaser-brand__logo-inner\">\n                                    <img decoding=\"async\"\n                                        class=\"contain-img\"\n                                        src=\"https:\/\/www.rewe-group.com\/content\/uploads\/2020\/12\/club-calimera.png\"\n                                        alt=\"Club Calimera Logo\"\n                                        loading=\"lazy\"\n                                    >\n                                <\/div>\n                                                    <\/div>\n                        <div class=\"teaser-brand__text expand-teaser__inner\">\n                            <h3 class=\"detail-teaser__title\">CALIMERA<\/h3>\n\n                            <div class=\"detail-teaser__excerpt entry-content\"><p>Have a nice day: Unter diesem Motto bietet Calimera unvergesslichen und abwechslungsreichen Familienurlaub an. Gemeinsam Zeit zu verbringen, zu lachen und Momente zu teilen \u2013 darum geht es bei Calimera. Alle H\u00e4user bieten 4- bis 5-Sterne-Standard, liegen am Strand und verf\u00fcgen \u00fcber ein umfangreiches Alles-inklusive-Konzept.<\/p>\n<\/div>\n\n                            <p class=\"detail-teaser__excerpt teaser-brand__link\">\n                                <a href=\"https:\/\/www.rewe-group.com\/de\/unternehmen\/struktur-und-vertriebslinien\/calimera\/\" class=\"arrow-link\">Mehr Details<\/a>\n                            <\/p>\n                            <div class=\"expand-teaser__ui\">\n                                <button type=\"button\" class=\"btn-icon icon-down\" aria-label=\"Expand details\"><\/button>\n                            <\/div>\n                        <\/div>\n                    <\/li>\n                                    <li class=\"teaser-brand expand-teaser\" data-term=\"touristik\">\n                        <div class=\"teaser-brand__logo\">\n                                                            <div class=\"teaser-brand__logo-inner\">\n                                    <img decoding=\"async\"\n                                        class=\"contain-img\"\n                                        src=\"https:\/\/www.rewe-group.com\/content\/uploads\/2020\/12\/kuoni-neu-1024x172.png\"\n                                        alt=\"Kuoni Logo\"\n                                        loading=\"lazy\"\n                                    >\n                                <\/div>\n                                                    <\/div>\n                        <div class=\"teaser-brand__text expand-teaser__inner\">\n                            <h3 class=\"detail-teaser__title\">Kuoni<\/h3>\n\n                            <div class=\"detail-teaser__excerpt entry-content\"><p>Seit 50 Jahren setzt Kuoni Travel im britischen Markt den Standard f\u00fcr weltweite Luxusreisen. Die Marke steht f\u00fcr ma\u00dfgeschneiderte Urlaubsangebote und Hochzeitsreisen zu mehr als 80 Destinationen in aller Welt und ist Marktf\u00fchrer f\u00fcr Reiseziele im Indischen Ozean.<\/p>\n<\/div>\n\n                            <p class=\"detail-teaser__excerpt teaser-brand__link\">\n                                <a href=\"https:\/\/www.rewe-group.com\/de\/unternehmen\/struktur-und-vertriebslinien\/kuoni\/\" class=\"arrow-link\">Mehr Details<\/a>\n                            <\/p>\n                            <div class=\"expand-teaser__ui\">\n                                <button type=\"button\" class=\"btn-icon icon-down\" aria-label=\"Expand details\"><\/button>\n                            <\/div>\n                        <\/div>\n                    <\/li>\n                                    <li class=\"teaser-brand expand-teaser\" data-term=\"touristik\">\n                        <div class=\"teaser-brand__logo\">\n                                                            <div class=\"teaser-brand__logo-inner\">\n                                    <img decoding=\"async\"\n                                        class=\"contain-img\"\n                                        src=\"https:\/\/www.rewe-group.com\/content\/uploads\/2020\/12\/helvetic-tours.png\"\n                                        alt=\"helvetic tours Logo\"\n                                        loading=\"lazy\"\n                                    >\n                                <\/div>\n                                                    <\/div>\n                        <div class=\"teaser-brand__text expand-teaser__inner\">\n                            <h3 class=\"detail-teaser__title\">Helvetic Tours<\/h3>\n\n                            <div class=\"detail-teaser__excerpt entry-content\"><p>Sch\u00f6ne Ferien, sch\u00f6n g\u00fcnstig. Helvetic Tours ist die g\u00fcnstige Pauschalreisemarke von Kuoni in der Schweiz. Das breite Angebot an Badeferien erm\u00f6glicht preiswertes Reisen mit Stil, ohne Verzicht auf Qualit\u00e4t und Komfort.<\/p>\n<\/div>\n\n                            <p class=\"detail-teaser__excerpt teaser-brand__link\">\n                                <a href=\"https:\/\/www.rewe-group.com\/de\/unternehmen\/struktur-und-vertriebslinien\/helvetic-tours\/\" class=\"arrow-link\">Mehr Details<\/a>\n                            <\/p>\n                            <div class=\"expand-teaser__ui\">\n                                <button type=\"button\" class=\"btn-icon icon-down\" aria-label=\"Expand details\"><\/button>\n                            <\/div>\n                        <\/div>\n                    <\/li>\n                                    <li class=\"teaser-brand expand-teaser\" data-term=\"touristik\">\n                        <div class=\"teaser-brand__logo\">\n                                                            <div class=\"teaser-brand__logo-inner\">\n                                    <img decoding=\"async\"\n                                        class=\"contain-img\"\n                                        src=\"https:\/\/www.rewe-group.com\/content\/uploads\/2020\/12\/its-coop-travel-1024x378.png\"\n                                        alt=\"ITS coop travel Logo\"\n                                        loading=\"lazy\"\n                                    >\n                                <\/div>\n                                                    <\/div>\n                        <div class=\"teaser-brand__text expand-teaser__inner\">\n                            <h3 class=\"detail-teaser__title\">ITS Coop Travel<\/h3>\n\n                            <div class=\"detail-teaser__excerpt entry-content\"><p>ITS Coop Travel ist ein Schweizer Reiseveranstalter mit Direktvertriebskonzept f\u00fcr Badeferien im Nah- und Fernbereich, g\u00fcnstige Last Minute Angebote und Nur-Hotel-Angebote bei individueller Anreise.<\/p>\n<\/div>\n\n                            <p class=\"detail-teaser__excerpt teaser-brand__link\">\n                                <a href=\"https:\/\/www.rewe-group.com\/de\/unternehmen\/struktur-und-vertriebslinien\/its-coop-travel\/\" class=\"arrow-link\">Mehr Details<\/a>\n                            <\/p>\n                            <div class=\"expand-teaser__ui\">\n                                <button type=\"button\" class=\"btn-icon icon-down\" aria-label=\"Expand details\"><\/button>\n                            <\/div>\n                        <\/div>\n                    <\/li>\n                                    <li class=\"teaser-brand expand-teaser\" data-term=\"touristik\">\n                        <div class=\"teaser-brand__logo\">\n                                                            <div class=\"teaser-brand__logo-inner\">\n                                    <img decoding=\"async\"\n                                        class=\"contain-img\"\n                                        src=\"https:\/\/www.rewe-group.com\/content\/uploads\/2024\/08\/logo-billa-reisen.svg\"\n                                        alt=\"Logo von Billa Reisen in gelber und roter Schrift\"\n                                        loading=\"lazy\"\n                                    >\n                                <\/div>\n                                                    <\/div>\n                        <div class=\"teaser-brand__text expand-teaser__inner\">\n                            <h3 class=\"detail-teaser__title\">BILLA Reisen<\/h3>\n\n                            <div class=\"detail-teaser__excerpt entry-content\"><p>BILLA Reisen geh\u00f6rt als Reiseveranstalter und als Direktvermarkter (billareisen.at) zur REWE Austria Touristik GmbH, einem der gr\u00f6\u00dften Reiseunternehmen am \u00f6sterreichischen Markt.<\/p>\n<\/div>\n\n                            <p class=\"detail-teaser__excerpt teaser-brand__link\">\n                                <a href=\"https:\/\/www.rewe-group.com\/de\/unternehmen\/struktur-und-vertriebslinien\/its-billa-reisen\/\" class=\"arrow-link\">Mehr Details<\/a>\n                            <\/p>\n                            <div class=\"expand-teaser__ui\">\n                                <button type=\"button\" class=\"btn-icon icon-down\" aria-label=\"Expand details\"><\/button>\n                            <\/div>\n                        <\/div>\n                    <\/li>\n                                    <li class=\"teaser-brand expand-teaser\" data-term=\"touristik\">\n                        <div class=\"teaser-brand__logo\">\n                                                            <div class=\"teaser-brand__logo-inner\">\n                                    <img decoding=\"async\"\n                                        class=\"contain-img\"\n                                        src=\"https:\/\/www.rewe-group.com\/content\/uploads\/2020\/12\/apollo.png\"\n                                        alt=\"apollo Logo\"\n                                        loading=\"lazy\"\n                                    >\n                                <\/div>\n                                                    <\/div>\n                        <div class=\"teaser-brand__text expand-teaser__inner\">\n                            <h3 class=\"detail-teaser__title\">Apollo<\/h3>\n\n                            <div class=\"detail-teaser__excerpt entry-content\"><p>Str\u00e4nde, Sporturlaub und Rundreisen als Erfolgsfaktor. Die Marke konzentriert sich auf Pauschalreisen f\u00fcr Sonnen- und Strandurlauber, nimmt jedoch auch im Bereich Aktiv- und Sportreisen eine f\u00fchrende Position ein.<\/p>\n<\/div>\n\n                            <p class=\"detail-teaser__excerpt teaser-brand__link\">\n                                <a href=\"https:\/\/www.rewe-group.com\/de\/unternehmen\/struktur-und-vertriebslinien\/apollo\/\" class=\"arrow-link\">Mehr Details<\/a>\n                            <\/p>\n                            <div class=\"expand-teaser__ui\">\n                                <button type=\"button\" class=\"btn-icon icon-down\" aria-label=\"Expand details\"><\/button>\n                            <\/div>\n                        <\/div>\n                    <\/li>\n                                    <li class=\"teaser-brand expand-teaser\" data-term=\"touristik\">\n                        <div class=\"teaser-brand__logo\">\n                                                            <div class=\"teaser-brand__logo-inner\">\n                                    <img decoding=\"async\"\n                                        class=\"contain-img\"\n                                        src=\"https:\/\/www.rewe-group.com\/content\/uploads\/2020\/12\/EXIMtours-logo.png?t=2026050302\"\n                                        alt=\"EXIM Tours Logo\"\n                                        loading=\"lazy\"\n                                    >\n                                <\/div>\n                                                    <\/div>\n                        <div class=\"teaser-brand__text expand-teaser__inner\">\n                            <h3 class=\"detail-teaser__title\">EXIM tours<\/h3>\n\n                            <div class=\"detail-teaser__excerpt entry-content\"><p>EXIM tours &amp; KARTAGO tours \u2013 stark in Osteuropa. EXIM tours ist die Nummer eins in Tschechien und geh\u00f6rt auch in Polen zu den gr\u00f6\u00dften Reiseveranstaltern. KARTAGO tours zeigt sich in Ungarn stark und ist der zweitgr\u00f6\u00dfte Reiseveranstalter in der Slowakei.<\/p>\n<\/div>\n\n                            <p class=\"detail-teaser__excerpt teaser-brand__link\">\n                                <a href=\"https:\/\/www.rewe-group.com\/de\/unternehmen\/struktur-und-vertriebslinien\/exim-tours\/\" class=\"arrow-link\">Mehr Details<\/a>\n                            <\/p>\n                            <div class=\"expand-teaser__ui\">\n                                <button type=\"button\" class=\"btn-icon icon-down\" aria-label=\"Expand details\"><\/button>\n                            <\/div>\n                        <\/div>\n                    <\/li>\n                                    <li class=\"teaser-brand expand-teaser\" data-term=\"touristik\">\n                        <div class=\"teaser-brand__logo\">\n                                                            <div class=\"teaser-brand__logo-inner\">\n                                    <img decoding=\"async\"\n                                        class=\"contain-img\"\n                                        src=\"https:\/\/www.rewe-group.com\/content\/uploads\/2020\/12\/fischer-group.png\"\n                                        alt=\"FISCHER Group Logo\"\n                                        loading=\"lazy\"\n                                    >\n                                <\/div>\n                                                    <\/div>\n                        <div class=\"teaser-brand__text expand-teaser__inner\">\n                            <h3 class=\"detail-teaser__title\">Fischer<\/h3>\n\n                            <div class=\"detail-teaser__excerpt entry-content\"><p>Strandurlaub und mehr f\u00fcr die ganze Familie. Die Fischer Gruppe ist in Tschechien und der Slowakei aktiv. Der Reiseveranstalter Fischer hat sich auf Reisen in die beliebtesten Strandziele nah und fern spezialisiert.<\/p>\n<\/div>\n\n                            <p class=\"detail-teaser__excerpt teaser-brand__link\">\n                                <a href=\"https:\/\/www.rewe-group.com\/de\/unternehmen\/struktur-und-vertriebslinien\/fischer\/\" class=\"arrow-link\">Mehr Details<\/a>\n                            <\/p>\n                            <div class=\"expand-teaser__ui\">\n                                <button type=\"button\" class=\"btn-icon icon-down\" aria-label=\"Expand details\"><\/button>\n                            <\/div>\n                        <\/div>\n                    <\/li>\n                                    <li class=\"teaser-brand expand-teaser\" data-term=\"sonstige\">\n                        <div class=\"teaser-brand__logo\">\n                                                            <div class=\"teaser-brand__logo-inner\">\n                                    <img decoding=\"async\"\n                                        class=\"contain-img\"\n                                        src=\"https:\/\/www.rewe-group.com\/content\/uploads\/2022\/10\/rewe-digital-logo-1024x571.png\"\n                                        alt=\"Das REWE digital Logo\"\n                                        loading=\"lazy\"\n                                    >\n                                <\/div>\n                                                    <\/div>\n                        <div class=\"teaser-brand__text expand-teaser__inner\">\n                            <h3 class=\"detail-teaser__title\">REWE digital<\/h3>\n\n                            <div class=\"detail-teaser__excerpt entry-content\"><p>Mit technologischer Exzellenz entwickelt die REWE digital smarte L\u00f6sungen f\u00fcr Millionen von Menschen \u2013 vom station\u00e4ren Handel \u00fcber den Liefer- und Abholservice bis hin zur Logistik.<\/p>\n<\/div>\n\n                            <p class=\"detail-teaser__excerpt teaser-brand__link\">\n                                <a href=\"https:\/\/www.rewe-group.com\/de\/unternehmen\/struktur-und-vertriebslinien\/rewe-digital\/\" class=\"arrow-link\">Mehr Details<\/a>\n                            <\/p>\n                            <div class=\"expand-teaser__ui\">\n                                <button type=\"button\" class=\"btn-icon icon-down\" aria-label=\"Expand details\"><\/button>\n                            <\/div>\n                        <\/div>\n                    <\/li>\n                                    <li class=\"teaser-brand expand-teaser\" data-term=\"sonstige\">\n                        <div class=\"teaser-brand__logo\">\n                                                            <div class=\"teaser-brand__logo-inner\">\n                                    <img decoding=\"async\"\n                                        class=\"contain-img\"\n                                        src=\"https:\/\/www.rewe-group.com\/content\/uploads\/2020\/12\/eha-1024x279.png\"\n                                        alt=\"EHA Logo\"\n                                        loading=\"lazy\"\n                                    >\n                                <\/div>\n                                                    <\/div>\n                        <div class=\"teaser-brand__text expand-teaser__inner\">\n                            <h3 class=\"detail-teaser__title\">EHA<\/h3>\n\n                            <div class=\"detail-teaser__excerpt entry-content\"><p>Die EHA ist seit dem 31.12.2013 eine hundertprozentige Unternehmenstochter der REWE Group. EHA bietet die Versorgung mit Gr\u00fcnstrom und Gas sowie Energieberatungen und Energiecontrolling an. Die Produkte sind ma\u00dfgeschneidert f\u00fcr die Bed\u00fcrfnisse von Unternehmen mit mehreren Standorten.<\/p>\n<\/div>\n\n                            <p class=\"detail-teaser__excerpt teaser-brand__link\">\n                                <a href=\"https:\/\/www.rewe-group.com\/de\/unternehmen\/struktur-und-vertriebslinien\/eha\/\" class=\"arrow-link\">Mehr Details<\/a>\n                            <\/p>\n                            <div class=\"expand-teaser__ui\">\n                                <button type=\"button\" class=\"btn-icon icon-down\" aria-label=\"Expand details\"><\/button>\n                            <\/div>\n                        <\/div>\n                    <\/li>\n                                    <li class=\"teaser-brand expand-teaser\" data-term=\"sonstige\">\n                        <div class=\"teaser-brand__logo\">\n                                                            <div class=\"teaser-brand__logo-inner\">\n                                    <img decoding=\"async\"\n                                        class=\"contain-img\"\n                                        src=\"https:\/\/www.rewe-group.com\/content\/uploads\/2020\/12\/fuersie.png\"\n                                        alt=\"F\u00fcr Sie Logo\"\n                                        loading=\"lazy\"\n                                    >\n                                <\/div>\n                                                    <\/div>\n                        <div class=\"teaser-brand__text expand-teaser__inner\">\n                            <h3 class=\"detail-teaser__title\">F\u00dcR SIE<\/h3>\n\n                            <div class=\"detail-teaser__excerpt entry-content\"><p>Die F\u00dcR SIE Handelsgruppe ist Service- und Dienstleistungspartner von \u00fcber 250 genossenschaftlichen Mitgliedern. Die F\u00dcR SIE bietet von der Warenbeschaffung bis zur Verhandlung von Vermarktungsleistungen eine breite Palette warengesch\u00e4ftlicher Dienstleistungen an und organisiert gemeinsam mit ihrem Netzwerk an Getr\u00e4nkefachgro\u00dfh\u00e4ndlern die Mehrweggetr\u00e4nkelogistik f\u00fcr die REWE-M\u00e4rkte in Deutschland.<\/p>\n<\/div>\n\n                            <p class=\"detail-teaser__excerpt teaser-brand__link\">\n                                <a href=\"https:\/\/www.rewe-group.com\/de\/unternehmen\/struktur-und-vertriebslinien\/fuer-sie\/\" class=\"arrow-link\">Mehr Details<\/a>\n                            <\/p>\n                            <div class=\"expand-teaser__ui\">\n                                <button type=\"button\" class=\"btn-icon icon-down\" aria-label=\"Expand details\"><\/button>\n                            <\/div>\n                        <\/div>\n                    <\/li>\n                            <\/ul>\n        <\/div>\n    <\/div>\n\n<\/div><\/div>\n<\/div>\n\n\n\n<div class=\"wp-block-myblocks-section block-section section-bg-gray section-padding-top section-padding-bottom\">\n<div class=\"wp-block-myblocks-row-full-single row-full-single my-row-block row-full\"><div class=\"myblock-wrapper block-my-text-block block-ingrid\" data-module-name=\"Headline Copy Link\" id=\"laender\" data-onpage-anchor=\"L\u00e4nder\">    <div class=\"textblock margin-row-inner\">\n        <div class=\"entry-content\">\n            <h2 class=\"smaller\">Wir sind international pr\u00e4sent<\/h2>\n            <p>In Deutschland und 20 weiteren L\u00e4ndern sind wir mit unseren Marken, M\u00e4rkten und Reiseb\u00fcros station\u00e4r und online pr\u00e4sent. Deutschland ist unser Heimatmarkt: Hier erwirtschaften wir \u00fcber 70 Prozent unseres Gesamtumsatzes. Unser gr\u00f6\u00dftes Kerngesch\u00e4ftsfeld ist der Lebensmitteleinzelhandel.<\/p>\n        <\/div>\n\n            <\/div>\n<\/div><\/div>\n\n\n\n<div class=\"wp-block-myblocks-row-full-2columns row-full-2columns my-row-block row-full\">\n<div class=\"wp-block-myblocks-row-full-2columns-cell row-cell row-full-2columns-cell my-cell-block\"><div class=\"myblock-wrapper block-my-score-card block-ingrid\" data-module-name=\"Score Card\">    <div class=\"score-card-slider compact-height\">\n  <div class=\"score-card-slider__slider\">\n    <div class=\"rewe-scorecard number black dark compact-height\" data-unit=\"L\u00e4nder\" data-format=\"\" data-value=\"21\" data-use-thousands-separator=\"\">\n    <div class=\"card-contents-wrapper\">\n        <div class=\"card-header\">\n            <h2 class=\"title\">International vertreten.<\/h2>                            <p class=\"sub-title\">In Deutschland und 20 weiteren L\u00e4ndern sind wir mit M\u00e4rkten, Reiseb\u00fcros und online pr\u00e4sent. <\/p>\n                    <\/div>\n        <div class=\"card-number\">\n            <div class=\"number-wrapper\">\n                <span class=\"value\"><\/span>\n                <span class=\"unit\"><\/span>\n            <\/div>\n        <\/div>\n    <\/div>\n<\/div>  <\/div>\n<\/div>\n<\/div><\/div>\n\n\n\n<div class=\"wp-block-myblocks-row-full-2columns-cell row-cell row-full-2columns-cell my-cell-block\"><div class=\"myblock-wrapper block-my-text-teaser-gallery block-ingrid\" data-module-name=\"Teaser Contentmodul\"><div class=\"text-tasers-wrapper\">\n            <div class=\"text-taser-slider\">\n    <div class=\"text-taser-slider__slider\">\n        <ul class=\"rwgs__inner\">\n                                            <li>\n                    \n    <div\n    class=\"text-teaser bg-image dark-bg-section text-color-white link-hover-color-yellow\"  data-module-name=\".teaser-contentmodul\">\n            <div class=\"text-teaser__background-wrapper\">\n            <div class=\"focused-image-container\">\n                <img decoding=\"async\"\n                    class=\"focused-image\"\n                    data-focus-x=\"0.00\"\n                    data-focus-y=\"0.00\"\n                    src=\"https:\/\/www.rewe-group.com\/content\/uploads\/2023\/10\/rewe-group-karriere-im-ausland.jpg?t=2026050302\"\n                    alt=\"Person von oben, die mit einem Koffer in der Hand nach vorne geht.\"\n                    srcset=\"https:\/\/www.rewe-group.com\/content\/uploads\/2023\/10\/rewe-group-karriere-im-ausland-1024x683.jpg 1024w, https:\/\/www.rewe-group.com\/content\/uploads\/2023\/10\/rewe-group-karriere-im-ausland.jpg?t=2026050302 2560w\"\n                    aria-description=\"Person von oben, die mit einem Koffer in der Hand nach vorne geht.\"\n                    loading=\"lazy\"\n                     data-copyright=\"Person von oben, die mit einem Koffer in der Hand nach vorne geht. \u00a9 GoodLifeStudio (Getty Images)\" data-copyright-wrapper=\".text-teaser.bg-image\"                >\n            <\/div>\n        <\/div>\n        <div class=\"text-teaser__inner reweg-teaser-main\">\n        \n        \n        \n                    <ul class=\"text-teaser__links\">\n                                                                                                                <li>\n                                <a\n    class=\"arrow-link\"\n    href=\"https:\/\/rewe-group.at\/de\/unternehmen\/ueber-uns\"\n        target=\"_blank\" rel=\"noopener noreferrer\">\n    Zur REWE International AG<\/a>\n                            <\/li>\n                                                                                                                                                            <li>\n                                <a\n    class=\"arrow-link\"\n    href=\"https:\/\/www.rewe-fareast.com\/\"\n        target=\"_blank\" rel=\"noopener noreferrer\">\n    Zur REWE Far East <\/a>\n                            <\/li>\n                                                                        <\/ul>\n            <\/div>\n<\/div>                <\/li>\n                    <\/ul>\n    <\/div>\n<\/div>    <\/div>\n<\/div><\/div>\n<\/div>\n\n\n\n<div class=\"wp-block-myblocks-row-full-single row-full-single my-row-block row-full\"><div class=\"myblock-wrapper block-my-article-image\" data-module-name=\"Bild gro\u00df\"><div class=\"article-image margin-row-inner size-min-height mobile-size-natural text-pos-bottom\">\n            <div class=\"article-image__inner\">\n            <div class=\"article-image__img\">\n                <div class=\"article-image__focal-point-container\">\n                    <a\n                        href=\"https:\/\/www.rewe-group.com\/content\/uploads\/2026\/02\/REWEGr_Europa_Karte-1.jpg?t=2026050302\"\n                        class=\"post-image-zoom\"\n                        aria-label=\"Bild vergr\u00f6\u00dfern\"\n                                                data-text=\"&lt;p&gt;&lt;strong&gt;Belgien&lt;\/strong&gt; Conway, Koning Aap \u00b7 &lt;strong&gt;Bulgarien&lt;\/strong&gt; BILLA \u00b7 &lt;strong&gt;D\u00e4nemark&lt;\/strong&gt; Apollo \u00b7 &lt;strong&gt;Finnland&lt;\/strong&gt; Apollo \u00b7 &lt;strong&gt;Frankreich&lt;\/strong&gt; Kuoni \u00b7 &lt;strong&gt;Gro\u00dfbritannien&lt;\/strong&gt; Kuoni \u00b7 &lt;strong&gt;Italien&lt;\/strong&gt; PENNY, ananea \u00b7 &lt;strong&gt;Kroatien&lt;\/strong&gt; BIPA \u00b7 &lt;strong&gt;Litauen&lt;\/strong&gt; iki \u00b7 &lt;strong&gt;Niederlande&lt;\/strong&gt; Lekkerland, Prijsvrij vakanties \u00b7 &lt;strong&gt;Norwegen&lt;\/strong&gt; Apollo \u00b7&lt;strong&gt; \u00d6sterreich&lt;\/strong&gt; BILLA, PENNY, Bipa, ADEG, DERTOUR, Meiers Weltreisen, BILLA Reisen \u00b7 &lt;strong&gt;Polen&lt;\/strong&gt; DERTOUR, Meiers Weltreisen, EXIM tours \u00b7 &lt;strong&gt;Rum\u00e4nien&lt;\/strong&gt; PENNY, DERTOUR \u00b7 &lt;strong&gt;Schweden&lt;\/strong&gt; Apollo \u00b7 &lt;strong&gt;Schweiz&lt;\/strong&gt; Kuoni, Helvetic Tours, ITS Coop Travel \u00b7 &lt;strong&gt;Slowakei&lt;\/strong&gt; BILLA, DERTOUR, Meiers Weltreisen \u00b7 &lt;strong&gt;Spanien&lt;\/strong&gt; Conway, Playitas \u00b7 &lt;strong&gt;Tschechien&lt;\/strong&gt; BILLA, PENNY, DERTOUR, Meiers Weltreisen, EXIM tours, Fischer Group \u00b7&lt;strong&gt; Ungarn&lt;\/strong&gt; PENNY, DERTOUR, Meiers Weltreisen&lt;\/p&gt;\n\"                    >\n                        <div class=\"focused-image-container\">\n    <img decoding=\"async\"\n        class=\"post-image focused-image\"\n        data-focus-x=\"0.00\"\n        data-focus-y=\"0.00\"\n        src=\"https:\/\/www.rewe-group.com\/content\/uploads\/2026\/02\/REWEGr_Europa_Karte-1.jpg?t=2026050302\"\n        alt=\"Karte mit den Standorten der REWE Group\"\n        title=\"Europa Karte REWE Group\"                 loading=\"lazy\"\n         data-copyright=\"Karte mit den Standorten der REWE Group \u00a9REWE Group\"    >\n<\/div>\n                    <\/a>\n                <\/div>\n            <\/div>\n                            <div class=\"article-image__content\">\n                                        <div class=\"article-image__text entry-content\"><p><strong>Belgien<\/strong> Conway, Koning Aap \u00b7 <strong>Bulgarien<\/strong> BILLA \u00b7 <strong>D\u00e4nemark<\/strong> Apollo \u00b7 <strong>Finnland<\/strong> Apollo \u00b7 <strong>Frankreich<\/strong> Kuoni \u00b7 <strong>Gro\u00dfbritannien<\/strong> Kuoni \u00b7 <strong>Italien<\/strong> PENNY, ananea \u00b7 <strong>Kroatien<\/strong> BIPA \u00b7 <strong>Litauen<\/strong> iki \u00b7 <strong>Niederlande<\/strong> Lekkerland, Prijsvrij vakanties \u00b7 <strong>Norwegen<\/strong> Apollo \u00b7<strong> \u00d6sterreich<\/strong> BILLA, PENNY, Bipa, ADEG, DERTOUR, Meiers Weltreisen, BILLA Reisen \u00b7 <strong>Polen<\/strong> DERTOUR, Meiers Weltreisen, EXIM tours \u00b7 <strong>Rum\u00e4nien<\/strong> PENNY, DERTOUR \u00b7 <strong>Schweden<\/strong> Apollo \u00b7 <strong>Schweiz<\/strong> Kuoni, Helvetic Tours, ITS Coop Travel \u00b7 <strong>Slowakei<\/strong> BILLA, DERTOUR, Meiers Weltreisen \u00b7 <strong>Spanien<\/strong> Conway, Playitas \u00b7 <strong>Tschechien<\/strong> BILLA, PENNY, DERTOUR, Meiers Weltreisen, EXIM tours, Fischer Group \u00b7<strong> Ungarn<\/strong> PENNY, DERTOUR, Meiers Weltreisen<\/p>\n<\/div>                <\/div>\n                    <\/div>\n    <\/div>\n<\/div><\/div>\n<\/div>\n\n\n\n<div class=\"wp-block-myblocks-section block-section section-bg-white section-padding-top section-padding-bottom\">\n<div class=\"wp-block-myblocks-row-full-single row-full-single my-row-block row-full\"><div class=\"myblock-wrapper block-my-text-block block-ingrid\" data-module-name=\"Headline Copy Link\" id=\"geschichte\" data-onpage-anchor=\"Geschichte \">    <div class=\"textblock margin-row-inner\">\n        <div class=\"entry-content\">\n            <h2 class=\"smaller\">Wie alles begann&#8230;<\/h2>\n            <p>1927 schlossen sich 17 Einkaufsgenossenschaften zusammen, um den gemeinsamen Einkauf von Lebensmitteln zu organisieren. Daraus entstanden ist eine genossenschaftliche Unternehmensgruppe, die heute international pr\u00e4sent und erfolgreich ist. Als Genossenschaft mit fast 100-j\u00e4hriger Tradition wissen wir um unsere \u00f6kologische und soziale Verpflichtung gegen\u00fcber kommenden Generationen. Nachhaltige Zukunftssicherung ist unser Auftrag.<\/p>\n        <\/div>\n\n            <\/div>\n<\/div><\/div>\n\n\n\n<div class=\"wp-block-myblocks-row-full-2columns row-full-2columns my-row-block row-full\">\n<div class=\"wp-block-myblocks-row-full-2columns-cell row-cell row-full-2columns-cell my-cell-block\"><div class=\"myblock-wrapper block-my-score-card block-ingrid\" data-module-name=\"Score Card\">    <div class=\"score-card-slider compact-height\">\n  <div class=\"score-card-slider__slider\">\n    <div class=\"rewe-scorecard number white compact-height\" data-unit=\"Gr\u00fcndungsjahr\" data-format=\"\" data-value=\"1927\" data-use-thousands-separator=\"\">\n    <div class=\"card-contents-wrapper\">\n        <div class=\"card-header\">\n            <h2 class=\"title\">\u201eRevisionsverband der Westkauf-Genossenschaften\u201c \u2013 <br>kurz: REWE<\/h2>                            <p class=\"sub-title\">1927 schlossen sich 17 Einkaufsgenossenschaften zusammen, um den gemeinsamen Einkauf von Lebensmitteln zu organisieren. <\/p>\n                    <\/div>\n        <div class=\"card-number\">\n            <div class=\"number-wrapper\">\n                <span class=\"value\"><\/span>\n                <span class=\"unit\"><\/span>\n            <\/div>\n        <\/div>\n    <\/div>\n<\/div>  <\/div>\n<\/div>\n<\/div><\/div>\n\n\n\n<div class=\"wp-block-myblocks-row-full-2columns-cell row-cell row-full-2columns-cell my-cell-block\"><div class=\"myblock-wrapper block-my-text-teaser-gallery block-ingrid\" data-module-name=\"Teaser Contentmodul\"><div class=\"text-tasers-wrapper\">\n            <div class=\"text-taser-slider\">\n    <div class=\"text-taser-slider__slider\">\n        <ul class=\"rwgs__inner\">\n                                            <li>\n                    \n    <a href=\"https:\/\/www.rewe-group.com\/de\/geschichte\/#!\/\" target=\"_blank\" rel=\"noopener noreferrer\"    class=\"text-teaser bg-image dark-bg-section text-color-white link-hover-color-yellow with-1-link\"  data-module-name=\".teaser-contentmodul\">\n            <div class=\"text-teaser__background-wrapper\">\n            <div class=\"focused-image-container\">\n                <img decoding=\"async\"\n                    class=\"focused-image\"\n                    data-focus-x=\"0.00\"\n                    data-focus-y=\"0.00\"\n                    src=\"https:\/\/www.rewe-group.com\/content\/uploads\/2020\/12\/geschichte-2.jpg?t=2026050302\"\n                    alt=\"REWE-Markt aus den 50-ern\"\n                    srcset=\"https:\/\/www.rewe-group.com\/content\/uploads\/2020\/12\/geschichte-2.jpg?t=2026050302 1024w\"\n                    aria-description=\"REWE-Markt aus den 50-ern\"\n                    loading=\"lazy\"\n                     data-copyright=\"REWE-Markt aus den 50-ern \u00a9 REWE Group\" data-copyright-wrapper=\".text-teaser.bg-image\"                >\n            <\/div>\n        <\/div>\n        <div class=\"text-teaser__inner reweg-teaser-main\">\n        \n        \n        \n                    <ul class=\"text-teaser__links\">\n                                                            <li>\n                            <span class=\"arrow-link\">Zur Geschichte der REWE Group<\/span>\n                        <\/li>\n                                                <\/ul>\n            <\/div>\n<\/a>                <\/li>\n                    <\/ul>\n    <\/div>\n<\/div>    <\/div>\n<\/div><\/div>\n<\/div>\n<\/div>\n\n\n\n<div class=\"wp-block-myblocks-section block-section section-bg-gray section-padding-top section-padding-bottom\">\n<div class=\"wp-block-myblocks-row-full-single row-full-single my-row-block row-full\"><div class=\"myblock-wrapper block-my-text-block block-ingrid\" data-module-name=\"Headline Copy Link\" id=\"nachhaltigkeit\" data-onpage-anchor=\"Nachhaltigkeit \">    <div class=\"textblock margin-row-inner\">\n        <div class=\"entry-content\">\n            <h2 class=\"smaller\">Vorreiter in Sachen Nachhaltigkeit <\/h2>\n            <p>Nachhaltigkeit: Ein Wort, viele Perspektiven. Als Handels- und Touristikkonzern sind wir uns unserer besonderen Verantwortung gegen\u00fcber Menschen und Umwelt bewusst. Nachhaltige Unternehmensf\u00fchrung bedeutet f\u00fcr uns daher nicht nur, das Beste f\u00fcr Mitarbeitende und Kund:innen zu erm\u00f6glichen, sondern geht sehr viel weiter.<\/p>\n        <\/div>\n\n            <\/div>\n<\/div><\/div>\n\n\n\n<div class=\"wp-block-myblocks-row-full-2columns row-full-2columns my-row-block row-full\">\n<div class=\"wp-block-myblocks-row-full-2columns-cell row-cell row-full-2columns-cell my-cell-block\"><div class=\"myblock-wrapper block-my-score-card block-ingrid\" data-module-name=\"Score Card\">    <div class=\"score-card-slider compact-height\">\n  <div class=\"score-card-slider__slider\">\n    <div class=\"rewe-scorecard number black dark compact-height\" data-unit=\"Nachhaltigkeit im Leitbild verankert\" data-format=\"\" data-value=\"2008\" data-use-thousands-separator=\"\">\n    <div class=\"card-contents-wrapper\">\n        <div class=\"card-header\">\n            <h2 class=\"title\">Mehr als ein Trend.<\/h2>                            <p class=\"sub-title\">Seit 2008 ist Nachhaltigkeit im Leitbild der REWE Group verankert und wird seitdem durch das konzernweite Nachhaltigkeitsmanagement gelebt.<\/p>\n                    <\/div>\n        <div class=\"card-number\">\n            <div class=\"number-wrapper\">\n                <span class=\"value\"><\/span>\n                <span class=\"unit\"><\/span>\n            <\/div>\n        <\/div>\n    <\/div>\n<\/div>  <\/div>\n<\/div>\n<\/div><\/div>\n\n\n\n<div class=\"wp-block-myblocks-row-full-2columns-cell row-cell row-full-2columns-cell my-cell-block\"><div class=\"myblock-wrapper block-my-text-teaser-gallery block-ingrid\" data-module-name=\"Teaser Contentmodul\"><div class=\"text-tasers-wrapper\">\n            <div class=\"text-taser-slider\">\n    <div class=\"text-taser-slider__slider\">\n        <ul class=\"rwgs__inner\">\n                                            <li>\n                    \n    <div\n    class=\"text-teaser bg-image dark-bg-section text-color-white link-hover-color-yellow\"  data-module-name=\".teaser-contentmodul\">\n            <div class=\"text-teaser__background-wrapper\">\n            <div class=\"focused-image-container\">\n                <img decoding=\"async\"\n                    class=\"focused-image\"\n                    data-focus-x=\"0.00\"\n                    data-focus-y=\"0.00\"\n                    src=\"https:\/\/www.rewe-group.com\/content\/uploads\/2023\/01\/ahlenmoor-cuxhaven.jpg?t=2026050302\"\n                    alt=\"Moor von oben\"\n                    srcset=\"https:\/\/www.rewe-group.com\/content\/uploads\/2023\/01\/ahlenmoor-cuxhaven-1024x682.jpg 1024w, https:\/\/www.rewe-group.com\/content\/uploads\/2023\/01\/ahlenmoor-cuxhaven.jpg?t=2026050302 2560w\"\n                    aria-description=\"Moor von oben\"\n                    loading=\"lazy\"\n                     data-copyright=\"Moor von oben \u00a9 REWE\" data-copyright-wrapper=\".text-teaser.bg-image\"                >\n            <\/div>\n        <\/div>\n        <div class=\"text-teaser__inner reweg-teaser-main\">\n        \n        \n        \n                    <ul class=\"text-teaser__links\">\n                                                                                                                <li>\n                                <a\n    class=\"arrow-link\"\n    href=\"https:\/\/www.rewe-group.com\/de\/nachhaltigkeit\/\"\n        target=\"_self\">\n    Zur Nachhaltigkeitsseite<\/a>\n                            <\/li>\n                                                                                                                                                            <li>\n                                <a\n    class=\"arrow-link\"\n    href=\"https:\/\/rewe-group-nachhaltigkeitsbericht.de\/2024\/de\/\"\n        target=\"_blank\" rel=\"noopener noreferrer\">\n    Zum Fortschrittsbericht<\/a>\n                            <\/li>\n                                                                        <\/ul>\n            <\/div>\n<\/div>                <\/li>\n                    <\/ul>\n    <\/div>\n<\/div>    <\/div>\n<\/div><\/div>\n<\/div>\n<\/div>\n\n\n\n<div class=\"wp-block-myblocks-section block-section section-bg-white section-padding-top section-padding-bottom\">\n<div class=\"wp-block-myblocks-row-full-single row-full-single my-row-block row-full\"><div class=\"myblock-wrapper block-my-text-block block-ingrid\" data-module-name=\"Headline Copy Link\" id=\"handel\" data-onpage-anchor=\"Handel\">    <div class=\"textblock margin-row-inner\">\n        <div class=\"entry-content\">\n            <h2 class=\"smaller\">Handel: Individuell und vielf\u00e4ltig<\/h2>\n            <p>Im Lebensmitteleinzelhandel in Deutschland betreiben wir die Superm\u00e4rkte REWE und nahkauf, die Discount-M\u00e4rkte PENNY und Convenience-M\u00e4rkte. Online sind wir \u00fcber <a href=\"https:\/\/www.rewe.de\/\" target=\"_blank\" rel=\"noopener\">rewe.de<\/a> mit dem Liefer- und Abholservice einer der gr\u00f6\u00dften Player im Lebensmittelhandel. In Deutschland betreiben wir au\u00dferdem serviceorientierte toom Baum\u00e4rkte und B1 Discount-Baum\u00e4rkte f\u00fcr preissensitive Heimwerker:innen.<\/p>\n        <\/div>\n\n            <\/div>\n<\/div><\/div>\n\n\n\n<div class=\"wp-block-myblocks-row-full-2columns row-full-2columns my-row-block row-full\">\n<div class=\"wp-block-myblocks-row-full-2columns-cell row-cell row-full-2columns-cell my-cell-block\"><div class=\"myblock-wrapper block-my-score-card block-ingrid\" data-module-name=\"Score Card\">    <div class=\"score-card-slider compact-height\">\n  <div class=\"score-card-slider__slider\">\n    <div class=\"rewe-scorecard number black dark compact-height\" data-unit=\"\" data-format=\"\" data-value=\"10\" data-use-thousands-separator=\"\">\n    <div class=\"card-contents-wrapper\">\n        <div class=\"card-header\">\n            <h2 class=\"title\">Mit M\u00e4rkten in 10 L\u00e4ndern vertreten<\/h2>                            <p class=\"sub-title\">Im Lebensmitteleinzelhandel in Deutschland betreiben wir die Superm\u00e4rkte REWE und nahkauf, die Discount-M\u00e4rkte PENNY und Convenience-M\u00e4rkte.<\/p>\n                    <\/div>\n        <div class=\"card-number\">\n            <div class=\"number-wrapper\">\n                <span class=\"value\"><\/span>\n                <span class=\"unit\"><\/span>\n            <\/div>\n        <\/div>\n    <\/div>\n<\/div>  <\/div>\n<\/div>\n<\/div><\/div>\n\n\n\n<div class=\"wp-block-myblocks-row-full-2columns-cell row-cell row-full-2columns-cell my-cell-block\"><div class=\"myblock-wrapper block-my-text-teaser-gallery block-ingrid\" data-module-name=\"Teaser Contentmodul\"><div class=\"text-tasers-wrapper\">\n            <div class=\"text-taser-slider\">\n    <div class=\"text-taser-slider__slider\">\n        <ul class=\"rwgs__inner\">\n                                            <li>\n                    \n    <a href=\"https:\/\/www.rewe-group.com\/de\/unternehmen\/\" target=\"_self\"    class=\"text-teaser bg-image dark-bg-section text-color-white link-hover-color-yellow with-1-link\"  data-module-name=\".teaser-contentmodul\">\n            <div class=\"text-teaser__background-wrapper\">\n            <div class=\"focused-image-container\">\n                <img decoding=\"async\"\n                    class=\"focused-image\"\n                    data-focus-x=\"0.00\"\n                    data-focus-y=\"0.00\"\n                    src=\"https:\/\/www.rewe-group.com\/content\/uploads\/2021\/01\/convenience-scaled.jpg?t=2026050302\"\n                    alt=\"Einkaufswagen mit verschwommenen Hintergrund\"\n                    srcset=\"https:\/\/www.rewe-group.com\/content\/uploads\/2021\/01\/convenience-1024x985.jpg 1024w, https:\/\/www.rewe-group.com\/content\/uploads\/2021\/01\/convenience-scaled.jpg?t=2026050302 2560w\"\n                    aria-description=\"Einkaufswagen mit verschwommenen Hintergrund\"\n                    loading=\"lazy\"\n                     data-copyright=\"Einkaufswagen mit verschwommenen Hintergrund \u00a9 Kwangmoozaa (Getty Images)\" data-copyright-wrapper=\".text-teaser.bg-image\"                >\n            <\/div>\n        <\/div>\n        <div class=\"text-teaser__inner reweg-teaser-main\">\n        \n        \n        \n                    <ul class=\"text-teaser__links\">\n                                                            <li>\n                            <span class=\"arrow-link\">\u00dcber das Unternehmen<\/span>\n                        <\/li>\n                                                <\/ul>\n            <\/div>\n<\/a>                <\/li>\n                    <\/ul>\n    <\/div>\n<\/div>    <\/div>\n<\/div><\/div>\n<\/div>\n<\/div>\n\n\n\n<div class=\"wp-block-myblocks-section block-section section-bg-gray section-padding-top section-padding-bottom\">\n<div class=\"wp-block-myblocks-row-full-single row-full-single my-row-block row-full\"><div class=\"myblock-wrapper block-my-text-block block-ingrid\" data-module-name=\"Headline Copy Link\" id=\"convenience\" data-onpage-anchor=\"Convenience \">    <div class=\"textblock margin-row-inner\">\n        <div class=\"entry-content\">\n            <h2 class=\"smaller\">Die Lekkerland Gruppe \u2013 unser Spezialist f\u00fcr die Unterwegsversorgung<\/h2>\n            <p>In Kombination mit der Logistik und der Gro\u00dfhandels-Expertise der Lekkerland Gruppe sind wir auch im stetig wachsenden Convenience-Bereich gut aufgestellt und bieten unseren Kund:innen ein umfassendes Sortiment an verzehrfertigen Produkten. Die Lekkerland Gruppe beliefert Tankstellenshops, Kioske, Convenience-M\u00e4rkte, B\u00e4ckereien, den Lebensmitteleinzelhandel und Quick Service Restaurants. Neben Deutschland ist die Lekkerland Gruppe in Belgien, den Niederlanden und Spanien vertreten. In Belgien und Spanien tritt sie unter dem Namen Conway auf.<\/p>\n        <\/div>\n\n            <\/div>\n<\/div><\/div>\n\n\n\n<div class=\"wp-block-myblocks-row-full-2columns row-full-2columns my-row-block row-full\">\n<div class=\"wp-block-myblocks-row-full-2columns-cell row-cell row-full-2columns-cell my-cell-block\"><div class=\"myblock-wrapper block-my-score-card block-ingrid\" data-module-name=\"Score Card\">    <div class=\"score-card-slider compact-height\">\n  <div class=\"score-card-slider__slider\">\n    <div class=\"rewe-scorecard number black dark compact-height mid-value\" data-unit=\"\" data-format=\"Jahre\" data-value=\"60\" data-use-thousands-separator=\"\">\n    <div class=\"card-contents-wrapper\">\n        <div class=\"card-header\">\n            <h2 class=\"title\">Unterwegskonsum mitgestalten<\/h2>                            <p class=\"sub-title\">Lekkerland ist der Spezialist f\u00fcr den Unterwegskonsum \u2013 seit mehr als 60 Jahren. <\/p>\n                    <\/div>\n        <div class=\"card-number\">\n            <div class=\"number-wrapper\">\n                <span class=\"value\"><\/span>\n                <span class=\"unit\"><\/span>\n            <\/div>\n        <\/div>\n    <\/div>\n<\/div>  <\/div>\n<\/div>\n<\/div><\/div>\n\n\n\n<div class=\"wp-block-myblocks-row-full-2columns-cell row-cell row-full-2columns-cell my-cell-block\"><div class=\"myblock-wrapper block-my-text-teaser-gallery block-ingrid\" data-module-name=\"Teaser Contentmodul\"><div class=\"text-tasers-wrapper\">\n            <div class=\"text-taser-slider\">\n    <div class=\"text-taser-slider__slider\">\n        <ul class=\"rwgs__inner\">\n                                            <li>\n                    \n    <a href=\"https:\/\/www.lekkerland.de\/\" target=\"_blank\" rel=\"noopener noreferrer\"    class=\"text-teaser bg-image dark-bg-section text-color-white link-hover-color-yellow with-1-link\"  data-module-name=\".teaser-contentmodul\">\n            <div class=\"text-teaser__background-wrapper\">\n            <div class=\"focused-image-container\">\n                <img decoding=\"async\"\n                    class=\"focused-image\"\n                    data-focus-x=\"0.00\"\n                    data-focus-y=\"0.00\"\n                    src=\"https:\/\/www.rewe-group.com\/content\/uploads\/2020\/11\/Lekkerland_Mitarbeiter.jpg?t=2026050302\"\n                    alt=\"Lekkerland-Mitarbeiter\"\n                    srcset=\"https:\/\/www.rewe-group.com\/content\/uploads\/2020\/11\/Lekkerland_Mitarbeiter-1024x683.jpg 1024w, https:\/\/www.rewe-group.com\/content\/uploads\/2020\/11\/Lekkerland_Mitarbeiter.jpg?t=2026050302 2560w\"\n                    aria-description=\"Lekkerland-Mitarbeiter\"\n                    loading=\"lazy\"\n                     data-copyright=\"Lekkerland-Mitarbeiter \u00a9 Lekkerland SE\" data-copyright-wrapper=\".text-teaser.bg-image\"                >\n            <\/div>\n        <\/div>\n        <div class=\"text-teaser__inner reweg-teaser-main\">\n        \n        \n        \n                    <ul class=\"text-teaser__links\">\n                                                            <li>\n                            <span class=\"arrow-link\">Zur Lekkerland Gruppe<\/span>\n                        <\/li>\n                                                <\/ul>\n            <\/div>\n<\/a>                <\/li>\n                    <\/ul>\n    <\/div>\n<\/div>    <\/div>\n<\/div><\/div>\n<\/div>\n<\/div>\n\n\n\n<div class=\"wp-block-myblocks-section block-section section-bg-white section-padding-top section-padding-bottom\">\n<div class=\"wp-block-myblocks-row-full-single row-full-single my-row-block row-full\"><div class=\"myblock-wrapper block-my-text-block block-ingrid\" data-module-name=\"Headline Copy Link\" id=\"touristik\" data-onpage-anchor=\"Touristik \">    <div class=\"textblock margin-row-inner\">\n        <div class=\"entry-content\">\n            <h2 class=\"smaller\">Touristische Vielfalt und Kompetenz<\/h2>\n            <p>Die Touristik bildet unser zweites Kerngesch\u00e4ft unter dem Dach der DERTOUR Group. J\u00e4hrlich verreisen Millionen G\u00e4ste mit einem unserer Reiseveranstalter oder Spezialisten. Auch vor Ort sind wir f\u00fcr unsere G\u00e4ste aktiv: Mit 74 B\u00fcros ist das konzerneigene Agenturnetzwerk in 29 Reisel\u00e4ndern pr\u00e4sent. Die Mitarbeitenden der Zielgebietsagenturen betreuen unsere G\u00e4ste von der Ankunft bis zum Abflug am Urlaubsort.<\/p>\n        <\/div>\n\n            <\/div>\n<\/div><\/div>\n\n\n\n<div class=\"wp-block-myblocks-row-full-2columns row-full-2columns my-row-block row-full\">\n<div class=\"wp-block-myblocks-row-full-2columns-cell row-cell row-full-2columns-cell my-cell-block\"><div class=\"myblock-wrapper block-my-score-card block-ingrid\" data-module-name=\"Score Card\">    <div class=\"score-card-slider compact-height\">\n  <div class=\"score-card-slider__slider\">\n    <div class=\"rewe-scorecard number white compact-height\" data-unit=\"Unternehmen\" data-format=\"\" data-value=\"180\" data-use-thousands-separator=\"\">\n    <div class=\"card-contents-wrapper\">\n        <div class=\"card-header\">\n            <h2 class=\"title\">Ein starkes Netzwerk.<\/h2>                            <p class=\"sub-title\">\u00dcber 180 Unternehmen in 16 L\u00e4ndern Europas sind Teil unseres Portfolios in der Touristik.<\/p>\n                    <\/div>\n        <div class=\"card-number\">\n            <div class=\"number-wrapper\">\n                <span class=\"value\"><\/span>\n                <span class=\"unit\"><\/span>\n            <\/div>\n        <\/div>\n    <\/div>\n<\/div>  <\/div>\n<\/div>\n<\/div><\/div>\n\n\n\n<div class=\"wp-block-myblocks-row-full-2columns-cell row-cell row-full-2columns-cell my-cell-block\"><div class=\"myblock-wrapper block-my-text-teaser-gallery block-ingrid\" data-module-name=\"Teaser Contentmodul\"><div class=\"text-tasers-wrapper\">\n            <div class=\"text-taser-slider\">\n    <div class=\"text-taser-slider__slider\">\n        <ul class=\"rwgs__inner\">\n                                            <li>\n                    \n    <a href=\"https:\/\/www.dertour-group.com\/\" target=\"_blank\" rel=\"noopener noreferrer\"    class=\"text-teaser bg-image dark-bg-section text-color-white link-hover-color-yellow with-1-link\"  data-module-name=\".teaser-contentmodul\">\n            <div class=\"text-teaser__background-wrapper\">\n            <div class=\"focused-image-container\">\n                <img decoding=\"async\"\n                    class=\"focused-image\"\n                    data-focus-x=\"0.00\"\n                    data-focus-y=\"0.00\"\n                    src=\"https:\/\/www.rewe-group.com\/content\/uploads\/2022\/07\/strand-kuenstliche-intelligenz-dertour-reisebuero-rewe-group-digitalisierung-touristik.jpg?t=2026050302\"\n                    alt=\"Vogelperspektive auf einen leeren Strandabschnitt\"\n                    srcset=\"https:\/\/www.rewe-group.com\/content\/uploads\/2022\/07\/strand-kuenstliche-intelligenz-dertour-reisebuero-rewe-group-digitalisierung-touristik-1024x682.jpg 1024w, https:\/\/www.rewe-group.com\/content\/uploads\/2022\/07\/strand-kuenstliche-intelligenz-dertour-reisebuero-rewe-group-digitalisierung-touristik.jpg?t=2026050302 2560w\"\n                    aria-description=\"Vogelperspektive auf einen leeren Strandabschnitt\"\n                    loading=\"lazy\"\n                     data-copyright=\"Vogelperspektive auf einen leeren Strandabschnitt. \u00a9Den-belitsky\" data-copyright-wrapper=\".text-teaser.bg-image\"                >\n            <\/div>\n        <\/div>\n        <div class=\"text-teaser__inner reweg-teaser-main\">\n        \n        \n        \n                    <ul class=\"text-teaser__links\">\n                                                            <li>\n                            <span class=\"arrow-link\">Zur DERTOUR Group<\/span>\n                        <\/li>\n                                                <\/ul>\n            <\/div>\n<\/a>                <\/li>\n                    <\/ul>\n    <\/div>\n<\/div>    <\/div>\n<\/div><\/div>\n<\/div>\n<\/div>\n\n\n\n<div class=\"wp-block-myblocks-section block-section section-bg-gray section-padding-top section-padding-bottom\">\n<div class=\"wp-block-myblocks-row-full-single row-full-single my-row-block row-full\"><div class=\"myblock-wrapper block-my-text-block block-ingrid\" data-module-name=\"Headline Copy Link\" id=\"karriere\" data-onpage-anchor=\"Karriere \">    <div class=\"textblock margin-row-inner\">\n        <div class=\"entry-content\">\n            <h2 class=\"smaller\">Wir suchen Talente. <\/h2>\n            <p>Daf\u00fcr bieten wir vielf\u00e4ltige Jobm\u00f6glichkeiten in einem spannenden Umfeld. Neben den klassischen Verkaufst\u00e4tigkeiten in den Filialen und M\u00e4rkten gibt es etwa 300 unterschiedliche Berufsbilder in den Zentralbereichen, M\u00e4rkten, Reiseb\u00fcros und L\u00e4gern. Ob Auszubildende:r, Mitarbeiter:in oder Manager:in \u2013 jedes Level an Berufserfahrung ist gefragt.<\/p>\n        <\/div>\n\n            <\/div>\n<\/div><\/div>\n\n\n\n<div class=\"wp-block-myblocks-row-full-2columns row-full-2columns my-row-block row-full\">\n<div class=\"wp-block-myblocks-row-full-2columns-cell row-cell row-full-2columns-cell my-cell-block\"><div class=\"myblock-wrapper block-my-score-card block-ingrid\" data-module-name=\"Score Card\">    <div class=\"score-card-slider\">\n  <div class=\"score-card-slider__slider\">\n    <div class=\"rewe-scorecard number white\" data-unit=\"\" data-format=\"\" data-value=\"43\" data-use-thousands-separator=\"\">\n    <div class=\"card-contents-wrapper\">\n        <div class=\"card-header\">\n            <h2 class=\"title\">Ausbildungsberufe und Duale Studieng\u00e4nge<\/h2>                            <p class=\"sub-title\">Neben den klassischen Verkaufst\u00e4tigkeiten in den Filialen und M\u00e4rkten bieten wir etwa 300 unterschiedliche Berufsbilder.\r\n<\/p>\n                    <\/div>\n        <div class=\"card-number\">\n            <div class=\"number-wrapper\">\n                <span class=\"value\"><\/span>\n                <span class=\"unit\"><\/span>\n            <\/div>\n        <\/div>\n    <\/div>\n<\/div>  <\/div>\n<\/div>\n<\/div><\/div>\n\n\n\n<div class=\"wp-block-myblocks-row-full-2columns-cell row-cell row-full-2columns-cell my-cell-block\"><div class=\"myblock-wrapper block-my-text-teaser-gallery block-ingrid\" data-module-name=\"Teaser Contentmodul\"><div class=\"text-tasers-wrapper\">\n            <div class=\"text-taser-slider\">\n    <div class=\"text-taser-slider__slider\">\n        <ul class=\"rwgs__inner\">\n                                            <li>\n                    \n    <a href=\"https:\/\/karriere.rewe-group.com\/\" target=\"_blank\" rel=\"noopener noreferrer\"    class=\"text-teaser bg-image dark-bg-section text-color-white link-hover-color-yellow with-1-link\"  data-module-name=\".teaser-contentmodul\">\n            <div class=\"text-teaser__background-wrapper\">\n            <div class=\"focused-image-container\">\n                <img decoding=\"async\"\n                    class=\"focused-image\"\n                    data-focus-x=\"0.00\"\n                    data-focus-y=\"0.00\"\n                    src=\"https:\/\/www.rewe-group.com\/content\/uploads\/2021\/02\/team-karriere-talent-management-scaled.jpg?t=2026050302\"\n                    alt=\"Eine Gruppe junger Menschen in einer Team-Besprechung\"\n                    srcset=\"https:\/\/www.rewe-group.com\/content\/uploads\/2021\/02\/team-karriere-talent-management-1024x683.jpg 1024w, https:\/\/www.rewe-group.com\/content\/uploads\/2021\/02\/team-karriere-talent-management-scaled.jpg?t=2026050302 2560w\"\n                    aria-description=\"Eine Gruppe junger Menschen in einer Team-Besprechung\"\n                    loading=\"lazy\"\n                     data-copyright=\"Eine Gruppe junger Menschen in einer Team-Besprechung \u00a9 alvarez (Getty Images)\" data-copyright-wrapper=\".text-teaser.bg-image\"                >\n            <\/div>\n        <\/div>\n        <div class=\"text-teaser__inner reweg-teaser-main\">\n        \n        \n        \n                    <ul class=\"text-teaser__links\">\n                                                            <li>\n                            <span class=\"arrow-link\">Zur Karriere Seite <\/span>\n                        <\/li>\n                                                <\/ul>\n            <\/div>\n<\/a>                <\/li>\n                    <\/ul>\n    <\/div>\n<\/div>    <\/div>\n<\/div><\/div>\n<\/div>\n<\/div>\n\n\n\n<div class=\"wp-block-myblocks-section block-section section-bg-white section-padding-top section-padding-bottom\">\n<div class=\"wp-block-myblocks-row-full-single row-full-single my-row-block row-full\"><div class=\"myblock-wrapper block-my-post-slider\" data-module-name=\"Relevant Content Collection\">    <div class=\"posts-slider\">\n    <div class=\"posts-slider__inner row-margin-single\">\n        <div class=\"posts-slider__header\">\n            <h2 class=\"posts-slider__title\">Neues aus der REWE Group<\/h2>\n            \n                    <\/div>\n        <div class=\"posts-slider__slider\">\n            <ul class=\"rwgs__inner\">\n                                    <li class=\"posts-slider__slide medium\">\n                        <div class=\"post-teaser post-teaser_default bg-dark medium type-press_release\">\n    <a\n        href=\"https:\/\/www.rewe-group.com\/de\/presse-und-medien\/newsroom\/pressemitteilungen\/rewe-group-knackt-2025-die-100-milliarden-euro-umsatzmarke\/\"\n        class=\"post-teaser__inner text-focus\"\n        data-tracking=\"{&quot;event&quot;:&quot;click_teaser&quot;,&quot;link_url&quot;:&quot;https:\\\/\\\/www.rewe-group.com\\\/de\\\/presse-und-medien\\\/newsroom\\\/pressemitteilungen\\\/rewe-group-knackt-2025-die-100-milliarden-euro-umsatzmarke\\\/&quot;,&quot;element_name&quot;:&quot;Trotz schwieriger Rahmenbedingungen: &lt;br&gt; REWE Group knackt 2025 die &lt;br&gt;100-Milliarden-Euro-Umsatzmarke &quot;,&quot;modul_name&quot;:&quot;.teaser-editorial&quot;}\"\n    >\n        <div\n            class=\"new-post-teaser__background-wrapper\"\n                    >\n                                            <div class=\"focused-image-container\">\n                    <img decoding=\"async\"\n                        class=\"focused-image\"\n                        data-focus-x=\"-0.03\"\n                        data-focus-y=\"0.41\"\n                        src=\"https:\/\/www.rewe-group.com\/content\/uploads\/2026\/04\/rewe-group-bilanz-2025.jpg?t=2026050302\"\n                        alt=\"Lionel Souque und Telerik Schischmanow stehen nebeneinander\"\n                        loading=\"lazy\"\n                         data-copyright=\"Lionel Souque, CEO der REWE Group (links) und Telerik Schischmanow, CFO der REWE Group stehen nebeneinander \u00a9 REWE Group\"                    >\n                <\/div>\n            \n                    <\/div>\n\n        <div class=\"new-post-teaser__content-wrapper\">\n            <div class=\"new-post-teaser__content-inner\">\n                                    <p class=\"new-post-teaser__type\">Pressemitteilung<\/p>\n                                <div class=\"new-post-teaser__content\">\n                    <p class=\"post-teaser__note\">22. April 2026<\/p>\n                    <h3 class=\"post-teaser__title\">Trotz schwieriger Rahmenbedingungen: <br> REWE Group knackt 2025 die <br>100-Milliarden-Euro-Umsatzmarke <\/h3>                                    <\/div>\n            <\/div>\n        <\/div>\n    <\/a>\n            <button\n        type=\"button\"\n        class=\"btn-icon icon-add add2basket small\"\n        aria-label=\"in die Sammlung hinzuf\u00fcgen\"\n        data-post-id=\"47991\"\n        data-blog-id=\"2\"\n        data-tracking=\"{&quot;event&quot;:&quot;click_add_to_collection&quot;,&quot;modul_name&quot;:&quot;.teaser-editorial&quot;,&quot;post_title&quot;:&quot;REWE Group knackt\\u00a02025\\u00a0die\\u00a0100-Milliarden-Euro-Umsatzmarke\\u00a0&quot;,&quot;post_type&quot;:&quot;press_release&quot;,&quot;post_category&quot;:&quot;Unternehmen&quot;}\"\n    ><\/button>\n<\/div>\n                    <\/li>\n                                    <li class=\"posts-slider__slide medium\">\n                        <div class=\"post-teaser post-teaser_default medium type-press_release post-teaser__pattern pattern1 red-pattern\">\n    <a\n        href=\"https:\/\/www.rewe-group.com\/de\/presse-und-medien\/newsroom\/pressemitteilungen\/rewe-group-und-genossenschaft-migros-zuerich-vereinbaren-uebernahme-von-bis-zu-40-tegut-maerkten\/\"\n        class=\"post-teaser__inner has-illustration\"\n        style=\"background-image: url(https:\/\/www.rewe-group.com\/content\/themes\/reweg\/img\/pattern1.svg);\"        data-tracking=\"{&quot;event&quot;:&quot;click_teaser&quot;,&quot;link_url&quot;:&quot;https:\\\/\\\/www.rewe-group.com\\\/de\\\/presse-und-medien\\\/newsroom\\\/pressemitteilungen\\\/rewe-group-und-genossenschaft-migros-zuerich-vereinbaren-uebernahme-von-bis-zu-40-tegut-maerkten\\\/&quot;,&quot;element_name&quot;:&quot;REWE Group und\\u00a0Genossenschaft\\u00a0Migros Z\\u00fcrich vereinbaren \\u00dcbernahme von\\u00a0bis zu\\u00a040\\u00a0Tegut M\\u00e4rkten\\u00a0&quot;,&quot;modul_name&quot;:&quot;.teaser-editorial&quot;}\"\n    >\n                <div class=\"post-teaser__content-wrapper\">\n            <p class=\"post-teaser__type\">Pressemitteilung<\/p>\n                            <div class=\"post-teaser__illustration\" style=\"background-image: url('https:\/\/www.rewe-group.com\/content\/themes\/reweg\/img\/illu-handschlag.svg');\"><\/div>\n                        <div class=\"post-teaser__content\">\n                <p class=\"post-teaser__note\">16. April 2026<\/p>\n                <h3 class=\"post-teaser__title\">REWE Group und\u00a0Genossenschaft\u00a0Migros Z\u00fcrich vereinbaren \u00dcbernahme von\u00a0bis zu\u00a040\u00a0Tegut M\u00e4rkten\u00a0<\/h3>                            <\/div>\n        <\/div>\n    <\/a>\n            <button\n        type=\"button\"\n        class=\"btn-icon icon-add add2basket small\"\n        aria-label=\"in die Sammlung hinzuf\u00fcgen\"\n        data-post-id=\"47973\"\n        data-blog-id=\"2\"\n        data-tracking=\"{&quot;event&quot;:&quot;click_add_to_collection&quot;,&quot;modul_name&quot;:&quot;.teaser-editorial&quot;,&quot;post_title&quot;:&quot;REWE Group und\\u00a0Genossenschaft\\u00a0Migros Z\\u00fcrich vereinbaren \\u00dcbernahme von\\u00a0bis zu\\u00a040\\u00a0Tegut M\\u00e4rkten\\u00a0&quot;,&quot;post_type&quot;:&quot;press_release&quot;,&quot;post_category&quot;:&quot;Unternehmen&quot;}\"\n    ><\/button>\n<\/div>\n                    <\/li>\n                                    <li class=\"posts-slider__slide medium\">\n                        <div class=\"post-teaser post-teaser_default medium type-press_release\">\n    <a\n        href=\"https:\/\/www.rewe-group.com\/de\/presse-und-medien\/newsroom\/pressemitteilungen\/rewe-eroeffnet-testmarkt-mit-pickgo-technologie-in-hannover\/\"\n        class=\"post-teaser__inner\"\n                data-tracking=\"{&quot;event&quot;:&quot;click_teaser&quot;,&quot;link_url&quot;:&quot;https:\\\/\\\/www.rewe-group.com\\\/de\\\/presse-und-medien\\\/newsroom\\\/pressemitteilungen\\\/rewe-eroeffnet-testmarkt-mit-pickgo-technologie-in-hannover\\\/&quot;,&quot;element_name&quot;:&quot;REWE\\u00a0er\\u00f6ffnet\\u00a0Testmarkt mit\\u00a0Pick&amp;amp;Go-Technologie\\u00a0in Hannover&quot;,&quot;modul_name&quot;:&quot;.teaser-editorial&quot;}\"\n    >\n                                <div class=\"post-teaser__background-wrapper\">\n                <div class=\"focused-image-container\">\n                    <img decoding=\"async\"\n                        class=\"focused-image\"\n                        data-focus-x=\"0.00\"\n                        data-focus-y=\"0.00\"\n                        src=\"https:\/\/www.rewe-group.com\/content\/uploads\/2026\/03\/Rewe-Pick-and-Go.jpg?t=2026050302\"\n                        alt=\"Das Bild zeigt den Eingang eines Gesch\u00e4fts mit gro\u00dfen Leuchtschildern, auf denen \"REWE\u201c in Rot und \"Pick&#038;Go\u201c in T\u00fcrkis steht.\"\n                        loading=\"lazy\"\n                         data-copyright=\"Das Bild zeigt den Eingang eines Gesch\u00e4fts mit gro\u00dfen Leuchtschildern, auf denen &quot;REWE\u201c in Rot und &quot;Pick&amp;Go\u201c in T\u00fcrkis steht. \u00a9S.Verissimo \" data-copyright-wrapper=\".post-teaser__inner\"                    >\n                <\/div>\n            <\/div>\n                <div class=\"post-teaser__content-wrapper\">\n            <p class=\"post-teaser__type\">Pressemitteilung<\/p>\n                        <div class=\"post-teaser__content\">\n                <p class=\"post-teaser__note\">25. M\u00e4rz 2026<\/p>\n                <h3 class=\"post-teaser__title\">REWE\u00a0er\u00f6ffnet\u00a0Testmarkt mit\u00a0Pick&amp;Go-Technologie\u00a0in Hannover<\/h3>                            <\/div>\n        <\/div>\n    <\/a>\n            <button\n        type=\"button\"\n        class=\"btn-icon icon-add add2basket small\"\n        aria-label=\"in die Sammlung hinzuf\u00fcgen\"\n        data-post-id=\"47759\"\n        data-blog-id=\"2\"\n        data-tracking=\"{&quot;event&quot;:&quot;click_add_to_collection&quot;,&quot;modul_name&quot;:&quot;.teaser-editorial&quot;,&quot;post_title&quot;:&quot;REWE\\u00a0er\\u00f6ffnet\\u00a0Testmarkt mit\\u00a0Pick&amp;amp;Go-Technologie\\u00a0in Hannover&quot;,&quot;post_type&quot;:&quot;press_release&quot;,&quot;post_category&quot;:&quot;Unternehmen&quot;}\"\n    ><\/button>\n<\/div>\n                    <\/li>\n                                    <li class=\"posts-slider__slide medium\">\n                        <div class=\"post-teaser post-teaser_default medium type-post\">\n    <a\n        href=\"https:\/\/www.rewe-group.com\/de\/presse-und-medien\/newsroom\/stories\/gegenfrage-warum-sollte-eine-frau-zoegern\/\"\n        class=\"post-teaser__inner\"\n                data-tracking=\"{&quot;event&quot;:&quot;click_teaser&quot;,&quot;link_url&quot;:&quot;https:\\\/\\\/www.rewe-group.com\\\/de\\\/presse-und-medien\\\/newsroom\\\/stories\\\/gegenfrage-warum-sollte-eine-frau-zoegern\\\/&quot;,&quot;element_name&quot;:&quot;\\u201cGegenfrage: Warum sollte eine Frau z\\u00f6gern?\\u201d&quot;,&quot;modul_name&quot;:&quot;.teaser-editorial&quot;}\"\n    >\n                                <div class=\"post-teaser__background-wrapper\">\n                <div class=\"focused-image-container\">\n                    <img decoding=\"async\"\n                        class=\"focused-image\"\n                        data-focus-x=\"0.00\"\n                        data-focus-y=\"0.00\"\n                        src=\"https:\/\/www.rewe-group.com\/content\/uploads\/2026\/03\/Debora-Agelidu-Portaraet.jpg?t=2026050302\"\n                        alt=\"Auf dem Bild ist Debora Agelidu zu sehen. Sie steht an einer Obst- und Gem\u00fcseauslage in einem Supermarkt.\"\n                        loading=\"lazy\"\n                         data-copyright=\"Auf dem Bild ist Debora Agelidu zu sehen. Sie steht an einer Obst- und Gem\u00fcseauslage in einem Supermarkt. \u00a9REWE Group\" data-copyright-wrapper=\".post-teaser__inner\"                    >\n                <\/div>\n            <\/div>\n                <div class=\"post-teaser__content-wrapper\">\n            <p class=\"post-teaser__type\">Story<\/p>\n                        <div class=\"post-teaser__content\">\n                <p class=\"post-teaser__note\">24. M\u00e4rz 2026<\/p>\n                <h3 class=\"post-teaser__title\">\u201cGegenfrage: Warum sollte eine Frau z\u00f6gern?\u201d<\/h3>                            <\/div>\n        <\/div>\n    <\/a>\n            <button\n        type=\"button\"\n        class=\"btn-icon icon-add add2basket small\"\n        aria-label=\"in die Sammlung hinzuf\u00fcgen\"\n        data-post-id=\"47788\"\n        data-blog-id=\"2\"\n        data-tracking=\"{&quot;event&quot;:&quot;click_add_to_collection&quot;,&quot;modul_name&quot;:&quot;.teaser-editorial&quot;,&quot;post_title&quot;:&quot;\\u201cGegenfrage: Warum sollte eine Frau z\\u00f6gern?\\u201d&quot;,&quot;post_type&quot;:&quot;post&quot;,&quot;post_category&quot;:&quot;Unternehmen&quot;}\"\n    ><\/button>\n<\/div>\n                    <\/li>\n                                    <li class=\"posts-slider__slide medium\">\n                        <div class=\"post-teaser post-teaser_default medium type-press_release\">\n    <a\n        href=\"https:\/\/www.rewe-group.com\/de\/presse-und-medien\/newsroom\/pressemitteilungen\/einkaufen-im-vorbeifahren-rewe-bietet-jetzt-auch-drivego\/\"\n        class=\"post-teaser__inner\"\n                data-tracking=\"{&quot;event&quot;:&quot;click_teaser&quot;,&quot;link_url&quot;:&quot;https:\\\/\\\/www.rewe-group.com\\\/de\\\/presse-und-medien\\\/newsroom\\\/pressemitteilungen\\\/einkaufen-im-vorbeifahren-rewe-bietet-jetzt-auch-drivego\\\/&quot;,&quot;element_name&quot;:&quot;Einkaufen im Vorbeifahren: REWE\\u00a0bietet jetzt auch\\u00a0Drive&amp;amp;Go&quot;,&quot;modul_name&quot;:&quot;.teaser-editorial&quot;}\"\n    >\n                                <div class=\"post-teaser__background-wrapper\">\n                <div class=\"focused-image-container\">\n                    <img decoding=\"async\"\n                        class=\"focused-image\"\n                        data-focus-x=\"0.00\"\n                        data-focus-y=\"0.00\"\n                        src=\"https:\/\/www.rewe-group.com\/content\/uploads\/2026\/03\/rewe-drive-go-euskirchen.jpg?t=2026050302\"\n                        alt=\"Eine Person sitzt in einem Auto auf dem Fahrersitz und h\u00e4lt ein Smartphone aus dem Fenster, w\u00e4hrend ein REWE Drive&#038;Go Mitarbeiter drau\u00dfen ein Ger\u00e4t zum Scannen oder Bezahlen entgegenh\u00e4lt. Im Hintergrund ist ein ge\u00f6ffnetes Kofferraumfach und ein Geb\u00e4ude mit Beschilderung erkennbar.\"\n                        loading=\"lazy\"\n                         data-copyright=\"Eine Person sitzt in einem Auto auf dem Fahrersitz und h\u00e4lt ein Smartphone aus dem Fenster, w\u00e4hrend ein REWE Drive&amp;Go Mitarbeiter drau\u00dfen ein Ger\u00e4t zum Scannen oder Bezahlen entgegenh\u00e4lt. Im Hintergrund ist ein ge\u00f6ffnetes Kofferraumfach und ein Geb\u00e4ude mit Beschilderung erkennbar. \u00a9Michael Breuer I Photokonzept\" data-copyright-wrapper=\".post-teaser__inner\"                    >\n                <\/div>\n            <\/div>\n                <div class=\"post-teaser__content-wrapper\">\n            <p class=\"post-teaser__type\">Pressemitteilung<\/p>\n                        <div class=\"post-teaser__content\">\n                <p class=\"post-teaser__note\">24. M\u00e4rz 2026<\/p>\n                <h3 class=\"post-teaser__title\">Einkaufen im Vorbeifahren: REWE\u00a0bietet jetzt auch\u00a0Drive&amp;Go<\/h3>                            <\/div>\n        <\/div>\n    <\/a>\n            <button\n        type=\"button\"\n        class=\"btn-icon icon-add add2basket small\"\n        aria-label=\"in die Sammlung hinzuf\u00fcgen\"\n        data-post-id=\"47764\"\n        data-blog-id=\"2\"\n        data-tracking=\"{&quot;event&quot;:&quot;click_add_to_collection&quot;,&quot;modul_name&quot;:&quot;.teaser-editorial&quot;,&quot;post_title&quot;:&quot;Einkaufen im Vorbeifahren: REWE\\u00a0bietet jetzt auch\\u00a0Drive&amp;amp;Go&quot;,&quot;post_type&quot;:&quot;press_release&quot;,&quot;post_category&quot;:&quot;Unternehmen&quot;}\"\n    ><\/button>\n<\/div>\n                    <\/li>\n                                    <li class=\"posts-slider__slide medium\">\n                        <div class=\"post-teaser post-teaser_default medium type-post\">\n    <a\n        href=\"https:\/\/www.rewe-group.com\/de\/presse-und-medien\/newsroom\/stories\/mut-machen-foerdern-fragen-stellen\/\"\n        class=\"post-teaser__inner\"\n                data-tracking=\"{&quot;event&quot;:&quot;click_teaser&quot;,&quot;link_url&quot;:&quot;https:\\\/\\\/www.rewe-group.com\\\/de\\\/presse-und-medien\\\/newsroom\\\/stories\\\/mut-machen-foerdern-fragen-stellen\\\/&quot;,&quot;element_name&quot;:&quot;\\u201cMut machen, f\\u00f6rdern, Fragen stellen\\u201d&quot;,&quot;modul_name&quot;:&quot;.teaser-editorial&quot;}\"\n    >\n                                <div class=\"post-teaser__background-wrapper\">\n                <div class=\"focused-image-container\">\n                    <img decoding=\"async\"\n                        class=\"focused-image\"\n                        data-focus-x=\"0.00\"\n                        data-focus-y=\"0.00\"\n                        src=\"https:\/\/www.rewe-group.com\/content\/uploads\/2026\/03\/Elisabeth-Promberger-Portrait.jpg?t=2026050302\"\n                        alt=\"Portr\u00e4t von Elisabeth Promberger\"\n                        loading=\"lazy\"\n                         data-copyright=\"Portr\u00e4t von Elisabeth Promberger \u00a9 REWE Group\" data-copyright-wrapper=\".post-teaser__inner\"                    >\n                <\/div>\n            <\/div>\n                <div class=\"post-teaser__content-wrapper\">\n            <p class=\"post-teaser__type\">Story<\/p>\n                        <div class=\"post-teaser__content\">\n                <p class=\"post-teaser__note\">17. M\u00e4rz 2026<\/p>\n                <h3 class=\"post-teaser__title\">\u201cMut machen, f\u00f6rdern, Fragen stellen\u201d<\/h3>                            <\/div>\n        <\/div>\n    <\/a>\n            <button\n        type=\"button\"\n        class=\"btn-icon icon-add add2basket small\"\n        aria-label=\"in die Sammlung hinzuf\u00fcgen\"\n        data-post-id=\"47743\"\n        data-blog-id=\"2\"\n        data-tracking=\"{&quot;event&quot;:&quot;click_add_to_collection&quot;,&quot;modul_name&quot;:&quot;.teaser-editorial&quot;,&quot;post_title&quot;:&quot;\\u201cMut machen, f\\u00f6rdern, Fragen stellen\\u201d&quot;,&quot;post_type&quot;:&quot;post&quot;,&quot;post_category&quot;:&quot;Unternehmen&quot;}\"\n    ><\/button>\n<\/div>\n                    <\/li>\n                                    <li class=\"posts-slider__slide medium\">\n                        <div class=\"post-teaser post-teaser_default medium type-post\">\n    <a\n        href=\"https:\/\/www.rewe-group.com\/de\/presse-und-medien\/newsroom\/stories\/das-beduerfnis-nach-sicherheit\/\"\n        class=\"post-teaser__inner\"\n                data-tracking=\"{&quot;event&quot;:&quot;click_teaser&quot;,&quot;link_url&quot;:&quot;https:\\\/\\\/www.rewe-group.com\\\/de\\\/presse-und-medien\\\/newsroom\\\/stories\\\/das-beduerfnis-nach-sicherheit\\\/&quot;,&quot;element_name&quot;:&quot;Das Bed\\u00fcrfnis\\u00a0nach Sicherheit\\u00a0&quot;,&quot;modul_name&quot;:&quot;.teaser-editorial&quot;}\"\n    >\n                                <div class=\"post-teaser__background-wrapper\">\n                <div class=\"focused-image-container\">\n                    <img decoding=\"async\"\n                        class=\"focused-image\"\n                        data-focus-x=\"0.00\"\n                        data-focus-y=\"0.00\"\n                        src=\"https:\/\/www.rewe-group.com\/content\/uploads\/2026\/03\/Krise-DERTOUR.jpg?t=2026050302\"\n                        alt=\"In einem B\u00fcro sitzen mehrere Personen mit Headsets an Schreibtischen und arbeiten an Computern. Die Szene ist in ged\u00e4mpftem Licht gehalten, w\u00e4hrend Pflanzen und Glasw\u00e4nde den Raum strukturieren.\"\n                        loading=\"lazy\"\n                         data-copyright=\"In einem B\u00fcro sitzen mehrere Personen mit Headsets an Schreibtischen und arbeiten an Computern. Die Szene ist in ged\u00e4mpftem Licht gehalten, w\u00e4hrend Pflanzen und Glasw\u00e4nde den Raum strukturieren. \u00a9 DERTOUR Group\" data-copyright-wrapper=\".post-teaser__inner\"                    >\n                <\/div>\n            <\/div>\n                <div class=\"post-teaser__content-wrapper\">\n            <p class=\"post-teaser__type\">Story<\/p>\n                        <div class=\"post-teaser__content\">\n                <p class=\"post-teaser__note\">16. M\u00e4rz 2026<\/p>\n                <h3 class=\"post-teaser__title\">Das Bed\u00fcrfnis\u00a0nach Sicherheit\u00a0<\/h3>                            <\/div>\n        <\/div>\n    <\/a>\n            <button\n        type=\"button\"\n        class=\"btn-icon icon-add add2basket small\"\n        aria-label=\"in die Sammlung hinzuf\u00fcgen\"\n        data-post-id=\"47724\"\n        data-blog-id=\"2\"\n        data-tracking=\"{&quot;event&quot;:&quot;click_add_to_collection&quot;,&quot;modul_name&quot;:&quot;.teaser-editorial&quot;,&quot;post_title&quot;:&quot;Das Bed\\u00fcrfnis\\u00a0nach Sicherheit\\u00a0&quot;,&quot;post_type&quot;:&quot;post&quot;,&quot;post_category&quot;:&quot;Unternehmen&quot;}\"\n    ><\/button>\n<\/div>\n                    <\/li>\n                                    <li class=\"posts-slider__slide medium\">\n                        <div class=\"post-teaser post-teaser_default medium type-press_release\">\n    <a\n        href=\"https:\/\/www.rewe-group.com\/de\/presse-und-medien\/newsroom\/pressemitteilungen\/rewe-und-nahkauf-kundinnen-zeigen-herz\/\"\n        class=\"post-teaser__inner\"\n                data-tracking=\"{&quot;event&quot;:&quot;click_teaser&quot;,&quot;link_url&quot;:&quot;https:\\\/\\\/www.rewe-group.com\\\/de\\\/presse-und-medien\\\/newsroom\\\/pressemitteilungen\\\/rewe-und-nahkauf-kundinnen-zeigen-herz\\\/&quot;,&quot;element_name&quot;:&quot;REWE- und\\u00a0nahkauf-Kund:innen\\u00a0zeigen Herz&quot;,&quot;modul_name&quot;:&quot;.teaser-editorial&quot;}\"\n    >\n                                <div class=\"post-teaser__background-wrapper\">\n                <div class=\"focused-image-container\">\n                    <img decoding=\"async\"\n                        class=\"focused-image\"\n                        data-focus-x=\"0.00\"\n                        data-focus-y=\"0.00\"\n                        src=\"https:\/\/www.rewe-group.com\/content\/uploads\/2026\/03\/tafeltueten-ergebnis-west-scaled.jpg?t=2026050302\"\n                        alt=\"Person mit Bo-Pl\u00fcschtier im Markt, dass eine Tafetl\u00fcte h\u00e4lt.\"\n                        loading=\"lazy\"\n                         data-copyright=\"Person mit Bo-Pl\u00fcschtier im Markt, dass eine Tafetl\u00fcte h\u00e4lt. \u00a9REWE \" data-copyright-wrapper=\".post-teaser__inner\"                    >\n                <\/div>\n            <\/div>\n                <div class=\"post-teaser__content-wrapper\">\n            <p class=\"post-teaser__type\">Pressemitteilung<\/p>\n                        <div class=\"post-teaser__content\">\n                <p class=\"post-teaser__note\">12. M\u00e4rz 2026<\/p>\n                <h3 class=\"post-teaser__title\">REWE- und\u00a0nahkauf-Kund:innen\u00a0zeigen Herz<\/h3>                            <\/div>\n        <\/div>\n    <\/a>\n            <button\n        type=\"button\"\n        class=\"btn-icon icon-add add2basket small\"\n        aria-label=\"in die Sammlung hinzuf\u00fcgen\"\n        data-post-id=\"47711\"\n        data-blog-id=\"2\"\n        data-tracking=\"{&quot;event&quot;:&quot;click_add_to_collection&quot;,&quot;modul_name&quot;:&quot;.teaser-editorial&quot;,&quot;post_title&quot;:&quot;REWE- und\\u00a0nahkauf-Kund:innen\\u00a0zeigen Herz&quot;,&quot;post_type&quot;:&quot;press_release&quot;,&quot;post_category&quot;:&quot;Unternehmen&quot;}\"\n    ><\/button>\n<\/div>\n                    <\/li>\n                            <\/ul>\n        <\/div>\n            <\/div>\n<\/div>\n<\/div><\/div>\n<\/div>\n<\/div>\n","protected":false},"excerpt":{"rendered":"","protected":false},"author":18,"featured_media":10277,"parent":0,"menu_order":100,"comment_status":"closed","ping_status":"closed","template":"","meta":{"_acf_changed":false,"_relevanssi_hide_post":"","_relevanssi_hide_content":"","_relevanssi_pin_for_all":"","_relevanssi_pin_keywords":"","_relevanssi_unpin_keywords":"","_relevanssi_related_keywords":"","_relevanssi_related_include_ids":"","_relevanssi_related_exclude_ids":"","_relevanssi_related_no_append":"","_relevanssi_related_not_related":"","_relevanssi_related_posts":"","_relevanssi_noindex_reason":"","footnotes":""},"categories":[8],"tags":[],"class_list":["post-33085","page","type-page","status-publish","has-post-thumbnail","hentry","category-unternehmen"],"acf":[],"yoast_head":"<!-- This site is optimized with the Yoast SEO Premium plugin v27.5 (Yoast SEO v27.5) - https:\/\/yoast.com\/product\/yoast-seo-premium-wordpress\/ -->\n<title>REWE Group auf einen Blick - REWE Group<\/title>\n<meta name=\"description\" content=\"Hier finden Sie einen aktuellen \u00dcberblick \u00fcber die wichtigsten Fakten der REWE Group, wie Vertriebslinien, Mitarbeiteranzahl und anderen Informationen.\" \/>\n<meta name=\"robots\" content=\"index, follow, max-snippet:-1, max-image-preview:large, max-video-preview:-1\" \/>\n<link rel=\"canonical\" href=\"https:\/\/www.rewe-group.com\/de\/rewe-group-auf-einen-blick\/\" \/>\n<meta property=\"og:locale\" content=\"de_DE\" \/>\n<meta property=\"og:type\" content=\"article\" \/>\n<meta property=\"og:title\" content=\"REWE Group auf einen Blick\" \/>\n<meta property=\"og:description\" content=\"Hier finden Sie einen aktuellen \u00dcberblick \u00fcber die wichtigsten Fakten der REWE Group, wie Vertriebslinien, Mitarbeiteranzahl und anderen Informationen.\" \/>\n<meta property=\"og:url\" content=\"https:\/\/www.rewe-group.com\/de\/rewe-group-auf-einen-blick\/\" \/>\n<meta property=\"og:site_name\" content=\"REWE Group\" \/>\n<meta property=\"article:modified_time\" content=\"2026-02-09T10:34:36+00:00\" \/>\n<meta property=\"og:image\" content=\"https:\/\/www.rewe-group.com\/content\/uploads\/2021\/01\/unternehmen.jpg?t=2026020910\" \/>\n\t<meta property=\"og:image:width\" content=\"1864\" \/>\n\t<meta property=\"og:image:height\" content=\"1276\" \/>\n\t<meta property=\"og:image:type\" content=\"image\/jpeg\" \/>\n<meta name=\"twitter:card\" content=\"summary_large_image\" \/>\n<meta name=\"twitter:label1\" content=\"Gesch\u00e4tzte Lesezeit\" \/>\n\t<meta name=\"twitter:data1\" content=\"5\u00a0Minuten\" \/>\n<script type=\"application\/ld+json\" class=\"yoast-schema-graph\">{\"@context\":\"https:\\\/\\\/schema.org\",\"@graph\":[{\"@type\":\"WebPage\",\"@id\":\"https:\\\/\\\/www.rewe-group.com\\\/de\\\/rewe-group-auf-einen-blick\\\/\",\"url\":\"https:\\\/\\\/www.rewe-group.com\\\/de\\\/rewe-group-auf-einen-blick\\\/\",\"name\":\"REWE Group auf einen Blick - REWE Group\",\"isPartOf\":{\"@id\":\"https:\\\/\\\/www.rewe-group.com\\\/de\\\/#website\"},\"primaryImageOfPage\":{\"@id\":\"https:\\\/\\\/www.rewe-group.com\\\/de\\\/rewe-group-auf-einen-blick\\\/#primaryimage\"},\"image\":{\"@id\":\"https:\\\/\\\/www.rewe-group.com\\\/de\\\/rewe-group-auf-einen-blick\\\/#primaryimage\"},\"thumbnailUrl\":\"https:\\\/\\\/www.rewe-group.com\\\/content\\\/uploads\\\/2021\\\/01\\\/unternehmen.jpg?t=2026050302\",\"datePublished\":\"2023-08-23T07:44:01+00:00\",\"dateModified\":\"2026-02-09T10:34:36+00:00\",\"description\":\"Hier finden Sie einen aktuellen \u00dcberblick \u00fcber die wichtigsten Fakten der REWE Group, wie Vertriebslinien, Mitarbeiteranzahl und anderen Informationen.\",\"inLanguage\":\"de\",\"potentialAction\":[{\"@type\":\"ReadAction\",\"target\":[\"https:\\\/\\\/www.rewe-group.com\\\/de\\\/rewe-group-auf-einen-blick\\\/\"]}]},{\"@type\":\"ImageObject\",\"inLanguage\":\"de\",\"@id\":\"https:\\\/\\\/www.rewe-group.com\\\/de\\\/rewe-group-auf-einen-blick\\\/#primaryimage\",\"url\":\"https:\\\/\\\/www.rewe-group.com\\\/content\\\/uploads\\\/2021\\\/01\\\/unternehmen.jpg?t=2026050302\",\"contentUrl\":\"https:\\\/\\\/www.rewe-group.com\\\/content\\\/uploads\\\/2021\\\/01\\\/unternehmen.jpg?t=2026050302\",\"width\":1864,\"height\":1276,\"caption\":\"1927 schlossen sich 17 Einkaufsgenossenschaften zum \u201eRevisionsverband der Westkaufgenossenschaften\u201c \u2013 kurz: REWE \u2013 zusammen, um den gemeinsamen Einkauf von Lebensmitteln zu organisieren. Daraus entstanden ist eine genossenschaftliche Unternehmensgruppe, die heute international pr\u00e4sent und erfolgreich in Handel und Touristik ist. Als Genossenschaft mit \u00fcber 90-j\u00e4hriger Tradition wissen wir um unsere \u00f6kologische und soziale Verantwortung gegen\u00fcber kommenden Generationen. Nachhaltige Zukunftssicherung ist unser Auftrag.\"},{\"@type\":\"WebSite\",\"@id\":\"https:\\\/\\\/www.rewe-group.com\\\/de\\\/#website\",\"url\":\"https:\\\/\\\/www.rewe-group.com\\\/de\\\/\",\"name\":\"REWE Group\",\"description\":\"Die Website der REWE Group\",\"potentialAction\":[{\"@type\":\"SearchAction\",\"target\":{\"@type\":\"EntryPoint\",\"urlTemplate\":\"https:\\\/\\\/www.rewe-group.com\\\/de\\\/?s={search_term_string}\"},\"query-input\":{\"@type\":\"PropertyValueSpecification\",\"valueRequired\":true,\"valueName\":\"search_term_string\"}}],\"inLanguage\":\"de\"}]}<\/script>\n<!-- \/ Yoast SEO Premium plugin. -->","yoast_head_json":{"title":"REWE Group auf einen Blick - REWE Group","description":"Hier finden Sie einen aktuellen \u00dcberblick \u00fcber die wichtigsten Fakten der REWE Group, wie Vertriebslinien, Mitarbeiteranzahl und anderen Informationen.","robots":{"index":"index","follow":"follow","max-snippet":"max-snippet:-1","max-image-preview":"max-image-preview:large","max-video-preview":"max-video-preview:-1"},"canonical":"https:\/\/www.rewe-group.com\/de\/rewe-group-auf-einen-blick\/","og_locale":"de_DE","og_type":"article","og_title":"REWE Group auf einen Blick","og_description":"Hier finden Sie einen aktuellen \u00dcberblick \u00fcber die wichtigsten Fakten der REWE Group, wie Vertriebslinien, Mitarbeiteranzahl und anderen Informationen.","og_url":"https:\/\/www.rewe-group.com\/de\/rewe-group-auf-einen-blick\/","og_site_name":"REWE Group","article_modified_time":"2026-02-09T10:34:36+00:00","og_image":[{"width":1864,"height":1276,"url":"https:\/\/www.rewe-group.com\/content\/uploads\/2021\/01\/unternehmen.jpg?t=2026020910","type":"image\/jpeg"}],"twitter_card":"summary_large_image","twitter_misc":{"Gesch\u00e4tzte Lesezeit":"5\u00a0Minuten"},"schema":{"@context":"https:\/\/schema.org","@graph":[{"@type":"WebPage","@id":"https:\/\/www.rewe-group.com\/de\/rewe-group-auf-einen-blick\/","url":"https:\/\/www.rewe-group.com\/de\/rewe-group-auf-einen-blick\/","name":"REWE Group auf einen Blick - REWE Group","isPartOf":{"@id":"https:\/\/www.rewe-group.com\/de\/#website"},"primaryImageOfPage":{"@id":"https:\/\/www.rewe-group.com\/de\/rewe-group-auf-einen-blick\/#primaryimage"},"image":{"@id":"https:\/\/www.rewe-group.com\/de\/rewe-group-auf-einen-blick\/#primaryimage"},"thumbnailUrl":"https:\/\/www.rewe-group.com\/content\/uploads\/2021\/01\/unternehmen.jpg?t=2026050302","datePublished":"2023-08-23T07:44:01+00:00","dateModified":"2026-02-09T10:34:36+00:00","description":"Hier finden Sie einen aktuellen \u00dcberblick \u00fcber die wichtigsten Fakten der REWE Group, wie Vertriebslinien, Mitarbeiteranzahl und anderen Informationen.","inLanguage":"de","potentialAction":[{"@type":"ReadAction","target":["https:\/\/www.rewe-group.com\/de\/rewe-group-auf-einen-blick\/"]}]},{"@type":"ImageObject","inLanguage":"de","@id":"https:\/\/www.rewe-group.com\/de\/rewe-group-auf-einen-blick\/#primaryimage","url":"https:\/\/www.rewe-group.com\/content\/uploads\/2021\/01\/unternehmen.jpg?t=2026050302","contentUrl":"https:\/\/www.rewe-group.com\/content\/uploads\/2021\/01\/unternehmen.jpg?t=2026050302","width":1864,"height":1276,"caption":"1927 schlossen sich 17 Einkaufsgenossenschaften zum \u201eRevisionsverband der Westkaufgenossenschaften\u201c \u2013 kurz: REWE \u2013 zusammen, um den gemeinsamen Einkauf von Lebensmitteln zu organisieren. Daraus entstanden ist eine genossenschaftliche Unternehmensgruppe, die heute international pr\u00e4sent und erfolgreich in Handel und Touristik ist. Als Genossenschaft mit \u00fcber 90-j\u00e4hriger Tradition wissen wir um unsere \u00f6kologische und soziale Verantwortung gegen\u00fcber kommenden Generationen. Nachhaltige Zukunftssicherung ist unser Auftrag."},{"@type":"WebSite","@id":"https:\/\/www.rewe-group.com\/de\/#website","url":"https:\/\/www.rewe-group.com\/de\/","name":"REWE Group","description":"Die Website der REWE Group","potentialAction":[{"@type":"SearchAction","target":{"@type":"EntryPoint","urlTemplate":"https:\/\/www.rewe-group.com\/de\/?s={search_term_string}"},"query-input":{"@type":"PropertyValueSpecification","valueRequired":true,"valueName":"search_term_string"}}],"inLanguage":"de"}]}},"_links":{"self":[{"href":"https:\/\/www.rewe-group.com\/de\/wp-json\/wp\/v2\/pages\/33085","targetHints":{"allow":["GET"]}}],"collection":[{"href":"https:\/\/www.rewe-group.com\/de\/wp-json\/wp\/v2\/pages"}],"about":[{"href":"https:\/\/www.rewe-group.com\/de\/wp-json\/wp\/v2\/types\/page"}],"author":[{"embeddable":true,"href":"https:\/\/www.rewe-group.com\/de\/wp-json\/wp\/v2\/users\/18"}],"replies":[{"embeddable":true,"href":"https:\/\/www.rewe-group.com\/de\/wp-json\/wp\/v2\/comments?post=33085"}],"version-history":[{"count":71,"href":"https:\/\/www.rewe-group.com\/de\/wp-json\/wp\/v2\/pages\/33085\/revisions"}],"predecessor-version":[{"id":47408,"href":"https:\/\/www.rewe-group.com\/de\/wp-json\/wp\/v2\/pages\/33085\/revisions\/47408"}],"wp:featuredmedia":[{"embeddable":true,"href":"https:\/\/www.rewe-group.com\/de\/wp-json\/wp\/v2\/media\/10277"}],"wp:attachment":[{"href":"https:\/\/www.rewe-group.com\/de\/wp-json\/wp\/v2\/media?parent=33085"}],"wp:term":[{"taxonomy":"category","embeddable":true,"href":"https:\/\/www.rewe-group.com\/de\/wp-json\/wp\/v2\/categories?post=33085"},{"taxonomy":"post_tag","embeddable":true,"href":"https:\/\/www.rewe-group.com\/de\/wp-json\/wp\/v2\/tags?post=33085"}],"curies":[{"name":"wp","href":"https:\/\/api.w.org\/{rel}","templated":true}]}}