{"id":18917,"date":"2021-08-25T11:59:07","date_gmt":"2021-08-25T09:59:07","guid":{"rendered":"https:\/\/www.rewe-group.com\/de\/?page_id=18917"},"modified":"2026-03-26T16:46:21","modified_gmt":"2026-03-26T15:46:21","slug":"fur-eine-artgerechte-tierhaltung","status":"publish","type":"page","link":"https:\/\/www.rewe-group.com\/de\/nachhaltigkeit\/engagements-und-projekte\/fur-eine-artgerechte-tierhaltung\/","title":{"rendered":"F\u00fcr eine artgerechte Tierhaltung"},"content":{"rendered":"\n<div class=\"wp-block-myblocks-template-root template-root\">\n<div class=\"wp-block-myblocks-section block-section section-bg-white section-padding-bottom\">\n<div class=\"wp-block-myblocks-row-full-2columns row-full-2columns my-row-block row-full\">\n<div class=\"wp-block-myblocks-row-full-2columns-cell row-cell row-full-2columns-cell my-cell-block\"><div class=\"myblock-wrapper block-my-text-teaser-gallery\" data-module-name=\"Teaser Contentmodul\"><div class=\"text-tasers-wrapper\">\n            <div class=\"text-taser-slider\">\n    <div class=\"text-taser-slider__slider\">\n        <ul class=\"rwgs__inner\">\n                                            <li>\n                    \n    <div\n    class=\"text-teaser bg-image dark-bg-section text-color-white link-hover-color-yellow without-link\"  data-module-name=\".teaser-contentmodul\">\n            <div class=\"text-teaser__background-wrapper\">\n            <div class=\"focused-image-container\">\n                <img decoding=\"async\"\n                    class=\"focused-image\"\n                    data-focus-x=\"0.00\"\n                    data-focus-y=\"0.00\"\n                    src=\"https:\/\/www.rewe-group.com\/content\/uploads\/2020\/11\/Kuehe-auf-einer-Weide-scaled.jpg?t=2026042802\"\n                    alt=\"K\u00fche auf einer Weide\"\n                    srcset=\"https:\/\/www.rewe-group.com\/content\/uploads\/2020\/11\/Kuehe-auf-einer-Weide-1024x683.jpg 1024w, https:\/\/www.rewe-group.com\/content\/uploads\/2020\/11\/Kuehe-auf-einer-Weide-scaled.jpg?t=2026042802 2560w\"\n                    aria-description=\"K\u00fche auf einer Weide\"\n                    loading=\"lazy\"\n                     data-copyright=\"K\u00fche auf einer Weide \u00a9 djgunner\" data-copyright-wrapper=\".text-teaser.bg-image\"                >\n            <\/div>\n        <\/div>\n        <div class=\"text-teaser__inner reweg-teaser-main\">\n        <h2 class=\"text-teaser__title smaller\">Tierwohl verbessern<\/h2>\n                    <div class=\"text-teaser__text entry-content\">\n                <p>Wir nehmen unsere Verantwortung ernst, bei Produkten tierischen Ursprungs zu einer Verbesserung der Tier- und Nutztierhaltung beizutragen. Durch die enge Zusammenarbeit mit Wissenschaftler:innen, Nichtregierungsorganisationen und unseren Gesch\u00e4ftspartner:innen konnten wir wichtige Impulse f\u00fcr h\u00f6here Tierwohlstandards setzen.<\/p>\n<p>Unsere Ma\u00dfnahmen entwickeln wir kontinuierlich weiter und \u00fcberpr\u00fcfen regelm\u00e4\u00dfig deren Wirksamkeit. So verankern wir Tierwohl schrittweise in allen unseren Lieferketten \u2013 und tragen auch an den Urlaubsdestinationen der DERTOUR Group dazu bei, Tiere und ihre Lebensr\u00e4ume vor negativen Auswirkungen des Tourismus zu sch\u00fctzen.<\/p>\n            <\/div>\n        \n        \n            <\/div>\n<\/div>                <\/li>\n                    <\/ul>\n    <\/div>\n<\/div>    <\/div>\n<\/div><\/div>\n\n\n\n<div class=\"wp-block-myblocks-row-full-2columns-cell row-cell row-full-2columns-cell my-cell-block\"><div class=\"myblock-wrapper block-my-score-card\" data-module-name=\"Score Card\">    <div class=\"score-card-slider\">\n  <div class=\"score-card-slider__slider\">\n    <div class=\"rewe-scorecard number black dark\" data-unit=\"\" data-format=\"\" data-value=\"2030\" data-use-thousands-separator=\"\">\n    <div class=\"card-contents-wrapper\">\n        <div class=\"card-header\">\n            <h2 class=\"title\">Tierwohl bei REWE und PENNY<\/h2>                            <p class=\"sub-title\">Unser Ziel: 100 Prozent des Eigenmarken-Frischfleisches mindestens auf Haltungsform Stufe 3 bis Ende 2030 umstellen. <\/p>\n                    <\/div>\n        <div class=\"card-number\">\n            <div class=\"number-wrapper\">\n                <span class=\"value\"><\/span>\n                <span class=\"unit\"><\/span>\n            <\/div>\n        <\/div>\n    <\/div>\n<\/div>  <\/div>\n<\/div>\n<\/div><\/div>\n<\/div>\n<\/div>\n\n\n\n<div class=\"wp-block-myblocks-section block-section section-bg-white section-padding-top section-padding-bottom\">\n<div class=\"wp-block-myblocks-row-full-single row-full-single my-row-block row-full\"><div class=\"myblock-wrapper block-my-list\" data-module-name=\"List\">    <div class=\"my-list\">\n        <h2 class=\"my-list__hl size-small\">Unsere Ziele<\/h2>                    <div class=\"my-list__copy entry-content\"><p>Frischfleisch bei REWE in Deutschland im Sortiment der Bedientheke:<\/p>\n<\/div>\n                <ul class=\"my-list__highlight\">\n                            <li class=\"entry-content\"><p>Vorzeitig erreicht 2021: 50 Prozent des Frischfleischs mindestens auf Haltungsform Stufe 2 <\/p>\n<\/li>\n                    <\/ul>\n    <\/div>\n<\/div>\n\n<div class=\"myblock-wrapper block-my-list\" data-module-name=\"List\">    <div class=\"my-list\">\n                            <div class=\"my-list__copy entry-content\"><p>Eigenmarken-Frischfleisch (Rind, Schwein und Gefl\u00fcgel) bei REWE und PENNY in Deutschland im Selbstbedienungssortiment sowie im Sortiment der Bedientheke:<\/p>\n<\/div>\n                <ul class=\"my-list__highlight\">\n                            <li class=\"entry-content\"><p>2025 fast vollst\u00e4ndig erreicht: 100 Prozent des Eigenmarken-Frischfleisches mindestens auf Haltungsform Stufe 2 bis Ende 2025 umstellen<\/p>\n<\/li>\n                            <li class=\"entry-content\"><p>100 Prozent des Eigenmarken-Frischfleisches* mindestens auf Haltungsform Stufe 3 bis Ende 2030 umstellen (*inkl. unverarbeiteter H\u00e4hnchen-Tiefk\u00fchlware)<\/p>\n<\/li>\n                    <\/ul>\n    <\/div>\n<\/div>\n\n<div class=\"myblock-wrapper block-my-list\" data-module-name=\"List\">    <div class=\"my-list\">\n                            <div class=\"my-list__copy entry-content\"><p>Eigenmarken-H\u00e4hnchenfrischfleisch bei REWE und PENNY in Deutschland im Selbstbedienungssortiment sowie im Sortiment der Bedientheke:<\/p>\n<\/div>\n                <ul class=\"my-list__highlight\">\n                            <li class=\"entry-content\"><p>2025 nicht vollst\u00e4ndig erreicht: 30 Prozent des Eigenmarken-H\u00e4hnchenfrischfleisches mindestens auf Haltungsform Stufe 3 bis Ende 2025 umstellen<\/p>\n<\/li>\n                    <\/ul>\n    <\/div>\n<\/div>\n\n<div class=\"myblock-wrapper block-my-list\" data-module-name=\"List\">    <div class=\"my-list\">\n                            <div class=\"my-list__copy entry-content\"><p>Eigenmarken-Wurstsortiment* von REWE und PENNY (Rind, Schwein und Gefl\u00fcgel) in Deutschland im Selbstbedienungssortiment sowie im Sortiment der Bedientheke:<\/p>\n<\/div>\n                <ul class=\"my-list__highlight\">\n                            <li class=\"entry-content\"><p>2025 fast vollst\u00e4ndig erreicht: 100 Prozent des Eigenmarken-Wurstsortimentes auf mindestens Haltungsform Stufe 2 bis Ende 2025 umstellen<\/p>\n<\/li>\n                    <\/ul>\n    <\/div>\n<\/div>\n\n<div class=\"myblock-wrapper block-my-list\" data-module-name=\"List\">    <div class=\"my-list\">\n                            <div class=\"my-list__copy entry-content\"><p>Eigenmarken-Trinkmilch bei REWE und PENNY in Deutschland:<\/p>\n<\/div>\n                <ul class=\"my-list__highlight\">\n                            <li class=\"entry-content\"><p>2025 erreicht: 100 Prozent der Trinkmilch mindestens auf Haltungsform Stufe 2 umgestellt<\/p>\n<\/li>\n                            <li class=\"entry-content\"><p>100 Prozent der Trinkmilch mindestens auf Haltungsform Stufe 3 bis Ende 2030 umstellen<\/p>\n<\/li>\n                    <\/ul>\n    <\/div>\n<\/div><\/div>\n<\/div>\n\n\n\n<div class=\"wp-block-myblocks-section block-section section-bg-white\">\n<div class=\"wp-block-myblocks-row-full-2columns row-full-2columns my-row-block row-full\">\n<div class=\"wp-block-myblocks-row-full-2columns-cell row-cell row-full-2columns-cell my-cell-block\"><div class=\"myblock-wrapper block-my-text-teaser-gallery\" data-module-name=\"Teaser Contentmodul\"><div class=\"text-tasers-wrapper\">\n            <div class=\"text-taser-slider\">\n    <div class=\"text-taser-slider__slider\">\n        <ul class=\"rwgs__inner\">\n                                            <li>\n                    \n    <div\n    class=\"text-teaser bg-image dark-bg-section text-color-white link-hover-color-yellow without-link\"  data-module-name=\".teaser-contentmodul\">\n            <div class=\"text-teaser__background-wrapper\">\n            <div class=\"focused-image-container\">\n                <img decoding=\"async\"\n                    class=\"focused-image\"\n                    data-focus-x=\"0.00\"\n                    data-focus-y=\"0.00\"\n                    src=\"https:\/\/www.rewe-group.com\/content\/uploads\/2021\/07\/tierwohlstandard-schweine-rewe-group-haltungsstufe-2-rewe-penny-fleisch-wurst.jpg?t=2026042802\"\n                    alt=\"Ein Schwein im Schweinestall.\"\n                    srcset=\"https:\/\/www.rewe-group.com\/content\/uploads\/2021\/07\/tierwohlstandard-schweine-rewe-group-haltungsstufe-2-rewe-penny-fleisch-wurst-1024x683.jpg 1024w, https:\/\/www.rewe-group.com\/content\/uploads\/2021\/07\/tierwohlstandard-schweine-rewe-group-haltungsstufe-2-rewe-penny-fleisch-wurst.jpg?t=2026042802 2560w\"\n                    aria-description=\"Ein Schwein im Schweinestall.\"\n                    loading=\"lazy\"\n                     data-copyright=\"Ein Schwein im Schweinestall. \u00a9 Aumsama (Getty Images)\" data-copyright-wrapper=\".text-teaser.bg-image\"                >\n            <\/div>\n        <\/div>\n        <div class=\"text-teaser__inner reweg-teaser-main\">\n        <h2 class=\"text-teaser__title smaller\">Mehr Tierwohl bei REWE und PENNY<\/h2>\n                    <div class=\"text-teaser__text entry-content\">\n                <p>Wir stellen klare Anforderungen an Lieferanten, f\u00f6rdern das Tierwohl durch Standards und unser Engagement in verschiedenen Initiativen und wollen die Land- und Fleischwirtschaft sowie den Lebensmitteleinzelhandel mit innovativen Ans\u00e4tzen transformieren.<\/p>\n            <\/div>\n        \n        \n            <\/div>\n<\/div>                <\/li>\n                                            <li>\n                    \n    <div\n    class=\"text-teaser bg-image dark-bg-section text-color-white link-hover-color-yellow without-link\"  data-module-name=\".teaser-contentmodul\">\n            <div class=\"text-teaser__background-wrapper\">\n            <div class=\"focused-image-container\">\n                <img decoding=\"async\"\n                    class=\"focused-image\"\n                    data-focus-x=\"0.00\"\n                    data-focus-y=\"0.00\"\n                    src=\"https:\/\/www.rewe-group.com\/content\/uploads\/2021\/07\/schweine-nutztierhaltung-haltungsstufen-artgerecht-rewe-group.jpg?t=2026042802\"\n                    alt=\"Eine Gruppe von Schweinen im Schweinestall.\"\n                    srcset=\"https:\/\/www.rewe-group.com\/content\/uploads\/2021\/07\/schweine-nutztierhaltung-haltungsstufen-artgerecht-rewe-group-1024x683.jpg 1024w, https:\/\/www.rewe-group.com\/content\/uploads\/2021\/07\/schweine-nutztierhaltung-haltungsstufen-artgerecht-rewe-group.jpg?t=2026042802 2560w\"\n                    aria-description=\"Eine Gruppe von Schweinen im Schweinestall.\"\n                    loading=\"lazy\"\n                     data-copyright=\"Eine Gruppe von Schweinen im Schweinestall. \u00a9 Chris Strickland (Getty Images)\" data-copyright-wrapper=\".text-teaser.bg-image\"                >\n            <\/div>\n        <\/div>\n        <div class=\"text-teaser__inner reweg-teaser-main\">\n        <h2 class=\"text-teaser__title smaller\">Regionalprogramme<\/h2>\n                    <div class=\"text-teaser__text entry-content\">\n                <p>Bis Ende 2030 werden wir unser frisches Schweinefleisch an der Bedientheke und im K\u00fchlregal nur noch aus den Haltungsstufen 3 und h\u00f6her anbieten. Durch unsere Regionalprogramme in ganz Deutschland f\u00f6rdern wir regionale Strukturen und erh\u00f6hen das Tierwohl durch kurze Transportwege. Die Vertriebslinie REWE bietet beispielsweise unter den Marken \u201eStrohwohl\u201c und \u201cLandbauern\u201d Fleisch von Schweinen an, die \u00fcberwiegend auf Stroh gehalten werden.<\/p>\n            <\/div>\n        \n        \n            <\/div>\n<\/div>                <\/li>\n                                            <li>\n                    \n    <div\n    class=\"text-teaser bg-image dark-bg-section text-color-white link-hover-color-yellow without-link\"  data-module-name=\".teaser-contentmodul\">\n            <div class=\"text-teaser__background-wrapper\">\n            <div class=\"focused-image-container\">\n                <img decoding=\"async\"\n                    class=\"focused-image\"\n                    data-focus-x=\"-0.02\"\n                    data-focus-y=\"0.17\"\n                    src=\"https:\/\/www.rewe-group.com\/content\/uploads\/2021\/08\/schweine-schweinestall-initiative-tierwohl-rewe-group-penny-tierwohl-tierwohlstandard.jpg?t=2026042802\"\n                    alt=\"Eine gro\u00dfe Gruppe von Schweinen im Schweinestall.\"\n                    srcset=\"https:\/\/www.rewe-group.com\/content\/uploads\/2021\/08\/schweine-schweinestall-initiative-tierwohl-rewe-group-penny-tierwohl-tierwohlstandard-1024x683.jpg 1024w, https:\/\/www.rewe-group.com\/content\/uploads\/2021\/08\/schweine-schweinestall-initiative-tierwohl-rewe-group-penny-tierwohl-tierwohlstandard.jpg?t=2026042802 2560w\"\n                    aria-description=\"Eine gro\u00dfe Gruppe von Schweinen im Schweinestall.\"\n                    loading=\"lazy\"\n                     data-copyright=\"Eine gro\u00dfe Gruppe von Schweinen im Schweinestall. \u00a9 Antonello Fotos (Getty Images)\" data-copyright-wrapper=\".text-teaser.bg-image\"                >\n            <\/div>\n        <\/div>\n        <div class=\"text-teaser__inner reweg-teaser-main\">\n        <h2 class=\"text-teaser__title smaller\">Initiative Tierwohl<\/h2>\n                    <div class=\"text-teaser__text entry-content\">\n                <p>Wir wirken als Gr\u00fcndungsmitglied federf\u00fchrend an der Entwicklung der \u201eInitiative Tierwohl\u201c mit und setzen uns f\u00fcr die Verbesserung branchenweiter Tierwohlstandards ein. REWE und PENNY in Deutschland arbeiten seit 2024 daran, die f\u00fcnf Stufen der Haltungsform-Kennzeichnung \u2013 von Stufe 1 (\u201eStall\u201c) bis Stufe 5 (\u201eBio\u201c) \u2013 gem\u00e4\u00df dem staatlichen Tierhaltungskennzeichen bundesweit auf ihren Produkten sichtbar zu machen.<\/p>\n            <\/div>\n        \n        \n            <\/div>\n<\/div>                <\/li>\n                                            <li>\n                    \n    <div\n    class=\"text-teaser bg-image dark-bg-section text-color-white link-hover-color-yellow\"  data-module-name=\".teaser-contentmodul\">\n            <div class=\"text-teaser__background-wrapper\">\n            <div class=\"focused-image-container\">\n                <img decoding=\"async\"\n                    class=\"focused-image\"\n                    data-focus-x=\"0.00\"\n                    data-focus-y=\"0.00\"\n                    src=\"https:\/\/www.rewe-group.com\/content\/uploads\/2024\/07\/weisses-huhn-im-stall.jpg?t=2026042802\"\n                    alt=\"Sitzendes Huhn im Stroh unter anderen H\u00fchnern\"\n                    srcset=\"https:\/\/www.rewe-group.com\/content\/uploads\/2024\/07\/weisses-huhn-im-stall-1024x680.jpg 1024w, https:\/\/www.rewe-group.com\/content\/uploads\/2024\/07\/weisses-huhn-im-stall.jpg?t=2026042802 2560w\"\n                    aria-description=\"Sitzendes Huhn im Stroh unter anderen H\u00fchnern\"\n                    loading=\"lazy\"\n                     data-copyright=\"Sitzendes Huhn im Stroh unter anderen H\u00fchnern  \u00a9 danchooalex (Getty Images)\" data-copyright-wrapper=\".text-teaser.bg-image\"                >\n            <\/div>\n        <\/div>\n        <div class=\"text-teaser__inner reweg-teaser-main\">\n        <h2 class=\"text-teaser__title smaller\">Entwicklung H\u00e4hnchenfleisch Haltungsform Stufe 3<\/h2>\n                    <div class=\"text-teaser__text entry-content\">\n                <p>Die REWE Group setzt sich \u00fcber die Ziele der Haltungsform Stufe 3 hinaus f\u00fcr eine stetige Weiterentwicklung der Haltungsform-Kriterien ein und wird nur Verbesserungen im Sinne des Tierwohls akzeptieren. Dar\u00fcber hinaus wird die REWE Group den Einsatz langsam wachsender Rassen gem\u00e4\u00df der Positivliste der ECC\/RSPCA sicherstellen. Die Wasserbadbet\u00e4ubung ist in den Frischfleischlieferketten der REWE Group entsprechend der <em><a href=\"https:\/\/www.rewe-group.com\/de\/presse-und-medien\/publikationen\/leitlinien\/leitlinie-fuer-tierwohl\/\" target=\"_blank\" rel=\"noopener\">Tierwohl-Leitlinie<\/a> <\/em>ausgeschlossen. Derzeit wird eine Roadmap zur Zielerreichung bis 2030 erarbeitet, deren aktueller Stand f\u00fcr 2025 auf dieser Website unter unseren Zielen einzusehen ist. Zus\u00e4tzlich dazu bieten wir <a href=\"https:\/\/www.rewe-group.com\/content\/uploads\/2025\/06\/REWE-Group-Haehnchenfrischfleisch.pdf?t=2025062301\" target=\"_blank\" rel=\"noopener\">hier<\/a> einen Einblick in unsere aktuellen Fortschritte bei der Umstellung der Eigenmarken-H\u00e4hnchenfrischfleischlieferkette.<\/p>\n            <\/div>\n        \n        \n                    <ul class=\"text-teaser__links\">\n                                                                                                                <li>\n                                <a\n    class=\"arrow-link\"\n    href=\"https:\/\/haltungsform.de\/kriterien-und-mindestanforderungen\/\"\n        target=\"_blank\" rel=\"noopener noreferrer\">\n    Zu Haltungsform<\/a>\n                            <\/li>\n                                                                                                                                                            <li>\n                                <a\n    class=\"arrow-link\"\n    href=\"https:\/\/business.rspcaassured.org.uk\/producer-members\/accepted-chicken-breeds\/\"\n        target=\"_blank\" rel=\"noopener noreferrer\">\n    Zu ECC\/RSPCA<\/a>\n                            <\/li>\n                                                                        <\/ul>\n            <\/div>\n<\/div>                <\/li>\n                                            <li>\n                    \n    <div\n    class=\"text-teaser bg-image dark-bg-section text-color-white link-hover-color-yellow without-link\"  data-module-name=\".teaser-contentmodul\">\n            <div class=\"text-teaser__background-wrapper\">\n            <div class=\"focused-image-container\">\n                <img decoding=\"async\"\n                    class=\"focused-image\"\n                    data-focus-x=\"0.00\"\n                    data-focus-y=\"0.00\"\n                    src=\"https:\/\/www.rewe-group.com\/content\/uploads\/2021\/08\/seleggt-kueken-rewe-group-hatchtech-bruteier.jpg?t=2026042802\"\n                    alt=\"Eine Gruppe von K\u00fcken in einem H\u00fchnerstall.\"\n                    srcset=\"https:\/\/www.rewe-group.com\/content\/uploads\/2021\/08\/seleggt-kueken-rewe-group-hatchtech-bruteier-1024x552.jpg 1024w, https:\/\/www.rewe-group.com\/content\/uploads\/2021\/08\/seleggt-kueken-rewe-group-hatchtech-bruteier.jpg?t=2026042802 2560w\"\n                    aria-description=\"Eine Gruppe von K\u00fcken in einem H\u00fchnerstall.\"\n                    loading=\"lazy\"\n                     data-copyright=\"Eine Gruppe von K\u00fcken in einem H\u00fchnerstall. \u00a9 RyanJLane (Getty Images)\" data-copyright-wrapper=\".text-teaser.bg-image\"                >\n            <\/div>\n        <\/div>\n        <div class=\"text-teaser__inner reweg-teaser-main\">\n        <h2 class=\"text-teaser__title smaller\">Vermeidung von K\u00fckent\u00f6ten<\/h2>\n                    <div class=\"text-teaser__text entry-content\">\n                <p>Wir haben unsere Eigenmarken-Eier aus Boden- und Freilandhaltung auf Geschlechtsbestimmung im Brutei (Selektion) um. Bei unserem Zweinutzungshuhn-Projekt kommen die Bio-Eier von H\u00fchnern, die auch der Fleischgewinnung dienen, um das T\u00f6ten m\u00e4nnlicher K\u00fcken zu vermeiden umgestellt. 2024 wurden diese Bio-Eier f\u00fcr REWE Bio in 130 REWE-M\u00e4rkten in Baden-W\u00fcrttemberg und der Pfalz getestet. Aktuell pr\u00fcfen wir den Aufbau einer Lieferkette f\u00fcr Junghahnfleisch, das momentan noch vom Erzeuger H\u00f6nig Hof selbst vermarktet wird.<\/p>\n            <\/div>\n        \n        \n            <\/div>\n<\/div>                <\/li>\n                                            <li>\n                    \n    <a href=\"https:\/\/www.dertour-group.com\/dertour-group-streicht-ausfluege-mit-meeressaeugern-in-gefangenschaft\/\" target=\"_blank\" rel=\"noopener noreferrer\"    class=\"text-teaser bg-image dark-bg-section text-color-white link-hover-color-yellow with-1-link\"  data-module-name=\".teaser-contentmodul\">\n            <div class=\"text-teaser__background-wrapper\">\n            <div class=\"focused-image-container\">\n                <img decoding=\"async\"\n                    class=\"focused-image\"\n                    data-focus-x=\"0.00\"\n                    data-focus-y=\"0.00\"\n                    src=\"https:\/\/www.rewe-group.com\/content\/uploads\/2024\/08\/karrettschildkroete.jpg?t=2026042802\"\n                    alt=\"Unterwasserbild einer Meeresschildkr\u00f6te\"\n                    srcset=\"https:\/\/www.rewe-group.com\/content\/uploads\/2024\/08\/karrettschildkroete-1024x582.jpg 1024w, https:\/\/www.rewe-group.com\/content\/uploads\/2024\/08\/karrettschildkroete.jpg?t=2026042802 2560w\"\n                    aria-description=\"Unterwasserbild einer Meeresschildkr\u00f6te\"\n                    loading=\"lazy\"\n                     data-copyright=\"Unterwasserbild einer Meeresschildkr\u00f6te\n\u00a9 Getty Images, Travel Trend\" data-copyright-wrapper=\".text-teaser.bg-image\"                >\n            <\/div>\n        <\/div>\n        <div class=\"text-teaser__inner reweg-teaser-main\">\n        <h2 class=\"text-teaser__title smaller\">Meilenstein erreicht<\/h2>\n                    <div class=\"text-teaser__text entry-content\">\n                <p>DERTOUR Group streicht alle Ausfl\u00fcge oder Attraktionen, die das nat\u00fcrliche Verhalten von Meeress\u00e4ugern beeintr\u00e4chtigen.<\/p>\n            <\/div>\n        \n        \n                    <ul class=\"text-teaser__links\">\n                                                            <li>\n                            <span class=\"arrow-link\">Zur Pressemitteilung <\/span>\n                        <\/li>\n                                                <\/ul>\n            <\/div>\n<\/a>                <\/li>\n                    <\/ul>\n    <\/div>\n<\/div>    <\/div>\n<\/div><\/div>\n\n\n\n<div class=\"wp-block-myblocks-row-full-2columns-cell row-cell row-full-2columns-cell my-cell-block\"><div class=\"myblock-wrapper block-my-text-teaser-gallery\" data-module-name=\"Teaser Contentmodul\"><div class=\"text-tasers-wrapper\">\n            <div class=\"text-taser-slider\">\n    <div class=\"text-taser-slider__slider\">\n        <ul class=\"rwgs__inner\">\n                                            <li>\n                    \n    <div\n    class=\"text-teaser bg-image dark-bg-section text-color-white link-hover-color-yellow without-link\"  data-module-name=\".teaser-contentmodul\">\n            <div class=\"text-teaser__background-wrapper\">\n            <div class=\"focused-image-container\">\n                <img decoding=\"async\"\n                    class=\"focused-image\"\n                    data-focus-x=\"0.00\"\n                    data-focus-y=\"0.00\"\n                    src=\"https:\/\/www.rewe-group.com\/content\/uploads\/2025\/03\/Frische-Eier-mit-Federn-im-Eierkarton.jpg?t=2026042802\"\n                    alt=\"Ein offener Eierkarton mit 5 Eiern und Federn drumherum.\"\n                    srcset=\"https:\/\/www.rewe-group.com\/content\/uploads\/2025\/03\/Frische-Eier-mit-Federn-im-Eierkarton-1024x768.jpg 1024w, https:\/\/www.rewe-group.com\/content\/uploads\/2025\/03\/Frische-Eier-mit-Federn-im-Eierkarton.jpg?t=2026042802 2560w\"\n                    aria-description=\"Ein offener Eierkarton mit 5 Eiern und Federn drumherum.\"\n                    loading=\"lazy\"\n                     data-copyright=\"Ein offener Eierkarton mit 5 Eiern und Federn drumherum. \u00a9 StockFood (The Picture Pantry)\" data-copyright-wrapper=\".text-teaser.bg-image\"                >\n            <\/div>\n        <\/div>\n        <div class=\"text-teaser__inner reweg-teaser-main\">\n        \n        \n        \n            <\/div>\n<\/div>                <\/li>\n                    <\/ul>\n    <\/div>\n<\/div>    <\/div>\n<\/div><\/div>\n<\/div>\n<\/div>\n\n\n\n<div class=\"wp-block-myblocks-section block-section section-bg-white\">\n<div class=\"wp-block-myblocks-row-full-single row-full-single my-row-block row-full\"><div class=\"myblock-wrapper block-my-text-teaser-gallery\" data-module-name=\"Teaser Contentmodul\"><div class=\"text-tasers-wrapper\">\n            <div class=\"text-taser-slider\">\n    <div class=\"text-taser-slider__slider\">\n        <ul class=\"rwgs__inner\">\n                                            <li>\n                    \n    <a href=\"https:\/\/www.dertour-group.com\/wp-content\/uploads\/2024\/11\/MM_8438_24_PDF_Grundsatzerklaerung_Tierschutz_dt-1.pdf\" target=\"_blank\" rel=\"noopener noreferrer\"    class=\"text-teaser bg-image dark-bg-section text-color-white link-hover-color-yellow with-1-link\"  data-module-name=\".teaser-contentmodul\">\n            <div class=\"text-teaser__background-wrapper\">\n            <div class=\"focused-image-container\">\n                <img decoding=\"async\"\n                    class=\"focused-image\"\n                    data-focus-x=\"0.00\"\n                    data-focus-y=\"0.00\"\n                    src=\"https:\/\/www.rewe-group.com\/content\/uploads\/2024\/07\/lanzarote.jpg?t=2026042802\"\n                    alt=\"Strand von Papagayo auf Lanzarote aus der Vogelperspektive\"\n                    srcset=\"https:\/\/www.rewe-group.com\/content\/uploads\/2024\/07\/lanzarote-1024x514.jpg 1024w, https:\/\/www.rewe-group.com\/content\/uploads\/2024\/07\/lanzarote.jpg?t=2026042802 2560w\"\n                    aria-description=\"Strand von Papagayo auf Lanzarote aus der Vogelperspektive\"\n                    loading=\"lazy\"\n                     data-copyright=\"Strand von Papagayo auf Lanzarote \u00a9  MikeMareen (Getty Images)\n\" data-copyright-wrapper=\".text-teaser.bg-image\"                >\n            <\/div>\n        <\/div>\n        <div class=\"text-teaser__inner reweg-teaser-main\">\n        <h2 class=\"text-teaser__title smaller\">Tierschutz in der Touristik<\/h2>\n                    <div class=\"text-teaser__text entry-content\">\n                <p>Bereits 2017 wurde eine verbindliche Tierschutzrichtlinie basierend auf der DERTOUR Group Grundsatzerkl\u00e4rung zum Tierschutz erarbeitet. Diese wird konsequent mit allen Partnern, Tierschutzexperten und Branchengremien\u00a0weltweit in einem kontinuierlichen Prozess umgesetzt.<\/p>\n<p>Die DERTOUR Group setzt sich daf\u00fcr ein, Tierwohl im Tourismus konsequent zu st\u00e4rken. Ausfl\u00fcge und Angebote, die mit Risiken f\u00fcr das Tierwohl verbunden sein k\u00f6nnten, l\u00e4sst die DERTOUR Group in Audits anhand des detaillierten Kriterienkataloges der Tierschutzrichtline durch unabh\u00e4ngige Tierschutzexperten \u00fcberpr\u00fcfen.<\/p>\n<p>Durch den kontinuierlichen Dialog mit Anbietern, der Reisebranche und Tierschutzorganisationen arbeitet die DERTOUR Group daran, bestehende Angebote tierfreundlicher zu gestalten, innovative L\u00f6sungen f\u00fcr verantwortungsvolle Tiererlebnisse zu entwickeln und langfristig zu einer nachhaltigen Verbesserung der Tierschutzstandards im Tourismus beizutragen.<\/p>\n            <\/div>\n        \n        \n                    <ul class=\"text-teaser__links\">\n                                                            <li>\n                            <span class=\"arrow-link\">Zur Leitlinie<\/span>\n                        <\/li>\n                                                <\/ul>\n            <\/div>\n<\/a>                <\/li>\n                    <\/ul>\n    <\/div>\n<\/div>    <\/div>\n<\/div><\/div>\n<\/div>\n\n\n\n<div class=\"wp-block-myblocks-section block-section section-bg-white section-padding-bottom\">\n<div class=\"wp-block-myblocks-row-full-2columns row-full-2columns my-row-block row-full\">\n<div class=\"wp-block-myblocks-row-full-2columns-cell row-cell row-full-2columns-cell my-cell-block\"><div class=\"myblock-wrapper block-my-text-teaser-gallery\" data-module-name=\"Teaser Contentmodul\"><div class=\"text-tasers-wrapper\">\n            <div class=\"text-taser-slider\">\n    <div class=\"text-taser-slider__slider\">\n        <ul class=\"rwgs__inner\">\n                                            <li>\n                    \n    <a href=\"https:\/\/rewe-group-nachhaltigkeitsbericht.de\/\" target=\"_blank\" rel=\"noopener noreferrer\"    class=\"text-teaser bg-color bg-color__light-gradient with-1-link\"  data-module-name=\".teaser-contentmodul\">\n        <div class=\"text-teaser__inner reweg-teaser-main\">\n        <h2 class=\"text-teaser__title smaller\">Strategischer Ansatz<\/h2>\n                    <div class=\"text-teaser__text entry-content\">\n                <p>In der Leitlinie f\u00fcr mehr Tierwohl definieren wir einen verbindlichen Handlungsrahmen zum Thema tiergerechte Haltung, Gewinnung tierischer Produkte und dem allgemeinen Tierwohl f\u00fcr REWE und PENNY in Deutschland. Die Tierschutzrichtlinie der DERTOUR Group enth\u00e4lt unsere Zielsetzungen f\u00fcr das Tierwohl im Tourismus.<\/p>\n<p>Im Jahr 2020 haben wir als REWE Group damit begonnen, unsere Strategie f\u00fcr artgerechte Haltungsbedingungen in der Nutztierhaltung zu \u00fcberarbeiten und neu auszurichten. So verfolgen wir das Ziel, mehr Tierwohl in den Lieferketten zu verankern. Dabei orientieren wir uns an einem vierstufigen Prozess, der dazu dient, die wesentlichen Auswirkungen auf das Tierwohl zu identifizieren und geeignete Ma\u00dfnahmen zur Verbesserung in den Lieferketten der Produkte umzusetzen.<\/p>\n            <\/div>\n        \n        \n                    <ul class=\"text-teaser__links\">\n                                                            <li>\n                            <span class=\"arrow-link\">Zum Management-Ansatz in unserem Nachhaltigkeitsbericht<\/span>\n                        <\/li>\n                                                <\/ul>\n            <\/div>\n<\/a>                <\/li>\n                    <\/ul>\n    <\/div>\n<\/div>    <\/div>\n<\/div><\/div>\n\n\n\n<div class=\"wp-block-myblocks-row-full-2columns-cell row-cell row-full-2columns-cell my-cell-block\"><div class=\"myblock-wrapper block-my-text-teaser-gallery\" data-module-name=\"Teaser Contentmodul\"><div class=\"text-tasers-wrapper\">\n            <div class=\"text-taser-slider\">\n    <div class=\"text-taser-slider__slider\">\n        <ul class=\"rwgs__inner\">\n                                            <li>\n                    \n    <a href=\"https:\/\/www.rewe-group.com\/de\/presse-und-medien\/publikationen\/leitlinien\/leitlinie-fuer-tierwohl\/\" target=\"_blank\" rel=\"noopener noreferrer\"    class=\"text-teaser bg-pattern bg-pattern_pattern4 bg-pattern_red dark-bg-section with-1-link\"  data-module-name=\".teaser-contentmodul\">\n        <div class=\"text-teaser__inner reweg-teaser-main\">\n        <h2 class=\"text-teaser__title smaller\">Leitlinie f\u00fcr Tierwohl<\/h2>\n        \n                    <div class=\"text-teaser__illustration illu-kuken\"><\/div>\n        \n                    <ul class=\"text-teaser__links\">\n                                                            <li>\n                            <span class=\"arrow-link\">Zur Leitlinie<\/span>\n                        <\/li>\n                                                <\/ul>\n            <\/div>\n<\/a>                <\/li>\n                                            <li>\n                    \n    <a href=\"https:\/\/www.dertour-group.com\/wp-content\/uploads\/2024\/11\/MM_8438_24_PDF_Grundsatzerklaerung_Tierschutz_dt-1.pdf\" target=\"_blank\" rel=\"noopener noreferrer\"    class=\"text-teaser bg-pattern bg-pattern_pattern4 bg-pattern_red dark-bg-section with-1-link\"  data-module-name=\".teaser-contentmodul\">\n        <div class=\"text-teaser__inner reweg-teaser-main\">\n        <h2 class=\"text-teaser__title smaller\">Die Tierwohl- und Tierschutzrichtlinie der DER Touristik<\/h2>\n        \n                    <div class=\"text-teaser__illustration illu-weltkugel\"><\/div>\n        \n                    <ul class=\"text-teaser__links\">\n                                                            <li>\n                            <span class=\"arrow-link\">Zur Leitlinie<\/span>\n                        <\/li>\n                                                <\/ul>\n            <\/div>\n<\/a>                <\/li>\n                    <\/ul>\n    <\/div>\n<\/div>    <\/div>\n<\/div><\/div>\n<\/div>\n\n\n\n<div class=\"wp-block-myblocks-row-full-2columns row-full-2columns my-row-block row-full\">\n<div class=\"wp-block-myblocks-row-full-2columns-cell row-cell row-full-2columns-cell my-cell-block\"><div class=\"myblock-wrapper block-my-text-teaser-gallery\" data-module-name=\"Teaser Contentmodul\"><div class=\"text-tasers-wrapper\">\n            <div class=\"text-taser-slider\">\n    <div class=\"text-taser-slider__slider\">\n        <ul class=\"rwgs__inner\">\n                                            <li>\n                    \n    <div\n    class=\"text-teaser bg-color bg-color__light without-link\"  data-module-name=\".teaser-contentmodul\">\n        <div class=\"text-teaser__inner reweg-teaser-main\">\n        <h2 class=\"text-teaser__title smaller\">Strategischer Ansatz Fisch und Meeresfr\u00fcchte <\/h2>\n                    <div class=\"text-teaser__text entry-content\">\n                <p>Fisch ist ein wichtiger Bestandteil unserer Ern\u00e4hrung. Etwa 20 Kilo pro Jahr pro Kopf werden weltweit konsumiert. Zudem haben Fischerei und Aquakulturen eine hohe volkswirtschaftliche Bedeutung, denn sie bieten 59,5 Millionen Menschen eine Lebensgrundlage. Doch beide Produktionszweige bringen negative \u00f6kologische, soziale und \u00f6konomische Auswirkungen mit sich, zu deren Beseitigung und Verringerung wir aktiv beitragen wollen.<\/p>\n            <\/div>\n        \n        \n            <\/div>\n<\/div>                <\/li>\n                    <\/ul>\n    <\/div>\n<\/div>    <\/div>\n<\/div><\/div>\n\n\n\n<div class=\"wp-block-myblocks-row-full-2columns-cell row-cell row-full-2columns-cell my-cell-block\"><div class=\"myblock-wrapper block-my-text-teaser-gallery\" data-module-name=\"Teaser Contentmodul\"><div class=\"text-tasers-wrapper\">\n            <div class=\"text-taser-slider\">\n    <div class=\"text-taser-slider__slider\">\n        <ul class=\"rwgs__inner\">\n                                            <li>\n                    \n    <a href=\"https:\/\/www.rewe-group.com\/de\/presse-und-medien\/publikationen\/leitlinien\/leitlinie-fuer-fisch-und-meeresfruechte\/\" target=\"_blank\" rel=\"noopener noreferrer\"    class=\"text-teaser bg-pattern bg-pattern_pattern1 bg-pattern_red dark-bg-section with-1-link\"  data-module-name=\".teaser-contentmodul\">\n        <div class=\"text-teaser__inner reweg-teaser-main\">\n        <h2 class=\"text-teaser__title smaller\">Leitlinie Fisch und Meeresfr\u00fcchte <\/h2>\n        \n                    <div class=\"text-teaser__illustration illu-fisch\"><\/div>\n        \n                    <ul class=\"text-teaser__links\">\n                                                            <li>\n                            <span class=\"arrow-link\">Leitlinie f\u00fcr Fisch und Meeresfr\u00fcchte<\/span>\n                        <\/li>\n                                                <\/ul>\n            <\/div>\n<\/a>                <\/li>\n                    <\/ul>\n    <\/div>\n<\/div>    <\/div>\n<\/div><\/div>\n<\/div>\n<\/div>\n\n\n\n<div class=\"wp-block-myblocks-section block-section section-bg-white section-padding-top section-padding-bottom\">\n<div class=\"wp-block-myblocks-row-full-single row-full-single my-row-block row-full\"><div class=\"myblock-wrapper block-my-post-slider\" data-module-name=\"Relevant Content Collection\">    <div class=\"posts-slider\">\n    <div class=\"posts-slider__inner row-margin-single\">\n        <div class=\"posts-slider__header\">\n            <h2 class=\"posts-slider__title\">Weiterlesen<\/h2>\n            \n                    <\/div>\n        <div class=\"posts-slider__slider\">\n            <ul class=\"rwgs__inner\">\n                                    <li class=\"posts-slider__slide medium\">\n                        <div class=\"post-teaser post-teaser_default bg-taupe medium type-3questions\">\n    <a\n        href=\"https:\/\/www.rewe-group.com\/de\/presse-und-medien\/newsroom\/drei-fragen\/markus-vom-stein-zur-zukunft-des-fleischsortiments\/\"\n        class=\"post-teaser__inner text-focus\"\n        data-tracking=\"{&quot;event&quot;:&quot;click_teaser&quot;,&quot;link_url&quot;:&quot;https:\\\/\\\/www.rewe-group.com\\\/de\\\/presse-und-medien\\\/newsroom\\\/drei-fragen\\\/markus-vom-stein-zur-zukunft-des-fleischsortiments\\\/&quot;,&quot;element_name&quot;:&quot;Markus vom Stein zur Zukunft des Fleischsortiments&quot;,&quot;modul_name&quot;:&quot;.teaser-editorial&quot;}\"\n    >\n        <div\n            class=\"new-post-teaser__background-wrapper\"\n                    >\n                                            <div class=\"focused-image-container\">\n                    <img decoding=\"async\"\n                        class=\"focused-image\"\n                        data-focus-x=\"0.43\"\n                        data-focus-y=\"0.39\"\n                        src=\"https:\/\/www.rewe-group.com\/content\/uploads\/2026\/01\/Markus-vom-Stein.jpg?t=2026042802\"\n                        alt=\"Portr\u00e4t von Markus vom Stein\"\n                        loading=\"lazy\"\n                         data-copyright=\"Portraet von Markus vom Stein \u00a9 REWE Group\"                    >\n                <\/div>\n            \n                    <\/div>\n\n        <div class=\"new-post-teaser__content-wrapper\">\n            <div class=\"new-post-teaser__content-inner\">\n                                    <div><\/div>\n                                <div class=\"new-post-teaser__content\">\n                    <p class=\"post-teaser__note\">27. November 2025<\/p>\n                    <h3 class=\"post-teaser__title\">Drei Fragen an<span>Markus vom Stein zur Zukunft des Fleischsortiments<\/span><\/h3>                                    <\/div>\n            <\/div>\n        <\/div>\n    <\/a>\n            <button\n        type=\"button\"\n        class=\"btn-icon icon-add add2basket small\"\n        aria-label=\"in die Sammlung hinzuf\u00fcgen\"\n        data-post-id=\"46687\"\n        data-blog-id=\"2\"\n        data-tracking=\"{&quot;event&quot;:&quot;click_add_to_collection&quot;,&quot;modul_name&quot;:&quot;.teaser-editorial&quot;,&quot;post_title&quot;:&quot;Markus vom Stein zur Zukunft des Fleischsortiments&quot;,&quot;post_type&quot;:&quot;3questions&quot;,&quot;post_category&quot;:&quot;Politik&quot;}\"\n    ><\/button>\n<\/div>\n                    <\/li>\n                                    <li class=\"posts-slider__slide medium\">\n                        <div class=\"post-teaser post-teaser_default medium type-guidline post-teaser__pattern pattern1 gray-pattern\">\n    <a\n        href=\"https:\/\/www.rewe-group.com\/de\/presse-und-medien\/publikationen\/leitlinien\/leitlinie-fuer-fisch-und-meeresfruechte\/\"\n        class=\"post-teaser__inner has-illustration\"\n        style=\"background-image: url(https:\/\/www.rewe-group.com\/content\/themes\/reweg\/img\/pattern1.svg);\"        data-tracking=\"{&quot;event&quot;:&quot;click_teaser&quot;,&quot;link_url&quot;:&quot;https:\\\/\\\/www.rewe-group.com\\\/de\\\/presse-und-medien\\\/publikationen\\\/leitlinien\\\/leitlinie-fuer-fisch-und-meeresfruechte\\\/&quot;,&quot;element_name&quot;:&quot;Leitlinie f\\u00fcr Fisch und Meeresfr\\u00fcchte&quot;,&quot;modul_name&quot;:&quot;.teaser-editorial&quot;}\"\n    >\n                <div class=\"post-teaser__content-wrapper\">\n            <p class=\"post-teaser__type\">Leitlinie<\/p>\n                            <div class=\"post-teaser__illustration\" style=\"background-image: url('https:\/\/www.rewe-group.com\/content\/themes\/reweg\/img\/illu-fisch.svg');\"><\/div>\n                        <div class=\"post-teaser__content\">\n                <p class=\"post-teaser__note\">25. September 2025<\/p>\n                <h3 class=\"post-teaser__title\">Leitlinie f\u00fcr Fisch und Meeresfr\u00fcchte<\/h3>                            <\/div>\n        <\/div>\n    <\/a>\n            <button\n        type=\"button\"\n        class=\"btn-icon icon-add add2basket small\"\n        aria-label=\"in die Sammlung hinzuf\u00fcgen\"\n        data-post-id=\"21972\"\n        data-blog-id=\"2\"\n        data-tracking=\"{&quot;event&quot;:&quot;click_add_to_collection&quot;,&quot;modul_name&quot;:&quot;.teaser-editorial&quot;,&quot;post_title&quot;:&quot;Leitlinie f\\u00fcr Fisch und Meeresfr\\u00fcchte&quot;,&quot;post_type&quot;:&quot;guidline&quot;,&quot;post_category&quot;:&quot;Nachhaltigkeit&quot;}\"\n    ><\/button>\n<\/div>\n                    <\/li>\n                                    <li class=\"posts-slider__slide medium\">\n                        <div class=\"post-teaser post-teaser_default medium type-press_release\">\n    <a\n        href=\"https:\/\/www.rewe-group.com\/de\/presse-und-medien\/newsroom\/pressemitteilungen\/ausweitung-von-drei-parteien-vertraegen-schafft-mehr-planungssicherheit-fuer-landwirtschaft\/\"\n        class=\"post-teaser__inner\"\n                data-tracking=\"{&quot;event&quot;:&quot;click_teaser&quot;,&quot;link_url&quot;:&quot;https:\\\/\\\/www.rewe-group.com\\\/de\\\/presse-und-medien\\\/newsroom\\\/pressemitteilungen\\\/ausweitung-von-drei-parteien-vertraegen-schafft-mehr-planungssicherheit-fuer-landwirtschaft\\\/&quot;,&quot;element_name&quot;:&quot;Ausweitung von Drei-Parteien-Vertr\\u00e4gen schafft mehr Planungssicherheit f\\u00fcr Landwirtschaft&quot;,&quot;modul_name&quot;:&quot;.teaser-editorial&quot;}\"\n    >\n                                <div class=\"post-teaser__background-wrapper\">\n                <div class=\"focused-image-container\">\n                    <img decoding=\"async\"\n                        class=\"focused-image\"\n                        data-focus-x=\"0.88\"\n                        data-focus-y=\"-0.02\"\n                        src=\"https:\/\/www.rewe-group.com\/content\/uploads\/2025\/01\/Drei-Parteien-Vertrag_REWE-scaled.jpg?t=2026042802\"\n                        alt=\"Sieben Personen stehen hinter einem Pult des REWE Group Standes auf der Gr\u00fcnen Woche. Eine der Personen spricht \u00fcber ein Mikrofon zu dem anwesenden Publikum.\"\n                        loading=\"lazy\"\n                         data-copyright=\"Sieben Personen stehen hinter einem Pult des REWE Group Standes auf der Gr\u00fcnen Woche. Eine der Personen spricht \u00fcber ein Mikrofon zu dem anwesenden Publikum.  \u00a9 REWE GROUP I Stefan Zeitz\" data-copyright-wrapper=\".post-teaser__inner\"                    >\n                <\/div>\n            <\/div>\n                <div class=\"post-teaser__content-wrapper\">\n            <p class=\"post-teaser__type\">Pressemitteilung<\/p>\n                        <div class=\"post-teaser__content\">\n                <p class=\"post-teaser__note\">20. Januar 2025<\/p>\n                <h3 class=\"post-teaser__title\">Ausweitung von Drei-Parteien-Vertr\u00e4gen schafft mehr Planungssicherheit f\u00fcr Landwirtschaft<\/h3>                            <\/div>\n        <\/div>\n    <\/a>\n            <button\n        type=\"button\"\n        class=\"btn-icon icon-add add2basket small\"\n        aria-label=\"in die Sammlung hinzuf\u00fcgen\"\n        data-post-id=\"42366\"\n        data-blog-id=\"2\"\n        data-tracking=\"{&quot;event&quot;:&quot;click_add_to_collection&quot;,&quot;modul_name&quot;:&quot;.teaser-editorial&quot;,&quot;post_title&quot;:&quot;Ausweitung von Drei-Parteien-Vertr\\u00e4gen schafft mehr Planungssicherheit f\\u00fcr Landwirtschaft&quot;,&quot;post_type&quot;:&quot;press_release&quot;,&quot;post_category&quot;:&quot;Nachhaltigkeit&quot;}\"\n    ><\/button>\n<\/div>\n                    <\/li>\n                                    <li class=\"posts-slider__slide medium\">\n                        <div class=\"post-teaser post-teaser_default bg-taupe medium type-3questions\">\n    <a\n        href=\"https:\/\/www.rewe-group.com\/de\/presse-und-medien\/newsroom\/drei-fragen\/benjamin-woelk-zur-kooperation-von-penny-und-die-faire-milch\/\"\n        class=\"post-teaser__inner text-focus\"\n        data-tracking=\"{&quot;event&quot;:&quot;click_teaser&quot;,&quot;link_url&quot;:&quot;https:\\\/\\\/www.rewe-group.com\\\/de\\\/presse-und-medien\\\/newsroom\\\/drei-fragen\\\/benjamin-woelk-zur-kooperation-von-penny-und-die-faire-milch\\\/&quot;,&quot;element_name&quot;:&quot;Benjamin W\\u00f6lk zur Kooperation von PENNY und Die Faire Milch&quot;,&quot;modul_name&quot;:&quot;.teaser-editorial&quot;}\"\n    >\n        <div\n            class=\"new-post-teaser__background-wrapper\"\n                    >\n                                            <div class=\"focused-image-container\">\n                    <img decoding=\"async\"\n                        class=\"focused-image\"\n                        data-focus-x=\"0.00\"\n                        data-focus-y=\"0.00\"\n                        src=\"https:\/\/www.rewe-group.com\/content\/uploads\/2024\/11\/benjamin-woelk.jpg?t=2026042802\"\n                        alt=\"Portr\u00e4t von Benjamin W\u00f6lk\"\n                        loading=\"lazy\"\n                         data-copyright=\"Portr\u00e4t von Benjamin W\u00f6lk \u00a9 REWE Group\"                    >\n                <\/div>\n            \n                    <\/div>\n\n        <div class=\"new-post-teaser__content-wrapper\">\n            <div class=\"new-post-teaser__content-inner\">\n                                    <div><\/div>\n                                <div class=\"new-post-teaser__content\">\n                    <p class=\"post-teaser__note\">22. November 2024<\/p>\n                    <h3 class=\"post-teaser__title\">Drei Fragen an<span>Benjamin W\u00f6lk zur Kooperation von PENNY und Die Faire Milch<\/span><\/h3>                                    <\/div>\n            <\/div>\n        <\/div>\n    <\/a>\n            <button\n        type=\"button\"\n        class=\"btn-icon icon-add add2basket small\"\n        aria-label=\"in die Sammlung hinzuf\u00fcgen\"\n        data-post-id=\"41580\"\n        data-blog-id=\"2\"\n        data-tracking=\"{&quot;event&quot;:&quot;click_add_to_collection&quot;,&quot;modul_name&quot;:&quot;.teaser-editorial&quot;,&quot;post_title&quot;:&quot;Benjamin W\\u00f6lk zur Kooperation von PENNY und Die Faire Milch&quot;,&quot;post_type&quot;:&quot;3questions&quot;,&quot;post_category&quot;:&quot;Politik&quot;}\"\n    ><\/button>\n<\/div>\n                    <\/li>\n                                    <li class=\"posts-slider__slide medium\">\n                        <div class=\"post-teaser post-teaser_default medium type-post\">\n    <a\n        href=\"https:\/\/www.rewe-group.com\/de\/presse-und-medien\/newsroom\/stories\/ueber-800-tierarten-auf-renaturierten-gruenflaechen-nachgewiesen\/\"\n        class=\"post-teaser__inner\"\n                data-tracking=\"{&quot;event&quot;:&quot;click_teaser&quot;,&quot;link_url&quot;:&quot;https:\\\/\\\/www.rewe-group.com\\\/de\\\/presse-und-medien\\\/newsroom\\\/stories\\\/ueber-800-tierarten-auf-renaturierten-gruenflaechen-nachgewiesen\\\/&quot;,&quot;element_name&quot;:&quot;\\u00dcber 800 Tierarten auf renaturierten Gr\\u00fcnfl\\u00e4chen nachgewiesen\\u202f&quot;,&quot;modul_name&quot;:&quot;.teaser-editorial&quot;}\"\n    >\n                                <div class=\"post-teaser__background-wrapper\">\n                <div class=\"focused-image-container\">\n                    <img decoding=\"async\"\n                        class=\"focused-image\"\n                        data-focus-x=\"0.00\"\n                        data-focus-y=\"0.00\"\n                        src=\"https:\/\/www.rewe-group.com\/content\/uploads\/2024\/11\/nagele-drozdowski-wurflinger.jpg?t=2026042802\"\n                        alt=\"Zwei M\u00e4nner und eine Frau sitzen auf einer bl\u00fchenden Wiese. Im Hintergrund ist ein BILLA Markt zu sehen.\"\n                        loading=\"lazy\"\n                         data-copyright=\"Zwei M\u00e4nner und eine Frau sitzen auf einer bl\u00fchenden Wiese. Im Hintergrund ist ein BILLA Markt zu sehen. \u00a9 LPV\/I. Drozdowski, Christian Dusek\" data-copyright-wrapper=\".post-teaser__inner\"                    >\n                <\/div>\n            <\/div>\n                <div class=\"post-teaser__content-wrapper\">\n            <p class=\"post-teaser__type\">Story<\/p>\n                        <div class=\"post-teaser__content\">\n                <p class=\"post-teaser__note\">7. November 2024<\/p>\n                <h3 class=\"post-teaser__title\">\u00dcber 800 Tierarten auf renaturierten Gr\u00fcnfl\u00e4chen nachgewiesen\u202f<\/h3>                            <\/div>\n        <\/div>\n    <\/a>\n            <button\n        type=\"button\"\n        class=\"btn-icon icon-add add2basket small\"\n        aria-label=\"in die Sammlung hinzuf\u00fcgen\"\n        data-post-id=\"41444\"\n        data-blog-id=\"2\"\n        data-tracking=\"{&quot;event&quot;:&quot;click_add_to_collection&quot;,&quot;modul_name&quot;:&quot;.teaser-editorial&quot;,&quot;post_title&quot;:&quot;\\u00dcber 800 Tierarten auf renaturierten Gr\\u00fcnfl\\u00e4chen nachgewiesen\\u202f&quot;,&quot;post_type&quot;:&quot;post&quot;,&quot;post_category&quot;:&quot;Nachhaltigkeit&quot;}\"\n    ><\/button>\n<\/div>\n                    <\/li>\n                                    <li class=\"posts-slider__slide medium\">\n                        <div class=\"post-teaser post-teaser_default bg-taupe medium type-3questions\">\n    <a\n        href=\"https:\/\/www.rewe-group.com\/de\/presse-und-medien\/newsroom\/drei-fragen\/dagmar-klingelhoeller-zur-novellierung-des-tierschutzgesetzes\/\"\n        class=\"post-teaser__inner text-focus\"\n        data-tracking=\"{&quot;event&quot;:&quot;click_teaser&quot;,&quot;link_url&quot;:&quot;https:\\\/\\\/www.rewe-group.com\\\/de\\\/presse-und-medien\\\/newsroom\\\/drei-fragen\\\/dagmar-klingelhoeller-zur-novellierung-des-tierschutzgesetzes\\\/&quot;,&quot;element_name&quot;:&quot;Dagmar Klingelh\\u00f6ller zur Novellierung des Tierschutzgesetzes&quot;,&quot;modul_name&quot;:&quot;.teaser-editorial&quot;}\"\n    >\n        <div\n            class=\"new-post-teaser__background-wrapper\"\n                    >\n                                            <div class=\"focused-image-container\">\n                    <img decoding=\"async\"\n                        class=\"focused-image\"\n                        data-focus-x=\"0.00\"\n                        data-focus-y=\"0.00\"\n                        src=\"https:\/\/www.rewe-group.com\/content\/uploads\/2024\/09\/klingelhoeller-dagmar.jpg?t=2026042802\"\n                        alt=\"Portr\u00e4t von Dagmar Klingelh\u00f6ller\"\n                        loading=\"lazy\"\n                         data-copyright=\"Portr\u00e4t von Dagmar Klingelh\u00f6ller \u00a9Jenni Prucha\"                    >\n                <\/div>\n            \n                    <\/div>\n\n        <div class=\"new-post-teaser__content-wrapper\">\n            <div class=\"new-post-teaser__content-inner\">\n                                    <div><\/div>\n                                <div class=\"new-post-teaser__content\">\n                    <p class=\"post-teaser__note\">30. September 2024<\/p>\n                    <h3 class=\"post-teaser__title\">Drei Fragen an<span>Dagmar Klingelh\u00f6ller zur Novellierung des Tierschutzgesetzes<\/span><\/h3>                                    <\/div>\n            <\/div>\n        <\/div>\n    <\/a>\n            <button\n        type=\"button\"\n        class=\"btn-icon icon-add add2basket small\"\n        aria-label=\"in die Sammlung hinzuf\u00fcgen\"\n        data-post-id=\"40896\"\n        data-blog-id=\"2\"\n        data-tracking=\"{&quot;event&quot;:&quot;click_add_to_collection&quot;,&quot;modul_name&quot;:&quot;.teaser-editorial&quot;,&quot;post_title&quot;:&quot;Dagmar Klingelh\\u00f6ller zur Novellierung des Tierschutzgesetzes&quot;,&quot;post_type&quot;:&quot;3questions&quot;,&quot;post_category&quot;:&quot;Politik&quot;}\"\n    ><\/button>\n<\/div>\n                    <\/li>\n                                    <li class=\"posts-slider__slide medium\">\n                        <div class=\"post-teaser post-teaser_default bg-taupe medium type-3questions\">\n    <a\n        href=\"https:\/\/www.rewe-group.com\/de\/presse-und-medien\/newsroom\/drei-fragen\/ariane-desiree-kari-zum-stand-des-tierschutzes-in-deutschland\/\"\n        class=\"post-teaser__inner text-focus\"\n        data-tracking=\"{&quot;event&quot;:&quot;click_teaser&quot;,&quot;link_url&quot;:&quot;https:\\\/\\\/www.rewe-group.com\\\/de\\\/presse-und-medien\\\/newsroom\\\/drei-fragen\\\/ariane-desiree-kari-zum-stand-des-tierschutzes-in-deutschland\\\/&quot;,&quot;element_name&quot;:&quot;Ariane D\\u00e9sir\\u00e9e Kari zum Stand des Tierschutzes in Deutschland&quot;,&quot;modul_name&quot;:&quot;.teaser-editorial&quot;}\"\n    >\n        <div\n            class=\"new-post-teaser__background-wrapper\"\n                    >\n                                            <div class=\"focused-image-container\">\n                    <img decoding=\"async\"\n                        class=\"focused-image\"\n                        data-focus-x=\"0.00\"\n                        data-focus-y=\"0.00\"\n                        src=\"https:\/\/www.rewe-group.com\/content\/uploads\/2024\/09\/ariane-kari.jpg?t=2026042802\"\n                        alt=\"Portr\u00e4t von Ariane Kari\"\n                        loading=\"lazy\"\n                         data-copyright=\"Portr\u00e4t von Ariane Kari \u00a9BMEL\"                    >\n                <\/div>\n            \n                    <\/div>\n\n        <div class=\"new-post-teaser__content-wrapper\">\n            <div class=\"new-post-teaser__content-inner\">\n                                    <div><\/div>\n                                <div class=\"new-post-teaser__content\">\n                    <p class=\"post-teaser__note\">23. September 2024<\/p>\n                    <h3 class=\"post-teaser__title\">Drei Fragen an<span>Ariane D\u00e9sir\u00e9e Kari zum Stand des Tierschutzes in Deutschland<\/span><\/h3>                                    <\/div>\n            <\/div>\n        <\/div>\n    <\/a>\n            <button\n        type=\"button\"\n        class=\"btn-icon icon-add add2basket small\"\n        aria-label=\"in die Sammlung hinzuf\u00fcgen\"\n        data-post-id=\"40776\"\n        data-blog-id=\"2\"\n        data-tracking=\"{&quot;event&quot;:&quot;click_add_to_collection&quot;,&quot;modul_name&quot;:&quot;.teaser-editorial&quot;,&quot;post_title&quot;:&quot;Ariane D\\u00e9sir\\u00e9e Kari zum Stand des Tierschutzes in Deutschland&quot;,&quot;post_type&quot;:&quot;3questions&quot;,&quot;post_category&quot;:&quot;Politik&quot;}\"\n    ><\/button>\n<\/div>\n                    <\/li>\n                                    <li class=\"posts-slider__slide medium\">\n                        <div class=\"post-teaser post-teaser_default bg-light medium type-post\">\n    <a\n        href=\"https:\/\/www.rewe-group.com\/de\/presse-und-medien\/newsroom\/stories\/neue-zukunftsperspektiven-fuer-mensch-tier-und-umwelt\/\"\n        class=\"post-teaser__inner text-focus\"\n        data-tracking=\"{&quot;event&quot;:&quot;click_teaser&quot;,&quot;link_url&quot;:&quot;https:\\\/\\\/www.rewe-group.com\\\/de\\\/presse-und-medien\\\/newsroom\\\/stories\\\/neue-zukunftsperspektiven-fuer-mensch-tier-und-umwelt\\\/&quot;,&quot;element_name&quot;:&quot;Neue Zukunftsperspektiven f\\u00fcr Mensch, Tier und Umwelt&quot;,&quot;modul_name&quot;:&quot;.teaser-editorial&quot;}\"\n    >\n        <div\n            class=\"new-post-teaser__background-wrapper\"\n                    >\n                                            <div class=\"focused-image-container\">\n                    <img decoding=\"async\"\n                        class=\"focused-image\"\n                        data-focus-x=\"0.00\"\n                        data-focus-y=\"0.00\"\n                        src=\"https:\/\/www.rewe-group.com\/content\/uploads\/2024\/08\/karrettschildkroete.jpg?t=2026042802\"\n                        alt=\"Unterwasserbild einer Meeresschildkr\u00f6te\"\n                        loading=\"lazy\"\n                         data-copyright=\"Unterwasserbild einer Meeresschildkr\u00f6te\n\u00a9 Getty Images, Travel Trend\"                    >\n                <\/div>\n            \n                    <\/div>\n\n        <div class=\"new-post-teaser__content-wrapper\">\n            <div class=\"new-post-teaser__content-inner\">\n                                    <p class=\"new-post-teaser__type\">Story<\/p>\n                                <div class=\"new-post-teaser__content\">\n                    <p class=\"post-teaser__note\">30. August 2024<\/p>\n                    <h3 class=\"post-teaser__title\">Neue Zukunftsperspektiven f\u00fcr Mensch, Tier und Umwelt<\/h3>                                    <\/div>\n            <\/div>\n        <\/div>\n    <\/a>\n            <button\n        type=\"button\"\n        class=\"btn-icon icon-add add2basket small\"\n        aria-label=\"in die Sammlung hinzuf\u00fcgen\"\n        data-post-id=\"40129\"\n        data-blog-id=\"2\"\n        data-tracking=\"{&quot;event&quot;:&quot;click_add_to_collection&quot;,&quot;modul_name&quot;:&quot;.teaser-editorial&quot;,&quot;post_title&quot;:&quot;Neue Zukunftsperspektiven f\\u00fcr Mensch, Tier und Umwelt&quot;,&quot;post_type&quot;:&quot;post&quot;,&quot;post_category&quot;:&quot;Nachhaltigkeit&quot;}\"\n    ><\/button>\n<\/div>\n                    <\/li>\n                            <\/ul>\n        <\/div>\n            <\/div>\n<\/div>\n<\/div><\/div>\n<\/div>\n\n\n\n<div class=\"wp-block-myblocks-section block-section section-bg-gray section-padding-top\">\n<div class=\"wp-block-myblocks-row-full-2columns row-full-2columns my-row-block row-full\">\n<div class=\"wp-block-myblocks-row-full-2columns-cell row-cell row-full-2columns-cell my-cell-block\"><div class=\"myblock-wrapper block-my-page-teaser block-ingrid\" data-module-name=\"Teaser Page\">\n<div class=\"page-teaser__wrapper\">\n    <a\n        class=\"page-teaser large bg-image has-post\"\n        href=\"https:\/\/www.rewe-group.com\/de\/nachhaltigkeit\/engagements-und-projekte\/\"\n        style=\"\"\n        data-tracking=\"{&quot;event&quot;:&quot;click_teaser&quot;,&quot;link_url&quot;:&quot;https:\\\/\\\/www.rewe-group.com\\\/de\\\/nachhaltigkeit\\\/engagements-und-projekte\\\/&quot;,&quot;element_name&quot;:&quot;Nachhaltige &lt;br&gt;Engage&amp;shy;ments &amp;amp; Projekte&quot;,&quot;modul_name&quot;:&quot;.teaser-page&quot;}\"        target=\"_self\"    >\n                                <div class=\"page-teaser__background-wrapper\">\n                <div class=\"focused-image-container\">\n                    <img decoding=\"async\"\n                        class=\"focused-image\"\n                        data-focus-x=\"0.14\"\n                        data-focus-y=\"0.38\"\n                        src=\"https:\/\/www.rewe-group.com\/content\/uploads\/2025\/01\/nachhaltigkeitsengagement-rewe-group-1024x683.jpg\"\n                        alt=\"Eine Frau steht lachend auf einem Bauernhof und h\u00e4lt einen Bund M\u00f6hren in der Hand.\"\n                        loading=\"lazy\"\n                         data-copyright=\"Eine Frau steht lachend auf einem Bauernhof und h\u00e4lt einen Bund M\u00f6hren in der Hand. \u00a9 Adobe Stock, Jacob Lund\"                    >\n                <\/div>\n            <\/div>\n                <div class=\"page-teaser__overlay bg-image\"><\/div>\n                <h2 class=\"page-teaser__title\">Nachhaltige <br>Engage&shy;ments &amp; Projekte<\/h2>        <div class=\"bottom\">\n                        <div class=\"link\">\n                <span class=\"arrow-link\">Zu unserem Nachhaltigkeits-Engagement<\/span>\n            <\/div>\n        <\/div>\n    <\/a>\n<\/div>\n<\/div><\/div>\n\n\n\n<div class=\"wp-block-myblocks-row-full-2columns-cell row-cell row-full-2columns-cell my-cell-block\"><div class=\"myblock-wrapper block-my-page-teaser block-ingrid\" data-module-name=\"Teaser Page\">\n<div class=\"page-teaser__wrapper\">\n    <a\n        class=\"page-teaser large bg-image has-post\"\n        href=\"https:\/\/www.rewe-group.com\/de\/nachhaltigkeit\/strategie\/\"\n        style=\"\"\n        data-tracking=\"{&quot;event&quot;:&quot;click_teaser&quot;,&quot;link_url&quot;:&quot;https:\\\/\\\/www.rewe-group.com\\\/de\\\/nachhaltigkeit\\\/strategie\\\/&quot;,&quot;element_name&quot;:&quot;Unsere Strategie &lt;br&gt;f\\u00fcr mehr Nachhaltigkeit&quot;,&quot;modul_name&quot;:&quot;.teaser-page&quot;}\"        target=\"_self\"    >\n                                <div class=\"page-teaser__background-wrapper\">\n                <div class=\"focused-image-container\">\n                    <img decoding=\"async\"\n                        class=\"focused-image\"\n                        data-focus-x=\"-0.03\"\n                        data-focus-y=\"-0.48\"\n                        src=\"https:\/\/www.rewe-group.com\/content\/uploads\/2021\/02\/nachhaltigkeitsstrategie-scaled-1024x558.jpg\"\n                        alt=\"Eine Frau und ein Mann beschneiden Pflanzen an der Wand. Ein Symbolbild f\u00fcr unsere Nachhaltigkeitsstrategie\"\n                        loading=\"lazy\"\n                         data-copyright=\"Eine Frau und ein Mann beschneiden Pflanzen an der Wand. Ein Symbolbild f\u00fcr unsere Nachhaltigkeitsstrategie \u00a9 Daniel Funes Fuentes (Unsplash)\"                    >\n                <\/div>\n            <\/div>\n                <div class=\"page-teaser__overlay bg-image\"><\/div>\n                <h2 class=\"page-teaser__title\">Unsere Strategie <br>f\u00fcr mehr Nachhaltigkeit<\/h2>        <div class=\"bottom\">\n                        <div class=\"link\">\n                <span class=\"arrow-link\">Zu unserer Nachhaltigkeitsstrategie<\/span>\n            <\/div>\n        <\/div>\n    <\/a>\n<\/div>\n<\/div><\/div>\n<\/div>\n<\/div>\n<\/div>\n","protected":false},"excerpt":{"rendered":"<p>Wir engagieren uns in vielf\u00e4ltigen Initiativen f\u00fcr Tierwohl und haben klare Anforderungen an eine nachhaltige Erzeugung von tierischen Produkten.<\/p>\n","protected":false},"author":10,"featured_media":18903,"parent":3526,"menu_order":71,"comment_status":"closed","ping_status":"closed","template":"","meta":{"_acf_changed":false,"_relevanssi_hide_post":"","_relevanssi_hide_content":"","_relevanssi_pin_for_all":"","_relevanssi_pin_keywords":"Tierwohl (100)","_relevanssi_unpin_keywords":"","_relevanssi_related_keywords":"","_relevanssi_related_include_ids":"","_relevanssi_related_exclude_ids":"","_relevanssi_related_no_append":"","_relevanssi_related_not_related":"","_relevanssi_related_posts":"18335,1861,1849,18286,46733,1366","_relevanssi_noindex_reason":"","footnotes":""},"categories":[5,7],"tags":[40],"class_list":["post-18917","page","type-page","status-publish","has-post-thumbnail","hentry","category-nachhaltigkeit","category-sortiment","tag-tierwohl"],"acf":[],"yoast_head":"<!-- This site is optimized with the Yoast SEO Premium plugin v27.1 (Yoast SEO v27.1.1) - https:\/\/yoast.com\/product\/yoast-seo-premium-wordpress\/ -->\n<title>F\u00fcr eine artgerechte Tierhaltung - REWE Group<\/title>\n<meta name=\"description\" content=\"Wir engagieren uns in vielf\u00e4ltigen Initiativen f\u00fcr Tierwohl und haben klare Anforderungen an eine nachhaltige Erzeugung von tierischen Produkten.\" \/>\n<meta name=\"robots\" content=\"index, follow, max-snippet:-1, max-image-preview:large, max-video-preview:-1\" \/>\n<link rel=\"canonical\" href=\"https:\/\/www.rewe-group.com\/de\/nachhaltigkeit\/engagements-und-projekte\/fur-eine-artgerechte-tierhaltung\/\" \/>\n<meta property=\"og:locale\" content=\"de_DE\" \/>\n<meta property=\"og:type\" content=\"article\" \/>\n<meta property=\"og:title\" content=\"F\u00fcr eine artgerechte Tierhaltung\" \/>\n<meta property=\"og:description\" content=\"Wir engagieren uns in vielf\u00e4ltigen Initiativen f\u00fcr Tierwohl und haben klare Anforderungen an eine nachhaltige Erzeugung von tierischen Produkten.\" \/>\n<meta property=\"og:url\" content=\"https:\/\/www.rewe-group.com\/de\/nachhaltigkeit\/engagements-und-projekte\/fur-eine-artgerechte-tierhaltung\/\" \/>\n<meta property=\"og:site_name\" content=\"REWE Group\" \/>\n<meta property=\"article:modified_time\" content=\"2026-03-26T15:46:21+00:00\" \/>\n<meta property=\"og:image\" content=\"https:\/\/www.rewe-group.com\/content\/uploads\/2021\/08\/artgerechte-haltung-kueken-tierwohl-landwirtschaft-nachhaltigkeit-rewe-group.jpg?t=2026032603\" \/>\n\t<meta property=\"og:image:width\" content=\"2560\" \/>\n\t<meta property=\"og:image:height\" content=\"1706\" \/>\n\t<meta property=\"og:image:type\" content=\"image\/jpeg\" \/>\n<meta name=\"twitter:card\" content=\"summary_large_image\" \/>\n<meta name=\"twitter:label1\" content=\"Gesch\u00e4tzte Lesezeit\" \/>\n\t<meta name=\"twitter:data1\" content=\"8\u00a0Minuten\" \/>\n<script type=\"application\/ld+json\" class=\"yoast-schema-graph\">{\"@context\":\"https:\/\/schema.org\",\"@graph\":[{\"@type\":\"WebPage\",\"@id\":\"https:\/\/www.rewe-group.com\/de\/nachhaltigkeit\/engagements-und-projekte\/fur-eine-artgerechte-tierhaltung\/\",\"url\":\"https:\/\/www.rewe-group.com\/de\/nachhaltigkeit\/engagements-und-projekte\/fur-eine-artgerechte-tierhaltung\/\",\"name\":\"F\u00fcr eine artgerechte Tierhaltung - REWE Group\",\"isPartOf\":{\"@id\":\"https:\/\/www.rewe-group.com\/de\/#website\"},\"primaryImageOfPage\":{\"@id\":\"https:\/\/www.rewe-group.com\/de\/nachhaltigkeit\/engagements-und-projekte\/fur-eine-artgerechte-tierhaltung\/#primaryimage\"},\"image\":{\"@id\":\"https:\/\/www.rewe-group.com\/de\/nachhaltigkeit\/engagements-und-projekte\/fur-eine-artgerechte-tierhaltung\/#primaryimage\"},\"thumbnailUrl\":\"https:\/\/www.rewe-group.com\/content\/uploads\/2021\/08\/artgerechte-haltung-kueken-tierwohl-landwirtschaft-nachhaltigkeit-rewe-group.jpg?t=2026042802\",\"datePublished\":\"2021-08-25T09:59:07+00:00\",\"dateModified\":\"2026-03-26T15:46:21+00:00\",\"description\":\"Wir engagieren uns in vielf\u00e4ltigen Initiativen f\u00fcr Tierwohl und haben klare Anforderungen an eine nachhaltige Erzeugung von tierischen Produkten.\",\"breadcrumb\":{\"@id\":\"https:\/\/www.rewe-group.com\/de\/nachhaltigkeit\/engagements-und-projekte\/fur-eine-artgerechte-tierhaltung\/#breadcrumb\"},\"inLanguage\":\"de\",\"potentialAction\":[{\"@type\":\"ReadAction\",\"target\":[\"https:\/\/www.rewe-group.com\/de\/nachhaltigkeit\/engagements-und-projekte\/fur-eine-artgerechte-tierhaltung\/\"]}]},{\"@type\":\"ImageObject\",\"inLanguage\":\"de\",\"@id\":\"https:\/\/www.rewe-group.com\/de\/nachhaltigkeit\/engagements-und-projekte\/fur-eine-artgerechte-tierhaltung\/#primaryimage\",\"url\":\"https:\/\/www.rewe-group.com\/content\/uploads\/2021\/08\/artgerechte-haltung-kueken-tierwohl-landwirtschaft-nachhaltigkeit-rewe-group.jpg?t=2026042802\",\"contentUrl\":\"https:\/\/www.rewe-group.com\/content\/uploads\/2021\/08\/artgerechte-haltung-kueken-tierwohl-landwirtschaft-nachhaltigkeit-rewe-group.jpg?t=2026042802\",\"width\":2560,\"height\":1706,\"caption\":\"Die REWE Group f\u00f6rdert aktiv artgerechte Nutztierhaltung tierischer Produkte.\"},{\"@type\":\"BreadcrumbList\",\"@id\":\"https:\/\/www.rewe-group.com\/de\/nachhaltigkeit\/engagements-und-projekte\/fur-eine-artgerechte-tierhaltung\/#breadcrumb\",\"itemListElement\":[{\"@type\":\"ListItem\",\"position\":1,\"name\":\"Nachhaltigkeit\",\"item\":\"https:\/\/www.rewe-group.com\/de\/nachhaltigkeit\/\"},{\"@type\":\"ListItem\",\"position\":2,\"name\":\"Nachhaltige Engagements &amp; Projekte\",\"item\":\"https:\/\/www.rewe-group.com\/de\/nachhaltigkeit\/engagements-und-projekte\/\"},{\"@type\":\"ListItem\",\"position\":3,\"name\":\"F\u00fcr eine artgerechte Tierhaltung\"}]},{\"@type\":\"WebSite\",\"@id\":\"https:\/\/www.rewe-group.com\/de\/#website\",\"url\":\"https:\/\/www.rewe-group.com\/de\/\",\"name\":\"REWE Group\",\"description\":\"Die Website der REWE Group\",\"potentialAction\":[{\"@type\":\"SearchAction\",\"target\":{\"@type\":\"EntryPoint\",\"urlTemplate\":\"https:\/\/www.rewe-group.com\/de\/?s={search_term_string}\"},\"query-input\":{\"@type\":\"PropertyValueSpecification\",\"valueRequired\":true,\"valueName\":\"search_term_string\"}}],\"inLanguage\":\"de\"}]}<\/script>\n<!-- \/ Yoast SEO Premium plugin. -->","yoast_head_json":{"title":"F\u00fcr eine artgerechte Tierhaltung - REWE Group","description":"Wir engagieren uns in vielf\u00e4ltigen Initiativen f\u00fcr Tierwohl und haben klare Anforderungen an eine nachhaltige Erzeugung von tierischen Produkten.","robots":{"index":"index","follow":"follow","max-snippet":"max-snippet:-1","max-image-preview":"max-image-preview:large","max-video-preview":"max-video-preview:-1"},"canonical":"https:\/\/www.rewe-group.com\/de\/nachhaltigkeit\/engagements-und-projekte\/fur-eine-artgerechte-tierhaltung\/","og_locale":"de_DE","og_type":"article","og_title":"F\u00fcr eine artgerechte Tierhaltung","og_description":"Wir engagieren uns in vielf\u00e4ltigen Initiativen f\u00fcr Tierwohl und haben klare Anforderungen an eine nachhaltige Erzeugung von tierischen Produkten.","og_url":"https:\/\/www.rewe-group.com\/de\/nachhaltigkeit\/engagements-und-projekte\/fur-eine-artgerechte-tierhaltung\/","og_site_name":"REWE Group","article_modified_time":"2026-03-26T15:46:21+00:00","og_image":[{"width":2560,"height":1706,"url":"https:\/\/www.rewe-group.com\/content\/uploads\/2021\/08\/artgerechte-haltung-kueken-tierwohl-landwirtschaft-nachhaltigkeit-rewe-group.jpg?t=2026032603","type":"image\/jpeg"}],"twitter_card":"summary_large_image","twitter_misc":{"Gesch\u00e4tzte Lesezeit":"8\u00a0Minuten"},"schema":{"@context":"https:\/\/schema.org","@graph":[{"@type":"WebPage","@id":"https:\/\/www.rewe-group.com\/de\/nachhaltigkeit\/engagements-und-projekte\/fur-eine-artgerechte-tierhaltung\/","url":"https:\/\/www.rewe-group.com\/de\/nachhaltigkeit\/engagements-und-projekte\/fur-eine-artgerechte-tierhaltung\/","name":"F\u00fcr eine artgerechte Tierhaltung - REWE Group","isPartOf":{"@id":"https:\/\/www.rewe-group.com\/de\/#website"},"primaryImageOfPage":{"@id":"https:\/\/www.rewe-group.com\/de\/nachhaltigkeit\/engagements-und-projekte\/fur-eine-artgerechte-tierhaltung\/#primaryimage"},"image":{"@id":"https:\/\/www.rewe-group.com\/de\/nachhaltigkeit\/engagements-und-projekte\/fur-eine-artgerechte-tierhaltung\/#primaryimage"},"thumbnailUrl":"https:\/\/www.rewe-group.com\/content\/uploads\/2021\/08\/artgerechte-haltung-kueken-tierwohl-landwirtschaft-nachhaltigkeit-rewe-group.jpg?t=2026042802","datePublished":"2021-08-25T09:59:07+00:00","dateModified":"2026-03-26T15:46:21+00:00","description":"Wir engagieren uns in vielf\u00e4ltigen Initiativen f\u00fcr Tierwohl und haben klare Anforderungen an eine nachhaltige Erzeugung von tierischen Produkten.","breadcrumb":{"@id":"https:\/\/www.rewe-group.com\/de\/nachhaltigkeit\/engagements-und-projekte\/fur-eine-artgerechte-tierhaltung\/#breadcrumb"},"inLanguage":"de","potentialAction":[{"@type":"ReadAction","target":["https:\/\/www.rewe-group.com\/de\/nachhaltigkeit\/engagements-und-projekte\/fur-eine-artgerechte-tierhaltung\/"]}]},{"@type":"ImageObject","inLanguage":"de","@id":"https:\/\/www.rewe-group.com\/de\/nachhaltigkeit\/engagements-und-projekte\/fur-eine-artgerechte-tierhaltung\/#primaryimage","url":"https:\/\/www.rewe-group.com\/content\/uploads\/2021\/08\/artgerechte-haltung-kueken-tierwohl-landwirtschaft-nachhaltigkeit-rewe-group.jpg?t=2026042802","contentUrl":"https:\/\/www.rewe-group.com\/content\/uploads\/2021\/08\/artgerechte-haltung-kueken-tierwohl-landwirtschaft-nachhaltigkeit-rewe-group.jpg?t=2026042802","width":2560,"height":1706,"caption":"Die REWE Group f\u00f6rdert aktiv artgerechte Nutztierhaltung tierischer Produkte."},{"@type":"BreadcrumbList","@id":"https:\/\/www.rewe-group.com\/de\/nachhaltigkeit\/engagements-und-projekte\/fur-eine-artgerechte-tierhaltung\/#breadcrumb","itemListElement":[{"@type":"ListItem","position":1,"name":"Nachhaltigkeit","item":"https:\/\/www.rewe-group.com\/de\/nachhaltigkeit\/"},{"@type":"ListItem","position":2,"name":"Nachhaltige Engagements &amp; Projekte","item":"https:\/\/www.rewe-group.com\/de\/nachhaltigkeit\/engagements-und-projekte\/"},{"@type":"ListItem","position":3,"name":"F\u00fcr eine artgerechte Tierhaltung"}]},{"@type":"WebSite","@id":"https:\/\/www.rewe-group.com\/de\/#website","url":"https:\/\/www.rewe-group.com\/de\/","name":"REWE Group","description":"Die Website der REWE Group","potentialAction":[{"@type":"SearchAction","target":{"@type":"EntryPoint","urlTemplate":"https:\/\/www.rewe-group.com\/de\/?s={search_term_string}"},"query-input":{"@type":"PropertyValueSpecification","valueRequired":true,"valueName":"search_term_string"}}],"inLanguage":"de"}]}},"_links":{"self":[{"href":"https:\/\/www.rewe-group.com\/de\/wp-json\/wp\/v2\/pages\/18917","targetHints":{"allow":["GET"]}}],"collection":[{"href":"https:\/\/www.rewe-group.com\/de\/wp-json\/wp\/v2\/pages"}],"about":[{"href":"https:\/\/www.rewe-group.com\/de\/wp-json\/wp\/v2\/types\/page"}],"author":[{"embeddable":true,"href":"https:\/\/www.rewe-group.com\/de\/wp-json\/wp\/v2\/users\/10"}],"replies":[{"embeddable":true,"href":"https:\/\/www.rewe-group.com\/de\/wp-json\/wp\/v2\/comments?post=18917"}],"version-history":[{"count":125,"href":"https:\/\/www.rewe-group.com\/de\/wp-json\/wp\/v2\/pages\/18917\/revisions"}],"predecessor-version":[{"id":47882,"href":"https:\/\/www.rewe-group.com\/de\/wp-json\/wp\/v2\/pages\/18917\/revisions\/47882"}],"up":[{"embeddable":true,"href":"https:\/\/www.rewe-group.com\/de\/wp-json\/wp\/v2\/pages\/3526"}],"wp:featuredmedia":[{"embeddable":true,"href":"https:\/\/www.rewe-group.com\/de\/wp-json\/wp\/v2\/media\/18903"}],"wp:attachment":[{"href":"https:\/\/www.rewe-group.com\/de\/wp-json\/wp\/v2\/media?parent=18917"}],"wp:term":[{"taxonomy":"category","embeddable":true,"href":"https:\/\/www.rewe-group.com\/de\/wp-json\/wp\/v2\/categories?post=18917"},{"taxonomy":"post_tag","embeddable":true,"href":"https:\/\/www.rewe-group.com\/de\/wp-json\/wp\/v2\/tags?post=18917"}],"curies":[{"name":"wp","href":"https:\/\/api.w.org\/{rel}","templated":true}]}}