{"id":113,"date":"2020-11-26T15:17:39","date_gmt":"2020-11-26T14:17:39","guid":{"rendered":"https:\/\/www.rewe-group.com\/?page_id=113"},"modified":"2026-03-12T11:43:11","modified_gmt":"2026-03-12T10:43:11","slug":"struktur-und-vertriebslinien","status":"publish","type":"page","link":"https:\/\/www.rewe-group.com\/de\/unternehmen\/struktur-und-vertriebslinien\/","title":{"rendered":"Struktur und Vertriebslinien"},"content":{"rendered":"\n<div class=\"wp-block-myblocks-template-root template-root\">\n<div class=\"wp-block-myblocks-section block-section section-bg-white section-padding-bottom\">\n<div class=\"wp-block-myblocks-row-full-2columns row-full-2columns my-row-block row-full\">\n<div class=\"wp-block-myblocks-row-full-2columns-cell row-cell row-full-2columns-cell my-cell-block\"><div class=\"myblock-wrapper block-my-text-teaser-gallery\" data-module-name=\"Teaser Contentmodul\"><div class=\"text-tasers-wrapper\">\n            <div class=\"text-taser-slider\">\n    <div class=\"text-taser-slider__slider\">\n        <ul class=\"rwgs__inner\">\n                                            <li>\n                    \n    <div\n    class=\"text-teaser bg-image dark-bg-section text-color-white link-hover-color-yellow without-link\"  data-module-name=\".teaser-contentmodul\">\n            <div class=\"text-teaser__background-wrapper\">\n            <div class=\"focused-image-container\">\n                <img decoding=\"async\"\n                    class=\"focused-image\"\n                    data-focus-x=\"0.00\"\n                    data-focus-y=\"0.00\"\n                    src=\"https:\/\/www.rewe-group.com\/content\/uploads\/2021\/01\/handel-scaled.jpg?t=2026042702\"\n                    alt=\"Frau im Supermarkt sucht nach K\u00e4se im K\u00fchlregal\"\n                    srcset=\"https:\/\/www.rewe-group.com\/content\/uploads\/2021\/01\/handel-1024x991.jpg 1024w, https:\/\/www.rewe-group.com\/content\/uploads\/2021\/01\/handel-scaled.jpg?t=2026042702 2560w\"\n                    aria-description=\"Frau im Supermarkt sucht nach K\u00e4se im K\u00fchlregal\"\n                    loading=\"lazy\"\n                     data-copyright=\"Frau im Supermarkt sucht nach K\u00e4se im K\u00fchlregal \u00a9 Aja Koska (Getty Images)\" data-copyright-wrapper=\".text-teaser.bg-image\"                >\n            <\/div>\n        <\/div>\n        <div class=\"text-teaser__inner reweg-teaser-main\">\n        <h2 class=\"text-teaser__title smaller\">So vielf\u00e4ltig wie die W\u00fcnsche unserer Kundinnen und Kunden<\/h2>\n                    <div class=\"text-teaser__text entry-content\">\n                <p>Unser gr\u00f6\u00dftes Kerngesch\u00e4ftsfeld ist der Lebensmittelhandel. Mit den Superm\u00e4rkten REWE und nahkauf, dem Discounter PENNY und dem Convenience-Markt REWE To Go sind wir in Deutschland pr\u00e4sent. Online ist der Lebensmitteleinkauf seit Jahren \u00fcber rewe.de m\u00f6glich. Zusammen mit dem Liefer- und Abholservice bauen wir systematisch den Onlinehandel mit Lebensmitteln aus.<\/p>\n            <\/div>\n        \n        \n            <\/div>\n<\/div>                <\/li>\n                                            <li>\n                    \n    <div\n    class=\"text-teaser bg-image dark-bg-section text-color-white link-hover-color-yellow without-link\"  data-module-name=\".teaser-contentmodul\">\n            <div class=\"text-teaser__background-wrapper\">\n            <div class=\"focused-image-container\">\n                <img decoding=\"async\"\n                    class=\"focused-image\"\n                    data-focus-x=\"0.00\"\n                    data-focus-y=\"0.00\"\n                    src=\"https:\/\/www.rewe-group.com\/content\/uploads\/2021\/01\/handel-i-scaled.jpg?t=2026042702\"\n                    alt=\"Aufgereihte Einkaufswagen mit gelben Griffen\"\n                    srcset=\"https:\/\/www.rewe-group.com\/content\/uploads\/2021\/01\/handel-i-1005x1024.jpg 1024w, https:\/\/www.rewe-group.com\/content\/uploads\/2021\/01\/handel-i-scaled.jpg?t=2026042702 2514w\"\n                    aria-description=\"Aufgereihte Einkaufswagen mit gelben Griffen\"\n                    loading=\"lazy\"\n                     data-copyright=\"Aufgereihte Einkaufswagen mit gelben Griffen \u00a9 Chee Gin Tan (iStock)\" data-copyright-wrapper=\".text-teaser.bg-image\"                >\n            <\/div>\n        <\/div>\n        <div class=\"text-teaser__inner reweg-teaser-main\">\n        <h2 class=\"text-teaser__title smaller\">Handel International<\/h2>\n                    <div class=\"text-teaser__text entry-content\">\n                <p>In neun weiteren L\u00e4ndern Europas betreibt die REWE Group BILLA-Superm\u00e4rkte und PENNY-Discountm\u00e4rkte. Auch die M\u00e4rkte der selbstst\u00e4ndigen ADEG-Kaufleute geh\u00f6ren zu uns, ebenso wie die BIPA-Drogerien in \u00d6sterreich und Kroatien sowie IKI-M\u00e4rkte in Litauen.<\/p>\n            <\/div>\n        \n        \n            <\/div>\n<\/div>                <\/li>\n                                            <li>\n                    \n    <div\n    class=\"text-teaser bg-image dark-bg-section text-color-white link-hover-color-yellow without-link\"  data-module-name=\".teaser-contentmodul\">\n            <div class=\"text-teaser__background-wrapper\">\n            <div class=\"focused-image-container\">\n                <img decoding=\"async\"\n                    class=\"focused-image\"\n                    data-focus-x=\"0.00\"\n                    data-focus-y=\"0.00\"\n                    src=\"https:\/\/www.rewe-group.com\/content\/uploads\/2021\/01\/convenience-scaled.jpg?t=2026042702\"\n                    alt=\"Einkaufswagen mit verschwommenen Hintergrund\"\n                    srcset=\"https:\/\/www.rewe-group.com\/content\/uploads\/2021\/01\/convenience-1024x985.jpg 1024w, https:\/\/www.rewe-group.com\/content\/uploads\/2021\/01\/convenience-scaled.jpg?t=2026042702 2560w\"\n                    aria-description=\"Einkaufswagen mit verschwommenen Hintergrund\"\n                    loading=\"lazy\"\n                     data-copyright=\"Einkaufswagen mit verschwommenen Hintergrund \u00a9 Kwangmoozaa (Getty Images)\" data-copyright-wrapper=\".text-teaser.bg-image\"                >\n            <\/div>\n        <\/div>\n        <div class=\"text-teaser__inner reweg-teaser-main\">\n        <h2 class=\"text-teaser__title smaller\">Convenience<\/h2>\n                    <div class=\"text-teaser__text entry-content\">\n                <p>Seit 2020 geh\u00f6rt die Lekkerland Gruppe zu uns. Die Gruppe ist der Spezialist f\u00fcr die Unterwegsversorgung und beliefert Tankstellenshops, Kioske, Convenience-M\u00e4rkte, B\u00e4ckereien, Lebensmitteleinzelh\u00e4ndler und Quick-Service-Restaurants.<\/p>\n            <\/div>\n        \n        \n            <\/div>\n<\/div>                <\/li>\n                                            <li>\n                    \n    <div\n    class=\"text-teaser bg-image dark-bg-section text-color-white link-hover-color-yellow without-link\"  data-module-name=\".teaser-contentmodul\">\n            <div class=\"text-teaser__background-wrapper\">\n            <div class=\"focused-image-container\">\n                <img decoding=\"async\"\n                    class=\"focused-image\"\n                    data-focus-x=\"0.00\"\n                    data-focus-y=\"0.00\"\n                    src=\"https:\/\/www.rewe-group.com\/content\/uploads\/2020\/12\/touristik-kokosnuesse-scaled.jpg?t=2026042702\"\n                    alt=\"Eine ge\u00f6ffnete Kokosnuss liegt im Sand\"\n                    srcset=\"https:\/\/www.rewe-group.com\/content\/uploads\/2020\/12\/touristik-kokosnuesse-1024x681.jpg 1024w, https:\/\/www.rewe-group.com\/content\/uploads\/2020\/12\/touristik-kokosnuesse-scaled.jpg?t=2026042702 2560w\"\n                    aria-description=\"Eine ge\u00f6ffnete Kokosnuss liegt im Sand\"\n                    loading=\"lazy\"\n                     data-copyright=\"Eine ge\u00f6ffnete Kokosnuss liegt im Sand\" data-copyright-wrapper=\".text-teaser.bg-image\"                >\n            <\/div>\n        <\/div>\n        <div class=\"text-teaser__inner reweg-teaser-main\">\n        <h2 class=\"text-teaser__title smaller\">Touristik<\/h2>\n                    <div class=\"text-teaser__text entry-content\">\n                <p>Das zweite Kerngesch\u00e4ft der REWE Group ist seit 1988 die Touristik. Die DERTOUR Group steht f\u00fcr ein Reise-Expertennetz, das in 16 europ\u00e4ischen L\u00e4ndern aktiv ist. Mit rund 20 Veranstaltern \u2013 darunter namhafte Marken wie Dertour, ITS, Kuoni, Apollo oder Exim Tours \u2013 setzt die DERTOUR Group auf Vielfalt. \u00dcber 30 Reisespezialisten wie Kirker oder Manta Reisen, die auf besondere und anspruchsvolle Zielgruppen eingehen, komplettieren das Angebot.<\/p>\n            <\/div>\n        \n        \n            <\/div>\n<\/div>                <\/li>\n                                            <li>\n                    \n    <div\n    class=\"text-teaser bg-image dark-bg-section text-color-white link-hover-color-yellow without-link\"  data-module-name=\".teaser-contentmodul\">\n            <div class=\"text-teaser__background-wrapper\">\n            <div class=\"focused-image-container\">\n                <img decoding=\"async\"\n                    class=\"focused-image\"\n                    data-focus-x=\"0.00\"\n                    data-focus-y=\"0.00\"\n                    src=\"https:\/\/www.rewe-group.com\/content\/uploads\/2021\/01\/baumarkt-scaled.jpg?t=2026042702\"\n                    alt=\"Eine Holzplatte wird abgeschliffen\"\n                    srcset=\"https:\/\/www.rewe-group.com\/content\/uploads\/2021\/01\/baumarkt-1024x878.jpg 1024w, https:\/\/www.rewe-group.com\/content\/uploads\/2021\/01\/baumarkt-scaled.jpg?t=2026042702 2560w\"\n                    aria-description=\"Eine Holzplatte wird abgeschliffen\"\n                    loading=\"lazy\"\n                     data-copyright=\"Holzplatte wird abgeschliffen \u00a9 Milos Dimic (iStock)\" data-copyright-wrapper=\".text-teaser.bg-image\"                >\n            <\/div>\n        <\/div>\n        <div class=\"text-teaser__inner reweg-teaser-main\">\n        <h2 class=\"text-teaser__title smaller\">Baumarkt<\/h2>\n                    <div class=\"text-teaser__text entry-content\">\n                <p>Auch im Bereich Do-it-yourself sind wir f\u00fcr alle Heimwerkerinnen und Heimwerker kompetenter Ansprechpartner: Unsere \u00fcber 300 toom Baum\u00e4rkte, B1 Discount Baum\u00e4rkte und Klee Gartenfachm\u00e4rkte unterst\u00fctzen Kundinnen und Kunden beim n\u00e4chsten Selbermach-Projekt \u2013 von der Schraube bis zur Fr\u00e4se.<\/p>\n            <\/div>\n        \n        \n            <\/div>\n<\/div>                <\/li>\n                    <\/ul>\n    <\/div>\n<\/div>    <\/div>\n<\/div><\/div>\n\n\n\n<div class=\"wp-block-myblocks-row-full-2columns-cell row-cell row-full-2columns-cell my-cell-block\"><div class=\"myblock-wrapper block-my-score-card\" data-module-name=\"Score Card\">    <div class=\"score-card-slider\">\n  <div class=\"score-card-slider__slider\">\n    <div class=\"rewe-scorecard number black dark\" data-unit=\"L\u00e4nder\" data-format=\"\" data-value=\"21\" data-use-thousands-separator=\"\">\n    <div class=\"card-contents-wrapper\">\n        <div class=\"card-header\">\n            <h2 class=\"title\">International vertreten.<\/h2>                            <p class=\"sub-title\">In Deutschland und 20 weiteren L\u00e4ndern sind wir mit M\u00e4rkten, Reiseb\u00fcros und online pr\u00e4sent. <\/p>\n                    <\/div>\n        <div class=\"card-number\">\n            <div class=\"number-wrapper\">\n                <span class=\"value\"><\/span>\n                <span class=\"unit\"><\/span>\n            <\/div>\n        <\/div>\n    <\/div>\n<\/div><div class=\"rewe-scorecard number black dark\" data-unit=\"\" data-format=\"\" data-value=\"1800\" data-use-thousands-separator=\"1\">\n    <div class=\"card-contents-wrapper\">\n        <div class=\"card-header\">\n            <h2 class=\"title\"> Selbst\u00e4ndige REWE und nahkauf Kaufleute<\/h2>                            <p class=\"sub-title\">Mehr als 1.800 selbstst\u00e4ndige Kaufleute geh\u00f6ren zu uns, der REWE Group.<\/p>\n                    <\/div>\n        <div class=\"card-number\">\n            <div class=\"number-wrapper\">\n                <span class=\"value\"><\/span>\n                <span class=\"unit\"><\/span>\n            <\/div>\n        <\/div>\n    <\/div>\n<\/div><div class=\"rewe-scorecard number black dark\" data-unit=\"Gesch\u00e4ftsfelder\" data-format=\"\" data-value=\"6\" data-use-thousands-separator=\"\">\n    <div class=\"card-contents-wrapper\">\n        <div class=\"card-header\">\n            <h2 class=\"title\">Unsere Gesch\u00e4ftsaktivit\u00e4ten b\u00fcndeln wir in sechs Gesch\u00e4ftsfeldern.<\/h2>                            <p class=\"sub-title\">Nationaler und Internationaler Handel, Convenience, Baumarkt, Touristik und Sonstige.<\/p>\n                    <\/div>\n        <div class=\"card-number\">\n            <div class=\"number-wrapper\">\n                <span class=\"value\"><\/span>\n                <span class=\"unit\"><\/span>\n            <\/div>\n        <\/div>\n    <\/div>\n<\/div>  <\/div>\n<\/div>\n<\/div><\/div>\n<\/div>\n<\/div>\n\n\n\n<div class=\"wp-block-myblocks-section block-section section-bg-white section-padding-top section-padding-bottom\">\n<div class=\"wp-block-myblocks-row-full-single row-full-single my-row-block row-full\"><div class=\"myblock-wrapper block-my-brands\" data-module-name=\"Vertriebsmarken\">        <div class=\"posts-tab margin-row-inner\">\n        <div class=\"posts-tab__filter\">\n            <div class=\"filter-bar\">\n                <ul class=\"filter-bar__list\">\n                    <li class=\"filter-bar__item\">\n                        <button type=\"button\" class=\"filter-bar__btn\" data-filter=\"all\" data-count=\"40\">\n                            Alle                        <\/button>\n                    <\/li>\n\n                                            <li class=\"filter-bar__item\">\n                            <button type=\"button\" class=\"filter-bar__btn\" data-filter=\"handel-deutschland\" data-count=\"9\">\n                                Handel Deutschland                            <\/button>\n                        <\/li>\n                                            <li class=\"filter-bar__item\">\n                            <button type=\"button\" class=\"filter-bar__btn\" data-filter=\"handel-international\" data-count=\"5\">\n                                Handel International                            <\/button>\n                        <\/li>\n                                            <li class=\"filter-bar__item\">\n                            <button type=\"button\" class=\"filter-bar__btn\" data-filter=\"convenience\" data-count=\"4\">\n                                Convenience                            <\/button>\n                        <\/li>\n                                            <li class=\"filter-bar__item\">\n                            <button type=\"button\" class=\"filter-bar__btn\" data-filter=\"baumarkt\" data-count=\"2\">\n                                Baumarkt                            <\/button>\n                        <\/li>\n                                            <li class=\"filter-bar__item\">\n                            <button type=\"button\" class=\"filter-bar__btn\" data-filter=\"touristik\" data-count=\"17\">\n                                Touristik                            <\/button>\n                        <\/li>\n                                            <li class=\"filter-bar__item\">\n                            <button type=\"button\" class=\"filter-bar__btn\" data-filter=\"sonstige\" data-count=\"3\">\n                                Group Functions                            <\/button>\n                        <\/li>\n                                    <\/ul>\n            <\/div>\n        <\/div>\n\n        <div class=\"posts-tab__intros\">\n                            <div class=\"filter-bar__description\" data-term=\"handel-deutschland\">\n                    <div class=\"entry-content\">\n                        <h2 class=\"smaller\">Handel Deutschland<\/h2>\n                                                    <p>Rund 6.000 REWE-, PENNY- und nahkauf-M\u00e4rkte sowie unsere eigenen Produktionsbetriebe Glocken-B\u00e4ckerei und die Qualit\u00e4tsmetzgerei Wilhelm Brandenburg pr\u00e4gen den Handel der REWE Group in Deutschland.<\/p>\n                                            <\/div>\n                <\/div>\n                            <div class=\"filter-bar__description\" data-term=\"handel-international\">\n                    <div class=\"entry-content\">\n                        <h2 class=\"smaller\">Handel International<\/h2>\n                                                    <p>International betreibt die REWE Group rund 3.500 M\u00e4rkte. Darunter Discounter und Superm\u00e4rkte wie PENNY und BILLA sowie die Drogerie-Shops von BIPA.<\/p>\n                                            <\/div>\n                <\/div>\n                            <div class=\"filter-bar__description\" data-term=\"convenience\">\n                    <div class=\"entry-content\">\n                        <h2 class=\"smaller\">Convenience<\/h2>\n                                                    <p>Immer \u00f6fter unterwegs \u2013 dabei soll es schnell gehen und trotzdem lecker sein. Daf\u00fcr sorgen die Vertriebslinien unserer Convenience-Sparte.<\/p>\n                                            <\/div>\n                <\/div>\n                            <div class=\"filter-bar__description\" data-term=\"baumarkt\">\n                    <div class=\"entry-content\">\n                        <h2 class=\"smaller\">Baumarkt<\/h2>\n                                                    <p>Mit mehr als 300 M\u00e4rkten im Portfolio und \u00fcber 15.000 Besch\u00e4ftigten z\u00e4hlt toom Baumarkt zu den f\u00fchrenden Anbietern der deutschen Baumarktbranche.<\/p>\n                                            <\/div>\n                <\/div>\n                            <div class=\"filter-bar__description\" data-term=\"touristik\">\n                    <div class=\"entry-content\">\n                        <h2 class=\"smaller\">Touristik<\/h2>\n                                                    <p>Die DERTOUR Group steht f\u00fcr ein Reise-Expertennetz, das in 16 europ\u00e4ischen L\u00e4ndern aktiv ist.<\/p>\n                                            <\/div>\n                <\/div>\n                            <div class=\"filter-bar__description\" data-term=\"sonstige\">\n                    <div class=\"entry-content\">\n                        <h2 class=\"smaller\">Group Functions<\/h2>\n                                                    <p>Sonstige Marken, die zur REWE Group geh\u00f6ren.<\/p>\n                                            <\/div>\n                <\/div>\n                    <\/div>\n\n        <div class=\"posts-tab__content post-teaser-list\">\n            <div class=\"all-brands\" data-term=\"all\">\n                                                        <div class=\"all-brands__section\">\n                        <div class=\"all-brands__desc\">\n                            <div class=\"all-brands__text entry-content\">\n                                <h2 class=\"smaller\">Handel Deutschland<\/h2>\n                                                                    <p>Rund 6.000 REWE-, PENNY- und nahkauf-M\u00e4rkte sowie unsere eigenen Produktionsbetriebe Glocken-B\u00e4ckerei und die Qualit\u00e4tsmetzgerei Wilhelm Brandenburg pr\u00e4gen den Handel der REWE Group in Deutschland.<\/p>\n                                                            <\/div>\n                            <div class=\"all-brands__link\">\n                                <button class=\"arrow-link posts-tab__switch\" data-switch-term=\"handel-deutschland\">\n                                    Mehr Details                                <\/button>\n                            <\/div>\n                        <\/div>\n                        <ul class=\"all-brands__list\">\n                                                            <li class=\"all-brands__list-item\">\n                                    <a class=\"all-brands__list-link\" href=\"https:\/\/www.rewe-group.com\/de\/unternehmen\/struktur-und-vertriebslinien\/rewe\/\">\n                                                                                    <div class=\"all-brands__thumb\">\n                                                <img decoding=\"async\"\n                                                    class=\"contain-img\"\n                                                    src=\"https:\/\/www.rewe-group.com\/content\/uploads\/2024\/04\/rewe-logo-1024x356.jpg\"\n                                                    alt=\"Logo der REWE Markt GmbH. Wei\u00dfe Schrift vor rotem Hintergrund.\"\n                                                    loading=\"lazy\"\n                                                >\n                                            <\/div>\n                                                                            <\/a>\n                                <\/li>\n                                                            <li class=\"all-brands__list-item\">\n                                    <a class=\"all-brands__list-link\" href=\"https:\/\/www.rewe-group.com\/de\/unternehmen\/struktur-und-vertriebslinien\/penny\/\">\n                                                                                    <div class=\"all-brands__thumb\">\n                                                <img decoding=\"async\"\n                                                    class=\"contain-img\"\n                                                    src=\"https:\/\/www.rewe-group.com\/content\/uploads\/2020\/12\/penny.png\"\n                                                    alt=\"PENNY Logo\"\n                                                    loading=\"lazy\"\n                                                >\n                                            <\/div>\n                                                                            <\/a>\n                                <\/li>\n                                                            <li class=\"all-brands__list-item\">\n                                    <a class=\"all-brands__list-link\" href=\"https:\/\/www.rewe-group.com\/de\/unternehmen\/struktur-und-vertriebslinien\/nahkauf\/\">\n                                                                                    <div class=\"all-brands__thumb\">\n                                                <img decoding=\"async\"\n                                                    class=\"contain-img\"\n                                                    src=\"https:\/\/www.rewe-group.com\/content\/uploads\/2021\/01\/nahkauf.png?t=2026042702\"\n                                                    alt=\"Das nahkauf Logo\"\n                                                    loading=\"lazy\"\n                                                >\n                                            <\/div>\n                                                                            <\/a>\n                                <\/li>\n                                                            <li class=\"all-brands__list-item\">\n                                    <a class=\"all-brands__list-link\" href=\"https:\/\/www.rewe-group.com\/de\/unternehmen\/struktur-und-vertriebslinien\/akzenta\/\">\n                                                                                    <div class=\"all-brands__thumb\">\n                                                <img decoding=\"async\"\n                                                    class=\"contain-img\"\n                                                    src=\"https:\/\/www.rewe-group.com\/content\/uploads\/2020\/11\/akzenta-logo-1024x320.jpg\"\n                                                    alt=\"Das Logo von akzenta mit REWE-Zusatz. Rote Schrift vor wei\u00dfem Hintergrund.\"\n                                                    loading=\"lazy\"\n                                                >\n                                            <\/div>\n                                                                            <\/a>\n                                <\/li>\n                                                            <li class=\"all-brands__list-item\">\n                                    <a class=\"all-brands__list-link\" href=\"https:\/\/www.rewe-group.com\/de\/unternehmen\/struktur-und-vertriebslinien\/glockenbrot-baeckerei\/\">\n                                                                                    <div class=\"all-brands__thumb\">\n                                                <img decoding=\"async\"\n                                                    class=\"contain-img\"\n                                                    src=\"https:\/\/www.rewe-group.com\/content\/uploads\/2020\/12\/logo-glocken-baeckereiB-1024x1024.jpg\"\n                                                    alt=\"Rotes Viereck auf wei\u00dfem Grund der das Logo von Glocken Brot darstellt. Der Schriftzug wei\u00dft auf das Jahr 1904 hin enth\u00e4lt den Satz: Ein Unternehmen der REWE Group.\"\n                                                    loading=\"lazy\"\n                                                >\n                                            <\/div>\n                                                                            <\/a>\n                                <\/li>\n                                                            <li class=\"all-brands__list-item\">\n                                    <a class=\"all-brands__list-link\" href=\"https:\/\/www.rewe-group.com\/de\/unternehmen\/struktur-und-vertriebslinien\/wilhelm-brandenburg\/\">\n                                                                                    <div class=\"all-brands__thumb\">\n                                                <img decoding=\"async\"\n                                                    class=\"contain-img\"\n                                                    src=\"https:\/\/www.rewe-group.com\/content\/uploads\/2020\/12\/wilhelm-brandenburg.png\"\n                                                    alt=\"Wilhelm Brandenburg Logo\"\n                                                    loading=\"lazy\"\n                                                >\n                                            <\/div>\n                                                                            <\/a>\n                                <\/li>\n                                                            <li class=\"all-brands__list-item\">\n                                    <a class=\"all-brands__list-link\" href=\"https:\/\/www.rewe-group.com\/de\/unternehmen\/struktur-und-vertriebslinien\/zooroyal\/\">\n                                                                                    <div class=\"all-brands__thumb\">\n                                                <img decoding=\"async\"\n                                                    class=\"contain-img\"\n                                                    src=\"https:\/\/www.rewe-group.com\/content\/uploads\/2020\/12\/zoo-royal-1024x441.png\"\n                                                    alt=\"Wei\u00dfe Schrift ZooRoyal auf blauem Hintergrund als Logo\"\n                                                    loading=\"lazy\"\n                                                >\n                                            <\/div>\n                                                                            <\/a>\n                                <\/li>\n                                                            <li class=\"all-brands__list-item\">\n                                    <a class=\"all-brands__list-link\" href=\"https:\/\/www.rewe-group.com\/de\/unternehmen\/struktur-und-vertriebslinien\/koelner-weinkeller\/\">\n                                                                                    <div class=\"all-brands__thumb\">\n                                                <img decoding=\"async\"\n                                                    class=\"contain-img\"\n                                                    src=\"https:\/\/www.rewe-group.com\/content\/uploads\/2025\/10\/logo-koelner-weinkeller.jpg?t=2026042702\"\n                                                    alt=\"Logo K\u00f6lner Weinkeller\"\n                                                    loading=\"lazy\"\n                                                >\n                                            <\/div>\n                                                                            <\/a>\n                                <\/li>\n                                                            <li class=\"all-brands__list-item\">\n                                    <a class=\"all-brands__list-link\" href=\"https:\/\/www.rewe-group.com\/de\/unternehmen\/struktur-und-vertriebslinien\/weinfreunde\/\">\n                                                                                    <div class=\"all-brands__thumb\">\n                                                <img decoding=\"async\"\n                                                    class=\"contain-img\"\n                                                    src=\"https:\/\/www.rewe-group.com\/content\/uploads\/2020\/12\/weinfreunde.png\"\n                                                    alt=\"Weinfreunde Logo\"\n                                                    loading=\"lazy\"\n                                                >\n                                            <\/div>\n                                                                            <\/a>\n                                <\/li>\n                                                    <\/ul>\n                    <\/div>\n                                                        <div class=\"all-brands__section\">\n                        <div class=\"all-brands__desc\">\n                            <div class=\"all-brands__text entry-content\">\n                                <h2 class=\"smaller\">Handel International<\/h2>\n                                                                    <p>International betreibt die REWE Group rund 3.500 M\u00e4rkte. Darunter Discounter und Superm\u00e4rkte wie PENNY und BILLA sowie die Drogerie-Shops von BIPA.<\/p>\n                                                            <\/div>\n                            <div class=\"all-brands__link\">\n                                <button class=\"arrow-link posts-tab__switch\" data-switch-term=\"handel-international\">\n                                    Mehr Details                                <\/button>\n                            <\/div>\n                        <\/div>\n                        <ul class=\"all-brands__list\">\n                                                            <li class=\"all-brands__list-item\">\n                                    <a class=\"all-brands__list-link\" href=\"https:\/\/www.rewe-group.com\/de\/unternehmen\/struktur-und-vertriebslinien\/bipa\/\">\n                                                                                    <div class=\"all-brands__thumb\">\n                                                <img decoding=\"async\"\n                                                    class=\"contain-img\"\n                                                    src=\"https:\/\/www.rewe-group.com\/content\/uploads\/2022\/11\/bipa-1024x400.png\"\n                                                    alt=\"Pinkes Viereck mit dem wei\u00dfen BIPA Schriftzug als Logo\"\n                                                    loading=\"lazy\"\n                                                >\n                                            <\/div>\n                                                                            <\/a>\n                                <\/li>\n                                                            <li class=\"all-brands__list-item\">\n                                    <a class=\"all-brands__list-link\" href=\"https:\/\/www.rewe-group.com\/de\/unternehmen\/struktur-und-vertriebslinien\/billa\/\">\n                                                                                    <div class=\"all-brands__thumb\">\n                                                <img decoding=\"async\"\n                                                    class=\"contain-img\"\n                                                    src=\"https:\/\/www.rewe-group.com\/content\/uploads\/2020\/12\/billa.png\"\n                                                    alt=\"BILLA Logo\"\n                                                    loading=\"lazy\"\n                                                >\n                                            <\/div>\n                                                                            <\/a>\n                                <\/li>\n                                                            <li class=\"all-brands__list-item\">\n                                    <a class=\"all-brands__list-link\" href=\"https:\/\/www.rewe-group.com\/de\/unternehmen\/struktur-und-vertriebslinien\/penny-discount-international\/\">\n                                                                                    <div class=\"all-brands__thumb\">\n                                                <img decoding=\"async\"\n                                                    class=\"contain-img\"\n                                                    src=\"https:\/\/www.rewe-group.com\/content\/uploads\/2020\/12\/penny.png\"\n                                                    alt=\"PENNY Logo\"\n                                                    loading=\"lazy\"\n                                                >\n                                            <\/div>\n                                                                            <\/a>\n                                <\/li>\n                                                            <li class=\"all-brands__list-item\">\n                                    <a class=\"all-brands__list-link\" href=\"https:\/\/www.rewe-group.com\/de\/unternehmen\/struktur-und-vertriebslinien\/adeg\/\">\n                                                                                    <div class=\"all-brands__thumb\">\n                                                <img decoding=\"async\"\n                                                    class=\"contain-img\"\n                                                    src=\"https:\/\/www.rewe-group.com\/content\/uploads\/2022\/04\/ADEG-logo.png?t=2026042702\"\n                                                    alt=\"ADEG Logo in Gr\u00fcner Schrift\"\n                                                    loading=\"lazy\"\n                                                >\n                                            <\/div>\n                                                                            <\/a>\n                                <\/li>\n                                                            <li class=\"all-brands__list-item\">\n                                    <a class=\"all-brands__list-link\" href=\"https:\/\/www.rewe-group.com\/de\/unternehmen\/struktur-und-vertriebslinien\/iki\/\">\n                                                                                    <div class=\"all-brands__thumb\">\n                                                <img decoding=\"async\"\n                                                    class=\"contain-img\"\n                                                    src=\"https:\/\/www.rewe-group.com\/content\/uploads\/2024\/07\/IKI_logo_main-1024x967.png\"\n                                                    alt=\"Das Logo von IKI in gr\u00fcner Schrift auf gelbem Hintergrund.\"\n                                                    loading=\"lazy\"\n                                                >\n                                            <\/div>\n                                                                            <\/a>\n                                <\/li>\n                                                    <\/ul>\n                    <\/div>\n                                                        <div class=\"all-brands__section\">\n                        <div class=\"all-brands__desc\">\n                            <div class=\"all-brands__text entry-content\">\n                                <h2 class=\"smaller\">Convenience<\/h2>\n                                                                    <p>Immer \u00f6fter unterwegs \u2013 dabei soll es schnell gehen und trotzdem lecker sein. Daf\u00fcr sorgen die Vertriebslinien unserer Convenience-Sparte.<\/p>\n                                                            <\/div>\n                            <div class=\"all-brands__link\">\n                                <button class=\"arrow-link posts-tab__switch\" data-switch-term=\"convenience\">\n                                    Mehr Details                                <\/button>\n                            <\/div>\n                        <\/div>\n                        <ul class=\"all-brands__list\">\n                                                            <li class=\"all-brands__list-item\">\n                                    <a class=\"all-brands__list-link\" href=\"https:\/\/www.rewe-group.com\/de\/unternehmen\/struktur-und-vertriebslinien\/lekkerland\/\">\n                                                                                    <div class=\"all-brands__thumb\">\n                                                <img decoding=\"async\"\n                                                    class=\"contain-img\"\n                                                    src=\"https:\/\/www.rewe-group.com\/content\/uploads\/2020\/12\/lekkerland.png\"\n                                                    alt=\"Lekkerland Logo\"\n                                                    loading=\"lazy\"\n                                                >\n                                            <\/div>\n                                                                            <\/a>\n                                <\/li>\n                                                            <li class=\"all-brands__list-item\">\n                                    <a class=\"all-brands__list-link\" href=\"https:\/\/www.rewe-group.com\/de\/unternehmen\/struktur-und-vertriebslinien\/conway\/\">\n                                                                                    <div class=\"all-brands__thumb\">\n                                                <img decoding=\"async\"\n                                                    class=\"contain-img\"\n                                                    src=\"https:\/\/www.rewe-group.com\/content\/uploads\/2020\/12\/conway.png\"\n                                                    alt=\"CONWAY Logo\"\n                                                    loading=\"lazy\"\n                                                >\n                                            <\/div>\n                                                                            <\/a>\n                                <\/li>\n                                                            <li class=\"all-brands__list-item\">\n                                    <a class=\"all-brands__list-link\" href=\"https:\/\/www.rewe-group.com\/de\/unternehmen\/struktur-und-vertriebslinien\/rewe-to-go\/\">\n                                                                                    <div class=\"all-brands__thumb\">\n                                                <img decoding=\"async\"\n                                                    class=\"contain-img\"\n                                                    src=\"https:\/\/www.rewe-group.com\/content\/uploads\/2020\/12\/rewe-to-go.png\"\n                                                    alt=\"REWE to go Logo\"\n                                                    loading=\"lazy\"\n                                                >\n                                            <\/div>\n                                                                            <\/a>\n                                <\/li>\n                                                            <li class=\"all-brands__list-item\">\n                                    <a class=\"all-brands__list-link\" href=\"https:\/\/www.rewe-group.com\/de\/unternehmen\/struktur-und-vertriebslinien\/rewe-express\/\">\n                                                                                    <div class=\"all-brands__thumb\">\n                                                <img decoding=\"async\"\n                                                    class=\"contain-img\"\n                                                    src=\"https:\/\/www.rewe-group.com\/content\/uploads\/2023\/03\/reweexpress-logo-1024x367.png\"\n                                                    alt=\"REWE express Logo\"\n                                                    loading=\"lazy\"\n                                                >\n                                            <\/div>\n                                                                            <\/a>\n                                <\/li>\n                                                    <\/ul>\n                    <\/div>\n                                                        <div class=\"all-brands__section\">\n                        <div class=\"all-brands__desc\">\n                            <div class=\"all-brands__text entry-content\">\n                                <h2 class=\"smaller\">Baumarkt<\/h2>\n                                                                    <p>Mit mehr als 300 M\u00e4rkten im Portfolio und \u00fcber 15.000 Besch\u00e4ftigten z\u00e4hlt toom Baumarkt zu den f\u00fchrenden Anbietern der deutschen Baumarktbranche.<\/p>\n                                                            <\/div>\n                            <div class=\"all-brands__link\">\n                                <button class=\"arrow-link posts-tab__switch\" data-switch-term=\"baumarkt\">\n                                    Mehr Details                                <\/button>\n                            <\/div>\n                        <\/div>\n                        <ul class=\"all-brands__list\">\n                                                            <li class=\"all-brands__list-item\">\n                                    <a class=\"all-brands__list-link\" href=\"https:\/\/www.rewe-group.com\/de\/unternehmen\/struktur-und-vertriebslinien\/toom-baumarkt\/\">\n                                                                                    <div class=\"all-brands__thumb\">\n                                                <img decoding=\"async\"\n                                                    class=\"contain-img\"\n                                                    src=\"https:\/\/www.rewe-group.com\/content\/uploads\/2020\/12\/toom.png?t=2026042702\"\n                                                    alt=\"toom Logo\"\n                                                    loading=\"lazy\"\n                                                >\n                                            <\/div>\n                                                                            <\/a>\n                                <\/li>\n                                                            <li class=\"all-brands__list-item\">\n                                    <a class=\"all-brands__list-link\" href=\"https:\/\/www.rewe-group.com\/de\/unternehmen\/struktur-und-vertriebslinien\/b1-discount-baumarkt\/\">\n                                                                                    <div class=\"all-brands__thumb\">\n                                                <img decoding=\"async\"\n                                                    class=\"contain-img\"\n                                                    src=\"https:\/\/www.rewe-group.com\/content\/uploads\/2020\/12\/b1.png\"\n                                                    alt=\"B1 Discount Baumarkt Logo\"\n                                                    loading=\"lazy\"\n                                                >\n                                            <\/div>\n                                                                            <\/a>\n                                <\/li>\n                                                    <\/ul>\n                    <\/div>\n                                                        <div class=\"all-brands__section\">\n                        <div class=\"all-brands__desc\">\n                            <div class=\"all-brands__text entry-content\">\n                                <h2 class=\"smaller\">Touristik<\/h2>\n                                                                    <p>Die DERTOUR Group steht f\u00fcr ein Reise-Expertennetz, das in 16 europ\u00e4ischen L\u00e4ndern aktiv ist.<\/p>\n                                                            <\/div>\n                            <div class=\"all-brands__link\">\n                                <button class=\"arrow-link posts-tab__switch\" data-switch-term=\"touristik\">\n                                    Mehr Details                                <\/button>\n                            <\/div>\n                        <\/div>\n                        <ul class=\"all-brands__list\">\n                                                            <li class=\"all-brands__list-item\">\n                                    <a class=\"all-brands__list-link\" href=\"https:\/\/www.rewe-group.com\/de\/unternehmen\/struktur-und-vertriebslinien\/der-tour-group\/\">\n                                                                                    <div class=\"all-brands__thumb\">\n                                                <img decoding=\"async\"\n                                                    class=\"contain-img\"\n                                                    src=\"https:\/\/www.rewe-group.com\/content\/uploads\/2020\/12\/dertour-group-logo.png?t=2026042702\"\n                                                    alt=\"Logo der DERTOUR Group. Rote und graue Schrift vor neutralem Hintergrund\"\n                                                    loading=\"lazy\"\n                                                >\n                                            <\/div>\n                                                                            <\/a>\n                                <\/li>\n                                                            <li class=\"all-brands__list-item\">\n                                    <a class=\"all-brands__list-link\" href=\"https:\/\/www.rewe-group.com\/de\/unternehmen\/struktur-und-vertriebslinien\/dertour\/\">\n                                                                                    <div class=\"all-brands__thumb\">\n                                                <img decoding=\"async\"\n                                                    class=\"contain-img\"\n                                                    src=\"https:\/\/www.rewe-group.com\/content\/uploads\/2020\/12\/dertour-neu-1024x188.png\"\n                                                    alt=\"DER Tour Logo\"\n                                                    loading=\"lazy\"\n                                                >\n                                            <\/div>\n                                                                            <\/a>\n                                <\/li>\n                                                            <li class=\"all-brands__list-item\">\n                                    <a class=\"all-brands__list-link\" href=\"https:\/\/www.rewe-group.com\/de\/unternehmen\/struktur-und-vertriebslinien\/derpart\/\">\n                                                                                    <div class=\"all-brands__thumb\">\n                                                <img decoding=\"async\"\n                                                    class=\"contain-img\"\n                                                    src=\"https:\/\/www.rewe-group.com\/content\/uploads\/2020\/12\/derpart-neu-1024x283.png\"\n                                                    alt=\"DER Part Logo\"\n                                                    loading=\"lazy\"\n                                                >\n                                            <\/div>\n                                                                            <\/a>\n                                <\/li>\n                                                            <li class=\"all-brands__list-item\">\n                                    <a class=\"all-brands__list-link\" href=\"https:\/\/www.rewe-group.com\/de\/unternehmen\/struktur-und-vertriebslinien\/its\/\">\n                                                                                    <div class=\"all-brands__thumb\">\n                                                <img decoding=\"async\"\n                                                    class=\"contain-img\"\n                                                    src=\"https:\/\/www.rewe-group.com\/content\/uploads\/2020\/12\/its.png\"\n                                                    alt=\"ITS Logo\"\n                                                    loading=\"lazy\"\n                                                >\n                                            <\/div>\n                                                                            <\/a>\n                                <\/li>\n                                                            <li class=\"all-brands__list-item\">\n                                    <a class=\"all-brands__list-link\" href=\"https:\/\/www.rewe-group.com\/de\/unternehmen\/struktur-und-vertriebslinien\/meiers-weltreisen\/\">\n                                                                                    <div class=\"all-brands__thumb\">\n                                                <img decoding=\"async\"\n                                                    class=\"contain-img\"\n                                                    src=\"https:\/\/www.rewe-group.com\/content\/uploads\/2020\/12\/meiers-weltreisen.png\"\n                                                    alt=\"Meiers Weltreisen Logo\"\n                                                    loading=\"lazy\"\n                                                >\n                                            <\/div>\n                                                                            <\/a>\n                                <\/li>\n                                                            <li class=\"all-brands__list-item\">\n                                    <a class=\"all-brands__list-link\" href=\"https:\/\/www.rewe-group.com\/de\/unternehmen\/struktur-und-vertriebslinien\/sentido\/\">\n                                                                                    <div class=\"all-brands__thumb\">\n                                                <img decoding=\"async\"\n                                                    class=\"contain-img\"\n                                                    src=\"https:\/\/www.rewe-group.com\/content\/uploads\/2020\/12\/sentido-neu-1024x154.png\"\n                                                    alt=\"Sentido Logo\"\n                                                    loading=\"lazy\"\n                                                >\n                                            <\/div>\n                                                                            <\/a>\n                                <\/li>\n                                                            <li class=\"all-brands__list-item\">\n                                    <a class=\"all-brands__list-link\" href=\"https:\/\/www.rewe-group.com\/de\/unternehmen\/struktur-und-vertriebslinien\/aldiana\/\">\n                                                                                    <div class=\"all-brands__thumb\">\n                                                <img decoding=\"async\"\n                                                    class=\"contain-img\"\n                                                    src=\"https:\/\/www.rewe-group.com\/content\/uploads\/2021\/07\/aldiana.png?t=2026042702\"\n                                                    alt=\"Aldiana Club Resorts Logo\"\n                                                    loading=\"lazy\"\n                                                >\n                                            <\/div>\n                                                                            <\/a>\n                                <\/li>\n                                                            <li class=\"all-brands__list-item\">\n                                    <a class=\"all-brands__list-link\" href=\"https:\/\/www.rewe-group.com\/de\/unternehmen\/struktur-und-vertriebslinien\/playitas\/\">\n                                                                                    <div class=\"all-brands__thumb\">\n                                                <img decoding=\"async\"\n                                                    class=\"contain-img\"\n                                                    src=\"https:\/\/www.rewe-group.com\/content\/uploads\/2024\/11\/logo-playitas-1024x932.png\"\n                                                    alt=\"Logo von Playitas Free your mind mit schwarzer Schrift auf wei\u00dfem Grund\"\n                                                    loading=\"lazy\"\n                                                >\n                                            <\/div>\n                                                                            <\/a>\n                                <\/li>\n                                                            <li class=\"all-brands__list-item\">\n                                    <a class=\"all-brands__list-link\" href=\"https:\/\/www.rewe-group.com\/de\/unternehmen\/struktur-und-vertriebslinien\/ananea\/\">\n                                                                                    <div class=\"all-brands__thumb\">\n                                                <img decoding=\"async\"\n                                                    class=\"contain-img\"\n                                                    src=\"https:\/\/www.rewe-group.com\/content\/uploads\/2024\/11\/ananea-logo-1024x162.png\"\n                                                    alt=\"Logo ananea schwarze Schrift auf wei\u00dfem Grund\"\n                                                    loading=\"lazy\"\n                                                >\n                                            <\/div>\n                                                                            <\/a>\n                                <\/li>\n                                                            <li class=\"all-brands__list-item\">\n                                    <a class=\"all-brands__list-link\" href=\"https:\/\/www.rewe-group.com\/de\/unternehmen\/struktur-und-vertriebslinien\/calimera\/\">\n                                                                                    <div class=\"all-brands__thumb\">\n                                                <img decoding=\"async\"\n                                                    class=\"contain-img\"\n                                                    src=\"https:\/\/www.rewe-group.com\/content\/uploads\/2020\/12\/club-calimera.png\"\n                                                    alt=\"Club Calimera Logo\"\n                                                    loading=\"lazy\"\n                                                >\n                                            <\/div>\n                                                                            <\/a>\n                                <\/li>\n                                                            <li class=\"all-brands__list-item\">\n                                    <a class=\"all-brands__list-link\" href=\"https:\/\/www.rewe-group.com\/de\/unternehmen\/struktur-und-vertriebslinien\/kuoni\/\">\n                                                                                    <div class=\"all-brands__thumb\">\n                                                <img decoding=\"async\"\n                                                    class=\"contain-img\"\n                                                    src=\"https:\/\/www.rewe-group.com\/content\/uploads\/2020\/12\/kuoni-neu-1024x172.png\"\n                                                    alt=\"Kuoni Logo\"\n                                                    loading=\"lazy\"\n                                                >\n                                            <\/div>\n                                                                            <\/a>\n                                <\/li>\n                                                            <li class=\"all-brands__list-item\">\n                                    <a class=\"all-brands__list-link\" href=\"https:\/\/www.rewe-group.com\/de\/unternehmen\/struktur-und-vertriebslinien\/helvetic-tours\/\">\n                                                                                    <div class=\"all-brands__thumb\">\n                                                <img decoding=\"async\"\n                                                    class=\"contain-img\"\n                                                    src=\"https:\/\/www.rewe-group.com\/content\/uploads\/2020\/12\/helvetic-tours.png\"\n                                                    alt=\"helvetic tours Logo\"\n                                                    loading=\"lazy\"\n                                                >\n                                            <\/div>\n                                                                            <\/a>\n                                <\/li>\n                                                            <li class=\"all-brands__list-item\">\n                                    <a class=\"all-brands__list-link\" href=\"https:\/\/www.rewe-group.com\/de\/unternehmen\/struktur-und-vertriebslinien\/its-coop-travel\/\">\n                                                                                    <div class=\"all-brands__thumb\">\n                                                <img decoding=\"async\"\n                                                    class=\"contain-img\"\n                                                    src=\"https:\/\/www.rewe-group.com\/content\/uploads\/2020\/12\/its-coop-travel-1024x378.png\"\n                                                    alt=\"ITS coop travel Logo\"\n                                                    loading=\"lazy\"\n                                                >\n                                            <\/div>\n                                                                            <\/a>\n                                <\/li>\n                                                            <li class=\"all-brands__list-item\">\n                                    <a class=\"all-brands__list-link\" href=\"https:\/\/www.rewe-group.com\/de\/unternehmen\/struktur-und-vertriebslinien\/its-billa-reisen\/\">\n                                                                                    <div class=\"all-brands__thumb\">\n                                                <img decoding=\"async\"\n                                                    class=\"contain-img\"\n                                                    src=\"https:\/\/www.rewe-group.com\/content\/uploads\/2024\/08\/logo-billa-reisen.svg\"\n                                                    alt=\"Logo von Billa Reisen in gelber und roter Schrift\"\n                                                    loading=\"lazy\"\n                                                >\n                                            <\/div>\n                                                                            <\/a>\n                                <\/li>\n                                                            <li class=\"all-brands__list-item\">\n                                    <a class=\"all-brands__list-link\" href=\"https:\/\/www.rewe-group.com\/de\/unternehmen\/struktur-und-vertriebslinien\/apollo\/\">\n                                                                                    <div class=\"all-brands__thumb\">\n                                                <img decoding=\"async\"\n                                                    class=\"contain-img\"\n                                                    src=\"https:\/\/www.rewe-group.com\/content\/uploads\/2020\/12\/apollo.png\"\n                                                    alt=\"apollo Logo\"\n                                                    loading=\"lazy\"\n                                                >\n                                            <\/div>\n                                                                            <\/a>\n                                <\/li>\n                                                            <li class=\"all-brands__list-item\">\n                                    <a class=\"all-brands__list-link\" href=\"https:\/\/www.rewe-group.com\/de\/unternehmen\/struktur-und-vertriebslinien\/exim-tours\/\">\n                                                                                    <div class=\"all-brands__thumb\">\n                                                <img decoding=\"async\"\n                                                    class=\"contain-img\"\n                                                    src=\"https:\/\/www.rewe-group.com\/content\/uploads\/2020\/12\/EXIMtours-logo.png?t=2026042702\"\n                                                    alt=\"EXIM Tours Logo\"\n                                                    loading=\"lazy\"\n                                                >\n                                            <\/div>\n                                                                            <\/a>\n                                <\/li>\n                                                            <li class=\"all-brands__list-item\">\n                                    <a class=\"all-brands__list-link\" href=\"https:\/\/www.rewe-group.com\/de\/unternehmen\/struktur-und-vertriebslinien\/fischer\/\">\n                                                                                    <div class=\"all-brands__thumb\">\n                                                <img decoding=\"async\"\n                                                    class=\"contain-img\"\n                                                    src=\"https:\/\/www.rewe-group.com\/content\/uploads\/2020\/12\/fischer-group.png\"\n                                                    alt=\"FISCHER Group Logo\"\n                                                    loading=\"lazy\"\n                                                >\n                                            <\/div>\n                                                                            <\/a>\n                                <\/li>\n                                                    <\/ul>\n                    <\/div>\n                                                        <div class=\"all-brands__section\">\n                        <div class=\"all-brands__desc\">\n                            <div class=\"all-brands__text entry-content\">\n                                <h2 class=\"smaller\">Group Functions<\/h2>\n                                                                    <p>Sonstige Marken, die zur REWE Group geh\u00f6ren.<\/p>\n                                                            <\/div>\n                            <div class=\"all-brands__link\">\n                                <button class=\"arrow-link posts-tab__switch\" data-switch-term=\"sonstige\">\n                                    Mehr Details                                <\/button>\n                            <\/div>\n                        <\/div>\n                        <ul class=\"all-brands__list\">\n                                                            <li class=\"all-brands__list-item\">\n                                    <a class=\"all-brands__list-link\" href=\"https:\/\/www.rewe-group.com\/de\/unternehmen\/struktur-und-vertriebslinien\/rewe-digital\/\">\n                                                                                    <div class=\"all-brands__thumb\">\n                                                <img decoding=\"async\"\n                                                    class=\"contain-img\"\n                                                    src=\"https:\/\/www.rewe-group.com\/content\/uploads\/2022\/10\/rewe-digital-logo-1024x571.png\"\n                                                    alt=\"Das REWE digital Logo\"\n                                                    loading=\"lazy\"\n                                                >\n                                            <\/div>\n                                                                            <\/a>\n                                <\/li>\n                                                            <li class=\"all-brands__list-item\">\n                                    <a class=\"all-brands__list-link\" href=\"https:\/\/www.rewe-group.com\/de\/unternehmen\/struktur-und-vertriebslinien\/eha\/\">\n                                                                                    <div class=\"all-brands__thumb\">\n                                                <img decoding=\"async\"\n                                                    class=\"contain-img\"\n                                                    src=\"https:\/\/www.rewe-group.com\/content\/uploads\/2020\/12\/eha-1024x279.png\"\n                                                    alt=\"EHA Logo\"\n                                                    loading=\"lazy\"\n                                                >\n                                            <\/div>\n                                                                            <\/a>\n                                <\/li>\n                                                            <li class=\"all-brands__list-item\">\n                                    <a class=\"all-brands__list-link\" href=\"https:\/\/www.rewe-group.com\/de\/unternehmen\/struktur-und-vertriebslinien\/fuer-sie\/\">\n                                                                                    <div class=\"all-brands__thumb\">\n                                                <img decoding=\"async\"\n                                                    class=\"contain-img\"\n                                                    src=\"https:\/\/www.rewe-group.com\/content\/uploads\/2020\/12\/fuersie.png\"\n                                                    alt=\"F\u00fcr Sie Logo\"\n                                                    loading=\"lazy\"\n                                                >\n                                            <\/div>\n                                                                            <\/a>\n                                <\/li>\n                                                    <\/ul>\n                    <\/div>\n                            <\/div>\n\n            <ul class=\"filtered-brands\">\n                                    <li class=\"teaser-brand expand-teaser\" data-term=\"handel-deutschland\">\n                        <div class=\"teaser-brand__logo\">\n                                                            <div class=\"teaser-brand__logo-inner\">\n                                    <img decoding=\"async\"\n                                        class=\"contain-img\"\n                                        src=\"https:\/\/www.rewe-group.com\/content\/uploads\/2024\/04\/rewe-logo-1024x356.jpg\"\n                                        alt=\"Logo der REWE Markt GmbH. Wei\u00dfe Schrift vor rotem Hintergrund.\"\n                                        loading=\"lazy\"\n                                    >\n                                <\/div>\n                                                    <\/div>\n                        <div class=\"teaser-brand__text expand-teaser__inner\">\n                            <h3 class=\"detail-teaser__title\">REWE<\/h3>\n\n                            <div class=\"detail-teaser__excerpt entry-content\"><p>Mit bundesweit rund\u00a0 3.800 M\u00e4rkten geh\u00f6rt REWE zu den f\u00fchrenden Unternehmen im deutschen Lebensmitteleinzelhandel. Die REWE-M\u00e4rkte werden als Filialen oder durch selbstst\u00e4ndige REWE-Kaufleute betrieben. Dazu z\u00e4hlen der Nahversorger nahkauf, der Vollversorger REWE Supermarkt, der Verbrauchermarkt REWE Center und der moderne Convenience-Store REWE To Go.<\/p>\n<\/div>\n\n                            <p class=\"detail-teaser__excerpt teaser-brand__link\">\n                                <a href=\"https:\/\/www.rewe-group.com\/de\/unternehmen\/struktur-und-vertriebslinien\/rewe\/\" class=\"arrow-link\">Mehr Details<\/a>\n                            <\/p>\n                            <div class=\"expand-teaser__ui\">\n                                <button type=\"button\" class=\"btn-icon icon-down\" aria-label=\"Expand details\"><\/button>\n                            <\/div>\n                        <\/div>\n                    <\/li>\n                                    <li class=\"teaser-brand expand-teaser\" data-term=\"handel-deutschland\">\n                        <div class=\"teaser-brand__logo\">\n                                                            <div class=\"teaser-brand__logo-inner\">\n                                    <img decoding=\"async\"\n                                        class=\"contain-img\"\n                                        src=\"https:\/\/www.rewe-group.com\/content\/uploads\/2020\/12\/penny.png\"\n                                        alt=\"PENNY Logo\"\n                                        loading=\"lazy\"\n                                    >\n                                <\/div>\n                                                    <\/div>\n                        <div class=\"teaser-brand__text expand-teaser__inner\">\n                            <h3 class=\"detail-teaser__title\">PENNY<\/h3>\n\n                            <div class=\"detail-teaser__excerpt entry-content\"><p>Erstmal zu PENNY &#8211; die bundesweit rund 2.123 Filialen des Discounters stehen f\u00fcr Frische und Qualit\u00e4t zu Discount-g\u00fcnstigen Preisen. Mit einer gro\u00dfen Auswahl an Obst und Gem\u00fcse, regionalen und nachhaltigen Produkten, Lebensmitteln zum bequemen Sofortverzehr sowie vegetarischen und veganen Produkten bietet PENNY das Sortiment eines modernen Nahversorgers.<\/p>\n<\/div>\n\n                            <p class=\"detail-teaser__excerpt teaser-brand__link\">\n                                <a href=\"https:\/\/www.rewe-group.com\/de\/unternehmen\/struktur-und-vertriebslinien\/penny\/\" class=\"arrow-link\">Mehr Details<\/a>\n                            <\/p>\n                            <div class=\"expand-teaser__ui\">\n                                <button type=\"button\" class=\"btn-icon icon-down\" aria-label=\"Expand details\"><\/button>\n                            <\/div>\n                        <\/div>\n                    <\/li>\n                                    <li class=\"teaser-brand expand-teaser\" data-term=\"handel-deutschland\">\n                        <div class=\"teaser-brand__logo\">\n                                                            <div class=\"teaser-brand__logo-inner\">\n                                    <img decoding=\"async\"\n                                        class=\"contain-img\"\n                                        src=\"https:\/\/www.rewe-group.com\/content\/uploads\/2021\/01\/nahkauf.png?t=2026042702\"\n                                        alt=\"Das nahkauf Logo\"\n                                        loading=\"lazy\"\n                                    >\n                                <\/div>\n                                                    <\/div>\n                        <div class=\"teaser-brand__text expand-teaser__inner\">\n                            <h3 class=\"detail-teaser__title\">nahkauf<\/h3>\n\n                            <div class=\"detail-teaser__excerpt entry-content\"><p>nahkauf ist der kleine Vollsortimenter vor Ort oder in der Stadtrandlage. Als Nahversorger bieten sie auf Verkaufsfl\u00e4chen zwischen 400 und 800 Quadratmetern ein gestrafftes Lebensmittelangebot und besonders in den Bereichen Frische und regionale Auswahl ein umfangreiches Sortiment.<\/p>\n<\/div>\n\n                            <p class=\"detail-teaser__excerpt teaser-brand__link\">\n                                <a href=\"https:\/\/www.rewe-group.com\/de\/unternehmen\/struktur-und-vertriebslinien\/nahkauf\/\" class=\"arrow-link\">Mehr Details<\/a>\n                            <\/p>\n                            <div class=\"expand-teaser__ui\">\n                                <button type=\"button\" class=\"btn-icon icon-down\" aria-label=\"Expand details\"><\/button>\n                            <\/div>\n                        <\/div>\n                    <\/li>\n                                    <li class=\"teaser-brand expand-teaser\" data-term=\"handel-deutschland\">\n                        <div class=\"teaser-brand__logo\">\n                                                            <div class=\"teaser-brand__logo-inner\">\n                                    <img decoding=\"async\"\n                                        class=\"contain-img\"\n                                        src=\"https:\/\/www.rewe-group.com\/content\/uploads\/2020\/11\/akzenta-logo-1024x320.jpg\"\n                                        alt=\"Das Logo von akzenta mit REWE-Zusatz. Rote Schrift vor wei\u00dfem Hintergrund.\"\n                                        loading=\"lazy\"\n                                    >\n                                <\/div>\n                                                    <\/div>\n                        <div class=\"teaser-brand__text expand-teaser__inner\">\n                            <h3 class=\"detail-teaser__title\">akzenta<\/h3>\n\n                            <div class=\"detail-teaser__excerpt entry-content\"><p>\u201eakzenta\u201c f\u00fchrt aktuell sieben Superm\u00e4rkte mit je 2.000 bis 3.500 qm Verkaufsfl\u00e4che in sehr guten Lagen. Die gro\u00dfe Auswahl an Artikeln sowie Frische und beste Qualit\u00e4t der Lebensmittel \u00fcberzeugen Kunden \u00fcber die Region Wuppertal hinaus.<\/p>\n<\/div>\n\n                            <p class=\"detail-teaser__excerpt teaser-brand__link\">\n                                <a href=\"https:\/\/www.rewe-group.com\/de\/unternehmen\/struktur-und-vertriebslinien\/akzenta\/\" class=\"arrow-link\">Mehr Details<\/a>\n                            <\/p>\n                            <div class=\"expand-teaser__ui\">\n                                <button type=\"button\" class=\"btn-icon icon-down\" aria-label=\"Expand details\"><\/button>\n                            <\/div>\n                        <\/div>\n                    <\/li>\n                                    <li class=\"teaser-brand expand-teaser\" data-term=\"handel-deutschland\">\n                        <div class=\"teaser-brand__logo\">\n                                                            <div class=\"teaser-brand__logo-inner\">\n                                    <img decoding=\"async\"\n                                        class=\"contain-img\"\n                                        src=\"https:\/\/www.rewe-group.com\/content\/uploads\/2020\/12\/logo-glocken-baeckereiB-1024x1024.jpg\"\n                                        alt=\"Rotes Viereck auf wei\u00dfem Grund der das Logo von Glocken Brot darstellt. Der Schriftzug wei\u00dft auf das Jahr 1904 hin enth\u00e4lt den Satz: Ein Unternehmen der REWE Group.\"\n                                        loading=\"lazy\"\n                                    >\n                                <\/div>\n                                                    <\/div>\n                        <div class=\"teaser-brand__text expand-teaser__inner\">\n                            <h3 class=\"detail-teaser__title\">Glockenbrot B\u00e4ckerei<\/h3>\n\n                            <div class=\"detail-teaser__excerpt entry-content\"><p>Die Glockenbrot B\u00e4ckerei, ein konzerneigener Produktionsbetrieb der REWE Group. Mit innovativen Produkten agiert unser Unternehmen erfolgreich am Markt.<\/p>\n<\/div>\n\n                            <p class=\"detail-teaser__excerpt teaser-brand__link\">\n                                <a href=\"https:\/\/www.rewe-group.com\/de\/unternehmen\/struktur-und-vertriebslinien\/glockenbrot-baeckerei\/\" class=\"arrow-link\">Mehr Details<\/a>\n                            <\/p>\n                            <div class=\"expand-teaser__ui\">\n                                <button type=\"button\" class=\"btn-icon icon-down\" aria-label=\"Expand details\"><\/button>\n                            <\/div>\n                        <\/div>\n                    <\/li>\n                                    <li class=\"teaser-brand expand-teaser\" data-term=\"handel-deutschland\">\n                        <div class=\"teaser-brand__logo\">\n                                                            <div class=\"teaser-brand__logo-inner\">\n                                    <img decoding=\"async\"\n                                        class=\"contain-img\"\n                                        src=\"https:\/\/www.rewe-group.com\/content\/uploads\/2020\/12\/wilhelm-brandenburg.png\"\n                                        alt=\"Wilhelm Brandenburg Logo\"\n                                        loading=\"lazy\"\n                                    >\n                                <\/div>\n                                                    <\/div>\n                        <div class=\"teaser-brand__text expand-teaser__inner\">\n                            <h3 class=\"detail-teaser__title\">Wilhelm Brandenburg<\/h3>\n\n                            <div class=\"detail-teaser__excerpt entry-content\"><p>Qualit\u00e4tsfleisch aus erstklassiger und nachvollziehbarer Produktion. 1885 gegr\u00fcndet, geh\u00f6ren wir seit 1986 zur REWE Group. Mit einem Jahresumsatz rund 770 Millionen Euro und rund 2.800 Mitarbeitende sind wir der gr\u00f6\u00dfte Eigenmarkenlieferant f\u00fcr die Einzelhandelsm\u00e4rkte von REWE und PENNY.<\/p>\n<\/div>\n\n                            <p class=\"detail-teaser__excerpt teaser-brand__link\">\n                                <a href=\"https:\/\/www.rewe-group.com\/de\/unternehmen\/struktur-und-vertriebslinien\/wilhelm-brandenburg\/\" class=\"arrow-link\">Mehr Details<\/a>\n                            <\/p>\n                            <div class=\"expand-teaser__ui\">\n                                <button type=\"button\" class=\"btn-icon icon-down\" aria-label=\"Expand details\"><\/button>\n                            <\/div>\n                        <\/div>\n                    <\/li>\n                                    <li class=\"teaser-brand expand-teaser\" data-term=\"handel-deutschland\">\n                        <div class=\"teaser-brand__logo\">\n                                                            <div class=\"teaser-brand__logo-inner\">\n                                    <img decoding=\"async\"\n                                        class=\"contain-img\"\n                                        src=\"https:\/\/www.rewe-group.com\/content\/uploads\/2020\/12\/zoo-royal-1024x441.png\"\n                                        alt=\"Wei\u00dfe Schrift ZooRoyal auf blauem Hintergrund als Logo\"\n                                        loading=\"lazy\"\n                                    >\n                                <\/div>\n                                                    <\/div>\n                        <div class=\"teaser-brand__text expand-teaser__inner\">\n                            <h3 class=\"detail-teaser__title\">ZooRoyal<\/h3>\n\n                            <div class=\"detail-teaser__excerpt entry-content\"><p>Die ZooRoyal Petcare GmbH ist ein f\u00fchrender Omnichannel-Fachh\u00e4ndler f\u00fcr Heimtierbedarf mit Sitz in K\u00f6ln und seit 2014 ein Unternehmen der REWE Group. Gegr\u00fcndet im Jahr 2008 f\u00fchrt ZooRoyal eine vielf\u00e4ltige Produktauswahl von \u00fcber 10.000 Artikeln in den Bereichen Hund, Katze, Terraristik, Kleintier, Aquaristik, Teich und Vogel.<\/p>\n<\/div>\n\n                            <p class=\"detail-teaser__excerpt teaser-brand__link\">\n                                <a href=\"https:\/\/www.rewe-group.com\/de\/unternehmen\/struktur-und-vertriebslinien\/zooroyal\/\" class=\"arrow-link\">Mehr Details<\/a>\n                            <\/p>\n                            <div class=\"expand-teaser__ui\">\n                                <button type=\"button\" class=\"btn-icon icon-down\" aria-label=\"Expand details\"><\/button>\n                            <\/div>\n                        <\/div>\n                    <\/li>\n                                    <li class=\"teaser-brand expand-teaser\" data-term=\"handel-deutschland\">\n                        <div class=\"teaser-brand__logo\">\n                                                            <div class=\"teaser-brand__logo-inner\">\n                                    <img decoding=\"async\"\n                                        class=\"contain-img\"\n                                        src=\"https:\/\/www.rewe-group.com\/content\/uploads\/2025\/10\/logo-koelner-weinkeller.jpg?t=2026042702\"\n                                        alt=\"Logo K\u00f6lner Weinkeller\"\n                                        loading=\"lazy\"\n                                    >\n                                <\/div>\n                                                    <\/div>\n                        <div class=\"teaser-brand__text expand-teaser__inner\">\n                            <h3 class=\"detail-teaser__title\">K\u00f6lner Weinkeller<\/h3>\n\n                            <div class=\"detail-teaser__excerpt entry-content\"><p>Der renommierte K\u00f6lner Weinkeller ist nicht nur einer der gr\u00f6\u00dften historischen Wein-Gew\u00f6lbekellern Deutschlands, sondern auch mehrfach ausgezeichneter Weinh\u00e4ndler.<\/p>\n<\/div>\n\n                            <p class=\"detail-teaser__excerpt teaser-brand__link\">\n                                <a href=\"https:\/\/www.rewe-group.com\/de\/unternehmen\/struktur-und-vertriebslinien\/koelner-weinkeller\/\" class=\"arrow-link\">Mehr Details<\/a>\n                            <\/p>\n                            <div class=\"expand-teaser__ui\">\n                                <button type=\"button\" class=\"btn-icon icon-down\" aria-label=\"Expand details\"><\/button>\n                            <\/div>\n                        <\/div>\n                    <\/li>\n                                    <li class=\"teaser-brand expand-teaser\" data-term=\"handel-deutschland\">\n                        <div class=\"teaser-brand__logo\">\n                                                            <div class=\"teaser-brand__logo-inner\">\n                                    <img decoding=\"async\"\n                                        class=\"contain-img\"\n                                        src=\"https:\/\/www.rewe-group.com\/content\/uploads\/2020\/12\/weinfreunde.png\"\n                                        alt=\"Weinfreunde Logo\"\n                                        loading=\"lazy\"\n                                    >\n                                <\/div>\n                                                    <\/div>\n                        <div class=\"teaser-brand__text expand-teaser__inner\">\n                            <h3 class=\"detail-teaser__title\">Weinfreunde<\/h3>\n\n                            <div class=\"detail-teaser__excerpt entry-content\"><p>Der Online-Weinversand der REWE Group: Weinfreunde.de erg\u00e4nzt die Weinkompetenz der REWE auf Fachhandelsebene. Auf der Webseite finden weinbegeisterte Kund:innen einfach und schnell den passenden Wein f\u00fcr jeden Anlass und Geschmack.<\/p>\n<\/div>\n\n                            <p class=\"detail-teaser__excerpt teaser-brand__link\">\n                                <a href=\"https:\/\/www.rewe-group.com\/de\/unternehmen\/struktur-und-vertriebslinien\/weinfreunde\/\" class=\"arrow-link\">Mehr Details<\/a>\n                            <\/p>\n                            <div class=\"expand-teaser__ui\">\n                                <button type=\"button\" class=\"btn-icon icon-down\" aria-label=\"Expand details\"><\/button>\n                            <\/div>\n                        <\/div>\n                    <\/li>\n                                    <li class=\"teaser-brand expand-teaser\" data-term=\"handel-international\">\n                        <div class=\"teaser-brand__logo\">\n                                                            <div class=\"teaser-brand__logo-inner\">\n                                    <img decoding=\"async\"\n                                        class=\"contain-img\"\n                                        src=\"https:\/\/www.rewe-group.com\/content\/uploads\/2022\/11\/bipa-1024x400.png\"\n                                        alt=\"Pinkes Viereck mit dem wei\u00dfen BIPA Schriftzug als Logo\"\n                                        loading=\"lazy\"\n                                    >\n                                <\/div>\n                                                    <\/div>\n                        <div class=\"teaser-brand__text expand-teaser__inner\">\n                            <h3 class=\"detail-teaser__title\">BIPA<\/h3>\n\n                            <div class=\"detail-teaser__excerpt entry-content\"><p>BIPA setzt neue Trends bei Pflege, Sch\u00f6nheit und Wohlbefinden in \u00d6sterreich und in Kroatien.<\/p>\n<\/div>\n\n                            <p class=\"detail-teaser__excerpt teaser-brand__link\">\n                                <a href=\"https:\/\/www.rewe-group.com\/de\/unternehmen\/struktur-und-vertriebslinien\/bipa\/\" class=\"arrow-link\">Mehr Details<\/a>\n                            <\/p>\n                            <div class=\"expand-teaser__ui\">\n                                <button type=\"button\" class=\"btn-icon icon-down\" aria-label=\"Expand details\"><\/button>\n                            <\/div>\n                        <\/div>\n                    <\/li>\n                                    <li class=\"teaser-brand expand-teaser\" data-term=\"handel-international\">\n                        <div class=\"teaser-brand__logo\">\n                                                            <div class=\"teaser-brand__logo-inner\">\n                                    <img decoding=\"async\"\n                                        class=\"contain-img\"\n                                        src=\"https:\/\/www.rewe-group.com\/content\/uploads\/2020\/12\/billa.png\"\n                                        alt=\"BILLA Logo\"\n                                        loading=\"lazy\"\n                                    >\n                                <\/div>\n                                                    <\/div>\n                        <div class=\"teaser-brand__text expand-teaser__inner\">\n                            <h3 class=\"detail-teaser__title\">BILLA<\/h3>\n\n                            <div class=\"detail-teaser__excerpt entry-content\"><p>BILLA ist seit mehr als 70 Jahren einer der erfolgreichsten Lebensmittelnahversorger in \u00d6sterreich \u2013 mit hoher Qualit\u00e4t und familienfreundlichen Preisen.<\/p>\n<\/div>\n\n                            <p class=\"detail-teaser__excerpt teaser-brand__link\">\n                                <a href=\"https:\/\/www.rewe-group.com\/de\/unternehmen\/struktur-und-vertriebslinien\/billa\/\" class=\"arrow-link\">Mehr Details<\/a>\n                            <\/p>\n                            <div class=\"expand-teaser__ui\">\n                                <button type=\"button\" class=\"btn-icon icon-down\" aria-label=\"Expand details\"><\/button>\n                            <\/div>\n                        <\/div>\n                    <\/li>\n                                    <li class=\"teaser-brand expand-teaser\" data-term=\"handel-international\">\n                        <div class=\"teaser-brand__logo\">\n                                                            <div class=\"teaser-brand__logo-inner\">\n                                    <img decoding=\"async\"\n                                        class=\"contain-img\"\n                                        src=\"https:\/\/www.rewe-group.com\/content\/uploads\/2020\/12\/penny.png\"\n                                        alt=\"PENNY Logo\"\n                                        loading=\"lazy\"\n                                    >\n                                <\/div>\n                                                    <\/div>\n                        <div class=\"teaser-brand__text expand-teaser__inner\">\n                            <h3 class=\"detail-teaser__title\">PENNY (Discount International)<\/h3>\n\n                            <div class=\"detail-teaser__excerpt entry-content\"><p>Neben Deutschland ist PENNY seit \u00fcber 30 Jahren auch in f\u00fcnf weiteren europ\u00e4ischen L\u00e4ndern beliebt und erfolgreich. Rund 1.875 moderne Filialen pr\u00e4sentieren tagt\u00e4glich Top-Frische, h\u00f6chstm\u00f6gliche Qualit\u00e4t und \u2013 wo immer es geht \u2013 Regionalit\u00e4t.<\/p>\n<\/div>\n\n                            <p class=\"detail-teaser__excerpt teaser-brand__link\">\n                                <a href=\"https:\/\/www.rewe-group.com\/de\/unternehmen\/struktur-und-vertriebslinien\/penny-discount-international\/\" class=\"arrow-link\">Mehr Details<\/a>\n                            <\/p>\n                            <div class=\"expand-teaser__ui\">\n                                <button type=\"button\" class=\"btn-icon icon-down\" aria-label=\"Expand details\"><\/button>\n                            <\/div>\n                        <\/div>\n                    <\/li>\n                                    <li class=\"teaser-brand expand-teaser\" data-term=\"handel-international\">\n                        <div class=\"teaser-brand__logo\">\n                                                            <div class=\"teaser-brand__logo-inner\">\n                                    <img decoding=\"async\"\n                                        class=\"contain-img\"\n                                        src=\"https:\/\/www.rewe-group.com\/content\/uploads\/2022\/04\/ADEG-logo.png?t=2026042702\"\n                                        alt=\"ADEG Logo in Gr\u00fcner Schrift\"\n                                        loading=\"lazy\"\n                                    >\n                                <\/div>\n                                                    <\/div>\n                        <div class=\"teaser-brand__text expand-teaser__inner\">\n                            <h3 class=\"detail-teaser__title\">ADEG<\/h3>\n\n                            <div class=\"detail-teaser__excerpt entry-content\"><p>Land aufs Herz: Das ist das gelebte Motto des Nahversorgers ADEG in \u00d6sterreich.<\/p>\n<\/div>\n\n                            <p class=\"detail-teaser__excerpt teaser-brand__link\">\n                                <a href=\"https:\/\/www.rewe-group.com\/de\/unternehmen\/struktur-und-vertriebslinien\/adeg\/\" class=\"arrow-link\">Mehr Details<\/a>\n                            <\/p>\n                            <div class=\"expand-teaser__ui\">\n                                <button type=\"button\" class=\"btn-icon icon-down\" aria-label=\"Expand details\"><\/button>\n                            <\/div>\n                        <\/div>\n                    <\/li>\n                                    <li class=\"teaser-brand expand-teaser\" data-term=\"handel-international\">\n                        <div class=\"teaser-brand__logo\">\n                                                            <div class=\"teaser-brand__logo-inner\">\n                                    <img decoding=\"async\"\n                                        class=\"contain-img\"\n                                        src=\"https:\/\/www.rewe-group.com\/content\/uploads\/2024\/07\/IKI_logo_main-1024x967.png\"\n                                        alt=\"Das Logo von IKI in gr\u00fcner Schrift auf gelbem Hintergrund.\"\n                                        loading=\"lazy\"\n                                    >\n                                <\/div>\n                                                    <\/div>\n                        <div class=\"teaser-brand__text expand-teaser__inner\">\n                            <h3 class=\"detail-teaser__title\">iki<\/h3>\n\n                            <div class=\"detail-teaser__excerpt entry-content\"><p>Die St\u00e4rke von IKI Litauen: eine gro\u00dfe Auswahl an frischen, qualitativ hochwertigen Produkten zu den besten Preisen.<\/p>\n<\/div>\n\n                            <p class=\"detail-teaser__excerpt teaser-brand__link\">\n                                <a href=\"https:\/\/www.rewe-group.com\/de\/unternehmen\/struktur-und-vertriebslinien\/iki\/\" class=\"arrow-link\">Mehr Details<\/a>\n                            <\/p>\n                            <div class=\"expand-teaser__ui\">\n                                <button type=\"button\" class=\"btn-icon icon-down\" aria-label=\"Expand details\"><\/button>\n                            <\/div>\n                        <\/div>\n                    <\/li>\n                                    <li class=\"teaser-brand expand-teaser\" data-term=\"convenience\">\n                        <div class=\"teaser-brand__logo\">\n                                                            <div class=\"teaser-brand__logo-inner\">\n                                    <img decoding=\"async\"\n                                        class=\"contain-img\"\n                                        src=\"https:\/\/www.rewe-group.com\/content\/uploads\/2020\/12\/lekkerland.png\"\n                                        alt=\"Lekkerland Logo\"\n                                        loading=\"lazy\"\n                                    >\n                                <\/div>\n                                                    <\/div>\n                        <div class=\"teaser-brand__text expand-teaser__inner\">\n                            <h3 class=\"detail-teaser__title\">Lekkerland<\/h3>\n\n                            <div class=\"detail-teaser__excerpt entry-content\"><p>Lekkerland, der Spezialist f\u00fcr den Unterwegskonsum, ber\u00e4t und beliefert europaweit rund 62.000 Verkaufsstellen, besch\u00e4ftigt rund 5.900 Mitarbeitende und erzielte 2025 einen Umsatz von rund 15,3 Milliarden Euro.<\/p>\n<\/div>\n\n                            <p class=\"detail-teaser__excerpt teaser-brand__link\">\n                                <a href=\"https:\/\/www.rewe-group.com\/de\/unternehmen\/struktur-und-vertriebslinien\/lekkerland\/\" class=\"arrow-link\">Mehr Details<\/a>\n                            <\/p>\n                            <div class=\"expand-teaser__ui\">\n                                <button type=\"button\" class=\"btn-icon icon-down\" aria-label=\"Expand details\"><\/button>\n                            <\/div>\n                        <\/div>\n                    <\/li>\n                                    <li class=\"teaser-brand expand-teaser\" data-term=\"convenience\">\n                        <div class=\"teaser-brand__logo\">\n                                                            <div class=\"teaser-brand__logo-inner\">\n                                    <img decoding=\"async\"\n                                        class=\"contain-img\"\n                                        src=\"https:\/\/www.rewe-group.com\/content\/uploads\/2020\/12\/conway.png\"\n                                        alt=\"CONWAY Logo\"\n                                        loading=\"lazy\"\n                                    >\n                                <\/div>\n                                                    <\/div>\n                        <div class=\"teaser-brand__text expand-teaser__inner\">\n                            <h3 class=\"detail-teaser__title\">Conway<\/h3>\n\n                            <div class=\"detail-teaser__excerpt entry-content\"><p>Unter dem Namen Conway firmiert Lekkerland, der Spezialist f\u00fcr den Unterwegskonsum, in Belgien und Spanien.<\/p>\n<\/div>\n\n                            <p class=\"detail-teaser__excerpt teaser-brand__link\">\n                                <a href=\"https:\/\/www.rewe-group.com\/de\/unternehmen\/struktur-und-vertriebslinien\/conway\/\" class=\"arrow-link\">Mehr Details<\/a>\n                            <\/p>\n                            <div class=\"expand-teaser__ui\">\n                                <button type=\"button\" class=\"btn-icon icon-down\" aria-label=\"Expand details\"><\/button>\n                            <\/div>\n                        <\/div>\n                    <\/li>\n                                    <li class=\"teaser-brand expand-teaser\" data-term=\"convenience\">\n                        <div class=\"teaser-brand__logo\">\n                                                            <div class=\"teaser-brand__logo-inner\">\n                                    <img decoding=\"async\"\n                                        class=\"contain-img\"\n                                        src=\"https:\/\/www.rewe-group.com\/content\/uploads\/2020\/12\/rewe-to-go.png\"\n                                        alt=\"REWE to go Logo\"\n                                        loading=\"lazy\"\n                                    >\n                                <\/div>\n                                                    <\/div>\n                        <div class=\"teaser-brand__text expand-teaser__inner\">\n                            <h3 class=\"detail-teaser__title\">REWE To Go<\/h3>\n\n                            <div class=\"detail-teaser__excerpt entry-content\"><p><span data-teams=\"true\">2011 gestartet, ist REWE To Go heute eines der f\u00fchrenden Convenience-Formate in Deutschland \u2013 und einzigartig vielf\u00e4ltig.\u00a0<\/span><\/p>\n<\/div>\n\n                            <p class=\"detail-teaser__excerpt teaser-brand__link\">\n                                <a href=\"https:\/\/www.rewe-group.com\/de\/unternehmen\/struktur-und-vertriebslinien\/rewe-to-go\/\" class=\"arrow-link\">Mehr Details<\/a>\n                            <\/p>\n                            <div class=\"expand-teaser__ui\">\n                                <button type=\"button\" class=\"btn-icon icon-down\" aria-label=\"Expand details\"><\/button>\n                            <\/div>\n                        <\/div>\n                    <\/li>\n                                    <li class=\"teaser-brand expand-teaser\" data-term=\"convenience\">\n                        <div class=\"teaser-brand__logo\">\n                                                            <div class=\"teaser-brand__logo-inner\">\n                                    <img decoding=\"async\"\n                                        class=\"contain-img\"\n                                        src=\"https:\/\/www.rewe-group.com\/content\/uploads\/2023\/03\/reweexpress-logo-1024x367.png\"\n                                        alt=\"REWE express Logo\"\n                                        loading=\"lazy\"\n                                    >\n                                <\/div>\n                                                    <\/div>\n                        <div class=\"teaser-brand__text expand-teaser__inner\">\n                            <h3 class=\"detail-teaser__title\">REWE express<\/h3>\n\n                            <div class=\"detail-teaser__excerpt entry-content\"><p>REWE express ist ein Ort, der Unterwegskonsum und bequemen und schnellen Einkauf in modernem Ambiente erm\u00f6glicht. Ein Schwerpunkt liegt bei REWE express auf dem Foodservice-Bereich, der als Shop-in-Shop-L\u00f6sung konzipiert ist.<\/p>\n<\/div>\n\n                            <p class=\"detail-teaser__excerpt teaser-brand__link\">\n                                <a href=\"https:\/\/www.rewe-group.com\/de\/unternehmen\/struktur-und-vertriebslinien\/rewe-express\/\" class=\"arrow-link\">Mehr Details<\/a>\n                            <\/p>\n                            <div class=\"expand-teaser__ui\">\n                                <button type=\"button\" class=\"btn-icon icon-down\" aria-label=\"Expand details\"><\/button>\n                            <\/div>\n                        <\/div>\n                    <\/li>\n                                    <li class=\"teaser-brand expand-teaser\" data-term=\"baumarkt\">\n                        <div class=\"teaser-brand__logo\">\n                                                            <div class=\"teaser-brand__logo-inner\">\n                                    <img decoding=\"async\"\n                                        class=\"contain-img\"\n                                        src=\"https:\/\/www.rewe-group.com\/content\/uploads\/2020\/12\/toom.png?t=2026042702\"\n                                        alt=\"toom Logo\"\n                                        loading=\"lazy\"\n                                    >\n                                <\/div>\n                                                    <\/div>\n                        <div class=\"teaser-brand__text expand-teaser__inner\">\n                            <h3 class=\"detail-teaser__title\">toom Baumarkt<\/h3>\n\n                            <div class=\"detail-teaser__excerpt entry-content\"><p>Im Jahr 1978 mit dem ersten toom Baumarkt in Frankfurt am Main gestartet, z\u00e4hlt toom mit mehr als 300 M\u00e4rkten deutschlandweit (toom Baumarkt, B1 Discount Baumarkt und Klee Gartenfachmarkt) und einem Brutto-Umsatz von 2,5 Milliarden Euro (2024) zu den f\u00fchrenden Anbietern der deutschen Baumarktbranche.<\/p>\n<\/div>\n\n                            <p class=\"detail-teaser__excerpt teaser-brand__link\">\n                                <a href=\"https:\/\/www.rewe-group.com\/de\/unternehmen\/struktur-und-vertriebslinien\/toom-baumarkt\/\" class=\"arrow-link\">Mehr Details<\/a>\n                            <\/p>\n                            <div class=\"expand-teaser__ui\">\n                                <button type=\"button\" class=\"btn-icon icon-down\" aria-label=\"Expand details\"><\/button>\n                            <\/div>\n                        <\/div>\n                    <\/li>\n                                    <li class=\"teaser-brand expand-teaser\" data-term=\"baumarkt\">\n                        <div class=\"teaser-brand__logo\">\n                                                            <div class=\"teaser-brand__logo-inner\">\n                                    <img decoding=\"async\"\n                                        class=\"contain-img\"\n                                        src=\"https:\/\/www.rewe-group.com\/content\/uploads\/2020\/12\/b1.png\"\n                                        alt=\"B1 Discount Baumarkt Logo\"\n                                        loading=\"lazy\"\n                                    >\n                                <\/div>\n                                                    <\/div>\n                        <div class=\"teaser-brand__text expand-teaser__inner\">\n                            <h3 class=\"detail-teaser__title\">B1 Discount Baumarkt<\/h3>\n\n                            <div class=\"detail-teaser__excerpt entry-content\"><p>Alles f\u00fcr preisbewusste Handwerker, Heimwerker und Schn\u00e4ppchenj\u00e4ger. B1 ist ein Unternehmen der toom Baumarkt GmbH und betreibt in Deutschland 18 Discount Bau- und Gartenm\u00e4rkte mit rund 550 Mitarbeitern und einem Umsatz von etwa 125 Millionen Euro. Das Sortiment umfasst mit \u00fcber 18.000 klassischen Baumarktartikeln sowohl Markenartikel als auch Eigenmarken.<\/p>\n<\/div>\n\n                            <p class=\"detail-teaser__excerpt teaser-brand__link\">\n                                <a href=\"https:\/\/www.rewe-group.com\/de\/unternehmen\/struktur-und-vertriebslinien\/b1-discount-baumarkt\/\" class=\"arrow-link\">Mehr Details<\/a>\n                            <\/p>\n                            <div class=\"expand-teaser__ui\">\n                                <button type=\"button\" class=\"btn-icon icon-down\" aria-label=\"Expand details\"><\/button>\n                            <\/div>\n                        <\/div>\n                    <\/li>\n                                    <li class=\"teaser-brand expand-teaser\" data-term=\"touristik\">\n                        <div class=\"teaser-brand__logo\">\n                                                            <div class=\"teaser-brand__logo-inner\">\n                                    <img decoding=\"async\"\n                                        class=\"contain-img\"\n                                        src=\"https:\/\/www.rewe-group.com\/content\/uploads\/2020\/12\/dertour-group-logo.png?t=2026042702\"\n                                        alt=\"Logo der DERTOUR Group. Rote und graue Schrift vor neutralem Hintergrund\"\n                                        loading=\"lazy\"\n                                    >\n                                <\/div>\n                                                    <\/div>\n                        <div class=\"teaser-brand__text expand-teaser__inner\">\n                            <h3 class=\"detail-teaser__title\">DERTOUR Group<\/h3>\n\n                            <div class=\"detail-teaser__excerpt entry-content\"><p>Die DERTOUR Group ist die Reisesparte der REWE Group und z\u00e4hlt zu den f\u00fchrenden Reisekonzernen in Europa. Unter ihr Dach geh\u00f6ren rund 200 Unternehmen mit rund 15.000 Mitarbeitenden in 16 L\u00e4ndern.<\/p>\n<\/div>\n\n                            <p class=\"detail-teaser__excerpt teaser-brand__link\">\n                                <a href=\"https:\/\/www.rewe-group.com\/de\/unternehmen\/struktur-und-vertriebslinien\/der-tour-group\/\" class=\"arrow-link\">Mehr Details<\/a>\n                            <\/p>\n                            <div class=\"expand-teaser__ui\">\n                                <button type=\"button\" class=\"btn-icon icon-down\" aria-label=\"Expand details\"><\/button>\n                            <\/div>\n                        <\/div>\n                    <\/li>\n                                    <li class=\"teaser-brand expand-teaser\" data-term=\"touristik\">\n                        <div class=\"teaser-brand__logo\">\n                                                            <div class=\"teaser-brand__logo-inner\">\n                                    <img decoding=\"async\"\n                                        class=\"contain-img\"\n                                        src=\"https:\/\/www.rewe-group.com\/content\/uploads\/2020\/12\/dertour-neu-1024x188.png\"\n                                        alt=\"DER Tour Logo\"\n                                        loading=\"lazy\"\n                                    >\n                                <\/div>\n                                                    <\/div>\n                        <div class=\"teaser-brand__text expand-teaser__inner\">\n                            <h3 class=\"detail-teaser__title\">DERTOUR<\/h3>\n\n                            <div class=\"detail-teaser__excerpt entry-content\"><p>In Deutschland tritt DERTOUR sowohl als Reiseveranstalter als auch als Reiseb\u00fcrokette auf. Als Veranstalter ist DERTOUR der verl\u00e4ssliche Partner f\u00fcr Urlaube aller Art. Ob Pauschalreise oder Individualangebot nah oder fern, ob Rundreise, St\u00e4dtetrip, Zeltsafari, Mega-Sportevent oder Ausflug weltweit, ob preisbewusster Urlaub, Mittelklassehotel oder Luxusaufenthalt \u2013 DERTOUR erf\u00fcllt jeden Urlaubswunsch, und zwar immer mit verl\u00e4sslicher Qualit\u00e4t, Sicherheit und Flexibilit\u00e4t.<\/p>\n<\/div>\n\n                            <p class=\"detail-teaser__excerpt teaser-brand__link\">\n                                <a href=\"https:\/\/www.rewe-group.com\/de\/unternehmen\/struktur-und-vertriebslinien\/dertour\/\" class=\"arrow-link\">Mehr Details<\/a>\n                            <\/p>\n                            <div class=\"expand-teaser__ui\">\n                                <button type=\"button\" class=\"btn-icon icon-down\" aria-label=\"Expand details\"><\/button>\n                            <\/div>\n                        <\/div>\n                    <\/li>\n                                    <li class=\"teaser-brand expand-teaser\" data-term=\"touristik\">\n                        <div class=\"teaser-brand__logo\">\n                                                            <div class=\"teaser-brand__logo-inner\">\n                                    <img decoding=\"async\"\n                                        class=\"contain-img\"\n                                        src=\"https:\/\/www.rewe-group.com\/content\/uploads\/2020\/12\/derpart-neu-1024x283.png\"\n                                        alt=\"DER Part Logo\"\n                                        loading=\"lazy\"\n                                    >\n                                <\/div>\n                                                    <\/div>\n                        <div class=\"teaser-brand__text expand-teaser__inner\">\n                            <h3 class=\"detail-teaser__title\">DERPART<\/h3>\n\n                            <div class=\"detail-teaser__excerpt entry-content\"><p>Seit der Gr\u00fcndung vor mehr als 40 Jahren hat sich DERPART zu einer der gr\u00f6\u00dften und erfolgreichsten Reisevertriebsorganisationen in Deutschland entwickelt. Insgesamt geh\u00f6ren rund 200 Reiseb\u00fcros zu DERPART. Davon sind \u00fcber 60 Agenturen als DERPART Travel Service (DTS) auf den Gesch\u00e4ftsreisesektor spezialisiert.<\/p>\n<\/div>\n\n                            <p class=\"detail-teaser__excerpt teaser-brand__link\">\n                                <a href=\"https:\/\/www.rewe-group.com\/de\/unternehmen\/struktur-und-vertriebslinien\/derpart\/\" class=\"arrow-link\">Mehr Details<\/a>\n                            <\/p>\n                            <div class=\"expand-teaser__ui\">\n                                <button type=\"button\" class=\"btn-icon icon-down\" aria-label=\"Expand details\"><\/button>\n                            <\/div>\n                        <\/div>\n                    <\/li>\n                                    <li class=\"teaser-brand expand-teaser\" data-term=\"touristik\">\n                        <div class=\"teaser-brand__logo\">\n                                                            <div class=\"teaser-brand__logo-inner\">\n                                    <img decoding=\"async\"\n                                        class=\"contain-img\"\n                                        src=\"https:\/\/www.rewe-group.com\/content\/uploads\/2020\/12\/its.png\"\n                                        alt=\"ITS Logo\"\n                                        loading=\"lazy\"\n                                    >\n                                <\/div>\n                                                    <\/div>\n                        <div class=\"teaser-brand__text expand-teaser__inner\">\n                            <h3 class=\"detail-teaser__title\">ITS<\/h3>\n\n                            <div class=\"detail-teaser__excerpt entry-content\"><p>Klassische Ziele &#8211; gro\u00dfe Auswahl. ITS richtet sich mit seinem Angebot vor allem an Familien. Eltern finden bei ITS ein breites Portfolio familiengerechter Unterk\u00fcnfte im 4-Sterne-Segment, oft verbunden mit hohen Kindererm\u00e4\u00dfigungen oder Kinderbetreuung inklusive. Alles unter dem aktuellen Claim \u201eWillkommen im Urlaub\u201c.<\/p>\n<\/div>\n\n                            <p class=\"detail-teaser__excerpt teaser-brand__link\">\n                                <a href=\"https:\/\/www.rewe-group.com\/de\/unternehmen\/struktur-und-vertriebslinien\/its\/\" class=\"arrow-link\">Mehr Details<\/a>\n                            <\/p>\n                            <div class=\"expand-teaser__ui\">\n                                <button type=\"button\" class=\"btn-icon icon-down\" aria-label=\"Expand details\"><\/button>\n                            <\/div>\n                        <\/div>\n                    <\/li>\n                                    <li class=\"teaser-brand expand-teaser\" data-term=\"touristik\">\n                        <div class=\"teaser-brand__logo\">\n                                                            <div class=\"teaser-brand__logo-inner\">\n                                    <img decoding=\"async\"\n                                        class=\"contain-img\"\n                                        src=\"https:\/\/www.rewe-group.com\/content\/uploads\/2020\/12\/meiers-weltreisen.png\"\n                                        alt=\"Meiers Weltreisen Logo\"\n                                        loading=\"lazy\"\n                                    >\n                                <\/div>\n                                                    <\/div>\n                        <div class=\"teaser-brand__text expand-teaser__inner\">\n                            <h3 class=\"detail-teaser__title\">Meiers Weltreisen<\/h3>\n\n                            <div class=\"detail-teaser__excerpt entry-content\"><p>Meiers Weltreisen \u2013 Der Fernreiseexperte. Seit \u00fcber 30 Jahren h\u00e4lt Meiers Weltreisen seine Position als der \u201eSpezialist f\u00fcr alles Ferne\u201c in Deutschland und \u00d6sterreich. F\u00fcr Reisen nach Asien ist Meiers Weltreisen Marktf\u00fchrer in Deutschland und \u00d6sterreich.<\/p>\n<\/div>\n\n                            <p class=\"detail-teaser__excerpt teaser-brand__link\">\n                                <a href=\"https:\/\/www.rewe-group.com\/de\/unternehmen\/struktur-und-vertriebslinien\/meiers-weltreisen\/\" class=\"arrow-link\">Mehr Details<\/a>\n                            <\/p>\n                            <div class=\"expand-teaser__ui\">\n                                <button type=\"button\" class=\"btn-icon icon-down\" aria-label=\"Expand details\"><\/button>\n                            <\/div>\n                        <\/div>\n                    <\/li>\n                                    <li class=\"teaser-brand expand-teaser\" data-term=\"touristik\">\n                        <div class=\"teaser-brand__logo\">\n                                                            <div class=\"teaser-brand__logo-inner\">\n                                    <img decoding=\"async\"\n                                        class=\"contain-img\"\n                                        src=\"https:\/\/www.rewe-group.com\/content\/uploads\/2020\/12\/sentido-neu-1024x154.png\"\n                                        alt=\"Sentido Logo\"\n                                        loading=\"lazy\"\n                                    >\n                                <\/div>\n                                                    <\/div>\n                        <div class=\"teaser-brand__text expand-teaser__inner\">\n                            <h3 class=\"detail-teaser__title\">Sentido<\/h3>\n\n                            <div class=\"detail-teaser__excerpt entry-content\"><p>Erholung f\u00fcr alle Sinne. Sentido-Hotels empfangen erwachsene G\u00e4ste und kleine Familien mit hochwertiger Ausstattung, stilvollem Ambiente und liebevollen Details.<\/p>\n<\/div>\n\n                            <p class=\"detail-teaser__excerpt teaser-brand__link\">\n                                <a href=\"https:\/\/www.rewe-group.com\/de\/unternehmen\/struktur-und-vertriebslinien\/sentido\/\" class=\"arrow-link\">Mehr Details<\/a>\n                            <\/p>\n                            <div class=\"expand-teaser__ui\">\n                                <button type=\"button\" class=\"btn-icon icon-down\" aria-label=\"Expand details\"><\/button>\n                            <\/div>\n                        <\/div>\n                    <\/li>\n                                    <li class=\"teaser-brand expand-teaser\" data-term=\"touristik\">\n                        <div class=\"teaser-brand__logo\">\n                                                            <div class=\"teaser-brand__logo-inner\">\n                                    <img decoding=\"async\"\n                                        class=\"contain-img\"\n                                        src=\"https:\/\/www.rewe-group.com\/content\/uploads\/2021\/07\/aldiana.png?t=2026042702\"\n                                        alt=\"Aldiana Club Resorts Logo\"\n                                        loading=\"lazy\"\n                                    >\n                                <\/div>\n                                                    <\/div>\n                        <div class=\"teaser-brand__text expand-teaser__inner\">\n                            <h3 class=\"detail-teaser__title\">Aldiana<\/h3>\n\n                            <div class=\"detail-teaser__excerpt entry-content\"><p>Als Premium-Anbieter im Club-Segment z\u00e4hlt Aldiana heute zu den f\u00fchrenden Veranstaltern von Cluburlauben und empf\u00e4ngt seine G\u00e4ste in aktuell neun Anlagen in Griechenland, Italien, \u00d6sterreich, Spanien und Tunesien.<\/p>\n<\/div>\n\n                            <p class=\"detail-teaser__excerpt teaser-brand__link\">\n                                <a href=\"https:\/\/www.rewe-group.com\/de\/unternehmen\/struktur-und-vertriebslinien\/aldiana\/\" class=\"arrow-link\">Mehr Details<\/a>\n                            <\/p>\n                            <div class=\"expand-teaser__ui\">\n                                <button type=\"button\" class=\"btn-icon icon-down\" aria-label=\"Expand details\"><\/button>\n                            <\/div>\n                        <\/div>\n                    <\/li>\n                                    <li class=\"teaser-brand expand-teaser\" data-term=\"touristik\">\n                        <div class=\"teaser-brand__logo\">\n                                                            <div class=\"teaser-brand__logo-inner\">\n                                    <img decoding=\"async\"\n                                        class=\"contain-img\"\n                                        src=\"https:\/\/www.rewe-group.com\/content\/uploads\/2024\/11\/logo-playitas-1024x932.png\"\n                                        alt=\"Logo von Playitas Free your mind mit schwarzer Schrift auf wei\u00dfem Grund\"\n                                        loading=\"lazy\"\n                                    >\n                                <\/div>\n                                                    <\/div>\n                        <div class=\"teaser-brand__text expand-teaser__inner\">\n                            <h3 class=\"detail-teaser__title\">Playitas<\/h3>\n\n                            <div class=\"detail-teaser__excerpt entry-content\"><p>Bei Playitas, Europas f\u00fchrendem Sportresort, dreht sich alles rund um Sport, Spa\u00df und Bewegung!<\/p>\n<\/div>\n\n                            <p class=\"detail-teaser__excerpt teaser-brand__link\">\n                                <a href=\"https:\/\/www.rewe-group.com\/de\/unternehmen\/struktur-und-vertriebslinien\/playitas\/\" class=\"arrow-link\">Mehr Details<\/a>\n                            <\/p>\n                            <div class=\"expand-teaser__ui\">\n                                <button type=\"button\" class=\"btn-icon icon-down\" aria-label=\"Expand details\"><\/button>\n                            <\/div>\n                        <\/div>\n                    <\/li>\n                                    <li class=\"teaser-brand expand-teaser\" data-term=\"touristik\">\n                        <div class=\"teaser-brand__logo\">\n                                                            <div class=\"teaser-brand__logo-inner\">\n                                    <img decoding=\"async\"\n                                        class=\"contain-img\"\n                                        src=\"https:\/\/www.rewe-group.com\/content\/uploads\/2024\/11\/ananea-logo-1024x162.png\"\n                                        alt=\"Logo ananea schwarze Schrift auf wei\u00dfem Grund\"\n                                        loading=\"lazy\"\n                                    >\n                                <\/div>\n                                                    <\/div>\n                        <div class=\"teaser-brand__text expand-teaser__inner\">\n                            <h3 class=\"detail-teaser__title\">ananea<\/h3>\n\n                            <div class=\"detail-teaser__excerpt entry-content\"><p>ananea Hotels stehen f\u00fcr Slow Glamour, puren Lifestyle, Gemeinschaftsgef\u00fchl und regionale Verbundenheit.<\/p>\n<\/div>\n\n                            <p class=\"detail-teaser__excerpt teaser-brand__link\">\n                                <a href=\"https:\/\/www.rewe-group.com\/de\/unternehmen\/struktur-und-vertriebslinien\/ananea\/\" class=\"arrow-link\">Mehr Details<\/a>\n                            <\/p>\n                            <div class=\"expand-teaser__ui\">\n                                <button type=\"button\" class=\"btn-icon icon-down\" aria-label=\"Expand details\"><\/button>\n                            <\/div>\n                        <\/div>\n                    <\/li>\n                                    <li class=\"teaser-brand expand-teaser\" data-term=\"touristik\">\n                        <div class=\"teaser-brand__logo\">\n                                                            <div class=\"teaser-brand__logo-inner\">\n                                    <img decoding=\"async\"\n                                        class=\"contain-img\"\n                                        src=\"https:\/\/www.rewe-group.com\/content\/uploads\/2020\/12\/club-calimera.png\"\n                                        alt=\"Club Calimera Logo\"\n                                        loading=\"lazy\"\n                                    >\n                                <\/div>\n                                                    <\/div>\n                        <div class=\"teaser-brand__text expand-teaser__inner\">\n                            <h3 class=\"detail-teaser__title\">CALIMERA<\/h3>\n\n                            <div class=\"detail-teaser__excerpt entry-content\"><p>Have a nice day: Unter diesem Motto bietet Calimera unvergesslichen und abwechslungsreichen Familienurlaub an. Gemeinsam Zeit zu verbringen, zu lachen und Momente zu teilen \u2013 darum geht es bei Calimera. Alle H\u00e4user bieten 4- bis 5-Sterne-Standard, liegen am Strand und verf\u00fcgen \u00fcber ein umfangreiches Alles-inklusive-Konzept.<\/p>\n<\/div>\n\n                            <p class=\"detail-teaser__excerpt teaser-brand__link\">\n                                <a href=\"https:\/\/www.rewe-group.com\/de\/unternehmen\/struktur-und-vertriebslinien\/calimera\/\" class=\"arrow-link\">Mehr Details<\/a>\n                            <\/p>\n                            <div class=\"expand-teaser__ui\">\n                                <button type=\"button\" class=\"btn-icon icon-down\" aria-label=\"Expand details\"><\/button>\n                            <\/div>\n                        <\/div>\n                    <\/li>\n                                    <li class=\"teaser-brand expand-teaser\" data-term=\"touristik\">\n                        <div class=\"teaser-brand__logo\">\n                                                            <div class=\"teaser-brand__logo-inner\">\n                                    <img decoding=\"async\"\n                                        class=\"contain-img\"\n                                        src=\"https:\/\/www.rewe-group.com\/content\/uploads\/2020\/12\/kuoni-neu-1024x172.png\"\n                                        alt=\"Kuoni Logo\"\n                                        loading=\"lazy\"\n                                    >\n                                <\/div>\n                                                    <\/div>\n                        <div class=\"teaser-brand__text expand-teaser__inner\">\n                            <h3 class=\"detail-teaser__title\">Kuoni<\/h3>\n\n                            <div class=\"detail-teaser__excerpt entry-content\"><p>Seit 50 Jahren setzt Kuoni Travel im britischen Markt den Standard f\u00fcr weltweite Luxusreisen. Die Marke steht f\u00fcr ma\u00dfgeschneiderte Urlaubsangebote und Hochzeitsreisen zu mehr als 80 Destinationen in aller Welt und ist Marktf\u00fchrer f\u00fcr Reiseziele im Indischen Ozean.<\/p>\n<\/div>\n\n                            <p class=\"detail-teaser__excerpt teaser-brand__link\">\n                                <a href=\"https:\/\/www.rewe-group.com\/de\/unternehmen\/struktur-und-vertriebslinien\/kuoni\/\" class=\"arrow-link\">Mehr Details<\/a>\n                            <\/p>\n                            <div class=\"expand-teaser__ui\">\n                                <button type=\"button\" class=\"btn-icon icon-down\" aria-label=\"Expand details\"><\/button>\n                            <\/div>\n                        <\/div>\n                    <\/li>\n                                    <li class=\"teaser-brand expand-teaser\" data-term=\"touristik\">\n                        <div class=\"teaser-brand__logo\">\n                                                            <div class=\"teaser-brand__logo-inner\">\n                                    <img decoding=\"async\"\n                                        class=\"contain-img\"\n                                        src=\"https:\/\/www.rewe-group.com\/content\/uploads\/2020\/12\/helvetic-tours.png\"\n                                        alt=\"helvetic tours Logo\"\n                                        loading=\"lazy\"\n                                    >\n                                <\/div>\n                                                    <\/div>\n                        <div class=\"teaser-brand__text expand-teaser__inner\">\n                            <h3 class=\"detail-teaser__title\">Helvetic Tours<\/h3>\n\n                            <div class=\"detail-teaser__excerpt entry-content\"><p>Sch\u00f6ne Ferien, sch\u00f6n g\u00fcnstig. Helvetic Tours ist die g\u00fcnstige Pauschalreisemarke von Kuoni in der Schweiz. Das breite Angebot an Badeferien erm\u00f6glicht preiswertes Reisen mit Stil, ohne Verzicht auf Qualit\u00e4t und Komfort.<\/p>\n<\/div>\n\n                            <p class=\"detail-teaser__excerpt teaser-brand__link\">\n                                <a href=\"https:\/\/www.rewe-group.com\/de\/unternehmen\/struktur-und-vertriebslinien\/helvetic-tours\/\" class=\"arrow-link\">Mehr Details<\/a>\n                            <\/p>\n                            <div class=\"expand-teaser__ui\">\n                                <button type=\"button\" class=\"btn-icon icon-down\" aria-label=\"Expand details\"><\/button>\n                            <\/div>\n                        <\/div>\n                    <\/li>\n                                    <li class=\"teaser-brand expand-teaser\" data-term=\"touristik\">\n                        <div class=\"teaser-brand__logo\">\n                                                            <div class=\"teaser-brand__logo-inner\">\n                                    <img decoding=\"async\"\n                                        class=\"contain-img\"\n                                        src=\"https:\/\/www.rewe-group.com\/content\/uploads\/2020\/12\/its-coop-travel-1024x378.png\"\n                                        alt=\"ITS coop travel Logo\"\n                                        loading=\"lazy\"\n                                    >\n                                <\/div>\n                                                    <\/div>\n                        <div class=\"teaser-brand__text expand-teaser__inner\">\n                            <h3 class=\"detail-teaser__title\">ITS Coop Travel<\/h3>\n\n                            <div class=\"detail-teaser__excerpt entry-content\"><p>ITS Coop Travel ist ein Schweizer Reiseveranstalter mit Direktvertriebskonzept f\u00fcr Badeferien im Nah- und Fernbereich, g\u00fcnstige Last Minute Angebote und Nur-Hotel-Angebote bei individueller Anreise.<\/p>\n<\/div>\n\n                            <p class=\"detail-teaser__excerpt teaser-brand__link\">\n                                <a href=\"https:\/\/www.rewe-group.com\/de\/unternehmen\/struktur-und-vertriebslinien\/its-coop-travel\/\" class=\"arrow-link\">Mehr Details<\/a>\n                            <\/p>\n                            <div class=\"expand-teaser__ui\">\n                                <button type=\"button\" class=\"btn-icon icon-down\" aria-label=\"Expand details\"><\/button>\n                            <\/div>\n                        <\/div>\n                    <\/li>\n                                    <li class=\"teaser-brand expand-teaser\" data-term=\"touristik\">\n                        <div class=\"teaser-brand__logo\">\n                                                            <div class=\"teaser-brand__logo-inner\">\n                                    <img decoding=\"async\"\n                                        class=\"contain-img\"\n                                        src=\"https:\/\/www.rewe-group.com\/content\/uploads\/2024\/08\/logo-billa-reisen.svg\"\n                                        alt=\"Logo von Billa Reisen in gelber und roter Schrift\"\n                                        loading=\"lazy\"\n                                    >\n                                <\/div>\n                                                    <\/div>\n                        <div class=\"teaser-brand__text expand-teaser__inner\">\n                            <h3 class=\"detail-teaser__title\">BILLA Reisen<\/h3>\n\n                            <div class=\"detail-teaser__excerpt entry-content\"><p>BILLA Reisen geh\u00f6rt als Reiseveranstalter und als Direktvermarkter (billareisen.at) zur REWE Austria Touristik GmbH, einem der gr\u00f6\u00dften Reiseunternehmen am \u00f6sterreichischen Markt.<\/p>\n<\/div>\n\n                            <p class=\"detail-teaser__excerpt teaser-brand__link\">\n                                <a href=\"https:\/\/www.rewe-group.com\/de\/unternehmen\/struktur-und-vertriebslinien\/its-billa-reisen\/\" class=\"arrow-link\">Mehr Details<\/a>\n                            <\/p>\n                            <div class=\"expand-teaser__ui\">\n                                <button type=\"button\" class=\"btn-icon icon-down\" aria-label=\"Expand details\"><\/button>\n                            <\/div>\n                        <\/div>\n                    <\/li>\n                                    <li class=\"teaser-brand expand-teaser\" data-term=\"touristik\">\n                        <div class=\"teaser-brand__logo\">\n                                                            <div class=\"teaser-brand__logo-inner\">\n                                    <img decoding=\"async\"\n                                        class=\"contain-img\"\n                                        src=\"https:\/\/www.rewe-group.com\/content\/uploads\/2020\/12\/apollo.png\"\n                                        alt=\"apollo Logo\"\n                                        loading=\"lazy\"\n                                    >\n                                <\/div>\n                                                    <\/div>\n                        <div class=\"teaser-brand__text expand-teaser__inner\">\n                            <h3 class=\"detail-teaser__title\">Apollo<\/h3>\n\n                            <div class=\"detail-teaser__excerpt entry-content\"><p>Str\u00e4nde, Sporturlaub und Rundreisen als Erfolgsfaktor. Die Marke konzentriert sich auf Pauschalreisen f\u00fcr Sonnen- und Strandurlauber, nimmt jedoch auch im Bereich Aktiv- und Sportreisen eine f\u00fchrende Position ein.<\/p>\n<\/div>\n\n                            <p class=\"detail-teaser__excerpt teaser-brand__link\">\n                                <a href=\"https:\/\/www.rewe-group.com\/de\/unternehmen\/struktur-und-vertriebslinien\/apollo\/\" class=\"arrow-link\">Mehr Details<\/a>\n                            <\/p>\n                            <div class=\"expand-teaser__ui\">\n                                <button type=\"button\" class=\"btn-icon icon-down\" aria-label=\"Expand details\"><\/button>\n                            <\/div>\n                        <\/div>\n                    <\/li>\n                                    <li class=\"teaser-brand expand-teaser\" data-term=\"touristik\">\n                        <div class=\"teaser-brand__logo\">\n                                                            <div class=\"teaser-brand__logo-inner\">\n                                    <img decoding=\"async\"\n                                        class=\"contain-img\"\n                                        src=\"https:\/\/www.rewe-group.com\/content\/uploads\/2020\/12\/EXIMtours-logo.png?t=2026042702\"\n                                        alt=\"EXIM Tours Logo\"\n                                        loading=\"lazy\"\n                                    >\n                                <\/div>\n                                                    <\/div>\n                        <div class=\"teaser-brand__text expand-teaser__inner\">\n                            <h3 class=\"detail-teaser__title\">EXIM tours<\/h3>\n\n                            <div class=\"detail-teaser__excerpt entry-content\"><p>EXIM tours &amp; KARTAGO tours \u2013 stark in Osteuropa. EXIM tours ist die Nummer eins in Tschechien und geh\u00f6rt auch in Polen zu den gr\u00f6\u00dften Reiseveranstaltern. KARTAGO tours zeigt sich in Ungarn stark und ist der zweitgr\u00f6\u00dfte Reiseveranstalter in der Slowakei.<\/p>\n<\/div>\n\n                            <p class=\"detail-teaser__excerpt teaser-brand__link\">\n                                <a href=\"https:\/\/www.rewe-group.com\/de\/unternehmen\/struktur-und-vertriebslinien\/exim-tours\/\" class=\"arrow-link\">Mehr Details<\/a>\n                            <\/p>\n                            <div class=\"expand-teaser__ui\">\n                                <button type=\"button\" class=\"btn-icon icon-down\" aria-label=\"Expand details\"><\/button>\n                            <\/div>\n                        <\/div>\n                    <\/li>\n                                    <li class=\"teaser-brand expand-teaser\" data-term=\"touristik\">\n                        <div class=\"teaser-brand__logo\">\n                                                            <div class=\"teaser-brand__logo-inner\">\n                                    <img decoding=\"async\"\n                                        class=\"contain-img\"\n                                        src=\"https:\/\/www.rewe-group.com\/content\/uploads\/2020\/12\/fischer-group.png\"\n                                        alt=\"FISCHER Group Logo\"\n                                        loading=\"lazy\"\n                                    >\n                                <\/div>\n                                                    <\/div>\n                        <div class=\"teaser-brand__text expand-teaser__inner\">\n                            <h3 class=\"detail-teaser__title\">Fischer<\/h3>\n\n                            <div class=\"detail-teaser__excerpt entry-content\"><p>Strandurlaub und mehr f\u00fcr die ganze Familie. Die Fischer Gruppe ist in Tschechien und der Slowakei aktiv. Der Reiseveranstalter Fischer hat sich auf Reisen in die beliebtesten Strandziele nah und fern spezialisiert.<\/p>\n<\/div>\n\n                            <p class=\"detail-teaser__excerpt teaser-brand__link\">\n                                <a href=\"https:\/\/www.rewe-group.com\/de\/unternehmen\/struktur-und-vertriebslinien\/fischer\/\" class=\"arrow-link\">Mehr Details<\/a>\n                            <\/p>\n                            <div class=\"expand-teaser__ui\">\n                                <button type=\"button\" class=\"btn-icon icon-down\" aria-label=\"Expand details\"><\/button>\n                            <\/div>\n                        <\/div>\n                    <\/li>\n                                    <li class=\"teaser-brand expand-teaser\" data-term=\"sonstige\">\n                        <div class=\"teaser-brand__logo\">\n                                                            <div class=\"teaser-brand__logo-inner\">\n                                    <img decoding=\"async\"\n                                        class=\"contain-img\"\n                                        src=\"https:\/\/www.rewe-group.com\/content\/uploads\/2022\/10\/rewe-digital-logo-1024x571.png\"\n                                        alt=\"Das REWE digital Logo\"\n                                        loading=\"lazy\"\n                                    >\n                                <\/div>\n                                                    <\/div>\n                        <div class=\"teaser-brand__text expand-teaser__inner\">\n                            <h3 class=\"detail-teaser__title\">REWE digital<\/h3>\n\n                            <div class=\"detail-teaser__excerpt entry-content\"><p>Mit technologischer Exzellenz entwickelt die REWE digital smarte L\u00f6sungen f\u00fcr Millionen von Menschen \u2013 vom station\u00e4ren Handel \u00fcber den Liefer- und Abholservice bis hin zur Logistik.<\/p>\n<\/div>\n\n                            <p class=\"detail-teaser__excerpt teaser-brand__link\">\n                                <a href=\"https:\/\/www.rewe-group.com\/de\/unternehmen\/struktur-und-vertriebslinien\/rewe-digital\/\" class=\"arrow-link\">Mehr Details<\/a>\n                            <\/p>\n                            <div class=\"expand-teaser__ui\">\n                                <button type=\"button\" class=\"btn-icon icon-down\" aria-label=\"Expand details\"><\/button>\n                            <\/div>\n                        <\/div>\n                    <\/li>\n                                    <li class=\"teaser-brand expand-teaser\" data-term=\"sonstige\">\n                        <div class=\"teaser-brand__logo\">\n                                                            <div class=\"teaser-brand__logo-inner\">\n                                    <img decoding=\"async\"\n                                        class=\"contain-img\"\n                                        src=\"https:\/\/www.rewe-group.com\/content\/uploads\/2020\/12\/eha-1024x279.png\"\n                                        alt=\"EHA Logo\"\n                                        loading=\"lazy\"\n                                    >\n                                <\/div>\n                                                    <\/div>\n                        <div class=\"teaser-brand__text expand-teaser__inner\">\n                            <h3 class=\"detail-teaser__title\">EHA<\/h3>\n\n                            <div class=\"detail-teaser__excerpt entry-content\"><p>Die EHA ist seit dem 31.12.2013 eine hundertprozentige Unternehmenstochter der REWE Group. EHA bietet die Versorgung mit Gr\u00fcnstrom und Gas sowie Energieberatungen und Energiecontrolling an. Die Produkte sind ma\u00dfgeschneidert f\u00fcr die Bed\u00fcrfnisse von Unternehmen mit mehreren Standorten.<\/p>\n<\/div>\n\n                            <p class=\"detail-teaser__excerpt teaser-brand__link\">\n                                <a href=\"https:\/\/www.rewe-group.com\/de\/unternehmen\/struktur-und-vertriebslinien\/eha\/\" class=\"arrow-link\">Mehr Details<\/a>\n                            <\/p>\n                            <div class=\"expand-teaser__ui\">\n                                <button type=\"button\" class=\"btn-icon icon-down\" aria-label=\"Expand details\"><\/button>\n                            <\/div>\n                        <\/div>\n                    <\/li>\n                                    <li class=\"teaser-brand expand-teaser\" data-term=\"sonstige\">\n                        <div class=\"teaser-brand__logo\">\n                                                            <div class=\"teaser-brand__logo-inner\">\n                                    <img decoding=\"async\"\n                                        class=\"contain-img\"\n                                        src=\"https:\/\/www.rewe-group.com\/content\/uploads\/2020\/12\/fuersie.png\"\n                                        alt=\"F\u00fcr Sie Logo\"\n                                        loading=\"lazy\"\n                                    >\n                                <\/div>\n                                                    <\/div>\n                        <div class=\"teaser-brand__text expand-teaser__inner\">\n                            <h3 class=\"detail-teaser__title\">F\u00dcR SIE<\/h3>\n\n                            <div class=\"detail-teaser__excerpt entry-content\"><p>Die F\u00dcR SIE Handelsgruppe ist Service- und Dienstleistungspartner von \u00fcber 250 genossenschaftlichen Mitgliedern. Die F\u00dcR SIE bietet von der Warenbeschaffung bis zur Verhandlung von Vermarktungsleistungen eine breite Palette warengesch\u00e4ftlicher Dienstleistungen an und organisiert gemeinsam mit ihrem Netzwerk an Getr\u00e4nkefachgro\u00dfh\u00e4ndlern die Mehrweggetr\u00e4nkelogistik f\u00fcr die REWE-M\u00e4rkte in Deutschland.<\/p>\n<\/div>\n\n                            <p class=\"detail-teaser__excerpt teaser-brand__link\">\n                                <a href=\"https:\/\/www.rewe-group.com\/de\/unternehmen\/struktur-und-vertriebslinien\/fuer-sie\/\" class=\"arrow-link\">Mehr Details<\/a>\n                            <\/p>\n                            <div class=\"expand-teaser__ui\">\n                                <button type=\"button\" class=\"btn-icon icon-down\" aria-label=\"Expand details\"><\/button>\n                            <\/div>\n                        <\/div>\n                    <\/li>\n                            <\/ul>\n        <\/div>\n    <\/div>\n\n<\/div><\/div>\n<\/div>\n\n\n\n<div class=\"wp-block-myblocks-section block-section section-bg-white section-padding-top section-padding-bottom\">\n<div class=\"wp-block-myblocks-row-full-2columns row-full-2columns my-row-block row-full\">\n<div class=\"wp-block-myblocks-row-full-2columns-cell row-cell row-full-2columns-cell my-cell-block\"><div class=\"myblock-wrapper block-my-text-teaser-gallery\" data-module-name=\"Teaser Contentmodul\"><div class=\"text-tasers-wrapper\">\n            <div class=\"text-taser-slider\">\n    <div class=\"text-taser-slider__slider\">\n        <ul class=\"rwgs__inner\">\n                                            <li>\n                    \n    <a href=\"https:\/\/www.rewe-group.com\/de\/geschichte\/\" target=\"_blank\" rel=\"noopener noreferrer\"    class=\"text-teaser bg-image dark-bg-section text-color-white link-hover-color-yellow with-1-link\"  data-module-name=\".teaser-contentmodul\">\n            <div class=\"text-teaser__background-wrapper\">\n            <div class=\"focused-image-container\">\n                <img decoding=\"async\"\n                    class=\"focused-image\"\n                    data-focus-x=\"0.00\"\n                    data-focus-y=\"0.00\"\n                    src=\"https:\/\/www.rewe-group.com\/content\/uploads\/2020\/12\/geschichte-2.jpg?t=2026042702\"\n                    alt=\"REWE-Markt aus den 50-ern\"\n                    srcset=\"https:\/\/www.rewe-group.com\/content\/uploads\/2020\/12\/geschichte-2.jpg?t=2026042702 1024w\"\n                    aria-description=\"REWE-Markt aus den 50-ern\"\n                    loading=\"lazy\"\n                     data-copyright=\"REWE-Markt aus den 50-ern \u00a9 REWE Group\" data-copyright-wrapper=\".text-teaser.bg-image\"                >\n            <\/div>\n        <\/div>\n        <div class=\"text-teaser__inner reweg-teaser-main\">\n        <h2 class=\"text-teaser__title smaller\">Zeitreise durch die REWE Group-Geschichte<\/h2>\n                    <div class=\"text-teaser__text entry-content\">\n                <p>Erkundet fast 100 Jahre REWE Group-Geschichte in einer interaktiven Zeitreise: Von der Gr\u00fcndung zu Beginn des 20. Jahrhunderts, \u00fcber schwere Zeiten bis hin zu dem internationalen Konzern, der wir heute sind, auf unserer externen Geschichtsseite.<\/p>\n            <\/div>\n        \n        \n                    <ul class=\"text-teaser__links\">\n                                                            <li>\n                            <span class=\"arrow-link\">Zu unserer Geschichte<\/span>\n                        <\/li>\n                                                <\/ul>\n            <\/div>\n<\/a>                <\/li>\n                    <\/ul>\n    <\/div>\n<\/div>    <\/div>\n<\/div><\/div>\n\n\n\n<div class=\"wp-block-myblocks-row-full-2columns-cell row-cell row-full-2columns-cell my-cell-block\"><div class=\"myblock-wrapper block-my-text-teaser-gallery\" data-module-name=\"Teaser Contentmodul\"><div class=\"text-tasers-wrapper\">\n            <div class=\"text-taser-slider\">\n    <div class=\"text-taser-slider__slider\">\n        <ul class=\"rwgs__inner\">\n                                            <li>\n                    \n    <a href=\"https:\/\/www.rewe-group.com\/de\/unternehmen\/expansion-und-immobilien\/\" target=\"_self\"    class=\"text-teaser bg-pattern bg-pattern_pattern1 bg-pattern_red dark-bg-section with-1-link\"  data-module-name=\".teaser-contentmodul\">\n        <div class=\"text-teaser__inner reweg-teaser-main\">\n        <h2 class=\"text-teaser__title smaller\">Expansion und Immobilien<\/h2>\n                    <div class=\"text-teaser__text entry-content\">\n                <p>Wir entwickeln unser Marktnetz st\u00e4ndig weiter. F\u00fcr unsere Expansion suchen wir Grundst\u00fccke, Immobilien, Ladenlokale und Verkaufsfl\u00e4chen. Zur Miete, zum Kauf oder zur Pacht. F\u00fcr attraktive Standorte bieten wir flexible und interessante L\u00f6sungen. Mit REWE, PENNY und nahkauf.<\/p>\n            <\/div>\n        \n                    <div class=\"text-teaser__illustration illu-markt\"><\/div>\n        \n                    <ul class=\"text-teaser__links\">\n                                                            <li>\n                            <span class=\"arrow-link\">Expansion bei der REWE Group<\/span>\n                        <\/li>\n                                                <\/ul>\n            <\/div>\n<\/a>                <\/li>\n                    <\/ul>\n    <\/div>\n<\/div>    <\/div>\n<\/div><\/div>\n<\/div>\n\n\n\n<div class=\"wp-block-myblocks-row-full-2columns row-full-2columns my-row-block row-full\">\n<div class=\"wp-block-myblocks-row-full-2columns-cell row-cell row-full-2columns-cell my-cell-block\"><div class=\"myblock-wrapper block-my-text-teaser-gallery\" data-module-name=\"Teaser Contentmodul\"><div class=\"text-tasers-wrapper\">\n            <div class=\"text-taser-slider\">\n    <div class=\"text-taser-slider__slider\">\n        <ul class=\"rwgs__inner\">\n                                            <li>\n                    \n    <a href=\"https:\/\/www.rewe-group.com\/de\/unternehmen\/corporate-governance\/\" target=\"_self\"    class=\"text-teaser bg-color bg-color__light-gradient with-1-link\"  data-module-name=\".teaser-contentmodul\">\n        <div class=\"text-teaser__inner reweg-teaser-main\">\n        <h2 class=\"text-teaser__title smaller\">Freiheit, Verantwortung und Unternehmertum brauchen klare Regeln<\/h2>\n                    <div class=\"text-teaser__text entry-content\">\n                <p>Die REWE Group ist eine Genossenschaft. Darauf sind wir stolz. Damit sind wir erfolgreich. Damit \u00fcbernehmen wir Verantwortung f\u00fcr die kommenden Generationen. Seitdem unter dem Dach der REWE Group neben selbstst\u00e4ndigen REWE-Kaufleuten auch zentral-gesteuerte Filialen geh\u00f6ren, sind wir eine hybride Genossenschaft, die die Vorteile beider \u201eWelten\u201c vereint. Doch solch ein Miteinander braucht klare und transparente Werte. Das sichert auf Sicht unsere unternehmerische Eigenverantwortung, unser freies Unternehmertum und die geb\u00fcndelte Kraft der Pluralit\u00e4t.<\/p>\n            <\/div>\n        \n        \n                    <ul class=\"text-teaser__links\">\n                                                            <li>\n                            <span class=\"arrow-link\">Unsere Corporate Governance<\/span>\n                        <\/li>\n                                                <\/ul>\n            <\/div>\n<\/a>                <\/li>\n                    <\/ul>\n    <\/div>\n<\/div>    <\/div>\n<\/div><\/div>\n\n\n\n<div class=\"wp-block-myblocks-row-full-2columns-cell row-cell row-full-2columns-cell my-cell-block\"><div class=\"myblock-wrapper block-my-text-teaser-gallery\" data-module-name=\"Teaser Contentmodul\"><div class=\"text-tasers-wrapper\">\n            <div class=\"text-taser-slider\">\n    <div class=\"text-taser-slider__slider\">\n        <ul class=\"rwgs__inner\">\n                                            <li>\n                    \n    <a href=\"https:\/\/www.rewe-group.com\/de\/unternehmen\/vorstand-und-aufsichtsrat\/\" target=\"_self\"    class=\"text-teaser bg-image dark-bg-section text-color-white link-hover-color-yellow with-1-link\"  data-module-name=\".teaser-contentmodul\">\n            <div class=\"text-teaser__background-wrapper\">\n            <div class=\"focused-image-container\">\n                <img decoding=\"async\"\n                    class=\"focused-image\"\n                    data-focus-x=\"-0.02\"\n                    data-focus-y=\"0.28\"\n                    src=\"https:\/\/www.rewe-group.com\/content\/uploads\/2022\/12\/rewe-group.vorstand.jpg?t=2026042702\"\n                    alt=\"Von links Peter Maly, Telerik Schischmanow, Lionel Souque, Daniela B\u00fcchel, Jan Kunath, Hans-J\u00fcrgen Moog und Christoph Eltze.\"\n                    srcset=\"https:\/\/www.rewe-group.com\/content\/uploads\/2022\/12\/rewe-group.vorstand-843x1024.jpg 1024w, https:\/\/www.rewe-group.com\/content\/uploads\/2022\/12\/rewe-group.vorstand.jpg?t=2026042702 1500w\"\n                    aria-description=\"Von links Peter Maly, Telerik Schischmanow, Lionel Souque, Daniela B\u00fcchel, Jan Kunath, Hans-J\u00fcrgen Moog und Christoph Eltze.\"\n                    loading=\"lazy\"\n                     data-copyright=\"Von links Peter Maly, Telerik Schischmanow, Lionel Souque, Daniela B\u00fcchel, Jan Kunath, Hans-J\u00fcrgen Moog und Christoph Eltze. \u00a9 REWE Group (Tomas Rodriguez)\" data-copyright-wrapper=\".text-teaser.bg-image\"                >\n            <\/div>\n        <\/div>\n        <div class=\"text-teaser__inner reweg-teaser-main\">\n        <h2 class=\"text-teaser__title smaller\">Vorstand und Aufsichtsrat<\/h2>\n                    <div class=\"text-teaser__text entry-content\">\n                <p>Sieben erfahrene Top Manager:innen bilden als unser Vorstand das oberste Entscheidungsgremium der REWE Group. Kontrolliert wird dieses Gremium vom Aufsichtsrat.<\/p>\n            <\/div>\n        \n        \n                    <ul class=\"text-teaser__links\">\n                                                            <li>\n                            <span class=\"arrow-link\">Unser Vorstand und Aufsichtsrat<\/span>\n                        <\/li>\n                                                <\/ul>\n            <\/div>\n<\/a>                <\/li>\n                    <\/ul>\n    <\/div>\n<\/div>    <\/div>\n<\/div><\/div>\n<\/div>\n<\/div>\n<\/div>\n","protected":false},"excerpt":{"rendered":"<p>Als einer der f\u00fchrenden Handels- und Touristikkonzerne in Europa ist die REWE Group ein st\u00e4ndiger Begleiter im Leben \u2013 egal, ob es um den Einkauf oder die Online-Bestellung von Lebensmitteln, den n\u00e4chsten Urlaub oder um Heimwerker- und Gartenbedarf geht.<\/p>\n","protected":false},"author":10,"featured_media":16842,"parent":2787,"menu_order":32,"comment_status":"closed","ping_status":"closed","template":"","meta":{"_acf_changed":false,"_relevanssi_hide_post":"","_relevanssi_hide_content":"","_relevanssi_pin_for_all":"on","_relevanssi_pin_keywords":"Touristik (400) \nReiseb\u00fcros (500)   ","_relevanssi_unpin_keywords":"","_relevanssi_related_keywords":"","_relevanssi_related_include_ids":"","_relevanssi_related_exclude_ids":"","_relevanssi_related_no_append":"","_relevanssi_related_not_related":"","_relevanssi_related_posts":"34071,45183,46051,44354,45358,10859","_relevanssi_noindex_reason":"","footnotes":""},"categories":[8],"tags":[],"class_list":["post-113","page","type-page","status-publish","has-post-thumbnail","hentry","category-unternehmen"],"acf":[],"yoast_head":"<!-- This site is optimized with the Yoast SEO Premium plugin v27.1 (Yoast SEO v27.1.1) - https:\/\/yoast.com\/product\/yoast-seo-premium-wordpress\/ -->\n<title>Struktur und Vertriebslinien - REWE Group<\/title>\n<meta name=\"description\" content=\"Handel Deutschland und International, Convenience, Baumarkt, Touristik und Sonstige: Informationen zu Struktur und Vertriebslinien der REWE Group.\" \/>\n<meta name=\"robots\" content=\"index, follow, max-snippet:-1, max-image-preview:large, max-video-preview:-1\" \/>\n<link rel=\"canonical\" href=\"https:\/\/www.rewe-group.com\/de\/unternehmen\/struktur-und-vertriebslinien\/\" \/>\n<meta property=\"og:locale\" content=\"de_DE\" \/>\n<meta property=\"og:type\" content=\"article\" \/>\n<meta property=\"og:title\" content=\"Struktur und Vertriebslinien\" \/>\n<meta property=\"og:description\" content=\"Handel Deutschland und International, Convenience, Baumarkt, Touristik und Sonstige: Informationen zu Struktur und Vertriebslinien der REWE Group.\" \/>\n<meta property=\"og:url\" content=\"https:\/\/www.rewe-group.com\/de\/unternehmen\/struktur-und-vertriebslinien\/\" \/>\n<meta property=\"og:site_name\" content=\"REWE Group\" \/>\n<meta property=\"article:modified_time\" content=\"2026-03-12T10:43:11+00:00\" \/>\n<meta property=\"og:image\" content=\"https:\/\/www.rewe-group.com\/content\/uploads\/2021\/06\/struktur-und-vertriebslinien-green-building-in-wiesbaden.jpg?t=2026031210\" \/>\n\t<meta property=\"og:image:width\" content=\"1200\" \/>\n\t<meta property=\"og:image:height\" content=\"800\" \/>\n\t<meta property=\"og:image:type\" content=\"image\/jpeg\" \/>\n<meta name=\"twitter:card\" content=\"summary_large_image\" \/>\n<meta name=\"twitter:label1\" content=\"Gesch\u00e4tzte Lesezeit\" \/>\n\t<meta name=\"twitter:data1\" content=\"4\u00a0Minuten\" \/>\n<script type=\"application\/ld+json\" class=\"yoast-schema-graph\">{\"@context\":\"https:\/\/schema.org\",\"@graph\":[{\"@type\":\"WebPage\",\"@id\":\"https:\/\/www.rewe-group.com\/de\/unternehmen\/struktur-und-vertriebslinien\/\",\"url\":\"https:\/\/www.rewe-group.com\/de\/unternehmen\/struktur-und-vertriebslinien\/\",\"name\":\"Struktur und Vertriebslinien - REWE Group\",\"isPartOf\":{\"@id\":\"https:\/\/www.rewe-group.com\/de\/#website\"},\"primaryImageOfPage\":{\"@id\":\"https:\/\/www.rewe-group.com\/de\/unternehmen\/struktur-und-vertriebslinien\/#primaryimage\"},\"image\":{\"@id\":\"https:\/\/www.rewe-group.com\/de\/unternehmen\/struktur-und-vertriebslinien\/#primaryimage\"},\"thumbnailUrl\":\"https:\/\/www.rewe-group.com\/content\/uploads\/2021\/06\/struktur-und-vertriebslinien-green-building-in-wiesbaden.jpg?t=2026042702\",\"datePublished\":\"2020-11-26T14:17:39+00:00\",\"dateModified\":\"2026-03-12T10:43:11+00:00\",\"description\":\"Handel Deutschland und International, Convenience, Baumarkt, Touristik und Sonstige: Informationen zu Struktur und Vertriebslinien der REWE Group.\",\"breadcrumb\":{\"@id\":\"https:\/\/www.rewe-group.com\/de\/unternehmen\/struktur-und-vertriebslinien\/#breadcrumb\"},\"inLanguage\":\"de\",\"potentialAction\":[{\"@type\":\"ReadAction\",\"target\":[\"https:\/\/www.rewe-group.com\/de\/unternehmen\/struktur-und-vertriebslinien\/\"]}]},{\"@type\":\"ImageObject\",\"inLanguage\":\"de\",\"@id\":\"https:\/\/www.rewe-group.com\/de\/unternehmen\/struktur-und-vertriebslinien\/#primaryimage\",\"url\":\"https:\/\/www.rewe-group.com\/content\/uploads\/2021\/06\/struktur-und-vertriebslinien-green-building-in-wiesbaden.jpg?t=2026042702\",\"contentUrl\":\"https:\/\/www.rewe-group.com\/content\/uploads\/2021\/06\/struktur-und-vertriebslinien-green-building-in-wiesbaden.jpg?t=2026042702\",\"width\":1200,\"height\":800,\"caption\":\"Als einer der f\u00fchrenden Handels- und Touristikkonzerne in Europa ist die REWE Group ein st\u00e4ndiger Begleiter im Leben \u2013 egal, ob es um den Einkauf oder die Online-Bestellung von Lebensmitteln, den n\u00e4chsten Urlaub oder um Heimwerker- und Gartenbedarf geht.\"},{\"@type\":\"BreadcrumbList\",\"@id\":\"https:\/\/www.rewe-group.com\/de\/unternehmen\/struktur-und-vertriebslinien\/#breadcrumb\",\"itemListElement\":[{\"@type\":\"ListItem\",\"position\":1,\"name\":\"\u00dcber das Unternehmen\",\"item\":\"https:\/\/www.rewe-group.com\/de\/unternehmen\/\"},{\"@type\":\"ListItem\",\"position\":2,\"name\":\"Struktur und Vertriebslinien\"}]},{\"@type\":\"WebSite\",\"@id\":\"https:\/\/www.rewe-group.com\/de\/#website\",\"url\":\"https:\/\/www.rewe-group.com\/de\/\",\"name\":\"REWE Group\",\"description\":\"Die Website der REWE Group\",\"potentialAction\":[{\"@type\":\"SearchAction\",\"target\":{\"@type\":\"EntryPoint\",\"urlTemplate\":\"https:\/\/www.rewe-group.com\/de\/?s={search_term_string}\"},\"query-input\":{\"@type\":\"PropertyValueSpecification\",\"valueRequired\":true,\"valueName\":\"search_term_string\"}}],\"inLanguage\":\"de\"}]}<\/script>\n<!-- \/ Yoast SEO Premium plugin. -->","yoast_head_json":{"title":"Struktur und Vertriebslinien - REWE Group","description":"Handel Deutschland und International, Convenience, Baumarkt, Touristik und Sonstige: Informationen zu Struktur und Vertriebslinien der REWE Group.","robots":{"index":"index","follow":"follow","max-snippet":"max-snippet:-1","max-image-preview":"max-image-preview:large","max-video-preview":"max-video-preview:-1"},"canonical":"https:\/\/www.rewe-group.com\/de\/unternehmen\/struktur-und-vertriebslinien\/","og_locale":"de_DE","og_type":"article","og_title":"Struktur und Vertriebslinien","og_description":"Handel Deutschland und International, Convenience, Baumarkt, Touristik und Sonstige: Informationen zu Struktur und Vertriebslinien der REWE Group.","og_url":"https:\/\/www.rewe-group.com\/de\/unternehmen\/struktur-und-vertriebslinien\/","og_site_name":"REWE Group","article_modified_time":"2026-03-12T10:43:11+00:00","og_image":[{"width":1200,"height":800,"url":"https:\/\/www.rewe-group.com\/content\/uploads\/2021\/06\/struktur-und-vertriebslinien-green-building-in-wiesbaden.jpg?t=2026031210","type":"image\/jpeg"}],"twitter_card":"summary_large_image","twitter_misc":{"Gesch\u00e4tzte Lesezeit":"4\u00a0Minuten"},"schema":{"@context":"https:\/\/schema.org","@graph":[{"@type":"WebPage","@id":"https:\/\/www.rewe-group.com\/de\/unternehmen\/struktur-und-vertriebslinien\/","url":"https:\/\/www.rewe-group.com\/de\/unternehmen\/struktur-und-vertriebslinien\/","name":"Struktur und Vertriebslinien - REWE Group","isPartOf":{"@id":"https:\/\/www.rewe-group.com\/de\/#website"},"primaryImageOfPage":{"@id":"https:\/\/www.rewe-group.com\/de\/unternehmen\/struktur-und-vertriebslinien\/#primaryimage"},"image":{"@id":"https:\/\/www.rewe-group.com\/de\/unternehmen\/struktur-und-vertriebslinien\/#primaryimage"},"thumbnailUrl":"https:\/\/www.rewe-group.com\/content\/uploads\/2021\/06\/struktur-und-vertriebslinien-green-building-in-wiesbaden.jpg?t=2026042702","datePublished":"2020-11-26T14:17:39+00:00","dateModified":"2026-03-12T10:43:11+00:00","description":"Handel Deutschland und International, Convenience, Baumarkt, Touristik und Sonstige: Informationen zu Struktur und Vertriebslinien der REWE Group.","breadcrumb":{"@id":"https:\/\/www.rewe-group.com\/de\/unternehmen\/struktur-und-vertriebslinien\/#breadcrumb"},"inLanguage":"de","potentialAction":[{"@type":"ReadAction","target":["https:\/\/www.rewe-group.com\/de\/unternehmen\/struktur-und-vertriebslinien\/"]}]},{"@type":"ImageObject","inLanguage":"de","@id":"https:\/\/www.rewe-group.com\/de\/unternehmen\/struktur-und-vertriebslinien\/#primaryimage","url":"https:\/\/www.rewe-group.com\/content\/uploads\/2021\/06\/struktur-und-vertriebslinien-green-building-in-wiesbaden.jpg?t=2026042702","contentUrl":"https:\/\/www.rewe-group.com\/content\/uploads\/2021\/06\/struktur-und-vertriebslinien-green-building-in-wiesbaden.jpg?t=2026042702","width":1200,"height":800,"caption":"Als einer der f\u00fchrenden Handels- und Touristikkonzerne in Europa ist die REWE Group ein st\u00e4ndiger Begleiter im Leben \u2013 egal, ob es um den Einkauf oder die Online-Bestellung von Lebensmitteln, den n\u00e4chsten Urlaub oder um Heimwerker- und Gartenbedarf geht."},{"@type":"BreadcrumbList","@id":"https:\/\/www.rewe-group.com\/de\/unternehmen\/struktur-und-vertriebslinien\/#breadcrumb","itemListElement":[{"@type":"ListItem","position":1,"name":"\u00dcber das Unternehmen","item":"https:\/\/www.rewe-group.com\/de\/unternehmen\/"},{"@type":"ListItem","position":2,"name":"Struktur und Vertriebslinien"}]},{"@type":"WebSite","@id":"https:\/\/www.rewe-group.com\/de\/#website","url":"https:\/\/www.rewe-group.com\/de\/","name":"REWE Group","description":"Die Website der REWE Group","potentialAction":[{"@type":"SearchAction","target":{"@type":"EntryPoint","urlTemplate":"https:\/\/www.rewe-group.com\/de\/?s={search_term_string}"},"query-input":{"@type":"PropertyValueSpecification","valueRequired":true,"valueName":"search_term_string"}}],"inLanguage":"de"}]}},"_links":{"self":[{"href":"https:\/\/www.rewe-group.com\/de\/wp-json\/wp\/v2\/pages\/113","targetHints":{"allow":["GET"]}}],"collection":[{"href":"https:\/\/www.rewe-group.com\/de\/wp-json\/wp\/v2\/pages"}],"about":[{"href":"https:\/\/www.rewe-group.com\/de\/wp-json\/wp\/v2\/types\/page"}],"author":[{"embeddable":true,"href":"https:\/\/www.rewe-group.com\/de\/wp-json\/wp\/v2\/users\/10"}],"replies":[{"embeddable":true,"href":"https:\/\/www.rewe-group.com\/de\/wp-json\/wp\/v2\/comments?post=113"}],"version-history":[{"count":149,"href":"https:\/\/www.rewe-group.com\/de\/wp-json\/wp\/v2\/pages\/113\/revisions"}],"predecessor-version":[{"id":47708,"href":"https:\/\/www.rewe-group.com\/de\/wp-json\/wp\/v2\/pages\/113\/revisions\/47708"}],"up":[{"embeddable":true,"href":"https:\/\/www.rewe-group.com\/de\/wp-json\/wp\/v2\/pages\/2787"}],"wp:featuredmedia":[{"embeddable":true,"href":"https:\/\/www.rewe-group.com\/de\/wp-json\/wp\/v2\/media\/16842"}],"wp:attachment":[{"href":"https:\/\/www.rewe-group.com\/de\/wp-json\/wp\/v2\/media?parent=113"}],"wp:term":[{"taxonomy":"category","embeddable":true,"href":"https:\/\/www.rewe-group.com\/de\/wp-json\/wp\/v2\/categories?post=113"},{"taxonomy":"post_tag","embeddable":true,"href":"https:\/\/www.rewe-group.com\/de\/wp-json\/wp\/v2\/tags?post=113"}],"curies":[{"name":"wp","href":"https:\/\/api.w.org\/{rel}","templated":true}]}}