{"id":27707,"date":"2022-11-07T14:49:00","date_gmt":"2022-11-07T13:49:00","guid":{"rendered":"https:\/\/www.rewe-group.com\/de\/?post_type=opinion&#038;p=27707"},"modified":"2025-09-24T10:47:41","modified_gmt":"2025-09-24T08:47:41","slug":"europa-darf-als-innovationsstandort-nicht-ins-hintertreffen-geraten","status":"publish","type":"opinion","link":"https:\/\/www.rewe-group.com\/de\/presse-und-medien\/newsroom\/meinungen\/europa-darf-als-innovationsstandort-nicht-ins-hintertreffen-geraten\/","title":{"rendered":"\u201eEuropa darf als Innovationsstandort nicht ins Hintertreffen geraten\u201c"},"content":{"rendered":"\n<div class=\"wp-block-myblocks-template-root template-root\">\n<div class=\"wp-block-myblocks-section block-section section-bg-white section-padding-top\">\n<div class=\"wp-block-myblocks-row-full-single row-full-single my-row-block row-full\"><div class=\"myblock-wrapper block-my-opinion-title\" data-module-name=\"Meinung Headline\">    <div class=\"opinion-title margin-row-inner\">\n                    <h2 class=\"opinion-title__title\">Liebe Leser:innen,<\/h2>\n            <\/div>\n<\/div><\/div>\n<\/div>\n\n\n\n<div class=\"wp-block-myblocks-section block-section section-bg-white\">\n<div class=\"wp-block-myblocks-row-full-single row-full-single my-row-block row-full\"><div class=\"myblock-wrapper block-my-text-block block-ingrid\" data-module-name=\"Headline Copy Link\">    <div class=\"textblock margin-row-inner\">\n        <div class=\"entry-content\">\n            \n            <p>Seit 1927 verkaufen wir Lebensmittel in unseren M\u00e4rkten und stellen die Nahversorgung in der Stadt und auf dem Land sicher. Parallel entwickeln wir die digitale Zukunft des Handels. Bei der REWE Group kombinieren wir genossenschaftliche Traditionen mit Innovationen und Erfahrungen mit neuen Technologien \u2013 f\u00fcr unsere Mitarbeiter:innen, Kund:innen und Gesch\u00e4ftspartner. Dabei gehen wir mit Mut und Demut ans Werk, Gleiches w\u00fcnschen wir uns von der Politik. Technologien wie K\u00fcnstliche Intelligenz (KI) werden nicht mehr verschwinden. Deshalb gilt es diese zu regulieren, ohne Chancen zu beschneiden, und gleichzeitig Rechtssicherheit zu schaffen.<\/p>\n<p>Die Welt um uns herum entwickelt sich fortlaufend weiter und auch die Einzelhandelsbranche muss \u2013 wie jeder andere Sektor \u2013 Schritt halten, um den W\u00fcnschen und Anforderungen der Kundschaft gerecht zu werden. Deshalb gehen wir bei unseren Innovationen weit \u00fcber die reine Digitalisierung von internen Abl\u00e4ufen hinaus. Beim digitalen Lebensmitteleinkauf im REWE-Onlineshop sp\u00fcren Verbraucher:innen den Fortschritt ebenso wie in den REWE Pick&amp;Go M\u00e4rkten, unter anderem in K\u00f6ln oder Berlin. Hier kann ohne klassischen Kassiervorgang eingekauft werden.<\/p>\n        <\/div>\n\n            <\/div>\n<\/div><\/div>\n<\/div>\n\n\n\n<div class=\"wp-block-myblocks-section block-section section-bg-white\">\n<div class=\"wp-block-myblocks-row-full-single row-full-single my-row-block row-full\"><div class=\"myblock-wrapper block-my-article-quote\" data-module-name=\"Zitat\"><div class=\"article-quote margin-row-inner\">\n    <div class=\"article-quote__inner border-content reweg-teaser-main\">\n        <div class=\"article-quote__main\">\n            <div class=\"article-quote__text\">\n                <blockquote class=\"entry-content article-quote-font-size-large\"><p>F\u00fcr die REWE Group steht in jedem Schritt der digitalen Entwicklung der Mensch im Mittelpunkt \u2013 vom Schutz seiner Daten bis zu seinen Erwartungen an den Einkauf.<\/p>\n<\/blockquote>\n            <\/div>\n            <div class=\"article-quote__note\">\n                                <p class=\"article-quote__name\">Karin  Tresp, Leiterin zentrales Datenschutz Management<\/p>\n            <\/div>\n        <\/div>\n        <div class=\"article-quote__person\">\n            <div class=\"person-avatar f\">\n                <div class=\"focused-image-container\">\n    <img decoding=\"async\"\n        class=\"focused-image\"\n        data-focus-x=\"-0.25\"\n        data-focus-y=\"0.05\"\n        src=\"https:\/\/www.rewe-group.com\/content\/uploads\/2022\/11\/karin-tresp-768x576.jpg\"\n        alt=\"Portr\u00e4t von Karin Tresp\"\n                        loading=\"lazy\"\n         data-copyright=\"Portr\u00e4t von Karin Tresp \u00a9 Karin Tresp\"    >\n<\/div>\n            <\/div>\n            <p class=\"article-quote__name\">Karin  Tresp, Leiterin zentrales Datenschutz Management<\/p>\n        <\/div>\n    <\/div>\n<\/div>\n<\/div><\/div>\n<\/div>\n\n\n\n<div class=\"wp-block-myblocks-section block-section section-bg-white\">\n<div class=\"wp-block-myblocks-row-full-single row-full-single my-row-block row-full\"><div class=\"myblock-wrapper block-my-text-block block-ingrid\" data-module-name=\"Headline Copy Link\">    <div class=\"textblock margin-row-inner\">\n        <div class=\"entry-content\">\n            \n            <p>F\u00fcr die REWE Group steht in jedem Schritt der digitalen Entwicklung der Mensch im Mittelpunkt \u2013 vom Schutz seiner Daten bis zu seinen Erwartungen an den Einkauf. Wie ernst wir diese Verantwortung nehmen, zeigt mein Job, den es so in den meisten Unternehmen gar nicht gibt: Als Leiterin des zentralen Datenschutz Managements der REWE Group obliegt mir die konzernweite Regelungshoheit und daher wei\u00df ich um die Priorit\u00e4t und Sensibilit\u00e4t beim Schutz von und kontrolliertem Umgang mit personenbezogenen Daten. Hierf\u00fcr haben wir ein entsprechendes Datenschutz-Compliance-System mit umfassender Unterst\u00fctzung f\u00fcr alle Fachbereiche implementiert. Doch in unserem Bereich f\u00e4llt auch die herausfordernde Aufgabe an, rechtskonforme und datenschutzsensible Wege zu finden, wie wir die gro\u00dfen Potenziale, die sich hier bieten, f\u00fcr unser Unternehmen, unsere Mitarbeiter:innen und unsere Kundschaft heben: etwa f\u00fcr passgenauere Dienstleistungen, optimierte Warenstr\u00f6me, verbesserte Produktinformationen, gr\u00f6\u00dferen Einkaufskomfort, Verhinderung von Food Waste oder innovative Angebote.<\/p>\n<p>Fest steht: Die Digitalisierung h\u00e4lt mehr und mehr Einzug in unser aller Leben und jedes Wirtschaftsunternehmen will und muss diesen Weg mitgehen. Doch ist dieser in der EU oftmals steiniger als anderorts. Ja, die geographische Heimat von Unternehmen spielt bei der Entwicklung digitaler Innovationen eine immense Rolle! Wir m\u00fcssen uns damit auseinandersetzen, warum Technologie-Ideen h\u00e4ufig aus Europa stammen, dann aber in den USA, in China, Indien oder Israel weiterentwickelt werden. Dies ist auch mit der Zur\u00fcckhaltung, die in der EU herrscht, zu begr\u00fcnden: Anstatt digitale Innovationen zu fordern, zu f\u00f6rdern und zu forcieren, wird der Fokus direkt zu Beginn der Entwicklung auf m\u00f6gliche Risiken und, zu deren Abwehr, auf Regulierung gelegt. Wenn wir nicht aufpassen, wird Europa zu einem Ort, an dem digitale Innovationen bald stagnieren. Nicht weil europ\u00e4ische Unternehmen dies nicht wollten oder k\u00f6nnten, sondern vielmehr, weil es an den Voraussetzungen fehlt. So muss der derzeit diskutierte Rechtsrahmen zur K\u00fcnstlichen Intelligenz auf EU-Ebene (AI Act) so ausgestaltet werden, dass die Entwicklung und Nutzung von KI in Europa m\u00f6glich bleiben. Es muss verhindert werden, dass Europa als Innovationsstandort ins Hintertreffen ger\u00e4t.<\/p>\n        <\/div>\n\n            <\/div>\n<\/div><\/div>\n<\/div>\n\n\n\n<div class=\"wp-block-myblocks-section block-section section-bg-white\">\n<div class=\"wp-block-myblocks-row-full-single row-full-single my-row-block row-full\"><div class=\"myblock-wrapper block-my-article-quote\" data-module-name=\"Zitat\"><div class=\"article-quote margin-row-inner\">\n    <div class=\"article-quote__inner border-content reweg-teaser-main\">\n        <div class=\"article-quote__main\">\n            <div class=\"article-quote__text\">\n                <blockquote class=\"entry-content article-quote-font-size-large\"><p>Es muss verhindert werden, dass Europa als Innovationsstandort ins Hintertreffen ger\u00e4t.<\/p>\n<\/blockquote>\n            <\/div>\n            <div class=\"article-quote__note\">\n                                <p class=\"article-quote__name\">Karin  Tresp, Leiterin zentrales Datenschutz Management<\/p>\n            <\/div>\n        <\/div>\n        <div class=\"article-quote__person\">\n            <div class=\"person-avatar f\">\n                <div class=\"focused-image-container\">\n    <img decoding=\"async\"\n        class=\"focused-image\"\n        data-focus-x=\"-0.25\"\n        data-focus-y=\"0.05\"\n        src=\"https:\/\/www.rewe-group.com\/content\/uploads\/2022\/11\/karin-tresp-768x576.jpg\"\n        alt=\"Portr\u00e4t von Karin Tresp\"\n                        loading=\"lazy\"\n         data-copyright=\"Portr\u00e4t von Karin Tresp \u00a9 Karin Tresp\"    >\n<\/div>\n            <\/div>\n            <p class=\"article-quote__name\">Karin  Tresp, Leiterin zentrales Datenschutz Management<\/p>\n        <\/div>\n    <\/div>\n<\/div>\n<\/div><\/div>\n<\/div>\n\n\n\n<div class=\"wp-block-myblocks-section block-section section-bg-white\">\n<div class=\"wp-block-myblocks-row-full-single row-full-single my-row-block row-full\"><div class=\"myblock-wrapper block-my-text-block block-ingrid\" data-module-name=\"Headline Copy Link\">    <div class=\"textblock margin-row-inner\">\n        <div class=\"entry-content\">\n            \n            <p>Soll die Datenschutzgrundverordnung (DSGVO) ihr Potenzial als Level Playing Field im Binnenmarkt und Modell f\u00fcr andere Staaten tats\u00e4chlich ausspielen, muss sie einheitlich in allen Mitgliedsstaaten -und unter Umst\u00e4nden deren Untergliederungen wie Bundesl\u00e4ndern \u2013 durchgesetzt werden. Wenn die EU die europ\u00e4ische Datenwirtschaft vorantreiben will, wie im neuen EU Data Act vorgeschlagen oder auf deutscher Ebene diskutiert, muss bei entsprechenden politischen Vorhaben R\u00fccksicht auf Gesch\u00e4ftsgeheimnisse genommen werden. Au\u00dferdem muss sichergestellt werden, dass europ\u00e4ischen Unternehmen ein Technologie- und Wettbewerbsvorsprung m\u00f6glich bleibt.<\/p>\n<p>Die Beweggr\u00fcnde der Politik, wie etwa der Schutz von Verbraucherrechten sind zun\u00e4chst einmal zu begr\u00fc\u00dfen. Eine Problematik entsteht zum Beispiel dann, wenn die Definitionen, mit denen sich die Regulierungen besch\u00e4ftigen, nicht eindeutig sind. Dies f\u00fchrt zu Unklarheiten, die Unternehmen verunsichern, sodass sie scheuen, Innovationen auf den Markt zu bringen. Entwicklung und Einsatz innovativer Technologien werden so enorm verz\u00f6gert.<\/p>\n<p>Wenn der Mehrwert von Datenwirtschaft in Deutschland und Europa realisiert werden sollen, m\u00fcssen alle Beteiligten etwas tun: Politik, ob auf EU-Ebene oder im Bund, muss einen Rahmen im Bereich Datenschutz und Innovation setzen, der klare Regeln definiert und Unternehmen gleichzeitig Freir\u00e4ume l\u00e4sst. Unternehmen m\u00fcssen zeigen, dass sie bereit sind, diese Freir\u00e4ume verantwortungsvoll zu nutzen. Datenschutz-Aufsichtsbeh\u00f6rden sollten personell und technisch an die Anforderungen des Datenzeitalters angepasst werden, damit sie innovative Projekte in Unternehmen kompetent begleiten k\u00f6nnen. In diesem Zusammenhang begr\u00fc\u00dfen wir die Digitalstrategie der Bundesregierung, in der die <q>Gestaltung einer attraktiven, sicheren und agilen Datenstrategie<\/q> angek\u00fcndigt wird.<\/p>\n<p>Denn die Entwicklung von Produkten und Dienstleistungen rund um K\u00fcnstliche Intelligenz hat \u2013 wie eingangs aufgezeigt \u2013 gro\u00dfes Potenzial f\u00fcr die Kund:innen und Gesch\u00e4ftspartner der REWE Group \u2013 im Handel und in der Touristik. Vor diesem Hintergrund haben wir Unternehmen bereits 2020 das \u201e<a class=\"e-link-arrow\" href=\"https:\/\/ai-manifesto.rewe-digital.com\/de\/\" target=\"_blank\" rel=\"noopener\" data-tracking=\"{&quot;event&quot;:&quot;click_link&quot;,&quot;link_classes&quot;:&quot;e-link-arrow&quot;,&quot;link_domain&quot;:&quot;ai-manifesto.rewe-digital.com&quot;,&quot;link_id&quot;:null,&quot;link_text&quot;:&quot;AI Manifesto&quot;,&quot;link_url&quot;:&quot;https:\/\/ai-manifesto.rewe-digital.com\/de\/&quot;,&quot;modul_name&quot;:&quot;Headline Copy Link&quot;}\">AI Manifesto<\/a>\u201d ver\u00f6ffentlicht. Es enth\u00e4lt klar verst\u00e4ndliche, konkrete Empfehlungen, die bei der Entwicklung von KI-Anwendungen zu ber\u00fccksichtigen sind \u2013 ein Novum!<\/p>\n<p>Ein Beispiel f\u00fcr die verantwortungsvolle Nutzung neuer Technologien ist die Er\u00f6ffnung des REWE Pick&amp;Go Marktes in K\u00f6ln im Oktober 2021. Im November 2022 er\u00f6ffnete ein zweiter Markt in Berlin. Kund:innen k\u00f6nnen klassisch an der Kasse bezahlen oder digital \u2013 ohne Kassenvorgang und damit eventuell verbundenen Wartezeiten. Bei Pick&amp;Go werden mittels Kamera- und Sensortechnologie die Eink\u00e4ufe sicher und datensparsam erfasst und nach Verlassen des Marktes automatisch abgerechnet. Datenschutz war und ist ein zentraler Aspekt bei der Entwicklung und beim Betrieb des Systems. Es findet weder eine Gesichtserkennung statt, noch kann das System Kund:innen nach einem Besuch im Markt wiedererkennen. All diese Punkte wurden bereits bei der Konzeption des Systems mitbedacht. Auch wurde fr\u00fchzeitig der Kontakt mit der zust\u00e4ndigen Datenschutzbeh\u00f6rde gesucht \u2013 \u00fcber gesetzliche Anzeigepflichten hinaus.<\/p>\n<p>Unternehmen k\u00f6nnen also von sich aus vieles tun \u2013 und tun dies bereits \u2013, um bei der Einf\u00fchrung neuer Technologien und Dienstleistungen das Vertrauen der Kund:innen zu st\u00e4rken. Der rechtliche Rahmen muss jedoch klar definiert sein, soll das enorme Potenzial, das in der Entwicklung und Nutzung von innovativen Technologien steckt, auch k\u00fcnftig in Deutschland und Europa gehoben werden. Ich bin mir sicher, wir verfolgen schlussendlich alle das gleiche Ziel: den Standort Europa sicher und attraktiv f\u00fcr digitale Innovationen zu machen \u2013 auch um digitale Expert:innen hier zu halten.<\/p>\n        <\/div>\n\n            <\/div>\n<\/div><\/div>\n<\/div>\n\n\n\n<div class=\"wp-block-myblocks-section block-section section-bg-white\">\n<div class=\"wp-block-myblocks-row-full-single row-full-single my-row-block row-full\"><div class=\"myblock-wrapper block-my-opinion-title\" data-module-name=\"Meinung Headline\">    <div class=\"opinion-title margin-row-inner\">\n                    <p class=\"opinion-title__sign\">Ihre Karin Tresp<\/p>\n            <\/div>\n<\/div><\/div>\n<\/div>\n\n\n\n<div class=\"wp-block-myblocks-section block-section section-bg-white section-padding-top section-padding-bottom\">\n<div class=\"wp-block-myblocks-row-margin-aside row-margin-aside my-row-block row-margin\">\n<div class=\"wp-block-myblocks-row-margin-aside-cell-aside row-cell row-margin-aside-cell-aside my-cell-block\"><\/div>\n\n\n\n<div class=\"wp-block-myblocks-row-margin-aside-cell-main row-cell row-margin-aside-cell-main my-cell-block\"><div class=\"myblock-wrapper block-my-article-about-person\" data-module-name=\"\u00dcber Person\"><div class=\"article-about-person\">\n    <div class=\"article-about-person__inner\">\n        <div class=\"article-about-person__image\">\n            <div class=\"person-avatar f\">\n                <div class=\"focused-image-container\">\n    <img decoding=\"async\"\n        class=\"focused-image\"\n        data-focus-x=\"-0.25\"\n        data-focus-y=\"0.05\"\n        src=\"https:\/\/www.rewe-group.com\/content\/uploads\/2022\/11\/karin-tresp-300x225.jpg\"\n        alt=\"Portr\u00e4t von Karin Tresp\"\n                        loading=\"lazy\"\n         data-copyright=\"Portr\u00e4t von Karin Tresp \u00a9 Karin Tresp\"    >\n<\/div>\n            <\/div>\n        <\/div>\n        <div class=\"article-about-person__text\">\n            <h2 class=\"article-about-person__about\">\u00dcber:<\/h2>            <p class=\"article-about-person__name\">\n                Karin  Tresp            <\/p>\n\n                            <p class=\"article-about-person__title\">Leiterin zentrales Datenschutz Management<\/p>\n            \n                    <\/div>\n    <\/div>\n<\/div>\n<\/div>\n\n<div class=\"myblock-wrapper block-my-article-explainer\" data-module-name=\"Explainer\"><div class=\"article-explainer\">\n            <div\n    class=\"explainer-slider type-text expanded\"\n    data-module-name=\".article-explainer\"\n>\n    <div class=\"explainer-slider__header\" tabindex=\"0\" role=\"button\" aria-expanded=\"true\">\n        <h2 class=\"explainer-slider__title\">\u00dcber die REWE Group<\/h2>    <\/div>\n    <div class=\"explainer-slider__main\">\n        <div class=\"explainer-slider__slider slider-len-1\">\n            <ul class=\"rwgs__inner\">\n                                    <li class=\"explainer-slider__slide\">\n                                                                                <div class=\"explainer-slider__text-content entry-content\">\n                                <p>Die genossenschaftliche REWE Group ist einer der f\u00fchrenden Handels- und Touristikkonzerne in Deutschland und Europa. Im Jahr 2025 erzielte das Unternehmen einen Gesamtau\u00dfenumsatz von \u00fcber 100 Milliarden Euro. Die 1927 gegr\u00fcndete REWE Group ist mit ihren rund 380.000 Besch\u00e4ftigten in 21 europ\u00e4ischen L\u00e4ndern pr\u00e4sent.<\/p>\n<p>Zu den Vertriebslinien z\u00e4hlen Super- und Verbraucherm\u00e4rkte der Marken REWE, nahkauf sowie BILLA und ADEG, der Discounter PENNY, IKI, die Drogeriem\u00e4rkte BIPA sowie die Baum\u00e4rkte von toom. Hinzu kommen die Convenience-M\u00e4rkte REWE To Go, REWE express und die E-Commerce-Aktivit\u00e4ten REWE Liefer- und Abholservice sowie Zooroyal und Weinfreunde. Die Lekkerland Gruppe umfasst die Gro\u00dfhandels-Aktivit\u00e4ten der Unternehmensgruppe im Bereich der Unterwegsversorgung. Zur Touristik geh\u00f6ren unter dem Dach der DERTOUR Group \u00fcber 2.000 Reiseb\u00fcros, Veranstalter sowie Hotelmarken und Online-Reiseportale.<\/p>\n                            <\/div>\n                                            <\/li>\n                            <\/ul>\n        <\/div>\n    <\/div>\n<\/div>\n    <\/div>\n<\/div><\/div>\n<\/div>\n<\/div>\n\n\n\n<div class=\"wp-block-myblocks-section block-section section-bg-gray section-padding-top section-padding-bottom\">\n<div class=\"wp-block-myblocks-row-full-single row-full-single my-row-block row-full\"><div class=\"myblock-wrapper block-my-post-slider\" data-module-name=\"Relevant Content Collection\">    <div class=\"posts-slider\">\n    <div class=\"posts-slider__inner row-margin-single\">\n        <div class=\"posts-slider__header\">\n            <h2 class=\"posts-slider__title\">Weiterlesen <\/h2>\n            \n                    <\/div>\n        <div class=\"posts-slider__slider\">\n            <ul class=\"rwgs__inner\">\n                                    <li class=\"posts-slider__slide medium\">\n                        <div class=\"post-teaser post-teaser_default bg-taupe medium type-3questions\">\n    <a\n        href=\"https:\/\/www.rewe-group.com\/de\/presse-und-medien\/newsroom\/drei-fragen\/michael-fraessdorf-zur-entgelttransparenzrichtlinie\/\"\n        class=\"post-teaser__inner text-focus\"\n        data-tracking=\"{&quot;event&quot;:&quot;click_teaser&quot;,&quot;link_url&quot;:&quot;https:\\\/\\\/www.rewe-group.com\\\/de\\\/presse-und-medien\\\/newsroom\\\/drei-fragen\\\/michael-fraessdorf-zur-entgelttransparenzrichtlinie\\\/&quot;,&quot;element_name&quot;:&quot;Michael Fr\\u00e4\\u00dfdorf zur Entgelttransparenzrichtlinie&quot;,&quot;modul_name&quot;:&quot;.teaser-editorial&quot;}\"\n    >\n        <div\n            class=\"new-post-teaser__background-wrapper\"\n                    >\n                                            <div class=\"focused-image-container\">\n                    <img decoding=\"async\"\n                        class=\"focused-image\"\n                        data-focus-x=\"0.00\"\n                        data-focus-y=\"0.00\"\n                        src=\"https:\/\/www.rewe-group.com\/content\/uploads\/2026\/03\/Michael-Fraessdorf-.jpg?t=2026042703\"\n                        alt=\"Portr\u00e4t von Michael Fr\u00e4\u00dfdorf\"\n                        loading=\"lazy\"\n                         data-copyright=\"Portr\u00e4t von Michael Fr\u00e4\u00dfdorf \u00a9REWE Group\"                    >\n                <\/div>\n            \n                    <\/div>\n\n        <div class=\"new-post-teaser__content-wrapper\">\n            <div class=\"new-post-teaser__content-inner\">\n                                    <div><\/div>\n                                <div class=\"new-post-teaser__content\">\n                    <p class=\"post-teaser__note\">27. M\u00e4rz 2026<\/p>\n                    <h3 class=\"post-teaser__title\">Drei Fragen an<span>Michael Fr\u00e4\u00dfdorf zur Entgelttransparenzrichtlinie<\/span><\/h3>                                    <\/div>\n            <\/div>\n        <\/div>\n    <\/a>\n            <button\n        type=\"button\"\n        class=\"btn-icon icon-add add2basket small\"\n        aria-label=\"in die Sammlung hinzuf\u00fcgen\"\n        data-post-id=\"47798\"\n        data-blog-id=\"2\"\n        data-tracking=\"{&quot;event&quot;:&quot;click_add_to_collection&quot;,&quot;modul_name&quot;:&quot;.teaser-editorial&quot;,&quot;post_title&quot;:&quot;Michael Fr\\u00e4\\u00dfdorf zur Entgelttransparenzrichtlinie&quot;,&quot;post_type&quot;:&quot;3questions&quot;,&quot;post_category&quot;:&quot;Politik&quot;}\"\n    ><\/button>\n<\/div>\n                    <\/li>\n                                    <li class=\"posts-slider__slide medium\">\n                        <div class=\"post-teaser post-teaser_default bg-taupe medium type-3questions\">\n    <a\n        href=\"https:\/\/www.rewe-group.com\/de\/presse-und-medien\/newsroom\/drei-fragen\/markus-bobenhausen-zum-ersten-drei-parteien-vertrag-im-gemueseanbau\/\"\n        class=\"post-teaser__inner text-focus\"\n        data-tracking=\"{&quot;event&quot;:&quot;click_teaser&quot;,&quot;link_url&quot;:&quot;https:\\\/\\\/www.rewe-group.com\\\/de\\\/presse-und-medien\\\/newsroom\\\/drei-fragen\\\/markus-bobenhausen-zum-ersten-drei-parteien-vertrag-im-gemueseanbau\\\/&quot;,&quot;element_name&quot;:&quot;Markus Bobenhausen zum ersten Drei-Parteien-Vertrag im Gem\\u00fcseanbau&quot;,&quot;modul_name&quot;:&quot;.teaser-editorial&quot;}\"\n    >\n        <div\n            class=\"new-post-teaser__background-wrapper\"\n                    >\n                                            <div class=\"focused-image-container\">\n                    <img decoding=\"async\"\n                        class=\"focused-image\"\n                        data-focus-x=\"0.00\"\n                        data-focus-y=\"0.00\"\n                        src=\"https:\/\/www.rewe-group.com\/content\/uploads\/2021\/12\/markus-bodenhausen.jpg?t=2026042703\"\n                        alt=\"Portr\u00e4t von Markus Bobenhausen\"\n                        loading=\"lazy\"\n                         data-copyright=\"Portr\u00e4t von Markus Bobenhausen \u00a9 REWE Group\"                    >\n                <\/div>\n            \n                    <\/div>\n\n        <div class=\"new-post-teaser__content-wrapper\">\n            <div class=\"new-post-teaser__content-inner\">\n                                    <div><\/div>\n                                <div class=\"new-post-teaser__content\">\n                    <p class=\"post-teaser__note\">4. Februar 2026<\/p>\n                    <h3 class=\"post-teaser__title\">Drei Fragen an<span>Markus Bobenhausen zum ersten Drei-Parteien-Vertrag im Gem\u00fcseanbau<\/span><\/h3>                                    <\/div>\n            <\/div>\n        <\/div>\n    <\/a>\n            <button\n        type=\"button\"\n        class=\"btn-icon icon-add add2basket small\"\n        aria-label=\"in die Sammlung hinzuf\u00fcgen\"\n        data-post-id=\"47367\"\n        data-blog-id=\"2\"\n        data-tracking=\"{&quot;event&quot;:&quot;click_add_to_collection&quot;,&quot;modul_name&quot;:&quot;.teaser-editorial&quot;,&quot;post_title&quot;:&quot;Markus Bobenhausen zum ersten Drei-Parteien-Vertrag im Gem\\u00fcseanbau&quot;,&quot;post_type&quot;:&quot;3questions&quot;,&quot;post_category&quot;:&quot;Politik&quot;}\"\n    ><\/button>\n<\/div>\n                    <\/li>\n                                    <li class=\"posts-slider__slide medium\">\n                        <div class=\"post-teaser post-teaser_default medium type-post\">\n    <a\n        href=\"https:\/\/www.rewe-group.com\/de\/presse-und-medien\/newsroom\/stories\/gruene-woche-2026-starke-signale-fuer-die-landwirtschaft-und-eine-besondere-auszeichnung-fuer-emilie-bourgoin\/\"\n        class=\"post-teaser__inner\"\n                data-tracking=\"{&quot;event&quot;:&quot;click_teaser&quot;,&quot;link_url&quot;:&quot;https:\\\/\\\/www.rewe-group.com\\\/de\\\/presse-und-medien\\\/newsroom\\\/stories\\\/gruene-woche-2026-starke-signale-fuer-die-landwirtschaft-und-eine-besondere-auszeichnung-fuer-emilie-bourgoin\\\/&quot;,&quot;element_name&quot;:&quot;Gr\\u00fcne Woche 2026: Starke Signale f\\u00fcr die Landwirtschaft \\u2013 und eine besondere Auszeichnung f\\u00fcr Emilie Bourgoin\\u00a0\\u00a0&quot;,&quot;modul_name&quot;:&quot;.teaser-editorial&quot;}\"\n    >\n                                <div class=\"post-teaser__background-wrapper\">\n                <div class=\"focused-image-container\">\n                    <img decoding=\"async\"\n                        class=\"focused-image\"\n                        data-focus-x=\"0.00\"\n                        data-focus-y=\"0.00\"\n                        src=\"https:\/\/www.rewe-group.com\/content\/uploads\/2026\/01\/gruene-woche-2026-1.jpg?t=2026042703\"\n                        alt=\"Bild vom REWE Group Messestand auf der Gr\u00fcnen Woche 2026\"\n                        loading=\"lazy\"\n                         data-copyright=\"Bild vom REWE Group Messestand auf der Gr\u00fcnen Woche 2026 \u00a9 REWE Group\" data-copyright-wrapper=\".post-teaser__inner\"                    >\n                <\/div>\n            <\/div>\n                <div class=\"post-teaser__content-wrapper\">\n            <p class=\"post-teaser__type\">Story<\/p>\n                        <div class=\"post-teaser__content\">\n                <p class=\"post-teaser__note\">29. Januar 2026<\/p>\n                <h3 class=\"post-teaser__title\">Gr\u00fcne Woche 2026: Starke Signale f\u00fcr die Landwirtschaft \u2013 und eine besondere Auszeichnung f\u00fcr Emilie Bourgoin\u00a0\u00a0<\/h3>                            <\/div>\n        <\/div>\n    <\/a>\n            <button\n        type=\"button\"\n        class=\"btn-icon icon-add add2basket small\"\n        aria-label=\"in die Sammlung hinzuf\u00fcgen\"\n        data-post-id=\"47302\"\n        data-blog-id=\"2\"\n        data-tracking=\"{&quot;event&quot;:&quot;click_add_to_collection&quot;,&quot;modul_name&quot;:&quot;.teaser-editorial&quot;,&quot;post_title&quot;:&quot;Gr\\u00fcne Woche 2026: Starke Signale f\\u00fcr die Landwirtschaft \\u2013 und eine besondere Auszeichnung f\\u00fcr Emilie Bourgoin\\u00a0\\u00a0&quot;,&quot;post_type&quot;:&quot;post&quot;,&quot;post_category&quot;:&quot;Politik&quot;}\"\n    ><\/button>\n<\/div>\n                    <\/li>\n                                    <li class=\"posts-slider__slide medium\">\n                        <div class=\"post-teaser post-teaser_default bg-taupe medium type-3questions\">\n    <a\n        href=\"https:\/\/www.rewe-group.com\/de\/presse-und-medien\/newsroom\/drei-fragen\/bernhard-pointner-zum-drei-parteien-vertrag-beim-zukunftsbauer\/\"\n        class=\"post-teaser__inner text-focus\"\n        data-tracking=\"{&quot;event&quot;:&quot;click_teaser&quot;,&quot;link_url&quot;:&quot;https:\\\/\\\/www.rewe-group.com\\\/de\\\/presse-und-medien\\\/newsroom\\\/drei-fragen\\\/bernhard-pointner-zum-drei-parteien-vertrag-beim-zukunftsbauer\\\/&quot;,&quot;element_name&quot;:&quot;Bernhard Pointner zum Drei-Parteien-Vertrag beim \\u201eZukunftsbauer\\u201c&quot;,&quot;modul_name&quot;:&quot;.teaser-editorial&quot;}\"\n    >\n        <div\n            class=\"new-post-teaser__background-wrapper\"\n                    >\n                                            <div class=\"focused-image-container\">\n                    <img decoding=\"async\"\n                        class=\"focused-image\"\n                        data-focus-x=\"0.00\"\n                        data-focus-y=\"0.00\"\n                        src=\"https:\/\/www.rewe-group.com\/content\/uploads\/2026\/01\/Portareat-von-Bernhard-Pointner.jpg?t=2026042703\"\n                        alt=\"Portr\u00e4t von Bernhard Pointner\"\n                        loading=\"lazy\"\n                         data-copyright=\"Portr\u00e4t von Bernhard Pointner \u00a9 Milchwerke Berchtesgadener Land Chiemgau eG\"                    >\n                <\/div>\n            \n                    <\/div>\n\n        <div class=\"new-post-teaser__content-wrapper\">\n            <div class=\"new-post-teaser__content-inner\">\n                                    <div><\/div>\n                                <div class=\"new-post-teaser__content\">\n                    <p class=\"post-teaser__note\">28. Januar 2026<\/p>\n                    <h3 class=\"post-teaser__title\">Drei Fragen an<span>Bernhard Pointner zum Drei-Parteien-Vertrag beim \u201eZukunftsbauer\u201c<\/span><\/h3>                                    <\/div>\n            <\/div>\n        <\/div>\n    <\/a>\n            <button\n        type=\"button\"\n        class=\"btn-icon icon-add add2basket small\"\n        aria-label=\"in die Sammlung hinzuf\u00fcgen\"\n        data-post-id=\"47214\"\n        data-blog-id=\"2\"\n        data-tracking=\"{&quot;event&quot;:&quot;click_add_to_collection&quot;,&quot;modul_name&quot;:&quot;.teaser-editorial&quot;,&quot;post_title&quot;:&quot;Bernhard Pointner zum Drei-Parteien-Vertrag beim \\u201eZukunftsbauer\\u201c&quot;,&quot;post_type&quot;:&quot;3questions&quot;,&quot;post_category&quot;:&quot;Politik&quot;}\"\n    ><\/button>\n<\/div>\n                    <\/li>\n                                    <li class=\"posts-slider__slide medium\">\n                        <div class=\"post-teaser post-teaser_default bg-taupe medium type-3questions\">\n    <a\n        href=\"https:\/\/www.rewe-group.com\/de\/presse-und-medien\/newsroom\/drei-fragen\/stephan-weist-zu-lokalen-sortimenten\/\"\n        class=\"post-teaser__inner text-focus\"\n        data-tracking=\"{&quot;event&quot;:&quot;click_teaser&quot;,&quot;link_url&quot;:&quot;https:\\\/\\\/www.rewe-group.com\\\/de\\\/presse-und-medien\\\/newsroom\\\/drei-fragen\\\/stephan-weist-zu-lokalen-sortimenten\\\/&quot;,&quot;element_name&quot;:&quot;Stephan Weist zu lokalen Sortimenten&quot;,&quot;modul_name&quot;:&quot;.teaser-editorial&quot;}\"\n    >\n        <div\n            class=\"new-post-teaser__background-wrapper\"\n                    >\n                                            <div class=\"focused-image-container\">\n                    <img decoding=\"async\"\n                        class=\"focused-image\"\n                        data-focus-x=\"0.00\"\n                        data-focus-y=\"0.00\"\n                        src=\"https:\/\/www.rewe-group.com\/content\/uploads\/2026\/01\/Stephan-Weist-scaled-1.png?t=2026042703\"\n                        alt=\"Portr\u00e4t von Stephan Weist\"\n                        loading=\"lazy\"\n                         data-copyright=\"Portr\u00e4t von Stephan Weist \u00a9REWE Group\"                    >\n                <\/div>\n            \n                    <\/div>\n\n        <div class=\"new-post-teaser__content-wrapper\">\n            <div class=\"new-post-teaser__content-inner\">\n                                    <div><\/div>\n                                <div class=\"new-post-teaser__content\">\n                    <p class=\"post-teaser__note\">19. Januar 2026<\/p>\n                    <h3 class=\"post-teaser__title\">Drei Fragen an<span>Stephan Weist zu lokalen Sortimenten<\/span><\/h3>                                    <\/div>\n            <\/div>\n        <\/div>\n    <\/a>\n            <button\n        type=\"button\"\n        class=\"btn-icon icon-add add2basket small\"\n        aria-label=\"in die Sammlung hinzuf\u00fcgen\"\n        data-post-id=\"47118\"\n        data-blog-id=\"2\"\n        data-tracking=\"{&quot;event&quot;:&quot;click_add_to_collection&quot;,&quot;modul_name&quot;:&quot;.teaser-editorial&quot;,&quot;post_title&quot;:&quot;Stephan Weist zu lokalen Sortimenten&quot;,&quot;post_type&quot;:&quot;3questions&quot;,&quot;post_category&quot;:&quot;Politik&quot;}\"\n    ><\/button>\n<\/div>\n                    <\/li>\n                                    <li class=\"posts-slider__slide medium\">\n                        <div class=\"post-teaser post-teaser_default bg-taupe medium type-3questions\">\n    <a\n        href=\"https:\/\/www.rewe-group.com\/de\/presse-und-medien\/newsroom\/drei-fragen\/luca-burwitz-zur-gruenen-woche-2026\/\"\n        class=\"post-teaser__inner text-focus\"\n        data-tracking=\"{&quot;event&quot;:&quot;click_teaser&quot;,&quot;link_url&quot;:&quot;https:\\\/\\\/www.rewe-group.com\\\/de\\\/presse-und-medien\\\/newsroom\\\/drei-fragen\\\/luca-burwitz-zur-gruenen-woche-2026\\\/&quot;,&quot;element_name&quot;:&quot;Luca Burwitz zur Gr\\u00fcnen Woche 2026&quot;,&quot;modul_name&quot;:&quot;.teaser-editorial&quot;}\"\n    >\n        <div\n            class=\"new-post-teaser__background-wrapper\"\n                    >\n                                            <div class=\"focused-image-container\">\n                    <img decoding=\"async\"\n                        class=\"focused-image\"\n                        data-focus-x=\"-0.02\"\n                        data-focus-y=\"0.61\"\n                        src=\"https:\/\/www.rewe-group.com\/content\/uploads\/2024\/07\/Portrait_Luca-Burwitz-scaled.jpg?t=2026042703\"\n                        alt=\"Portr\u00e4t von Luca Burwitz\"\n                        loading=\"lazy\"\n                         data-copyright=\"Portr\u00e4t von Luca Burwitz \u00a9Jenni Prucha\"                    >\n                <\/div>\n            \n                    <\/div>\n\n        <div class=\"new-post-teaser__content-wrapper\">\n            <div class=\"new-post-teaser__content-inner\">\n                                    <div><\/div>\n                                <div class=\"new-post-teaser__content\">\n                    <p class=\"post-teaser__note\">13. Januar 2026<\/p>\n                    <h3 class=\"post-teaser__title\">Drei Fragen an<span>Luca Burwitz zur Gr\u00fcnen Woche 2026<\/span><\/h3>                                    <\/div>\n            <\/div>\n        <\/div>\n    <\/a>\n            <button\n        type=\"button\"\n        class=\"btn-icon icon-add add2basket small\"\n        aria-label=\"in die Sammlung hinzuf\u00fcgen\"\n        data-post-id=\"47009\"\n        data-blog-id=\"2\"\n        data-tracking=\"{&quot;event&quot;:&quot;click_add_to_collection&quot;,&quot;modul_name&quot;:&quot;.teaser-editorial&quot;,&quot;post_title&quot;:&quot;Luca Burwitz zur Gr\\u00fcnen Woche 2026&quot;,&quot;post_type&quot;:&quot;3questions&quot;,&quot;post_category&quot;:&quot;Politik&quot;}\"\n    ><\/button>\n<\/div>\n                    <\/li>\n                                    <li class=\"posts-slider__slide medium\">\n                        <div class=\"post-teaser post-teaser_default bg-taupe medium type-3questions\">\n    <a\n        href=\"https:\/\/www.rewe-group.com\/de\/presse-und-medien\/newsroom\/drei-fragen\/markus-vom-stein-zur-zukunft-des-fleischsortiments\/\"\n        class=\"post-teaser__inner text-focus\"\n        data-tracking=\"{&quot;event&quot;:&quot;click_teaser&quot;,&quot;link_url&quot;:&quot;https:\\\/\\\/www.rewe-group.com\\\/de\\\/presse-und-medien\\\/newsroom\\\/drei-fragen\\\/markus-vom-stein-zur-zukunft-des-fleischsortiments\\\/&quot;,&quot;element_name&quot;:&quot;Markus vom Stein zur Zukunft des Fleischsortiments&quot;,&quot;modul_name&quot;:&quot;.teaser-editorial&quot;}\"\n    >\n        <div\n            class=\"new-post-teaser__background-wrapper\"\n                    >\n                                            <div class=\"focused-image-container\">\n                    <img decoding=\"async\"\n                        class=\"focused-image\"\n                        data-focus-x=\"0.43\"\n                        data-focus-y=\"0.39\"\n                        src=\"https:\/\/www.rewe-group.com\/content\/uploads\/2026\/01\/Markus-vom-Stein.jpg?t=2026042703\"\n                        alt=\"Portr\u00e4t von Markus vom Stein\"\n                        loading=\"lazy\"\n                         data-copyright=\"Portraet von Markus vom Stein \u00a9 REWE Group\"                    >\n                <\/div>\n            \n                    <\/div>\n\n        <div class=\"new-post-teaser__content-wrapper\">\n            <div class=\"new-post-teaser__content-inner\">\n                                    <div><\/div>\n                                <div class=\"new-post-teaser__content\">\n                    <p class=\"post-teaser__note\">27. November 2025<\/p>\n                    <h3 class=\"post-teaser__title\">Drei Fragen an<span>Markus vom Stein zur Zukunft des Fleischsortiments<\/span><\/h3>                                    <\/div>\n            <\/div>\n        <\/div>\n    <\/a>\n            <button\n        type=\"button\"\n        class=\"btn-icon icon-add add2basket small\"\n        aria-label=\"in die Sammlung hinzuf\u00fcgen\"\n        data-post-id=\"46687\"\n        data-blog-id=\"2\"\n        data-tracking=\"{&quot;event&quot;:&quot;click_add_to_collection&quot;,&quot;modul_name&quot;:&quot;.teaser-editorial&quot;,&quot;post_title&quot;:&quot;Markus vom Stein zur Zukunft des Fleischsortiments&quot;,&quot;post_type&quot;:&quot;3questions&quot;,&quot;post_category&quot;:&quot;Politik&quot;}\"\n    ><\/button>\n<\/div>\n                    <\/li>\n                                    <li class=\"posts-slider__slide medium\">\n                        <div class=\"post-teaser post-teaser_default bg-taupe medium type-3questions\">\n    <a\n        href=\"https:\/\/www.rewe-group.com\/de\/presse-und-medien\/newsroom\/drei-fragen\/ludwig-theuvsen-zur-agrarpolitik-der-neuen-bundesregierung\/\"\n        class=\"post-teaser__inner text-focus\"\n        data-tracking=\"{&quot;event&quot;:&quot;click_teaser&quot;,&quot;link_url&quot;:&quot;https:\\\/\\\/www.rewe-group.com\\\/de\\\/presse-und-medien\\\/newsroom\\\/drei-fragen\\\/ludwig-theuvsen-zur-agrarpolitik-der-neuen-bundesregierung\\\/&quot;,&quot;element_name&quot;:&quot;Ludwig Theuvsen zur Agrarpolitik der neuen Bundesregierung&quot;,&quot;modul_name&quot;:&quot;.teaser-editorial&quot;}\"\n    >\n        <div\n            class=\"new-post-teaser__background-wrapper\"\n                    >\n                                            <div class=\"focused-image-container\">\n                    <img decoding=\"async\"\n                        class=\"focused-image\"\n                        data-focus-x=\"0.00\"\n                        data-focus-y=\"0.00\"\n                        src=\"https:\/\/www.rewe-group.com\/content\/uploads\/2025\/09\/ludwig-theuvsen.jpg?t=2026042703\"\n                        alt=\"Portr\u00e4t von Ludwig Theuvsen\"\n                        loading=\"lazy\"\n                         data-copyright=\"Portr\u00e4t von Ludwig Theuvsen, \u00a9 Ludwig Theuvsen\"                    >\n                <\/div>\n            \n                    <\/div>\n\n        <div class=\"new-post-teaser__content-wrapper\">\n            <div class=\"new-post-teaser__content-inner\">\n                                    <div><\/div>\n                                <div class=\"new-post-teaser__content\">\n                    <p class=\"post-teaser__note\">9. September 2025<\/p>\n                    <h3 class=\"post-teaser__title\">Drei Fragen an<span>Ludwig Theuvsen zur Agrarpolitik der neuen Bundesregierung<\/span><\/h3>                                    <\/div>\n            <\/div>\n        <\/div>\n    <\/a>\n            <button\n        type=\"button\"\n        class=\"btn-icon icon-add add2basket small\"\n        aria-label=\"in die Sammlung hinzuf\u00fcgen\"\n        data-post-id=\"45401\"\n        data-blog-id=\"2\"\n        data-tracking=\"{&quot;event&quot;:&quot;click_add_to_collection&quot;,&quot;modul_name&quot;:&quot;.teaser-editorial&quot;,&quot;post_title&quot;:&quot;Ludwig Theuvsen zur Agrarpolitik der neuen Bundesregierung&quot;,&quot;post_type&quot;:&quot;3questions&quot;,&quot;post_category&quot;:&quot;Politik&quot;}\"\n    ><\/button>\n<\/div>\n                    <\/li>\n                            <\/ul>\n        <\/div>\n            <\/div>\n<\/div>\n<\/div><\/div>\n<\/div>\n\n\n\n<div class=\"wp-block-myblocks-section block-section section-bg-white section-padding-top section-padding-bottom\">\n<div class=\"wp-block-myblocks-row-full-single row-full-single my-row-block row-full\"><div class=\"myblock-wrapper block-my-teaser-kl-linkedin\" data-module-name=\"Teaser KL LinkedIn\"><div class=\"myblock-wrapper\">\n    <div class=\"kl-linkedin-teaser\" data-module-name=\".kl-linkedin-teaser\">\n        <div class=\"contents\">\n            <div class=\"contents-inner\">\n                <h2 class=\"typo-xl\">Das Kompetenzzentrum Landwirtschaft auf  <\/h2>\n                <div class=\"entry-content\">\n                    <p>Im Kompetenzzentrum Landwirtschaft arbeiten Expert:innen aus Landwirtschaft, Wissenschaft Erzeugung, Wirtschaft und Handel gemeinsam an wegweisenden Projekten f\u00fcr die heimische Landwirtschaft. Ein zentrales Thema: der Wandel von der Wertsch\u00f6pfungskette zur Wertsch\u00e4tzungskette. Mehr dazu auf dem LinkedIn-Kanal des Kompetenzzentrum Landwirtschaft.<\/p>\n                <\/div>\n                <p class=\"link\">\n                    <a\n                        href=\"https:\/\/www.linkedin.com\/showcase\/kompetenzzentrum-landwirtschaft\/posts\/?feedView=all\"\n                        class=\"arrow-link btn-white\"\n                        target=\"_blank\" rel=\"noopener noreferrer\"                    >\n                        Zum LinkedIn-Kanal                    <\/a>\n                <\/p>\n            <\/div>\n        <\/div>\n\n        <div class=\"post-teaser post-teaser_default kl-linkedin-pattern\">\n            <div class=\"post-teaser__inner has-illustration\">\n                <div class=\"post-teaser__content-wrapper\">\n                    <div class=\"post-teaser__illustration\"><\/div>\n                <\/div>\n            <\/div>\n        <\/div>\n    <\/div>\n<\/div>\n<\/div><\/div>\n<\/div>\n<\/div>\n","protected":false},"excerpt":{"rendered":"<p>Karin Tresp, Leiterin des zentralen Datenschutz Managements der REWE Group, erl\u00e4utert, warum der Mensch bei jeder unserer digitalen Entwicklungen im Mittelpunkt steht und Europa bei neuen Technologien droht, ins Hintertreffen zu geraten.<\/p>\n","protected":false},"featured_media":22847,"menu_order":0,"template":"","meta":{"_acf_changed":false,"_relevanssi_hide_post":"","_relevanssi_hide_content":"","_relevanssi_pin_for_all":"","_relevanssi_pin_keywords":"","_relevanssi_unpin_keywords":"","_relevanssi_related_keywords":"","_relevanssi_related_include_ids":"","_relevanssi_related_exclude_ids":"","_relevanssi_related_no_append":"","_relevanssi_related_not_related":"","_relevanssi_related_posts":"","_relevanssi_noindex_reason":"","nl_adhoc_sent":0,"footnotes":""},"categories":[6],"tags":[54],"focus_theme":[139],"class_list":["post-27707","opinion","type-opinion","status-publish","has-post-thumbnail","hentry","category-politik","tag-digitalisierung","focus_theme-undefined"],"acf":[],"yoast_head":"<!-- This site is optimized with the Yoast SEO Premium plugin v27.1 (Yoast SEO v27.1.1) - https:\/\/yoast.com\/product\/yoast-seo-premium-wordpress\/ -->\n<title>\u201eEuropa darf als Innovationsstandort nicht ins Hintertreffen geraten\u201c - REWE Group<\/title>\n<meta name=\"description\" content=\"Karin Tresp, Leiterin des zentralen Datenschutz Managements, erl\u00e4utert, warum der Mensch bei jeder unserer digitalen Entwicklungen im Mittelpunkt steht.\" \/>\n<meta name=\"robots\" content=\"index, follow, max-snippet:-1, max-image-preview:large, max-video-preview:-1\" \/>\n<link rel=\"canonical\" href=\"https:\/\/www.rewe-group.com\/de\/presse-und-medien\/newsroom\/meinungen\/europa-darf-als-innovationsstandort-nicht-ins-hintertreffen-geraten\/\" \/>\n<meta property=\"og:locale\" content=\"de_DE\" \/>\n<meta property=\"og:type\" content=\"article\" \/>\n<meta property=\"og:title\" content=\"\u201eEuropa darf als Innovationsstandort nicht ins Hintertreffen geraten\u201c\" \/>\n<meta property=\"og:description\" content=\"Karin Tresp, Leiterin des zentralen Datenschutz Managements, erl\u00e4utert, warum der Mensch bei jeder unserer digitalen Entwicklungen im Mittelpunkt steht.\" \/>\n<meta property=\"og:url\" content=\"https:\/\/www.rewe-group.com\/de\/presse-und-medien\/newsroom\/meinungen\/europa-darf-als-innovationsstandort-nicht-ins-hintertreffen-geraten\/\" \/>\n<meta property=\"og:site_name\" content=\"REWE Group\" \/>\n<meta property=\"article:modified_time\" content=\"2025-09-24T08:47:41+00:00\" \/>\n<meta property=\"og:image\" content=\"https:\/\/www.rewe-group.com\/content\/uploads\/2022\/03\/illustration-digital.png?t=2025092408\" \/>\n\t<meta property=\"og:image:width\" content=\"840\" \/>\n\t<meta property=\"og:image:height\" content=\"1020\" \/>\n\t<meta property=\"og:image:type\" content=\"image\/png\" \/>\n<meta name=\"twitter:card\" content=\"summary_large_image\" \/>\n<meta name=\"twitter:label1\" content=\"Gesch\u00e4tzte Lesezeit\" \/>\n\t<meta name=\"twitter:data1\" content=\"6\u00a0Minuten\" \/>\n<script type=\"application\/ld+json\" class=\"yoast-schema-graph\">{\"@context\":\"https:\/\/schema.org\",\"@graph\":[{\"@type\":\"WebPage\",\"@id\":\"https:\/\/www.rewe-group.com\/de\/presse-und-medien\/newsroom\/meinungen\/europa-darf-als-innovationsstandort-nicht-ins-hintertreffen-geraten\/\",\"url\":\"https:\/\/www.rewe-group.com\/de\/presse-und-medien\/newsroom\/meinungen\/europa-darf-als-innovationsstandort-nicht-ins-hintertreffen-geraten\/\",\"name\":\"\u201eEuropa darf als Innovationsstandort nicht ins Hintertreffen geraten\u201c - REWE Group\",\"isPartOf\":{\"@id\":\"https:\/\/www.rewe-group.com\/de\/#website\"},\"primaryImageOfPage\":{\"@id\":\"https:\/\/www.rewe-group.com\/de\/presse-und-medien\/newsroom\/meinungen\/europa-darf-als-innovationsstandort-nicht-ins-hintertreffen-geraten\/#primaryimage\"},\"image\":{\"@id\":\"https:\/\/www.rewe-group.com\/de\/presse-und-medien\/newsroom\/meinungen\/europa-darf-als-innovationsstandort-nicht-ins-hintertreffen-geraten\/#primaryimage\"},\"thumbnailUrl\":\"https:\/\/www.rewe-group.com\/content\/uploads\/2022\/03\/illustration-digital.png?t=2026042703\",\"datePublished\":\"2022-11-07T13:49:00+00:00\",\"dateModified\":\"2025-09-24T08:47:41+00:00\",\"description\":\"Karin Tresp, Leiterin des zentralen Datenschutz Managements, erl\u00e4utert, warum der Mensch bei jeder unserer digitalen Entwicklungen im Mittelpunkt steht.\",\"inLanguage\":\"de\",\"potentialAction\":[{\"@type\":\"ReadAction\",\"target\":[\"https:\/\/www.rewe-group.com\/de\/presse-und-medien\/newsroom\/meinungen\/europa-darf-als-innovationsstandort-nicht-ins-hintertreffen-geraten\/\"]}]},{\"@type\":\"ImageObject\",\"inLanguage\":\"de\",\"@id\":\"https:\/\/www.rewe-group.com\/de\/presse-und-medien\/newsroom\/meinungen\/europa-darf-als-innovationsstandort-nicht-ins-hintertreffen-geraten\/#primaryimage\",\"url\":\"https:\/\/www.rewe-group.com\/content\/uploads\/2022\/03\/illustration-digital.png?t=2026042703\",\"contentUrl\":\"https:\/\/www.rewe-group.com\/content\/uploads\/2022\/03\/illustration-digital.png?t=2026042703\",\"width\":840,\"height\":1020,\"caption\":\"Ein Computermauspfeil auf rotem Hintergrund. Es handelt sich um eine Illustration\"},{\"@type\":\"WebSite\",\"@id\":\"https:\/\/www.rewe-group.com\/de\/#website\",\"url\":\"https:\/\/www.rewe-group.com\/de\/\",\"name\":\"REWE Group\",\"description\":\"Die Website der REWE Group\",\"potentialAction\":[{\"@type\":\"SearchAction\",\"target\":{\"@type\":\"EntryPoint\",\"urlTemplate\":\"https:\/\/www.rewe-group.com\/de\/?s={search_term_string}\"},\"query-input\":{\"@type\":\"PropertyValueSpecification\",\"valueRequired\":true,\"valueName\":\"search_term_string\"}}],\"inLanguage\":\"de\"}]}<\/script>\n<!-- \/ Yoast SEO Premium plugin. -->","yoast_head_json":{"title":"\u201eEuropa darf als Innovationsstandort nicht ins Hintertreffen geraten\u201c - REWE Group","description":"Karin Tresp, Leiterin des zentralen Datenschutz Managements, erl\u00e4utert, warum der Mensch bei jeder unserer digitalen Entwicklungen im Mittelpunkt steht.","robots":{"index":"index","follow":"follow","max-snippet":"max-snippet:-1","max-image-preview":"max-image-preview:large","max-video-preview":"max-video-preview:-1"},"canonical":"https:\/\/www.rewe-group.com\/de\/presse-und-medien\/newsroom\/meinungen\/europa-darf-als-innovationsstandort-nicht-ins-hintertreffen-geraten\/","og_locale":"de_DE","og_type":"article","og_title":"\u201eEuropa darf als Innovationsstandort nicht ins Hintertreffen geraten\u201c","og_description":"Karin Tresp, Leiterin des zentralen Datenschutz Managements, erl\u00e4utert, warum der Mensch bei jeder unserer digitalen Entwicklungen im Mittelpunkt steht.","og_url":"https:\/\/www.rewe-group.com\/de\/presse-und-medien\/newsroom\/meinungen\/europa-darf-als-innovationsstandort-nicht-ins-hintertreffen-geraten\/","og_site_name":"REWE Group","article_modified_time":"2025-09-24T08:47:41+00:00","og_image":[{"width":840,"height":1020,"url":"https:\/\/www.rewe-group.com\/content\/uploads\/2022\/03\/illustration-digital.png?t=2025092408","type":"image\/png"}],"twitter_card":"summary_large_image","twitter_misc":{"Gesch\u00e4tzte Lesezeit":"6\u00a0Minuten"},"schema":{"@context":"https:\/\/schema.org","@graph":[{"@type":"WebPage","@id":"https:\/\/www.rewe-group.com\/de\/presse-und-medien\/newsroom\/meinungen\/europa-darf-als-innovationsstandort-nicht-ins-hintertreffen-geraten\/","url":"https:\/\/www.rewe-group.com\/de\/presse-und-medien\/newsroom\/meinungen\/europa-darf-als-innovationsstandort-nicht-ins-hintertreffen-geraten\/","name":"\u201eEuropa darf als Innovationsstandort nicht ins Hintertreffen geraten\u201c - REWE Group","isPartOf":{"@id":"https:\/\/www.rewe-group.com\/de\/#website"},"primaryImageOfPage":{"@id":"https:\/\/www.rewe-group.com\/de\/presse-und-medien\/newsroom\/meinungen\/europa-darf-als-innovationsstandort-nicht-ins-hintertreffen-geraten\/#primaryimage"},"image":{"@id":"https:\/\/www.rewe-group.com\/de\/presse-und-medien\/newsroom\/meinungen\/europa-darf-als-innovationsstandort-nicht-ins-hintertreffen-geraten\/#primaryimage"},"thumbnailUrl":"https:\/\/www.rewe-group.com\/content\/uploads\/2022\/03\/illustration-digital.png?t=2026042703","datePublished":"2022-11-07T13:49:00+00:00","dateModified":"2025-09-24T08:47:41+00:00","description":"Karin Tresp, Leiterin des zentralen Datenschutz Managements, erl\u00e4utert, warum der Mensch bei jeder unserer digitalen Entwicklungen im Mittelpunkt steht.","inLanguage":"de","potentialAction":[{"@type":"ReadAction","target":["https:\/\/www.rewe-group.com\/de\/presse-und-medien\/newsroom\/meinungen\/europa-darf-als-innovationsstandort-nicht-ins-hintertreffen-geraten\/"]}]},{"@type":"ImageObject","inLanguage":"de","@id":"https:\/\/www.rewe-group.com\/de\/presse-und-medien\/newsroom\/meinungen\/europa-darf-als-innovationsstandort-nicht-ins-hintertreffen-geraten\/#primaryimage","url":"https:\/\/www.rewe-group.com\/content\/uploads\/2022\/03\/illustration-digital.png?t=2026042703","contentUrl":"https:\/\/www.rewe-group.com\/content\/uploads\/2022\/03\/illustration-digital.png?t=2026042703","width":840,"height":1020,"caption":"Ein Computermauspfeil auf rotem Hintergrund. Es handelt sich um eine Illustration"},{"@type":"WebSite","@id":"https:\/\/www.rewe-group.com\/de\/#website","url":"https:\/\/www.rewe-group.com\/de\/","name":"REWE Group","description":"Die Website der REWE Group","potentialAction":[{"@type":"SearchAction","target":{"@type":"EntryPoint","urlTemplate":"https:\/\/www.rewe-group.com\/de\/?s={search_term_string}"},"query-input":{"@type":"PropertyValueSpecification","valueRequired":true,"valueName":"search_term_string"}}],"inLanguage":"de"}]}},"_links":{"self":[{"href":"https:\/\/www.rewe-group.com\/de\/wp-json\/wp\/v2\/opinion\/27707","targetHints":{"allow":["GET"]}}],"collection":[{"href":"https:\/\/www.rewe-group.com\/de\/wp-json\/wp\/v2\/opinion"}],"about":[{"href":"https:\/\/www.rewe-group.com\/de\/wp-json\/wp\/v2\/types\/opinion"}],"version-history":[{"count":27,"href":"https:\/\/www.rewe-group.com\/de\/wp-json\/wp\/v2\/opinion\/27707\/revisions"}],"predecessor-version":[{"id":45606,"href":"https:\/\/www.rewe-group.com\/de\/wp-json\/wp\/v2\/opinion\/27707\/revisions\/45606"}],"wp:featuredmedia":[{"embeddable":true,"href":"https:\/\/www.rewe-group.com\/de\/wp-json\/wp\/v2\/media\/22847"}],"wp:attachment":[{"href":"https:\/\/www.rewe-group.com\/de\/wp-json\/wp\/v2\/media?parent=27707"}],"wp:term":[{"taxonomy":"category","embeddable":true,"href":"https:\/\/www.rewe-group.com\/de\/wp-json\/wp\/v2\/categories?post=27707"},{"taxonomy":"post_tag","embeddable":true,"href":"https:\/\/www.rewe-group.com\/de\/wp-json\/wp\/v2\/tags?post=27707"},{"taxonomy":"focus_theme","embeddable":true,"href":"https:\/\/www.rewe-group.com\/de\/wp-json\/wp\/v2\/focus_theme?post=27707"}],"curies":[{"name":"wp","href":"https:\/\/api.w.org\/{rel}","templated":true}]}}